{"id":108,"date":"2017-01-26T13:56:59","date_gmt":"2017-01-26T12:56:59","guid":{"rendered":"http:\/\/staging.bemanningsforetagen.se\/2017\/01\/26\/standardavtal\/"},"modified":"2025-04-16T13:26:56","modified_gmt":"2025-04-16T11:26:56","slug":"allmannabestammelser","status":"publish","type":"page","link":"https:\/\/www.kompetensforetagen.se\/allmannabestammelser\/","title":{"rendered":"Allm\u00e4nna best\u00e4mmelser"},"content":{"rendered":"<div id=\"block-hero-block_7c7a2d810029427473712ab68ea27fb7\" class=\"Hero --has-media has-green-background-color\">\n\n      <img loading=\"lazy\" decoding=\"async\" width=\"1180\" height=\"787\" src=\"https:\/\/www.kompetensforetagen.se\/app\/uploads\/sites\/5\/2023\/06\/pexels-karolina-grabowska-5398881-1-1180x787.jpg\" class=\"Hero__image\" alt=\"Handslag mellan tv\u00e5 personer\" srcset=\"https:\/\/www.kompetensforetagen.se\/app\/uploads\/sites\/5\/2023\/06\/pexels-karolina-grabowska-5398881-1-1180x787.jpg 1180w, https:\/\/www.kompetensforetagen.se\/app\/uploads\/sites\/5\/2023\/06\/pexels-karolina-grabowska-5398881-1-580x387.jpg 580w, https:\/\/www.kompetensforetagen.se\/app\/uploads\/sites\/5\/2023\/06\/pexels-karolina-grabowska-5398881-1-380x253.jpg 380w, https:\/\/www.kompetensforetagen.se\/app\/uploads\/sites\/5\/2023\/06\/pexels-karolina-grabowska-5398881-1-768x512.jpg 768w, https:\/\/www.kompetensforetagen.se\/app\/uploads\/sites\/5\/2023\/06\/pexels-karolina-grabowska-5398881-1-1536x1024.jpg 1536w, https:\/\/www.kompetensforetagen.se\/app\/uploads\/sites\/5\/2023\/06\/pexels-karolina-grabowska-5398881-1-2048x1365.jpg 2048w, https:\/\/www.kompetensforetagen.se\/app\/uploads\/sites\/5\/2023\/06\/pexels-karolina-grabowska-5398881-1-600x400.jpg 600w\" sizes=\"auto, (max-width: 1180px) 100vw, 1180px\" \/>\n    \n  <div class=\"Hero__inner container has-green-background-color has-background-image has-arrow\">\n              <div class=\"Hero__title\">\n          <h1>Allm\u00e4nna <i> best\u00e4mmelser<\/i><\/h1>\n        <\/div>\n                                <div class=\"Hero__arrow\">\n          <svg class='icon icon--squiggly-arrow'  width=\"282\" height=\"302\" viewBox=\"0 0 282 302\" fill=\"none\" xmlns=\"http:\/\/www.w3.org\/2000\/svg\">\n<path d=\"M108.429 281.19L129.837 295.44L143.97 274.186\" stroke=\"black\" stroke-width=\"4\" stroke-miterlimit=\"10\"\/>\n<path d=\"M43.8871 68.0497C53.3269 84.3998 70.0075 95.6755 88.6244 97.6784C107.24 99.6801 125.826 95.0068 144.209 91.4645C162.592 87.9216 182.067 85.5682 199.674 91.9481C220.515 99.5002 236.316 120.278 236.492 142.446C236.669 164.616 220.178 186.234 198.428 190.49C188.558 192.423 177.815 190.842 169.542 185.112C161.271 179.382 155.88 169.284 156.859 159.269C158.292 144.577 173.761 133.512 188.444 135C203.126 136.491 215.468 148.757 219.176 163.047C222.881 177.337 218.804 192.932 210.416 205.072C202.027 217.212 189.703 226.187 176.514 232.804C167.472 237.341 157.931 240.877 149.144 245.889C140.356 250.899 132.161 257.651 127.746 266.755C123.333 275.858 126.637 283.983 129.929 295.386\" stroke=\"black\" stroke-width=\"4\" stroke-miterlimit=\"10\"\/>\n<\/svg>\n\n          <\/div>\n        <\/div>\n<\/div>\n\n\n\n<div class=\"wp-block-group is-layout-constrained wp-block-group-is-layout-constrained\">\n<div class=\"wp-block-columns is-layout-flex wp-container-core-columns-is-layout-9d6595d7 wp-block-columns-is-layout-flex\">\n<div class=\"wp-block-column is-layout-flow wp-block-column-is-layout-flow\"><div class=\"wp-block wp-block-core-heading heading-in-sidebar\" id=\"standardavtal-som-ger-tydlighet-och-underlattar-avtalsprocessen\"><a class='Share__link Share__link--url copy-text' href='#' rel='nofollow' data-text='standardavtal-som-ger-tydlighet-och-underlattar-avtalsprocessen' title='Dela url' data-confirmation='L\u00e4nken kopierades till urklipp'><svg class='icon icon--link'  width='18' height='18' viewBox='0 0 18 18' fill='none' xmlns='http:\/\/www.w3.org\/2000\/svg'>\n            <path d='M10.4142 0.514721L6.87868 4.05025L8.29289 5.46447L11.1213 2.63604L15.364 6.87868L12.5355 9.70711L13.9497 11.1213L17.4853 7.58579C17.8763 7.19476 17.8763 6.5626 17.4853 6.17158L11.8284 0.514721C11.4374 0.123691 10.8052 0.123691 10.4142 0.514721Z' fill='black'\/>\n            <path d='M9.7071 12.5355L6.87868 15.364L2.63604 11.1213L5.46446 8.2929L4.05025 6.87868L0.514716 10.4142C0.123686 10.8052 0.123686 11.4374 0.514716 11.8284L6.17157 17.4853C6.5626 17.8763 7.19475 17.8763 7.58578 17.4853L11.1213 13.9497L9.7071 12.5355Z' fill='black'\/>\n            <path d='M6.17157 11.8284C6.5626 12.2195 7.19475 12.2195 7.58578 11.8284L11.8284 7.58579C12.2195 7.19476 12.2195 6.56261 11.8284 6.17158C11.4374 5.78055 10.8052 5.78055 10.4142 6.17158L6.17157 10.4142C5.78054 10.8052 5.78054 11.4374 6.17157 11.8284Z' fill='black'\/>\n            <\/svg> <\/a>\n<h2 class=\"wp-block-heading\" id=\"h-standardavtal-som-ger-tydlighet-och-underlattar-avtalsprocessen\">Standardavtal som ger tydlighet och underl\u00e4ttar avtalsprocessen<\/h2>\n<\/div>\n\n<div class=\"wp-block wp-block-core-paragraph\">\n<p>Kompetensf\u00f6retagens allm\u00e4nna best\u00e4mmelser (standardavtal) finns f\u00f6r personaluthyrning, omst\u00e4llning, rekrytering och tj\u00e4nsteuppdrag.\u00a0De \u00e4r anpassade efter branschens speciella f\u00f6ruts\u00e4ttningar och har sedan m\u00e5nga \u00e5r en stark st\u00e4llning i Sverige. De allm\u00e4nna best\u00e4mmelserna \u00e4r anpassade till de regler om personuppgiftshantering som g\u00e4ller enligt GDPR. Att anv\u00e4nda de allm\u00e4nna best\u00e4mmelserna kanske \u00e4r det b\u00e4sta s\u00e4ttet att f\u00f6rhindra en tvist mellan parter. De underl\u00e4ttar avtalsprocessen och minskar transaktionskostnaderna. Kompetensf\u00f6retagens allm\u00e4nna best\u00e4mmelser finns \u00e4ven p\u00e5 engelska.<\/p>\n<\/div><\/div>\n\n\n\n<div class=\"wp-block-column is-layout-flow wp-block-column-is-layout-flow\"><figure class=\"wp-block-embed is-type-video is-provider-youtube wp-block-embed-youtube wp-embed-aspect-16-9 wp-has-aspect-ratio\"><div class=\"wp-block-embed__wrapper\">\n<iframe loading=\"lazy\" title=\"Varf\u00f6r har vi allm\u00e4nna best\u00e4mmelser?\" width=\"500\" height=\"281\" src=\"https:\/\/www.youtube.com\/embed\/QExkyRyN8ok?feature=oembed\" frameborder=\"0\" allow=\"accelerometer; autoplay; clipboard-write; encrypted-media; gyroscope; picture-in-picture; web-share\" referrerpolicy=\"strict-origin-when-cross-origin\" allowfullscreen><\/iframe>\n<\/div><\/figure>\n\n  <\/div>\n<\/div>\n\n\n<div class=\"wp-block wp-block-core-paragraph\">\n<p><strong>Du hittar de allm\u00e4nna best\u00e4mmelserna i Kompetensf\u00f6retagens webbutik.<\/strong><\/p>\n<\/div>\n\n<div id=\"block-iconlink-block_bd8a51f703fbf4c9a960cf02ed5516f3\" class=\"Icon-link Icon-link--squiggly-arrow-link\">\n      <a href=\"https:\/\/www.kompetensforetagen.se\/butik\/\" target=\"_blank\" class=\"Button is-button is-style-fill has-green-background-color has-green-border-color has-white-color Button--squiggly-arrow-link white-space-nowrap\">\n      <div class=\"Button__text\">\n        Webbutik\n      <\/div>\n      <div class=\"Button__arrow \">\n                <div class=\"Button__line\"><\/div>\n                <svg class='icon icon--squiggly-arrow-link'  width=\"114\" height=\"36\" viewBox=\"0 0 114 36\" fill=\"none\" xmlns=\"http:\/\/www.w3.org\/2000\/svg\">\n<path d=\"M0.591797 18.5C7.0918 18.5 11.5209 19.9081 13.4345 14.5C14.3308 11.9657 14.3461 11.9541 15.0839 9.38315C15.7735 6.97969 17.3449 4.54993 19.8345 3.93399C22.9224 3.16984 26.0805 5.67017 27.0204 8.62798C27.9603 11.5851 27.243 14.7829 26.3407 17.751C25.4378 20.719 24.34 23.7256 24.5322 26.8156C24.7244 29.9049 26.6162 33.154 29.7193 33.8559C33.0114 34.5995 36.3563 32.146 37.6741 29.1234C38.9912 26.0995 38.7745 22.6791 38.4839 19.4082C38.1926 16.1373 37.8656 12.7464 38.9918 9.65134C40.1187 6.55559 43.1657 3.84801 46.5259 4.19961C49.9434 4.55763 52.3227 7.90617 52.8134 11.2104C53.3042 14.5147 52.3993 17.8408 51.8259 21.1322C51.2526 24.4237 51.0624 28.0141 52.8029 30.8923C54.221 33.2393 56.8902 34.826 59.6869 34.9864C62.4836 35.1468 65.3259 33.8758 67.0188 31.7072C69.5136 28.5126 69.3227 24.0689 68.5255 20.1345C67.7289 16.1996 66.4369 12.2139 67.1225 8.2597C67.8081 4.30548 71.3849 0.426331 75.4597 1.0705C78.5034 1.55171 80.6627 4.37413 81.4078 7.28189C82.1528 10.189 81.8133 13.2366 81.7711 16.2323C81.7288 19.2279 82.0551 22.4052 83.8874 24.8144C86.657 28.4555 91.9762 29.2197 96.6072 28.7147C101.239 28.2098 105.813 25.7501 110.457 26.1383\" stroke=\"black\" stroke-width=\"2\" stroke-miterlimit=\"10\"\/>\n<path d=\"M105.097 35L111.68 25.3613L102.457 18.2063\" stroke=\"black\" stroke-width=\"2\" stroke-miterlimit=\"10\"\/>\n<\/svg>\n\n        <\/div>\n    <\/a>\n  <\/div>\n\n\n<div id=\"block-iconlink-block_3e46f0d0a6bdec13cf9b18e6b08bcee8\" class=\"Icon-link Icon-link--arrow-tip\">\n      <a href=\"https:\/\/www.kompetensforetagen.se\/agreements-on-general-terms-and-conditions\/\" target=\"_blank\" class=\"Button is-button is-style-fill has-primary-background-color has-primary-border-color Button--arrow-tip white-space-nowrap\">\n      <div class=\"Button__text\">\n        In English\n      <\/div>\n      <div class=\"Button__arrow  arrow-tip \">\n                <div class=\"Button__line\"><\/div>\n                <svg class='icon icon--arrow-tip'  width=\"11\" height=\"16\" viewBox=\"0 0 11 16\" fill=\"none\" xmlns=\"http:\/\/www.w3.org\/2000\/svg\">\n<path d=\"M0.858398 15L9.2304 7.99664L0.967732 1.00001\" stroke=\"black\" stroke-width=\"2\" stroke-miterlimit=\"10\"\/>\n<\/svg>\n\n        <\/div>\n    <\/a>\n  <\/div>\n<\/div>\n\n\n\n<div class=\"wp-block-group has-secondary-background-color has-background is-layout-constrained wp-block-group-is-layout-constrained\"><div class=\"wp-block wp-block-core-heading heading-in-sidebar\" id=\"fragor-och-svar-om-kompetensforetagens-allmanna-bestammelser-(standardavtal)\"><a class='Share__link Share__link--url copy-text' href='#' rel='nofollow' data-text='fragor-och-svar-om-kompetensforetagens-allmanna-bestammelser-(standardavtal)' title='Dela url' data-confirmation='L\u00e4nken kopierades till urklipp'><svg class='icon icon--link'  width='18' height='18' viewBox='0 0 18 18' fill='none' xmlns='http:\/\/www.w3.org\/2000\/svg'>\n            <path d='M10.4142 0.514721L6.87868 4.05025L8.29289 5.46447L11.1213 2.63604L15.364 6.87868L12.5355 9.70711L13.9497 11.1213L17.4853 7.58579C17.8763 7.19476 17.8763 6.5626 17.4853 6.17158L11.8284 0.514721C11.4374 0.123691 10.8052 0.123691 10.4142 0.514721Z' fill='black'\/>\n            <path d='M9.7071 12.5355L6.87868 15.364L2.63604 11.1213L5.46446 8.2929L4.05025 6.87868L0.514716 10.4142C0.123686 10.8052 0.123686 11.4374 0.514716 11.8284L6.17157 17.4853C6.5626 17.8763 7.19475 17.8763 7.58578 17.4853L11.1213 13.9497L9.7071 12.5355Z' fill='black'\/>\n            <path d='M6.17157 11.8284C6.5626 12.2195 7.19475 12.2195 7.58578 11.8284L11.8284 7.58579C12.2195 7.19476 12.2195 6.56261 11.8284 6.17158C11.4374 5.78055 10.8052 5.78055 10.4142 6.17158L6.17157 10.4142C5.78054 10.8052 5.78054 11.4374 6.17157 11.8284Z' fill='black'\/>\n            <\/svg> <\/a>\n<h2 class=\"wp-block-heading\" id=\"h-fragor-och-svar-om-kompetensforetagens-allmanna-bestammelser-standardavtal\">Fr\u00e5gor och svar <strong>om Kompetensf\u00f6retagens allm\u00e4nna best\u00e4mmelser (standardavtal)<\/strong><\/h2>\n<\/div>\n\n<div id=\"block-accordion-block_07105f49b2069efc1e5e88bc8a64b0cd\" class=\"block-accordion container\">\n      <div class=\"Accordion\">\n      <div class=\"Accordion__rows\">\n                            <div class=\"Accordion__row\" itemscope itemprop=\"mainEntity\" itemtype=\"https:\/\/schema.org\/Question\">\n            <h3 class=\"Accordion__title\" itemprop=\"name\">\n              <button class=\"Button--unstyled togglehandle\" data-toggle=\"collapse\" data-target=\"vad-ar-allmanna-bestammelser-standardavtal\" aria-expanded=\"false\">\n                Vad \u00e4r allm\u00e4nna best\u00e4mmelser\/standardavtal?\n              <\/button>\n            <\/h3>\n            <div class=\"Accordion__text collapse\" id=\"vad-ar-allmanna-bestammelser-standardavtal\" itemscope itemprop=\"acceptedAnswer\" itemtype=\"https:\/\/schema.org\/Answer\">\n              <div itemprop=\"text\">\n                <p>Allm\u00e4nna best\u00e4mmelser, eller standardavtal, \u00e4r formaliserade avtalsvillkor som reglerar vanligt f\u00f6rekommande fr\u00e5gor f\u00f6r olika avtalssituationer. Ett standardavtal \u00e4r ett komplement till det enskilda avtal som tecknas och det enskilda avtalet beh\u00f6ver anpassas efter situationen och de specifika f\u00f6ruts\u00e4ttningarna som \u00e4r f\u00f6r handen. F\u00f6r att de allm\u00e4nna best\u00e4mmelserna ska bli g\u00e4llande m\u00e5ste man h\u00e4nvisa till standardavtalet i fr\u00e5ga och alla parter i avtalet ska \u00e4ven k\u00e4nna till vad som anges i detta. H\u00e4nvisa till de allm\u00e4nna best\u00e4mmelserna i fr\u00e5ga i skrift f\u00f6r att undvika otydligheter och oenighet om vad ni kommit \u00f6verens om. Det \u00e4r viktigt att motparten k\u00e4nner till inneh\u00e5llet i standardavtalet s\u00e5 se till att bifoga de allm\u00e4nna best\u00e4mmelserna med det enskilda avtalet.<\/p>\n\n              <\/div>\n            <\/div>\n          <\/div>\n                            <div class=\"Accordion__row\" itemscope itemprop=\"mainEntity\" itemtype=\"https:\/\/schema.org\/Question\">\n            <h3 class=\"Accordion__title\" itemprop=\"name\">\n              <button class=\"Button--unstyled togglehandle\" data-toggle=\"collapse\" data-target=\"vad-ar-kompetensforetagens-allmanna-bestammelser\" aria-expanded=\"false\">\n                Vad \u00e4r Kompetensf\u00f6retagens allm\u00e4nna best\u00e4mmelser? \n              <\/button>\n            <\/h3>\n            <div class=\"Accordion__text collapse\" id=\"vad-ar-kompetensforetagens-allmanna-bestammelser\" itemscope itemprop=\"acceptedAnswer\" itemtype=\"https:\/\/schema.org\/Answer\">\n              <div itemprop=\"text\">\n                <p>Kompetensf\u00f6retagens allm\u00e4nna best\u00e4mmelser \u00e4r ett antal standardavtal framtagna av Kompetensf\u00f6retagen utifr\u00e5n branschens specifika f\u00f6ruts\u00e4ttningar. De allm\u00e4nna best\u00e4mmelserna finns f\u00f6r avtalssituationerna personaluthyrning, omst\u00e4llning, rekrytering och tj\u00e4nsteuppdrag. Du hittar och kan l\u00e4sa mer om i vilken situation du kan anv\u00e4nda respektive standardavtal <u>h\u00e4r<\/u>.<\/p>\n\n              <\/div>\n            <\/div>\n          <\/div>\n                            <div class=\"Accordion__row\" itemscope itemprop=\"mainEntity\" itemtype=\"https:\/\/schema.org\/Question\">\n            <h3 class=\"Accordion__title\" itemprop=\"name\">\n              <button class=\"Button--unstyled togglehandle\" data-toggle=\"collapse\" data-target=\"vad-hander-om-man-sprider-dem-vidare\" aria-expanded=\"false\">\n                Vad h\u00e4nder om man sprider dem vidare?  \n              <\/button>\n            <\/h3>\n            <div class=\"Accordion__text collapse\" id=\"vad-hander-om-man-sprider-dem-vidare\" itemscope itemprop=\"acceptedAnswer\" itemtype=\"https:\/\/schema.org\/Answer\">\n              <div itemprop=\"text\">\n                <p>Dessa standardavtal \u00e4r framtagna av Kompetensf\u00f6retagen och kan fritt nyttjas som grund f\u00f6r avtalsf\u00f6rhandlingar och bil\u00e4ggas avtal. D\u00e4remot \u00e4r det f\u00f6rbjudet att m\u00e5ngfaldiga Kompetensf\u00f6retagens allm\u00e4nna best\u00e4mmelser enligt lagen om upphovsr\u00e4tt (1960:729). F\u00f6rbudet g\u00e4ller varje form av m\u00e5ngfaldigande genom exempelvis kopiering, tryckning, duplicering eller genom mellanlagring elektroniskt<\/p>\n\n              <\/div>\n            <\/div>\n          <\/div>\n                            <div class=\"Accordion__row\" itemscope itemprop=\"mainEntity\" itemtype=\"https:\/\/schema.org\/Question\">\n            <h3 class=\"Accordion__title\" itemprop=\"name\">\n              <button class=\"Button--unstyled togglehandle\" data-toggle=\"collapse\" data-target=\"hur-far-jag-tillgang-till-de-allmanna-bestammelserna\" aria-expanded=\"false\">\n                Hur f\u00e5r jag tillg\u00e5ng till de allm\u00e4nna best\u00e4mmelserna?\n              <\/button>\n            <\/h3>\n            <div class=\"Accordion__text collapse\" id=\"hur-far-jag-tillgang-till-de-allmanna-bestammelserna\" itemscope itemprop=\"acceptedAnswer\" itemtype=\"https:\/\/schema.org\/Answer\">\n              <div itemprop=\"text\">\n                <p>De \u00e4r tillg\u00e4ngliga kostnadsfritt f\u00f6r Kompetensf\u00f6retagens medlemmar i <u>webbshopen<\/u>. Icke-medlemmar kan ta del av dem genom att prenumerera p\u00e5 dem mot en \u00e5rlig kostnad av 5 000 kronor, l\u00e4s mer <u>h\u00e4r<\/u>.<\/p>\n\n              <\/div>\n            <\/div>\n          <\/div>\n                            <div class=\"Accordion__row\" itemscope itemprop=\"mainEntity\" itemtype=\"https:\/\/schema.org\/Question\">\n            <h3 class=\"Accordion__title\" itemprop=\"name\">\n              <button class=\"Button--unstyled togglehandle\" data-toggle=\"collapse\" data-target=\"hur-lange-galler-prenumerationen\" aria-expanded=\"false\">\n                Hur l\u00e4nge g\u00e4ller prenumerationen?\n              <\/button>\n            <\/h3>\n            <div class=\"Accordion__text collapse\" id=\"hur-lange-galler-prenumerationen\" itemscope itemprop=\"acceptedAnswer\" itemtype=\"https:\/\/schema.org\/Answer\">\n              <div itemprop=\"text\">\n                <p>Prenumerationen \u00e4r \u00e5rlig.<\/p>\n\n              <\/div>\n            <\/div>\n          <\/div>\n              <\/div>\n    <\/div>\n  <\/div>\n<\/div>\n\n\n\n<div class=\"wp-block-group has-primary-background-color has-background is-layout-constrained wp-block-group-is-layout-constrained\"><div id=\"block-contact-block_aeb9c5828f2e350443a9b8ac67ee5076\" class=\"Contact\">\n      <div class=\"Contact__title\">\n      \n    <\/div>\n    <div class=\" row \">\n              <div class=\"col-lg-12 pb-md-4 pb-3\">\n          <div class=\"Contact-card   --has-image \">\n             <a href=\"https:\/\/www.kompetensforetagen.se\/person\/miafransson\/\">\n          <figure class=\"Contact-card__image\">\n            <img decoding=\"async\" src=\"https:\/\/www.kompetensforetagen.se\/app\/uploads\/2024\/12\/miafransson-380x253.jpg\" alt=\"Mia Fransson\">\n          <\/figure>\n        <\/a>\n          <div class=\"Contact-card__body\">\n      <h2 class=\"Contact-card__title\">Mia Fransson<\/h2>\n      <p class=\"mb-0\">Arbetsr\u00e4ttsjurist<\/p>\n      \n              <p class=\"mb-2\">Stockholm<\/p>\n                    <p>\n                      <a href=\"tel:+46 8 762 69 30\">+46 8 762 69 30<\/a>\n                                          <a href=\"mailto:mia.fransson@almega.se\">E-post<\/a>\n                  <\/p>\n            <a href=\"https:\/\/www.kompetensforetagen.se\/person\/miafransson\/\" class=\"Contact-card__link\">\n        <div class=\"Contact-card__arrow\">\n          <p class=\"Contact-card__arrow__text\">L\u00e4s mer<\/p>\n          <div class=\"Contact-card__arrow__line\"><\/div>\n          <svg class='icon icon--arrow-tip'  width=\"11\" height=\"16\" viewBox=\"0 0 11 16\" fill=\"none\" xmlns=\"http:\/\/www.w3.org\/2000\/svg\">\n<path d=\"M0.858398 15L9.2304 7.99664L0.967732 1.00001\" stroke=\"black\" stroke-width=\"2\" stroke-miterlimit=\"10\"\/>\n<\/svg>\n\n          <\/div>\n      <\/a>\n\n      \n    <\/div>\n  <\/div>\n        <\/div>\n          <\/div>\n    <\/div>\n<\/div>\n","protected":false},"excerpt":{"rendered":"<p>Standardavtal som ger tydlighet och underl\u00e4ttar avtalsprocessen Kompetensf\u00f6retagens allm\u00e4nna best\u00e4mmelser (standardavtal) finns f\u00f6r personaluthyrning, omst\u00e4llning, rekrytering och tj\u00e4nsteuppdrag.\u00a0De \u00e4r anpassade efter branschens speciella f\u00f6ruts\u00e4ttningar och har sedan m\u00e5nga \u00e5r en stark st\u00e4llning i Sverige. De &hellip;<\/p>\n","protected":false},"author":1,"featured_media":5425,"parent":0,"menu_order":23,"comment_status":"open","ping_status":"open","template":"","meta":{"_acf_changed":false,"footnotes":""},"article_type":[],"agreement":[],"for-members":[],"class_list":["post-108","page","type-page","status-publish","has-post-thumbnail","hentry"],"acf":[],"yoast_head":"<!-- This site is optimized with the Yoast SEO Premium plugin v26.8 (Yoast SEO v26.8) - https:\/\/yoast.com\/product\/yoast-seo-premium-wordpress\/ -->\n<title>Kompetensf\u00f6retagens Allm\u00e4nna best\u00e4mmelser f\u00f6r hela branschen<\/title>\n<meta name=\"description\" content=\"H\u00e4r kan du l\u00e4sa om Kompetensf\u00f6retagens Allm\u00e4nna best\u00e4mmelser f\u00f6r personaluthyrning, omst\u00e4llning och rekrytering.\" \/>\n<meta name=\"robots\" content=\"index, follow, max-snippet:-1, max-image-preview:large, max-video-preview:-1\" \/>\n<link rel=\"canonical\" href=\"https:\/\/www.kompetensforetagen.se\/allmannabestammelser\/\" \/>\n<meta property=\"og:locale\" content=\"sv_SE\" \/>\n<meta property=\"og:type\" content=\"article\" \/>\n<meta property=\"og:title\" content=\"Allm\u00e4nna best\u00e4mmelser\" \/>\n<meta property=\"og:description\" content=\"H\u00e4r kan du l\u00e4sa om Kompetensf\u00f6retagens Allm\u00e4nna best\u00e4mmelser f\u00f6r personaluthyrning, omst\u00e4llning och rekrytering.\" \/>\n<meta property=\"og:url\" content=\"https:\/\/www.kompetensforetagen.se\/allmannabestammelser\/\" \/>\n<meta property=\"og:site_name\" content=\"Kompetensf\u00f6retagen\" \/>\n<meta property=\"article:modified_time\" content=\"2025-04-16T11:26:56+00:00\" \/>\n<meta property=\"og:image\" content=\"https:\/\/www.kompetensforetagen.se\/app\/uploads\/sites\/5\/2020\/11\/stamp-3406367_1920.jpg\" \/>\n\t<meta property=\"og:image:width\" content=\"1920\" \/>\n\t<meta property=\"og:image:height\" content=\"1280\" \/>\n\t<meta property=\"og:image:type\" content=\"image\/jpeg\" \/>\n<meta name=\"twitter:card\" content=\"summary_large_image\" \/>\n<meta name=\"twitter:label1\" content=\"Ber\u00e4knad l\u00e4stid\" \/>\n\t<meta name=\"twitter:data1\" content=\"1 minut\" \/>\n<script type=\"application\/ld+json\" class=\"yoast-schema-graph\">{\"@context\":\"https:\/\/schema.org\",\"@graph\":[{\"@type\":\"WebPage\",\"@id\":\"https:\/\/www.kompetensforetagen.se\/allmannabestammelser\/\",\"url\":\"https:\/\/www.kompetensforetagen.se\/allmannabestammelser\/\",\"name\":\"Kompetensf\u00f6retagens Allm\u00e4nna best\u00e4mmelser f\u00f6r hela branschen\",\"isPartOf\":{\"@id\":\"https:\/\/www.kompetensforetagen.se\/#website\"},\"primaryImageOfPage\":{\"@id\":\"https:\/\/www.kompetensforetagen.se\/allmannabestammelser\/#primaryimage\"},\"image\":{\"@id\":\"https:\/\/www.kompetensforetagen.se\/allmannabestammelser\/#primaryimage\"},\"thumbnailUrl\":\"https:\/\/www.kompetensforetagen.se\/app\/uploads\/sites\/5\/2020\/11\/stamp-3406367_1920.jpg\",\"datePublished\":\"2017-01-26T12:56:59+00:00\",\"dateModified\":\"2025-04-16T11:26:56+00:00\",\"description\":\"H\u00e4r kan du l\u00e4sa om Kompetensf\u00f6retagens Allm\u00e4nna best\u00e4mmelser f\u00f6r personaluthyrning, omst\u00e4llning och rekrytering.\",\"breadcrumb\":{\"@id\":\"https:\/\/www.kompetensforetagen.se\/allmannabestammelser\/#breadcrumb\"},\"inLanguage\":\"sv-SE\",\"potentialAction\":[{\"@type\":\"ReadAction\",\"target\":[\"https:\/\/www.kompetensforetagen.se\/allmannabestammelser\/\"]}]},{\"@type\":\"ImageObject\",\"inLanguage\":\"sv-SE\",\"@id\":\"https:\/\/www.kompetensforetagen.se\/allmannabestammelser\/#primaryimage\",\"url\":\"https:\/\/www.kompetensforetagen.se\/app\/uploads\/sites\/5\/2020\/11\/stamp-3406367_1920.jpg\",\"contentUrl\":\"https:\/\/www.kompetensforetagen.se\/app\/uploads\/sites\/5\/2020\/11\/stamp-3406367_1920.jpg\",\"width\":1920,\"height\":1280,\"caption\":\"St\u00e4mplar som symboliserar trygga jobb, skatter och f\u00f6rs\u00e4kringar.\"},{\"@type\":\"BreadcrumbList\",\"@id\":\"https:\/\/www.kompetensforetagen.se\/allmannabestammelser\/#breadcrumb\",\"itemListElement\":[{\"@type\":\"ListItem\",\"position\":1,\"name\":\"Home\",\"item\":\"https:\/\/www.kompetensforetagen.se\/\"},{\"@type\":\"ListItem\",\"position\":2,\"name\":\"Allm\u00e4nna best\u00e4mmelser\"}]},{\"@type\":\"WebSite\",\"@id\":\"https:\/\/www.kompetensforetagen.se\/#website\",\"url\":\"https:\/\/www.kompetensforetagen.se\/\",\"name\":\"Kompetensf\u00f6retagen\",\"description\":\"R\u00e4tt person p\u00e5 r\u00e4tt plats kan f\u00f6r\u00e4ndra v\u00e4rlden\",\"publisher\":{\"@id\":\"https:\/\/www.kompetensforetagen.se\/#organization\"},\"potentialAction\":[{\"@type\":\"SearchAction\",\"target\":{\"@type\":\"EntryPoint\",\"urlTemplate\":\"https:\/\/www.kompetensforetagen.se\/?s={search_term_string}\"},\"query-input\":{\"@type\":\"PropertyValueSpecification\",\"valueRequired\":true,\"valueName\":\"search_term_string\"}}],\"inLanguage\":\"sv-SE\"},{\"@type\":\"Organization\",\"@id\":\"https:\/\/www.kompetensforetagen.se\/#organization\",\"name\":\"Kompetensf\u00f6retagen\",\"url\":\"https:\/\/www.kompetensforetagen.se\/\",\"logo\":{\"@type\":\"ImageObject\",\"inLanguage\":\"sv-SE\",\"@id\":\"https:\/\/www.kompetensforetagen.se\/#\/schema\/logo\/image\/\",\"url\":\"https:\/\/www.kompetensforetagen.se\/app\/uploads\/sites\/5\/2022\/10\/logga_svart.png\",\"contentUrl\":\"https:\/\/www.kompetensforetagen.se\/app\/uploads\/sites\/5\/2022\/10\/logga_svart.png\",\"width\":752,\"height\":64,\"caption\":\"Kompetensf\u00f6retagen\"},\"image\":{\"@id\":\"https:\/\/www.kompetensforetagen.se\/#\/schema\/logo\/image\/\"},\"sameAs\":[\"https:\/\/www.linkedin.com\/company\/10540032\/\"]}]}<\/script>\n<!-- \/ Yoast SEO Premium plugin. -->","yoast_head_json":{"title":"Kompetensf\u00f6retagens Allm\u00e4nna best\u00e4mmelser f\u00f6r hela branschen","description":"H\u00e4r kan du l\u00e4sa om Kompetensf\u00f6retagens Allm\u00e4nna best\u00e4mmelser f\u00f6r personaluthyrning, omst\u00e4llning och rekrytering.","robots":{"index":"index","follow":"follow","max-snippet":"max-snippet:-1","max-image-preview":"max-image-preview:large","max-video-preview":"max-video-preview:-1"},"canonical":"https:\/\/www.kompetensforetagen.se\/allmannabestammelser\/","og_locale":"sv_SE","og_type":"article","og_title":"Allm\u00e4nna best\u00e4mmelser","og_description":"H\u00e4r kan du l\u00e4sa om Kompetensf\u00f6retagens Allm\u00e4nna best\u00e4mmelser f\u00f6r personaluthyrning, omst\u00e4llning och rekrytering.","og_url":"https:\/\/www.kompetensforetagen.se\/allmannabestammelser\/","og_site_name":"Kompetensf\u00f6retagen","article_modified_time":"2025-04-16T11:26:56+00:00","og_image":[{"width":1920,"height":1280,"url":"https:\/\/www.kompetensforetagen.se\/app\/uploads\/sites\/5\/2020\/11\/stamp-3406367_1920.jpg","type":"image\/jpeg"}],"twitter_card":"summary_large_image","twitter_misc":{"Ber\u00e4knad l\u00e4stid":"1 minut"},"schema":{"@context":"https:\/\/schema.org","@graph":[{"@type":"WebPage","@id":"https:\/\/www.kompetensforetagen.se\/allmannabestammelser\/","url":"https:\/\/www.kompetensforetagen.se\/allmannabestammelser\/","name":"Kompetensf\u00f6retagens Allm\u00e4nna best\u00e4mmelser f\u00f6r hela branschen","isPartOf":{"@id":"https:\/\/www.kompetensforetagen.se\/#website"},"primaryImageOfPage":{"@id":"https:\/\/www.kompetensforetagen.se\/allmannabestammelser\/#primaryimage"},"image":{"@id":"https:\/\/www.kompetensforetagen.se\/allmannabestammelser\/#primaryimage"},"thumbnailUrl":"https:\/\/www.kompetensforetagen.se\/app\/uploads\/sites\/5\/2020\/11\/stamp-3406367_1920.jpg","datePublished":"2017-01-26T12:56:59+00:00","dateModified":"2025-04-16T11:26:56+00:00","description":"H\u00e4r kan du l\u00e4sa om Kompetensf\u00f6retagens Allm\u00e4nna best\u00e4mmelser f\u00f6r personaluthyrning, omst\u00e4llning och rekrytering.","breadcrumb":{"@id":"https:\/\/www.kompetensforetagen.se\/allmannabestammelser\/#breadcrumb"},"inLanguage":"sv-SE","potentialAction":[{"@type":"ReadAction","target":["https:\/\/www.kompetensforetagen.se\/allmannabestammelser\/"]}]},{"@type":"ImageObject","inLanguage":"sv-SE","@id":"https:\/\/www.kompetensforetagen.se\/allmannabestammelser\/#primaryimage","url":"https:\/\/www.kompetensforetagen.se\/app\/uploads\/sites\/5\/2020\/11\/stamp-3406367_1920.jpg","contentUrl":"https:\/\/www.kompetensforetagen.se\/app\/uploads\/sites\/5\/2020\/11\/stamp-3406367_1920.jpg","width":1920,"height":1280,"caption":"St\u00e4mplar som symboliserar trygga jobb, skatter och f\u00f6rs\u00e4kringar."},{"@type":"BreadcrumbList","@id":"https:\/\/www.kompetensforetagen.se\/allmannabestammelser\/#breadcrumb","itemListElement":[{"@type":"ListItem","position":1,"name":"Home","item":"https:\/\/www.kompetensforetagen.se\/"},{"@type":"ListItem","position":2,"name":"Allm\u00e4nna best\u00e4mmelser"}]},{"@type":"WebSite","@id":"https:\/\/www.kompetensforetagen.se\/#website","url":"https:\/\/www.kompetensforetagen.se\/","name":"Kompetensf\u00f6retagen","description":"R\u00e4tt person p\u00e5 r\u00e4tt plats kan f\u00f6r\u00e4ndra v\u00e4rlden","publisher":{"@id":"https:\/\/www.kompetensforetagen.se\/#organization"},"potentialAction":[{"@type":"SearchAction","target":{"@type":"EntryPoint","urlTemplate":"https:\/\/www.kompetensforetagen.se\/?s={search_term_string}"},"query-input":{"@type":"PropertyValueSpecification","valueRequired":true,"valueName":"search_term_string"}}],"inLanguage":"sv-SE"},{"@type":"Organization","@id":"https:\/\/www.kompetensforetagen.se\/#organization","name":"Kompetensf\u00f6retagen","url":"https:\/\/www.kompetensforetagen.se\/","logo":{"@type":"ImageObject","inLanguage":"sv-SE","@id":"https:\/\/www.kompetensforetagen.se\/#\/schema\/logo\/image\/","url":"https:\/\/www.kompetensforetagen.se\/app\/uploads\/sites\/5\/2022\/10\/logga_svart.png","contentUrl":"https:\/\/www.kompetensforetagen.se\/app\/uploads\/sites\/5\/2022\/10\/logga_svart.png","width":752,"height":64,"caption":"Kompetensf\u00f6retagen"},"image":{"@id":"https:\/\/www.kompetensforetagen.se\/#\/schema\/logo\/image\/"},"sameAs":["https:\/\/www.linkedin.com\/company\/10540032\/"]}]}},"_links":{"self":[{"href":"https:\/\/www.kompetensforetagen.se\/api\/wp\/v2\/pages\/108","targetHints":{"allow":["GET"]}}],"collection":[{"href":"https:\/\/www.kompetensforetagen.se\/api\/wp\/v2\/pages"}],"about":[{"href":"https:\/\/www.kompetensforetagen.se\/api\/wp\/v2\/types\/page"}],"author":[{"embeddable":true,"href":"https:\/\/www.kompetensforetagen.se\/api\/wp\/v2\/users\/1"}],"replies":[{"embeddable":true,"href":"https:\/\/www.kompetensforetagen.se\/api\/wp\/v2\/comments?post=108"}],"version-history":[{"count":28,"href":"https:\/\/www.kompetensforetagen.se\/api\/wp\/v2\/pages\/108\/revisions"}],"predecessor-version":[{"id":21198,"href":"https:\/\/www.kompetensforetagen.se\/api\/wp\/v2\/pages\/108\/revisions\/21198"}],"wp:featuredmedia":[{"embeddable":true,"href":"https:\/\/www.kompetensforetagen.se\/api\/wp\/v2\/media\/5425"}],"wp:attachment":[{"href":"https:\/\/www.kompetensforetagen.se\/api\/wp\/v2\/media?parent=108"}],"wp:term":[{"taxonomy":"type","embeddable":true,"href":"https:\/\/www.kompetensforetagen.se\/api\/wp\/v2\/article_type?post=108"},{"taxonomy":"agreement","embeddable":true,"href":"https:\/\/www.kompetensforetagen.se\/api\/wp\/v2\/agreement?post=108"},{"taxonomy":"for-members","embeddable":true,"href":"https:\/\/www.kompetensforetagen.se\/api\/wp\/v2\/for-members?post=108"}],"curies":[{"name":"wp","href":"https:\/\/api.w.org\/{rel}","templated":true}]}}