{"id":10711,"date":"2023-01-17T10:10:44","date_gmt":"2023-01-17T09:10:44","guid":{"rendered":"https:\/\/www.kompetensforetagen.se\/?page_id=10711"},"modified":"2023-10-31T15:08:56","modified_gmt":"2023-10-31T14:08:56","slug":"social-impact-report-sammanfattning","status":"publish","type":"page","link":"https:\/\/www.kompetensforetagen.se\/social-impact-report-sammanfattning\/","title":{"rendered":"Social Impact Report"},"content":{"rendered":"<div id=\"block-hero-block_9f8bd7bf9062489bc4b1da445baba5c9\" class=\"Hero --has-media has-primary-background-color\">\n\n      <img loading=\"lazy\" decoding=\"async\" width=\"1180\" height=\"829\" src=\"https:\/\/www.kompetensforetagen.se\/app\/uploads\/sites\/5\/2023\/01\/social_impact_report_frontbild-1180x829.png\" class=\"Hero__image\" alt=\"Kupad hand h\u00e5ller i liten jordglob\" srcset=\"https:\/\/www.kompetensforetagen.se\/app\/uploads\/sites\/5\/2023\/01\/social_impact_report_frontbild-1180x829.png 1180w, https:\/\/www.kompetensforetagen.se\/app\/uploads\/sites\/5\/2023\/01\/social_impact_report_frontbild-580x408.png 580w, https:\/\/www.kompetensforetagen.se\/app\/uploads\/sites\/5\/2023\/01\/social_impact_report_frontbild-380x267.png 380w, https:\/\/www.kompetensforetagen.se\/app\/uploads\/sites\/5\/2023\/01\/social_impact_report_frontbild-768x540.png 768w, https:\/\/www.kompetensforetagen.se\/app\/uploads\/sites\/5\/2023\/01\/social_impact_report_frontbild-1536x1079.png 1536w, https:\/\/www.kompetensforetagen.se\/app\/uploads\/sites\/5\/2023\/01\/social_impact_report_frontbild-2048x1439.png 2048w\" sizes=\"auto, (max-width: 1180px) 100vw, 1180px\" \/>\n    \n  <div class=\"Hero__inner container has-primary-background-color has-background-image has-arrow\">\n              <div class=\"Hero__title\">\n          <h1>Social Impact Report<\/h1>\n        <\/div>\n                                <div class=\"Hero__arrow\">\n          <svg class='icon icon--squiggly-arrow'  width=\"282\" height=\"302\" viewBox=\"0 0 282 302\" fill=\"none\" xmlns=\"http:\/\/www.w3.org\/2000\/svg\">\n<path d=\"M108.429 281.19L129.837 295.44L143.97 274.186\" stroke=\"black\" stroke-width=\"4\" stroke-miterlimit=\"10\"\/>\n<path d=\"M43.8871 68.0497C53.3269 84.3998 70.0075 95.6755 88.6244 97.6784C107.24 99.6801 125.826 95.0068 144.209 91.4645C162.592 87.9216 182.067 85.5682 199.674 91.9481C220.515 99.5002 236.316 120.278 236.492 142.446C236.669 164.616 220.178 186.234 198.428 190.49C188.558 192.423 177.815 190.842 169.542 185.112C161.271 179.382 155.88 169.284 156.859 159.269C158.292 144.577 173.761 133.512 188.444 135C203.126 136.491 215.468 148.757 219.176 163.047C222.881 177.337 218.804 192.932 210.416 205.072C202.027 217.212 189.703 226.187 176.514 232.804C167.472 237.341 157.931 240.877 149.144 245.889C140.356 250.899 132.161 257.651 127.746 266.755C123.333 275.858 126.637 283.983 129.929 295.386\" stroke=\"black\" stroke-width=\"4\" stroke-miterlimit=\"10\"\/>\n<\/svg>\n\n          <\/div>\n        <\/div>\n<\/div>\n\n\n\n<div class=\"wp-block-group has-green-background-color has-background is-layout-constrained wp-block-group-is-layout-constrained\">\n<div class=\"wp-block-columns is-layout-flex wp-container-core-columns-is-layout-9d6595d7 wp-block-columns-is-layout-flex\">\n<div class=\"wp-block-column is-layout-flow wp-block-column-is-layout-flow\"><div class=\"wp-block wp-block-core-heading\" id=\"att-mota-efterfragan-pa-personal-och-kompetens-har-aldrig-varit-viktigare-eller-mer-angelaget.-kompetens\u00adbranschens-internationella-medlems\u00adorganisation,-world-employment-confederation,-har-forfattat-rapporten-social-impact-report-2022.-den-granskar-omfattning,-identifierar-innovativa-tillvagagangssatt-och-skapar-en-fardplan-for-framtida-framsteg-for-kompetensforsorjning.-rapporten-utgar-ifran-ett-globalt-perspektiv.&nbsp;\">\n<h5 class=\"wp-block-heading\">Att m\u00f6ta efterfr\u00e5gan p\u00e5 personal och kompetens har aldrig varit viktigare eller mer angel\u00e4get. Kompetens\u00adbranschens internationella medlems\u00adorganisation, World Employment Confederation, har f\u00f6rfattat rapporten Social Impact Report 2022. Den granskar omfattning, identifierar innovativa tillv\u00e4gag\u00e5ngss\u00e4tt och skapar en f\u00e4rdplan f\u00f6r framtida framsteg f\u00f6r kompetensf\u00f6rs\u00f6rjning. Rapporten utg\u00e5r ifr\u00e5n ett globalt perspektiv.&nbsp;<\/h5>\n<\/div>\n\n<div class=\"wp-block wp-block-core-paragraph\">\n<p><strong>Kompetensbrist i alla sektorer<\/strong><br>Omfattningen av problematiken med kompetensf\u00f6rs\u00f6rjningen kan verka \u00f6verv\u00e4ldigande.&nbsp;Antalet lediga jobb fortsatte att \u00f6ka under 2022, och globalt upplever de flesta arbetsgivare kompetensf\u00f6rs\u00f6rjningsproblem. Rekryteringsutmaningarna \u00e4r s\u00e4rskilt tydliga inom vissa sektorer&nbsp;som sjukv\u00e5rd, bygg, tillverkning, logistik och IT. Flera faktorer spelar in; effekter av pandemin, demografi, brist p\u00e5 gr\u00e4ns\u00f6verskridande r\u00f6rlighet, bristande matchning och ekonomisk inaktivitet. I vissa l\u00e4nder finns post\u2013pandemiska arbetsmarknadsutmaningar som har&nbsp;f\u00f6rv\u00e4rrats av inf\u00f6rda restriktioner p\u00e5 bemanningstj\u00e4nster.&nbsp;<\/p>\n<\/div>\n\n<div class=\"wp-block wp-block-core-paragraph\">\n<p>Utmaningarna med kompetensf\u00f6rs\u00f6rjning m\u00e5ste utv\u00e4rderas inom ramen f\u00f6r tillv\u00e4xt och andra prioriterade omr\u00e5den. God rekrytering och effektiva bemanningsrutiner \u00e4r en drivkraft f\u00f6r bland annat produktivitet, sammanh\u00e5llning och arbetsplatskultur En god kompetensf\u00f6rs\u00f6rjning kan \u00e4ven bidra till att uppn\u00e5 ILO:s agenda f\u00f6r goda anst\u00e4llningsvillkor och FN:s M\u00e5l f\u00f6r h\u00e5llbar utveckling (SDG) \u2013 s\u00e4rskilt de som \u00e4r kopplade till h\u00e4lsa och v\u00e4lbefinnande, j\u00e4mlikhet och ekonomisk tillv\u00e4xt.&nbsp;<\/p>\n<\/div><\/div>\n\n\n\n<div class=\"wp-block-column is-layout-flow wp-block-column-is-layout-flow\"><div class=\"wp-block wp-block-core-paragraph\">\n<p><strong>Sju omr\u00e5den d\u00e4r kompetens\u00adbranschen st\u00f6ttar kompetensf\u00f6rs\u00f6rjningen<\/strong><br>Fokus m\u00e5ste ligga p\u00e5 att identifiera praktiska l\u00f6sningar p\u00e5 kompetensf\u00f6rs\u00f6rjningsproblemen. Kompetenssektorn hj\u00e4lper n\u00e4rmare 60 miljoner individer till jobb varje \u00e5r,&nbsp;och ligger i framkant n\u00e4r det g\u00e4ller att leverera praktiska l\u00f6sningar kompetensutmaningarna. Framf\u00f6r allt p\u00e5 dessa sju omr\u00e5den visar branschen v\u00e4gen:<\/p>\n<\/div>\n\n\n<figure class=\"wp-block-video\"><video height=\"1080\" style=\"aspect-ratio: 1080 \/ 1080;\" width=\"1080\" controls poster=\"https:\/\/www.kompetensforetagen.se\/app\/uploads\/sites\/5\/2023\/01\/gron-00_00_02_16-still002.png\" src=\"https:\/\/www.kompetensforetagen.se\/app\/uploads\/sites\/5\/2023\/08\/Social_impact_report_7omraden.mp4\"><\/video><\/figure>\n<\/div>\n<\/div>\n<\/div>\n\n\n\n<div class=\"wp-block-columns is-layout-flex wp-container-core-columns-is-layout-9d6595d7 wp-block-columns-is-layout-flex\">\n<div class=\"wp-block-column is-layout-flow wp-block-column-is-layout-flow\" style=\"flex-basis:66.66%\"><div class=\"wp-block wp-block-core-paragraph\">\n<p><strong>Framtida framsteg kr\u00e4ver beslutsamma och snabba kollektiva \u00e5tg\u00e4rder<\/strong><br>WEC rekommenderar arbetsgivare v\u00e4rlden \u00f6ver att investera i rekrytering och l\u00e5ngsiktig planering f\u00f6r kompetensf\u00f6rs\u00f6rjning, och att forma partnerskap med externa arbetsmarknadsleverant\u00f6rer. Beslutsfattare i Europa och i \u00f6vriga v\u00e4rlden b\u00f6r prioritera l\u00e5ngsiktiga, nationella strategier f\u00f6r kompetensf\u00f6rs\u00f6rjning. Fokus f\u00f6r strategierna b\u00f6r ligga p\u00e5 effektiv karri\u00e4rs\u00adutveckling, samarbete mellan offentliga och privata leverant\u00f6rer, och ett regelverk som m\u00f6jligg\u00f6r synergi med offentliga politikomr\u00e5den som utbildning, kompetensf\u00f6rs\u00f6rjning, social trygghet&nbsp;&nbsp;och syssels\u00e4ttning.&nbsp;<\/p>\n<\/div><\/div>\n\n\n\n<div class=\"wp-block-column is-layout-flow wp-block-column-is-layout-flow\" style=\"flex-basis:33.33%\"><div class=\"wp-block wp-block-core-paragraph\">\n<p><\/p>\n<\/div>\n\n<div class=\"wp-block wp-block-core-paragraph\">\n<p>Nyheten \u00e4r en \u00f6vers\u00e4ttning ur Social Impact Report, World Employment Confederation. Texten i sitt original hittar du&nbsp;nedan.<\/p>\n<\/div><\/div>\n<\/div>\n\n\n\n<div class=\"wp-block-columns is-layout-flex wp-container-core-columns-is-layout-9d6595d7 wp-block-columns-is-layout-flex\">\n<div class=\"wp-block-column has-secondary-background-color has-background is-layout-flow wp-block-column-is-layout-flow\"><div class=\"Listing no-bg\">\n  <div class=\"container\">\n    <div class=\"Listing__heading\">\n       <h2>FLER DELAR UR SOCIAL IMPACT REPORT<\/h2>     <\/div>\n    <div class=\"row\">\n                            <div class=\"col-md-3 col-12 col-sm-6 \">\n                      <article class=\"Blurb Blurb--sm Blurb--post Blurb--vertical has-thumbnail\">\n  <a href=\"https:\/\/www.kompetensforetagen.se\/2023\/01\/sa-yttrar-sig-global-kompetensbrist\/\">\n          <div class=\"Blurb__thumbnail__wrap\">\n        <figure class=\"Blurb__thumbnail\">\n          <img loading=\"lazy\" decoding=\"async\" width=\"1708\" height=\"2560\" src=\"https:\/\/www.kompetensforetagen.se\/app\/uploads\/sites\/5\/2023\/01\/claudio-schwarz-v3efqotav1c-unsplash-1-scaled.jpg\" class=\"attachment-small size-small wp-post-image\" alt=\"Interi\u00f6r tom fabrikslokal\" srcset=\"https:\/\/www.kompetensforetagen.se\/app\/uploads\/sites\/5\/2023\/01\/claudio-schwarz-v3efqotav1c-unsplash-1-scaled.jpg 1708w, https:\/\/www.kompetensforetagen.se\/app\/uploads\/sites\/5\/2023\/01\/claudio-schwarz-v3efqotav1c-unsplash-1-580x870.jpg 580w, https:\/\/www.kompetensforetagen.se\/app\/uploads\/sites\/5\/2023\/01\/claudio-schwarz-v3efqotav1c-unsplash-1-1180x1769.jpg 1180w, https:\/\/www.kompetensforetagen.se\/app\/uploads\/sites\/5\/2023\/01\/claudio-schwarz-v3efqotav1c-unsplash-1-380x570.jpg 380w, https:\/\/www.kompetensforetagen.se\/app\/uploads\/sites\/5\/2023\/01\/claudio-schwarz-v3efqotav1c-unsplash-1-768x1151.jpg 768w, https:\/\/www.kompetensforetagen.se\/app\/uploads\/sites\/5\/2023\/01\/claudio-schwarz-v3efqotav1c-unsplash-1-1025x1536.jpg 1025w, https:\/\/www.kompetensforetagen.se\/app\/uploads\/sites\/5\/2023\/01\/claudio-schwarz-v3efqotav1c-unsplash-1-1366x2048.jpg 1366w\" sizes=\"auto, (max-width: 1708px) 100vw, 1708px\" \/>\n        <\/figure>\n      <\/div>\n        <div class=\"Blurb__content\">\n      <div class=\"Blurb__body\">\n        <div>\n                                <div class=\"Meta d-flex align-items-center Blurb__meta\">\n      <div class=\"Meta__tag item\">\n      Internationellt\n      <svg class='icon icon--triangle'  width=\"26\" height=\"32\" viewBox=\"0 0 26 32\" fill=\"none\" xmlns=\"http:\/\/www.w3.org\/2000\/svg\">\n<path fill-rule=\"evenodd\" clip-rule=\"evenodd\" d=\"M13.1315 0H0V32H13.1315L26 16L13.1315 0ZM9 18.581C10.6569 18.581 12 17.1946 12 15.4843C12 13.774 10.6569 12.3875 9 12.3875C7.34315 12.3875 6 13.774 6 15.4843C6 17.1946 7.34315 18.581 9 18.581Z\" fill=\"#FDDCC0\"\/>\n<\/svg>\n\n      <\/div>\n    <div class=\"Meta__group\">\n          <div class=\"Meta__date  d-flex align-items-center\">\n        <svg class='icon icon--timestamp'  width=\"16\" height=\"16\" viewBox=\"0 0 16 16\" fill=\"none\" xmlns=\"http:\/\/www.w3.org\/2000\/svg\">\n<path fill-rule=\"evenodd\" clip-rule=\"evenodd\" d=\"M10.4833 10.5818C10.7278 10.8452 10.7278 11.2723 10.4833 11.5357C10.361 11.6674 10.2008 11.7333 10.0405 11.7333C9.88023 11.7333 9.72008 11.6674 9.59781 11.5357L7.65015 9.43814C7.53273 9.31167 7.46667 9.14001 7.46667 8.96109V4.94118C7.46667 4.56868 7.74705 4.26667 8.09288 4.26667C8.4387 4.26667 8.71908 4.56868 8.71908 4.94118V8.68168L10.4833 10.5818ZM8 14.9333C4.177 14.9333 1.06667 11.823 1.06667 8C1.06667 4.177 4.177 1.06667 8 1.06667C11.8232 1.06667 14.9333 4.177 14.9333 8C14.9333 11.823 11.8232 14.9333 8 14.9333ZM8 0C3.58887 0 0 3.58887 0 8C0 12.4111 3.58887 16 8 16C12.4113 16 16 12.4111 16 8C16 3.58887 12.4113 0 8 0Z\" fill=\"black\"\/>\n<\/svg>\n\n          <time datetime=\"2023-01-17T12:49:46+00:00\">17 januari 2023<\/time>\n      <\/div>\n              <div class=\"Meta__category\">\n        Fakta\n      <\/div>\n      <\/div>\n<\/div>\n                  <\/div>\n        <h3 class=\"Blurb__title\">\n          Social Impact Report: S\u00e5 yttrar sig global kompetens&shy;brist\n        <\/h3>\n                  <div class=\"Blurb__text\">\n            Just nu r\u00e5der en global kompetensbrist; problem med kompetensf\u00f6rs\u00f6rjning och matchning som bakbinder samh\u00e4llsekonomier, f\u00f6retagsutveckling och syssels\u00e4ttning. F\u00f6r att hitta h\u00e5llbara l\u00f6sningar och \u00f6verbrygga kompetensklyftan m\u00e5ste det finnas en tydlig f\u00f6rst\u00e5else f\u00f6r vad som ligger &hellip;\n          <\/div>\n                <div class=\"Blurb__arrow\">\n                                <div class=\"Blurb__arrow__line\">\n              <svg class='icon icon--arrow-tip'  width=\"11\" height=\"16\" viewBox=\"0 0 11 16\" fill=\"none\" xmlns=\"http:\/\/www.w3.org\/2000\/svg\">\n<path d=\"M0.858398 15L9.2304 7.99664L0.967732 1.00001\" stroke=\"black\" stroke-width=\"2\" stroke-miterlimit=\"10\"\/>\n<\/svg>\n\n              <\/div>\n                  <\/div>\n      <\/div>\n    <\/div>\n  <\/a>\n<\/article>\n                  <\/div>\n                              <div class=\"col-md-3 col-12 col-sm-6 \">\n                      <article class=\"Blurb Blurb--sm Blurb--post Blurb--vertical has-thumbnail\">\n  <a href=\"https:\/\/www.kompetensforetagen.se\/2023\/01\/social-impact-report-faktorer-som-driver-pa-global-kompetensbrist\/\">\n          <div class=\"Blurb__thumbnail__wrap\">\n        <figure class=\"Blurb__thumbnail\">\n          <img loading=\"lazy\" decoding=\"async\" width=\"2560\" height=\"1338\" src=\"https:\/\/www.kompetensforetagen.se\/app\/uploads\/sites\/5\/2020\/11\/puzzle-3486885-scaled.jpg\" class=\"attachment-small size-small wp-post-image\" alt=\"Pusselbitar som symboliserar matchning av r\u00e4tt kompetens till r\u00e4tt uppdrag.\" srcset=\"https:\/\/www.kompetensforetagen.se\/app\/uploads\/sites\/5\/2020\/11\/puzzle-3486885-scaled.jpg 2560w, https:\/\/www.kompetensforetagen.se\/app\/uploads\/sites\/5\/2020\/11\/puzzle-3486885-580x303.jpg 580w, https:\/\/www.kompetensforetagen.se\/app\/uploads\/sites\/5\/2020\/11\/puzzle-3486885-1180x617.jpg 1180w, https:\/\/www.kompetensforetagen.se\/app\/uploads\/sites\/5\/2020\/11\/puzzle-3486885-380x199.jpg 380w, https:\/\/www.kompetensforetagen.se\/app\/uploads\/sites\/5\/2020\/11\/puzzle-3486885-768x401.jpg 768w, https:\/\/www.kompetensforetagen.se\/app\/uploads\/sites\/5\/2020\/11\/puzzle-3486885-1536x803.jpg 1536w, https:\/\/www.kompetensforetagen.se\/app\/uploads\/sites\/5\/2020\/11\/puzzle-3486885-2048x1071.jpg 2048w\" sizes=\"auto, (max-width: 2560px) 100vw, 2560px\" \/>\n        <\/figure>\n      <\/div>\n        <div class=\"Blurb__content\">\n      <div class=\"Blurb__body\">\n        <div>\n                                <div class=\"Meta d-flex align-items-center Blurb__meta\">\n      <div class=\"Meta__tag item\">\n      Internationellt\n      <svg class='icon icon--triangle'  width=\"26\" height=\"32\" viewBox=\"0 0 26 32\" fill=\"none\" xmlns=\"http:\/\/www.w3.org\/2000\/svg\">\n<path fill-rule=\"evenodd\" clip-rule=\"evenodd\" d=\"M13.1315 0H0V32H13.1315L26 16L13.1315 0ZM9 18.581C10.6569 18.581 12 17.1946 12 15.4843C12 13.774 10.6569 12.3875 9 12.3875C7.34315 12.3875 6 13.774 6 15.4843C6 17.1946 7.34315 18.581 9 18.581Z\" fill=\"#FDDCC0\"\/>\n<\/svg>\n\n      <\/div>\n    <div class=\"Meta__group\">\n          <div class=\"Meta__date  d-flex align-items-center\">\n        <svg class='icon icon--timestamp'  width=\"16\" height=\"16\" viewBox=\"0 0 16 16\" fill=\"none\" xmlns=\"http:\/\/www.w3.org\/2000\/svg\">\n<path fill-rule=\"evenodd\" clip-rule=\"evenodd\" d=\"M10.4833 10.5818C10.7278 10.8452 10.7278 11.2723 10.4833 11.5357C10.361 11.6674 10.2008 11.7333 10.0405 11.7333C9.88023 11.7333 9.72008 11.6674 9.59781 11.5357L7.65015 9.43814C7.53273 9.31167 7.46667 9.14001 7.46667 8.96109V4.94118C7.46667 4.56868 7.74705 4.26667 8.09288 4.26667C8.4387 4.26667 8.71908 4.56868 8.71908 4.94118V8.68168L10.4833 10.5818ZM8 14.9333C4.177 14.9333 1.06667 11.823 1.06667 8C1.06667 4.177 4.177 1.06667 8 1.06667C11.8232 1.06667 14.9333 4.177 14.9333 8C14.9333 11.823 11.8232 14.9333 8 14.9333ZM8 0C3.58887 0 0 3.58887 0 8C0 12.4111 3.58887 16 8 16C12.4113 16 16 12.4111 16 8C16 3.58887 12.4113 0 8 0Z\" fill=\"black\"\/>\n<\/svg>\n\n          <time datetime=\"2023-01-17T13:08:02+00:00\">17 januari 2023<\/time>\n      <\/div>\n              <div class=\"Meta__category\">\n        Fakta\n      <\/div>\n      <\/div>\n<\/div>\n                  <\/div>\n        <h3 class=\"Blurb__title\">\n          Social Impact Report &#8211; Faktorer som driver p\u00e5 global kompetens&shy;brist\n        <\/h3>\n                  <div class=\"Blurb__text\">\n            Kompetensf\u00f6retagens internationella medlemsorganisation World Employment Confederation (WEC), har sammanst\u00e4llt en rapport, Social Impact Report , som fokuserar p\u00e5 bakomliggande orsaker till, och l\u00f6sningar p\u00e5,&nbsp; globala kompetensbrister &#8211; l\u00e4s en sammanfattning p\u00e5 svenska h\u00e4r.&nbsp; I rapporten &hellip;\n          <\/div>\n                <div class=\"Blurb__arrow\">\n                                <div class=\"Blurb__arrow__line\">\n              <svg class='icon icon--arrow-tip'  width=\"11\" height=\"16\" viewBox=\"0 0 11 16\" fill=\"none\" xmlns=\"http:\/\/www.w3.org\/2000\/svg\">\n<path d=\"M0.858398 15L9.2304 7.99664L0.967732 1.00001\" stroke=\"black\" stroke-width=\"2\" stroke-miterlimit=\"10\"\/>\n<\/svg>\n\n              <\/div>\n                  <\/div>\n      <\/div>\n    <\/div>\n  <\/a>\n<\/article>\n                  <\/div>\n                              <div class=\"col-md-3 col-12 col-sm-6 \">\n                      <article class=\"Blurb Blurb--sm Blurb--post Blurb--vertical has-thumbnail\">\n  <a href=\"https:\/\/www.kompetensforetagen.se\/2023\/01\/social-impact-report-vinster-med-tydliga-kompetensforsorjningsstrategier\/\">\n          <div class=\"Blurb__thumbnail__wrap\">\n        <figure class=\"Blurb__thumbnail\">\n          <img loading=\"lazy\" decoding=\"async\" width=\"2560\" height=\"1707\" src=\"https:\/\/www.kompetensforetagen.se\/app\/uploads\/sites\/5\/2021\/02\/gettyimages-1171809249-scaled.jpg\" class=\"attachment-small size-small wp-post-image\" alt=\"Flera personer i ett ljust rum, kvinnan n\u00e4rmast tittar koncentrerat p\u00e5 en datorsk\u00e4rm\" srcset=\"https:\/\/www.kompetensforetagen.se\/app\/uploads\/sites\/5\/2021\/02\/gettyimages-1171809249-scaled.jpg 2560w, https:\/\/www.kompetensforetagen.se\/app\/uploads\/sites\/5\/2021\/02\/gettyimages-1171809249-580x387.jpg 580w, https:\/\/www.kompetensforetagen.se\/app\/uploads\/sites\/5\/2021\/02\/gettyimages-1171809249-1180x787.jpg 1180w, https:\/\/www.kompetensforetagen.se\/app\/uploads\/sites\/5\/2021\/02\/gettyimages-1171809249-380x253.jpg 380w, https:\/\/www.kompetensforetagen.se\/app\/uploads\/sites\/5\/2021\/02\/gettyimages-1171809249-768x512.jpg 768w, https:\/\/www.kompetensforetagen.se\/app\/uploads\/sites\/5\/2021\/02\/gettyimages-1171809249-1536x1024.jpg 1536w, https:\/\/www.kompetensforetagen.se\/app\/uploads\/sites\/5\/2021\/02\/gettyimages-1171809249-2048x1365.jpg 2048w\" sizes=\"auto, (max-width: 2560px) 100vw, 2560px\" \/>\n        <\/figure>\n      <\/div>\n        <div class=\"Blurb__content\">\n      <div class=\"Blurb__body\">\n        <div>\n                                <div class=\"Meta d-flex align-items-center Blurb__meta\">\n      <div class=\"Meta__tag item\">\n      Internationellt\n      <svg class='icon icon--triangle'  width=\"26\" height=\"32\" viewBox=\"0 0 26 32\" fill=\"none\" xmlns=\"http:\/\/www.w3.org\/2000\/svg\">\n<path fill-rule=\"evenodd\" clip-rule=\"evenodd\" d=\"M13.1315 0H0V32H13.1315L26 16L13.1315 0ZM9 18.581C10.6569 18.581 12 17.1946 12 15.4843C12 13.774 10.6569 12.3875 9 12.3875C7.34315 12.3875 6 13.774 6 15.4843C6 17.1946 7.34315 18.581 9 18.581Z\" fill=\"#FDDCC0\"\/>\n<\/svg>\n\n      <\/div>\n    <div class=\"Meta__group\">\n          <div class=\"Meta__date  d-flex align-items-center\">\n        <svg class='icon icon--timestamp'  width=\"16\" height=\"16\" viewBox=\"0 0 16 16\" fill=\"none\" xmlns=\"http:\/\/www.w3.org\/2000\/svg\">\n<path fill-rule=\"evenodd\" clip-rule=\"evenodd\" d=\"M10.4833 10.5818C10.7278 10.8452 10.7278 11.2723 10.4833 11.5357C10.361 11.6674 10.2008 11.7333 10.0405 11.7333C9.88023 11.7333 9.72008 11.6674 9.59781 11.5357L7.65015 9.43814C7.53273 9.31167 7.46667 9.14001 7.46667 8.96109V4.94118C7.46667 4.56868 7.74705 4.26667 8.09288 4.26667C8.4387 4.26667 8.71908 4.56868 8.71908 4.94118V8.68168L10.4833 10.5818ZM8 14.9333C4.177 14.9333 1.06667 11.823 1.06667 8C1.06667 4.177 4.177 1.06667 8 1.06667C11.8232 1.06667 14.9333 4.177 14.9333 8C14.9333 11.823 11.8232 14.9333 8 14.9333ZM8 0C3.58887 0 0 3.58887 0 8C0 12.4111 3.58887 16 8 16C12.4113 16 16 12.4111 16 8C16 3.58887 12.4113 0 8 0Z\" fill=\"black\"\/>\n<\/svg>\n\n          <time datetime=\"2023-01-17T13:22:18+00:00\">17 januari 2023<\/time>\n      <\/div>\n              <div class=\"Meta__category\">\n        Fakta\n      <\/div>\n      <\/div>\n<\/div>\n                  <\/div>\n        <h3 class=\"Blurb__title\">\n          Social Impact Report: Vinster med tydliga kompetensf\u00f6rs\u00f6rjningsstrategier\n        <\/h3>\n                  <div class=\"Blurb__text\">\n            Globalt, s\u00e5v\u00e4l som i Sverige, har bristen p\u00e5 kompetens och matchning aldrig varit st\u00f6rre. Kompetensbranschens internationella medlemsorganisation, World Employment Confederation (WEC), har tagit fram rapporten Social Impact Report 2022 f\u00f6r att granska omfattning, identifiera innovativa &hellip;\n          <\/div>\n                <div class=\"Blurb__arrow\">\n                                <div class=\"Blurb__arrow__line\">\n              <svg class='icon icon--arrow-tip'  width=\"11\" height=\"16\" viewBox=\"0 0 11 16\" fill=\"none\" xmlns=\"http:\/\/www.w3.org\/2000\/svg\">\n<path d=\"M0.858398 15L9.2304 7.99664L0.967732 1.00001\" stroke=\"black\" stroke-width=\"2\" stroke-miterlimit=\"10\"\/>\n<\/svg>\n\n              <\/div>\n                  <\/div>\n      <\/div>\n    <\/div>\n  <\/a>\n<\/article>\n                  <\/div>\n                              <div class=\"col-md-3 col-12 col-sm-6 \">\n                      <article class=\"Blurb Blurb--sm Blurb--post Blurb--vertical has-thumbnail\">\n  <a href=\"https:\/\/www.kompetensforetagen.se\/2023\/01\/social-impact-report-forandrade-processer-for-kompetensforsorjning\/\">\n          <div class=\"Blurb__thumbnail__wrap\">\n        <figure class=\"Blurb__thumbnail\">\n          <img loading=\"lazy\" decoding=\"async\" width=\"2560\" height=\"1706\" src=\"https:\/\/www.kompetensforetagen.se\/app\/uploads\/sites\/5\/2022\/10\/pexels-alexander-suhorucov-6457562-scaled.jpg\" class=\"attachment-small size-small wp-post-image\" alt=\"Tre glada kvinnor g\u00e5r i korridor \u2013 inkludering \u00e4r en styrka inom bemanningsbranschen.\" srcset=\"https:\/\/www.kompetensforetagen.se\/app\/uploads\/sites\/5\/2022\/10\/pexels-alexander-suhorucov-6457562-scaled.jpg 2560w, https:\/\/www.kompetensforetagen.se\/app\/uploads\/sites\/5\/2022\/10\/pexels-alexander-suhorucov-6457562-580x387.jpg 580w, https:\/\/www.kompetensforetagen.se\/app\/uploads\/sites\/5\/2022\/10\/pexels-alexander-suhorucov-6457562-1180x787.jpg 1180w, https:\/\/www.kompetensforetagen.se\/app\/uploads\/sites\/5\/2022\/10\/pexels-alexander-suhorucov-6457562-380x253.jpg 380w, https:\/\/www.kompetensforetagen.se\/app\/uploads\/sites\/5\/2022\/10\/pexels-alexander-suhorucov-6457562-768x512.jpg 768w, https:\/\/www.kompetensforetagen.se\/app\/uploads\/sites\/5\/2022\/10\/pexels-alexander-suhorucov-6457562-1536x1024.jpg 1536w, https:\/\/www.kompetensforetagen.se\/app\/uploads\/sites\/5\/2022\/10\/pexels-alexander-suhorucov-6457562-2048x1365.jpg 2048w\" sizes=\"auto, (max-width: 2560px) 100vw, 2560px\" \/>\n        <\/figure>\n      <\/div>\n        <div class=\"Blurb__content\">\n      <div class=\"Blurb__body\">\n        <div>\n                                <div class=\"Meta d-flex align-items-center Blurb__meta\">\n      <div class=\"Meta__tag item\">\n      Internationellt\n      <svg class='icon icon--triangle'  width=\"26\" height=\"32\" viewBox=\"0 0 26 32\" fill=\"none\" xmlns=\"http:\/\/www.w3.org\/2000\/svg\">\n<path fill-rule=\"evenodd\" clip-rule=\"evenodd\" d=\"M13.1315 0H0V32H13.1315L26 16L13.1315 0ZM9 18.581C10.6569 18.581 12 17.1946 12 15.4843C12 13.774 10.6569 12.3875 9 12.3875C7.34315 12.3875 6 13.774 6 15.4843C6 17.1946 7.34315 18.581 9 18.581Z\" fill=\"#FDDCC0\"\/>\n<\/svg>\n\n      <\/div>\n    <div class=\"Meta__group\">\n          <div class=\"Meta__date  d-flex align-items-center\">\n        <svg class='icon icon--timestamp'  width=\"16\" height=\"16\" viewBox=\"0 0 16 16\" fill=\"none\" xmlns=\"http:\/\/www.w3.org\/2000\/svg\">\n<path fill-rule=\"evenodd\" clip-rule=\"evenodd\" d=\"M10.4833 10.5818C10.7278 10.8452 10.7278 11.2723 10.4833 11.5357C10.361 11.6674 10.2008 11.7333 10.0405 11.7333C9.88023 11.7333 9.72008 11.6674 9.59781 11.5357L7.65015 9.43814C7.53273 9.31167 7.46667 9.14001 7.46667 8.96109V4.94118C7.46667 4.56868 7.74705 4.26667 8.09288 4.26667C8.4387 4.26667 8.71908 4.56868 8.71908 4.94118V8.68168L10.4833 10.5818ZM8 14.9333C4.177 14.9333 1.06667 11.823 1.06667 8C1.06667 4.177 4.177 1.06667 8 1.06667C11.8232 1.06667 14.9333 4.177 14.9333 8C14.9333 11.823 11.8232 14.9333 8 14.9333ZM8 0C3.58887 0 0 3.58887 0 8C0 12.4111 3.58887 16 8 16C12.4113 16 16 12.4111 16 8C16 3.58887 12.4113 0 8 0Z\" fill=\"black\"\/>\n<\/svg>\n\n          <time datetime=\"2023-01-17T13:39:34+00:00\">17 januari 2023<\/time>\n      <\/div>\n              <div class=\"Meta__category\">\n        Aktuellt\n      <\/div>\n      <\/div>\n<\/div>\n                  <\/div>\n        <h3 class=\"Blurb__title\">\n          Social Impact Report: F\u00f6r\u00e4ndrade processer f\u00f6r kompetensf\u00f6rs\u00f6rjning\n        <\/h3>\n                  <div class=\"Blurb__text\">\n            F\u00f6r att m\u00f6ta de globala kompetensutmaningarna m\u00e5ste arbetsgivare och verksamheter se \u00f6ver sina etablerade processer f\u00f6r kompetensf\u00f6rs\u00f6rjning. H\u00e4r visar kompetensbranschen sin arbetsmarknadsexpertis genom strategisk r\u00e5dgivning och st\u00f6d. N\u00e5gra exempel p\u00e5 de f\u00f6r\u00e4ndringsprocesser som p\u00e5g\u00e5r v\u00e4rlden &hellip;\n          <\/div>\n                <div class=\"Blurb__arrow\">\n                                <div class=\"Blurb__arrow__line\">\n              <svg class='icon icon--arrow-tip'  width=\"11\" height=\"16\" viewBox=\"0 0 11 16\" fill=\"none\" xmlns=\"http:\/\/www.w3.org\/2000\/svg\">\n<path d=\"M0.858398 15L9.2304 7.99664L0.967732 1.00001\" stroke=\"black\" stroke-width=\"2\" stroke-miterlimit=\"10\"\/>\n<\/svg>\n\n              <\/div>\n                  <\/div>\n      <\/div>\n    <\/div>\n  <\/a>\n<\/article>\n                  <\/div>\n                  <\/div>\n  <\/div>\n<\/div><\/div>\n<\/div>\n","protected":false},"excerpt":{"rendered":"<p>Att m\u00f6ta efterfr\u00e5gan p\u00e5 personal och kompetens har aldrig varit viktigare eller mer angel\u00e4get. Kompetens\u00adbranschens internationella medlems\u00adorganisation, World Employment Confederation, har f\u00f6rfattat rapporten Social Impact Report 2022. Den granskar omfattning, identifierar innovativa tillv\u00e4gag\u00e5ngss\u00e4tt och skapar &hellip;<\/p>\n","protected":false},"author":13369,"featured_media":10628,"parent":0,"menu_order":60,"comment_status":"closed","ping_status":"closed","template":"","meta":{"_acf_changed":false,"footnotes":""},"article_type":[],"agreement":[],"for-members":[],"class_list":["post-10711","page","type-page","status-publish","has-post-thumbnail","hentry"],"acf":[],"yoast_head":"<!-- This site is optimized with the Yoast SEO Premium plugin v26.8 (Yoast SEO v26.8) - https:\/\/yoast.com\/product\/yoast-seo-premium-wordpress\/ -->\n<title>Social Impact Report - Kompetensf\u00f6retagen<\/title>\n<meta name=\"description\" content=\"Den granskar omfattning, identifierar innovativa tillv\u00e4gag\u00e5ngss\u00e4tt och skapar en f\u00e4rdplan f\u00f6r framtida framsteg f\u00f6r kompetensf\u00f6rs\u00f6rjning. Rapporten utg\u00e5r ifr\u00e5n ett globalt perspektiv.\u00a0\" \/>\n<meta name=\"robots\" content=\"index, follow, max-snippet:-1, max-image-preview:large, max-video-preview:-1\" \/>\n<link rel=\"canonical\" href=\"https:\/\/www.kompetensforetagen.se\/social-impact-report-sammanfattning\/\" \/>\n<meta property=\"og:locale\" content=\"sv_SE\" \/>\n<meta property=\"og:type\" content=\"article\" \/>\n<meta property=\"og:title\" content=\"Social Impact Report\" \/>\n<meta property=\"og:description\" content=\"Den granskar omfattning, identifierar innovativa tillv\u00e4gag\u00e5ngss\u00e4tt och skapar en f\u00e4rdplan f\u00f6r framtida framsteg f\u00f6r kompetensf\u00f6rs\u00f6rjning. Rapporten utg\u00e5r ifr\u00e5n ett globalt perspektiv.\u00a0\" \/>\n<meta property=\"og:url\" content=\"https:\/\/www.kompetensforetagen.se\/social-impact-report-sammanfattning\/\" \/>\n<meta property=\"og:site_name\" content=\"Kompetensf\u00f6retagen\" \/>\n<meta property=\"article:modified_time\" content=\"2023-10-31T14:08:56+00:00\" \/>\n<meta property=\"og:image\" content=\"https:\/\/www.kompetensforetagen.se\/app\/uploads\/sites\/5\/2023\/01\/fernando-cferdophotography-tndyn8jwyfm-unsplash-scaled.jpg\" \/>\n\t<meta property=\"og:image:width\" content=\"2560\" \/>\n\t<meta property=\"og:image:height\" content=\"1707\" \/>\n\t<meta property=\"og:image:type\" content=\"image\/jpeg\" \/>\n<meta name=\"twitter:card\" content=\"summary_large_image\" \/>\n<meta name=\"twitter:label1\" content=\"Ber\u00e4knad l\u00e4stid\" \/>\n\t<meta name=\"twitter:data1\" content=\"2 minuter\" \/>\n<script type=\"application\/ld+json\" class=\"yoast-schema-graph\">{\"@context\":\"https:\/\/schema.org\",\"@graph\":[{\"@type\":\"WebPage\",\"@id\":\"https:\/\/www.kompetensforetagen.se\/social-impact-report-sammanfattning\/\",\"url\":\"https:\/\/www.kompetensforetagen.se\/social-impact-report-sammanfattning\/\",\"name\":\"Social Impact Report - Kompetensf\u00f6retagen\",\"isPartOf\":{\"@id\":\"https:\/\/www.kompetensforetagen.se\/#website\"},\"primaryImageOfPage\":{\"@id\":\"https:\/\/www.kompetensforetagen.se\/social-impact-report-sammanfattning\/#primaryimage\"},\"image\":{\"@id\":\"https:\/\/www.kompetensforetagen.se\/social-impact-report-sammanfattning\/#primaryimage\"},\"thumbnailUrl\":\"https:\/\/www.kompetensforetagen.se\/app\/uploads\/sites\/5\/2023\/01\/fernando-cferdophotography-tndyn8jwyfm-unsplash-scaled.jpg\",\"datePublished\":\"2023-01-17T09:10:44+00:00\",\"dateModified\":\"2023-10-31T14:08:56+00:00\",\"description\":\"Den granskar omfattning, identifierar innovativa tillv\u00e4gag\u00e5ngss\u00e4tt och skapar en f\u00e4rdplan f\u00f6r framtida framsteg f\u00f6r kompetensf\u00f6rs\u00f6rjning. Rapporten utg\u00e5r ifr\u00e5n ett globalt perspektiv.\u00a0\",\"breadcrumb\":{\"@id\":\"https:\/\/www.kompetensforetagen.se\/social-impact-report-sammanfattning\/#breadcrumb\"},\"inLanguage\":\"sv-SE\",\"potentialAction\":[{\"@type\":\"ReadAction\",\"target\":[\"https:\/\/www.kompetensforetagen.se\/social-impact-report-sammanfattning\/\"]}]},{\"@type\":\"ImageObject\",\"inLanguage\":\"sv-SE\",\"@id\":\"https:\/\/www.kompetensforetagen.se\/social-impact-report-sammanfattning\/#primaryimage\",\"url\":\"https:\/\/www.kompetensforetagen.se\/app\/uploads\/sites\/5\/2023\/01\/fernando-cferdophotography-tndyn8jwyfm-unsplash-scaled.jpg\",\"contentUrl\":\"https:\/\/www.kompetensforetagen.se\/app\/uploads\/sites\/5\/2023\/01\/fernando-cferdophotography-tndyn8jwyfm-unsplash-scaled.jpg\",\"width\":2560,\"height\":1707,\"caption\":\"Omslag f\u00f6r rapporten Social Impact \u2013 bemanningsbranschens samh\u00e4llsnytta.\"},{\"@type\":\"BreadcrumbList\",\"@id\":\"https:\/\/www.kompetensforetagen.se\/social-impact-report-sammanfattning\/#breadcrumb\",\"itemListElement\":[{\"@type\":\"ListItem\",\"position\":1,\"name\":\"Home\",\"item\":\"https:\/\/www.kompetensforetagen.se\/\"},{\"@type\":\"ListItem\",\"position\":2,\"name\":\"Social Impact Report\"}]},{\"@type\":\"WebSite\",\"@id\":\"https:\/\/www.kompetensforetagen.se\/#website\",\"url\":\"https:\/\/www.kompetensforetagen.se\/\",\"name\":\"Kompetensf\u00f6retagen\",\"description\":\"R\u00e4tt person p\u00e5 r\u00e4tt plats kan f\u00f6r\u00e4ndra v\u00e4rlden\",\"publisher\":{\"@id\":\"https:\/\/www.kompetensforetagen.se\/#organization\"},\"potentialAction\":[{\"@type\":\"SearchAction\",\"target\":{\"@type\":\"EntryPoint\",\"urlTemplate\":\"https:\/\/www.kompetensforetagen.se\/?s={search_term_string}\"},\"query-input\":{\"@type\":\"PropertyValueSpecification\",\"valueRequired\":true,\"valueName\":\"search_term_string\"}}],\"inLanguage\":\"sv-SE\"},{\"@type\":\"Organization\",\"@id\":\"https:\/\/www.kompetensforetagen.se\/#organization\",\"name\":\"Kompetensf\u00f6retagen\",\"url\":\"https:\/\/www.kompetensforetagen.se\/\",\"logo\":{\"@type\":\"ImageObject\",\"inLanguage\":\"sv-SE\",\"@id\":\"https:\/\/www.kompetensforetagen.se\/#\/schema\/logo\/image\/\",\"url\":\"https:\/\/www.kompetensforetagen.se\/app\/uploads\/sites\/5\/2022\/10\/logga_svart.png\",\"contentUrl\":\"https:\/\/www.kompetensforetagen.se\/app\/uploads\/sites\/5\/2022\/10\/logga_svart.png\",\"width\":752,\"height\":64,\"caption\":\"Kompetensf\u00f6retagen\"},\"image\":{\"@id\":\"https:\/\/www.kompetensforetagen.se\/#\/schema\/logo\/image\/\"},\"sameAs\":[\"https:\/\/www.linkedin.com\/company\/10540032\/\"]}]}<\/script>\n<!-- \/ Yoast SEO Premium plugin. -->","yoast_head_json":{"title":"Social Impact Report - Kompetensf\u00f6retagen","description":"Den granskar omfattning, identifierar innovativa tillv\u00e4gag\u00e5ngss\u00e4tt och skapar en f\u00e4rdplan f\u00f6r framtida framsteg f\u00f6r kompetensf\u00f6rs\u00f6rjning. Rapporten utg\u00e5r ifr\u00e5n ett globalt perspektiv.\u00a0","robots":{"index":"index","follow":"follow","max-snippet":"max-snippet:-1","max-image-preview":"max-image-preview:large","max-video-preview":"max-video-preview:-1"},"canonical":"https:\/\/www.kompetensforetagen.se\/social-impact-report-sammanfattning\/","og_locale":"sv_SE","og_type":"article","og_title":"Social Impact Report","og_description":"Den granskar omfattning, identifierar innovativa tillv\u00e4gag\u00e5ngss\u00e4tt och skapar en f\u00e4rdplan f\u00f6r framtida framsteg f\u00f6r kompetensf\u00f6rs\u00f6rjning. Rapporten utg\u00e5r ifr\u00e5n ett globalt perspektiv.\u00a0","og_url":"https:\/\/www.kompetensforetagen.se\/social-impact-report-sammanfattning\/","og_site_name":"Kompetensf\u00f6retagen","article_modified_time":"2023-10-31T14:08:56+00:00","og_image":[{"width":2560,"height":1707,"url":"https:\/\/www.kompetensforetagen.se\/app\/uploads\/sites\/5\/2023\/01\/fernando-cferdophotography-tndyn8jwyfm-unsplash-scaled.jpg","type":"image\/jpeg"}],"twitter_card":"summary_large_image","twitter_misc":{"Ber\u00e4knad l\u00e4stid":"2 minuter"},"schema":{"@context":"https:\/\/schema.org","@graph":[{"@type":"WebPage","@id":"https:\/\/www.kompetensforetagen.se\/social-impact-report-sammanfattning\/","url":"https:\/\/www.kompetensforetagen.se\/social-impact-report-sammanfattning\/","name":"Social Impact Report - Kompetensf\u00f6retagen","isPartOf":{"@id":"https:\/\/www.kompetensforetagen.se\/#website"},"primaryImageOfPage":{"@id":"https:\/\/www.kompetensforetagen.se\/social-impact-report-sammanfattning\/#primaryimage"},"image":{"@id":"https:\/\/www.kompetensforetagen.se\/social-impact-report-sammanfattning\/#primaryimage"},"thumbnailUrl":"https:\/\/www.kompetensforetagen.se\/app\/uploads\/sites\/5\/2023\/01\/fernando-cferdophotography-tndyn8jwyfm-unsplash-scaled.jpg","datePublished":"2023-01-17T09:10:44+00:00","dateModified":"2023-10-31T14:08:56+00:00","description":"Den granskar omfattning, identifierar innovativa tillv\u00e4gag\u00e5ngss\u00e4tt och skapar en f\u00e4rdplan f\u00f6r framtida framsteg f\u00f6r kompetensf\u00f6rs\u00f6rjning. Rapporten utg\u00e5r ifr\u00e5n ett globalt perspektiv.\u00a0","breadcrumb":{"@id":"https:\/\/www.kompetensforetagen.se\/social-impact-report-sammanfattning\/#breadcrumb"},"inLanguage":"sv-SE","potentialAction":[{"@type":"ReadAction","target":["https:\/\/www.kompetensforetagen.se\/social-impact-report-sammanfattning\/"]}]},{"@type":"ImageObject","inLanguage":"sv-SE","@id":"https:\/\/www.kompetensforetagen.se\/social-impact-report-sammanfattning\/#primaryimage","url":"https:\/\/www.kompetensforetagen.se\/app\/uploads\/sites\/5\/2023\/01\/fernando-cferdophotography-tndyn8jwyfm-unsplash-scaled.jpg","contentUrl":"https:\/\/www.kompetensforetagen.se\/app\/uploads\/sites\/5\/2023\/01\/fernando-cferdophotography-tndyn8jwyfm-unsplash-scaled.jpg","width":2560,"height":1707,"caption":"Omslag f\u00f6r rapporten Social Impact \u2013 bemanningsbranschens samh\u00e4llsnytta."},{"@type":"BreadcrumbList","@id":"https:\/\/www.kompetensforetagen.se\/social-impact-report-sammanfattning\/#breadcrumb","itemListElement":[{"@type":"ListItem","position":1,"name":"Home","item":"https:\/\/www.kompetensforetagen.se\/"},{"@type":"ListItem","position":2,"name":"Social Impact Report"}]},{"@type":"WebSite","@id":"https:\/\/www.kompetensforetagen.se\/#website","url":"https:\/\/www.kompetensforetagen.se\/","name":"Kompetensf\u00f6retagen","description":"R\u00e4tt person p\u00e5 r\u00e4tt plats kan f\u00f6r\u00e4ndra v\u00e4rlden","publisher":{"@id":"https:\/\/www.kompetensforetagen.se\/#organization"},"potentialAction":[{"@type":"SearchAction","target":{"@type":"EntryPoint","urlTemplate":"https:\/\/www.kompetensforetagen.se\/?s={search_term_string}"},"query-input":{"@type":"PropertyValueSpecification","valueRequired":true,"valueName":"search_term_string"}}],"inLanguage":"sv-SE"},{"@type":"Organization","@id":"https:\/\/www.kompetensforetagen.se\/#organization","name":"Kompetensf\u00f6retagen","url":"https:\/\/www.kompetensforetagen.se\/","logo":{"@type":"ImageObject","inLanguage":"sv-SE","@id":"https:\/\/www.kompetensforetagen.se\/#\/schema\/logo\/image\/","url":"https:\/\/www.kompetensforetagen.se\/app\/uploads\/sites\/5\/2022\/10\/logga_svart.png","contentUrl":"https:\/\/www.kompetensforetagen.se\/app\/uploads\/sites\/5\/2022\/10\/logga_svart.png","width":752,"height":64,"caption":"Kompetensf\u00f6retagen"},"image":{"@id":"https:\/\/www.kompetensforetagen.se\/#\/schema\/logo\/image\/"},"sameAs":["https:\/\/www.linkedin.com\/company\/10540032\/"]}]}},"_links":{"self":[{"href":"https:\/\/www.kompetensforetagen.se\/api\/wp\/v2\/pages\/10711","targetHints":{"allow":["GET"]}}],"collection":[{"href":"https:\/\/www.kompetensforetagen.se\/api\/wp\/v2\/pages"}],"about":[{"href":"https:\/\/www.kompetensforetagen.se\/api\/wp\/v2\/types\/page"}],"author":[{"embeddable":true,"href":"https:\/\/www.kompetensforetagen.se\/api\/wp\/v2\/users\/13369"}],"replies":[{"embeddable":true,"href":"https:\/\/www.kompetensforetagen.se\/api\/wp\/v2\/comments?post=10711"}],"version-history":[{"count":20,"href":"https:\/\/www.kompetensforetagen.se\/api\/wp\/v2\/pages\/10711\/revisions"}],"predecessor-version":[{"id":15557,"href":"https:\/\/www.kompetensforetagen.se\/api\/wp\/v2\/pages\/10711\/revisions\/15557"}],"wp:featuredmedia":[{"embeddable":true,"href":"https:\/\/www.kompetensforetagen.se\/api\/wp\/v2\/media\/10628"}],"wp:attachment":[{"href":"https:\/\/www.kompetensforetagen.se\/api\/wp\/v2\/media?parent=10711"}],"wp:term":[{"taxonomy":"type","embeddable":true,"href":"https:\/\/www.kompetensforetagen.se\/api\/wp\/v2\/article_type?post=10711"},{"taxonomy":"agreement","embeddable":true,"href":"https:\/\/www.kompetensforetagen.se\/api\/wp\/v2\/agreement?post=10711"},{"taxonomy":"for-members","embeddable":true,"href":"https:\/\/www.kompetensforetagen.se\/api\/wp\/v2\/for-members?post=10711"}],"curies":[{"name":"wp","href":"https:\/\/api.w.org\/{rel}","templated":true}]}}