{"id":1068,"date":"2018-04-17T16:42:29","date_gmt":"2018-04-17T14:42:29","guid":{"rendered":"http:\/\/staging.kompetensforetagen.se\/?page_id=1068"},"modified":"2023-11-27T15:11:25","modified_gmt":"2023-11-27T14:11:25","slug":"kompetensforetagens-rapporter-och-statistik-2-2-2-2","status":"publish","type":"page","link":"https:\/\/www.kompetensforetagen.se\/statistik\/kompetensforetagens-rapporter-och-statistik-2-2-2-2\/","title":{"rendered":"\u00d6vriga rapporter och presentationer"},"content":{"rendered":"<div id=\"block-hero-block_9e62d853ea475096db75ee9baf075c94\" class=\"Hero has-primary-background-color\">\n\n    \n  <div class=\"Hero__inner container has-primary-background-color has-arrow\">\n              <div class=\"Hero__title\">\n          <h1>\u00d6vriga rapporter<i> &#038; presentationer<\/i><\/h1>\n        <\/div>\n                                <div class=\"Hero__arrow\">\n          <svg class='icon icon--squiggly-arrow'  width=\"282\" height=\"302\" viewBox=\"0 0 282 302\" fill=\"none\" xmlns=\"http:\/\/www.w3.org\/2000\/svg\">\n<path d=\"M108.429 281.19L129.837 295.44L143.97 274.186\" stroke=\"black\" stroke-width=\"4\" stroke-miterlimit=\"10\"\/>\n<path d=\"M43.8871 68.0497C53.3269 84.3998 70.0075 95.6755 88.6244 97.6784C107.24 99.6801 125.826 95.0068 144.209 91.4645C162.592 87.9216 182.067 85.5682 199.674 91.9481C220.515 99.5002 236.316 120.278 236.492 142.446C236.669 164.616 220.178 186.234 198.428 190.49C188.558 192.423 177.815 190.842 169.542 185.112C161.271 179.382 155.88 169.284 156.859 159.269C158.292 144.577 173.761 133.512 188.444 135C203.126 136.491 215.468 148.757 219.176 163.047C222.881 177.337 218.804 192.932 210.416 205.072C202.027 217.212 189.703 226.187 176.514 232.804C167.472 237.341 157.931 240.877 149.144 245.889C140.356 250.899 132.161 257.651 127.746 266.755C123.333 275.858 126.637 283.983 129.929 295.386\" stroke=\"black\" stroke-width=\"4\" stroke-miterlimit=\"10\"\/>\n<\/svg>\n\n          <\/div>\n        <\/div>\n<\/div>\n\n\n\n<div class=\"wp-block-group has-secondary-background-color has-background is-layout-constrained wp-block-group-is-layout-constrained\">\n<div class=\"wp-block-columns is-layout-flex wp-container-core-columns-is-layout-9d6595d7 wp-block-columns-is-layout-flex\">\n<div class=\"wp-block-column is-layout-flow wp-block-column-is-layout-flow\"><div id=\"block-cta-block_cbc093a731df3c7bd49e31adb1d5535d\" class=\"container\">\n      <div class=\"Cta\">\n          <div class=\"Cta__text has-green-background-color has-white-color\">\n        <p>\n           <span class=\"text-1\">Anlita ett <\/span>            <span class=\"text-2 has-black-color\">konsultf\u00f6retag<\/span>          <\/p>\n        \n              <\/div>\n\n      \n              <div class=\"Cta__buttons \">\n                                              \n              <a href=\"https:\/\/www.almega.se\/app\/uploads\/sites\/5\/2019\/10\/anlita_v6_tryck.pdf\"  target=\"_blank\"  class=\"Cta__button\">\n                <div class=\"Button Button--arrow-tip has-forbund-background-color\">\n                  <div class=\"Button__text\">\n                    S\u00e5 fungerar det\n                  <\/div>\n                  <div class=\"Button__arrow\">\n                                          <span class=\"Button__line\"><\/span>\n                                        <svg class='icon icon--arrow-tip'  width=\"11\" height=\"16\" viewBox=\"0 0 11 16\" fill=\"none\" xmlns=\"http:\/\/www.w3.org\/2000\/svg\">\n<path d=\"M0.858398 15L9.2304 7.99664L0.967732 1.00001\" stroke=\"black\" stroke-width=\"2\" stroke-miterlimit=\"10\"\/>\n<\/svg>\n\n                    <\/div>\n                <\/div>\n              <\/a>\n                              <\/div>\n            <\/div>\n  <\/div>\n\n<\/div>\n\n\n\n<div class=\"wp-block-column is-layout-flow wp-block-column-is-layout-flow\"><div id=\"block-cta-block_f558b0759154e318695328c725094618\" class=\"container\">\n      <div class=\"Cta\">\n          <div class=\"Cta__text has-green-background-color has-white-color\">\n        <p>\n           <span class=\"text-1\">Genomsnittligt<\/span>            <span class=\"text-2 has-black-color\">f\u00f6rtj\u00e4nstel\u00e4ge<\/span>          <\/p>\n        \n              <\/div>\n\n      \n              <div class=\"Cta__buttons \">\n                                              \n              <a href=\"https:\/\/www.kompetensforetagen.se\/gfl\/\"  target=\"_blank\"  class=\"Cta__button\">\n                <div class=\"Button Button--arrow-tip white-space-nowrap has-forbund-background-color\">\n                  <div class=\"Button__text\">\n                    GFL\n                  <\/div>\n                  <div class=\"Button__arrow\">\n                                          <span class=\"Button__line\"><\/span>\n                                        <svg class='icon icon--arrow-tip'  width=\"11\" height=\"16\" viewBox=\"0 0 11 16\" fill=\"none\" xmlns=\"http:\/\/www.w3.org\/2000\/svg\">\n<path d=\"M0.858398 15L9.2304 7.99664L0.967732 1.00001\" stroke=\"black\" stroke-width=\"2\" stroke-miterlimit=\"10\"\/>\n<\/svg>\n\n                    <\/div>\n                <\/div>\n              <\/a>\n                              <\/div>\n            <\/div>\n  <\/div>\n\n<\/div>\n\n\n\n<div class=\"wp-block-column is-layout-flow wp-block-column-is-layout-flow\"><div id=\"block-cta-block_652d3b15493c7568f4aeaf2c1f8969e3\" class=\"container\">\n      <div class=\"Cta\">\n          <div class=\"Cta__text has-green-background-color has-white-color\">\n        <p>\n           <span class=\"text-1\">Jobba som<\/span>            <span class=\"text-2 has-black-color\">Konsult<\/span>          <\/p>\n        \n              <\/div>\n\n      \n              <div class=\"Cta__buttons \">\n                                              \n              <a href=\"https:\/\/www.kompetensforetagen.se\/att-jobba-som-bemanningskonsult\/\"  target=\"_blank\"  class=\"Cta__button\">\n                <div class=\"Button Button--arrow-tip white-space-nowrap has-forbund-background-color\">\n                  <div class=\"Button__text\">\n                    L\u00e4s mer\n                  <\/div>\n                  <div class=\"Button__arrow\">\n                                          <span class=\"Button__line\"><\/span>\n                                        <svg class='icon icon--arrow-tip'  width=\"11\" height=\"16\" viewBox=\"0 0 11 16\" fill=\"none\" xmlns=\"http:\/\/www.w3.org\/2000\/svg\">\n<path d=\"M0.858398 15L9.2304 7.99664L0.967732 1.00001\" stroke=\"black\" stroke-width=\"2\" stroke-miterlimit=\"10\"\/>\n<\/svg>\n\n                    <\/div>\n                <\/div>\n              <\/a>\n                              <\/div>\n            <\/div>\n  <\/div>\n\n<\/div>\n<\/div>\n\n\n<div class=\"Listing no-bg\">\n  <div class=\"container\">\n    <div class=\"Listing__heading\">\n       <h2>faktarapporter<\/h2>     <\/div>\n    <div class=\"row\">\n                            <div class=\"col-md-4 \">\n                      <article class=\"Blurb Blurb--md Blurb--post Blurb--vertical has-thumbnail\">\n  <a href=\"https:\/\/www.kompetensforetagen.se\/2021\/07\/sammanfattning-av-rapporten-tillsammans-for-en-battre-arbetsmiljo\/\">\n          <div class=\"Blurb__thumbnail__wrap\">\n        <figure class=\"Blurb__thumbnail\">\n          <img loading=\"lazy\" decoding=\"async\" width=\"2560\" height=\"1707\" src=\"https:\/\/www.kompetensforetagen.se\/app\/uploads\/sites\/5\/2021\/02\/gettyimages-1032866280-scaled.jpg\" class=\"attachment-small size-small wp-post-image\" alt=\"Ung man i lagerlokal tejpar igen en kartong\" srcset=\"https:\/\/www.kompetensforetagen.se\/app\/uploads\/sites\/5\/2021\/02\/gettyimages-1032866280-scaled.jpg 2560w, https:\/\/www.kompetensforetagen.se\/app\/uploads\/sites\/5\/2021\/02\/gettyimages-1032866280-580x387.jpg 580w, https:\/\/www.kompetensforetagen.se\/app\/uploads\/sites\/5\/2021\/02\/gettyimages-1032866280-1180x787.jpg 1180w, https:\/\/www.kompetensforetagen.se\/app\/uploads\/sites\/5\/2021\/02\/gettyimages-1032866280-380x253.jpg 380w, https:\/\/www.kompetensforetagen.se\/app\/uploads\/sites\/5\/2021\/02\/gettyimages-1032866280-768x512.jpg 768w, https:\/\/www.kompetensforetagen.se\/app\/uploads\/sites\/5\/2021\/02\/gettyimages-1032866280-1536x1024.jpg 1536w, https:\/\/www.kompetensforetagen.se\/app\/uploads\/sites\/5\/2021\/02\/gettyimages-1032866280-2048x1365.jpg 2048w\" sizes=\"auto, (max-width: 2560px) 100vw, 2560px\" \/>\n        <\/figure>\n      <\/div>\n        <div class=\"Blurb__content\">\n      <div class=\"Blurb__body\">\n        <div>\n                                <div class=\"Meta d-flex align-items-center Blurb__meta\">\n      <div class=\"Meta__tag item\">\n      Arbetsmilj\u00f6\n      <svg class='icon icon--triangle'  width=\"26\" height=\"32\" viewBox=\"0 0 26 32\" fill=\"none\" xmlns=\"http:\/\/www.w3.org\/2000\/svg\">\n<path fill-rule=\"evenodd\" clip-rule=\"evenodd\" d=\"M13.1315 0H0V32H13.1315L26 16L13.1315 0ZM9 18.581C10.6569 18.581 12 17.1946 12 15.4843C12 13.774 10.6569 12.3875 9 12.3875C7.34315 12.3875 6 13.774 6 15.4843C6 17.1946 7.34315 18.581 9 18.581Z\" fill=\"#FDDCC0\"\/>\n<\/svg>\n\n      <\/div>\n    <div class=\"Meta__group\">\n          <div class=\"Meta__date  d-flex align-items-center\">\n        <svg class='icon icon--timestamp'  width=\"16\" height=\"16\" viewBox=\"0 0 16 16\" fill=\"none\" xmlns=\"http:\/\/www.w3.org\/2000\/svg\">\n<path fill-rule=\"evenodd\" clip-rule=\"evenodd\" d=\"M10.4833 10.5818C10.7278 10.8452 10.7278 11.2723 10.4833 11.5357C10.361 11.6674 10.2008 11.7333 10.0405 11.7333C9.88023 11.7333 9.72008 11.6674 9.59781 11.5357L7.65015 9.43814C7.53273 9.31167 7.46667 9.14001 7.46667 8.96109V4.94118C7.46667 4.56868 7.74705 4.26667 8.09288 4.26667C8.4387 4.26667 8.71908 4.56868 8.71908 4.94118V8.68168L10.4833 10.5818ZM8 14.9333C4.177 14.9333 1.06667 11.823 1.06667 8C1.06667 4.177 4.177 1.06667 8 1.06667C11.8232 1.06667 14.9333 4.177 14.9333 8C14.9333 11.823 11.8232 14.9333 8 14.9333ZM8 0C3.58887 0 0 3.58887 0 8C0 12.4111 3.58887 16 8 16C12.4113 16 16 12.4111 16 8C16 3.58887 12.4113 0 8 0Z\" fill=\"black\"\/>\n<\/svg>\n\n          <time datetime=\"2021-07-05T14:15:03+00:00\">5 juli 2021<\/time>\n      <\/div>\n              <div class=\"Meta__category\">\n        Rapporter\n      <\/div>\n      <\/div>\n<\/div>\n                  <\/div>\n        <h3 class=\"Blurb__title\">\n          Sammanfattning av rapporten &#8221;Tillsammans f\u00f6r en b\u00e4ttre arbetsmilj\u00f6&#8221;\n        <\/h3>\n                  <div class=\"Blurb__text\">\n            Alla ska kunna k\u00e4nna sig s\u00e4kra p\u00e5 sina arbetsplatser. Arbetet med att eliminera olycksrisker \u00e4r ett st\u00e4ndigt p\u00e5g\u00e5ende, l\u00e5ngsiktigt och systematiskt arbete. Varje arbetsplats ska ha tydliga s\u00e4kerhetsf\u00f6reskrifter f\u00f6r att f\u00f6rebygga olyckor och rutiner f\u00f6r &hellip;\n          <\/div>\n                <div class=\"Blurb__arrow\">\n                                <div class=\"Blurb__arrow__line\">\n              <svg class='icon icon--arrow-tip'  width=\"11\" height=\"16\" viewBox=\"0 0 11 16\" fill=\"none\" xmlns=\"http:\/\/www.w3.org\/2000\/svg\">\n<path d=\"M0.858398 15L9.2304 7.99664L0.967732 1.00001\" stroke=\"black\" stroke-width=\"2\" stroke-miterlimit=\"10\"\/>\n<\/svg>\n\n              <\/div>\n                  <\/div>\n      <\/div>\n    <\/div>\n  <\/a>\n<\/article>\n                  <\/div>\n                  <\/div>\n  <\/div>\n<\/div><\/div>\n\n\n\n<div class=\"wp-block-group is-layout-constrained wp-block-group-is-layout-constrained\">\n<div class=\"wp-block-group is-layout-constrained wp-block-group-is-layout-constrained\">\n<div class=\"wp-block-columns is-layout-flex wp-container-core-columns-is-layout-9d6595d7 wp-block-columns-is-layout-flex\">\n<div class=\"wp-block-column is-layout-flow wp-block-column-is-layout-flow\">\n<figure class=\"wp-block-image size-full\"><img loading=\"lazy\" decoding=\"async\" width=\"337\" height=\"500\" src=\"https:\/\/www.kompetensforetagen.se\/app\/uploads\/sites\/5\/2018\/05\/boken-e1546937079671.jpg\" alt=\"Omslag till boken Kompetensrebellerna\" class=\"wp-image-2136\"\/><figcaption class=\"wp-element-caption\">Boken Kompetensrebellerna inneh\u00e5ller branschens historia och ett flertal intervjuer,<\/figcaption><\/figure>\n<\/div>\n\n\n\n<div class=\"wp-block-column is-layout-flow wp-block-column-is-layout-flow\"><div class=\"wp-block wp-block-core-paragraph\">\n<p>B\u00d6CKER<\/p>\n<\/div>\n\n<div class=\"wp-block wp-block-core-heading heading-in-sidebar\" id=\"kompetensrebellerna\"><a class='Share__link Share__link--url copy-text' href='#' rel='nofollow' data-text='kompetensrebellerna' title='Dela url' data-confirmation='L\u00e4nken kopierades till urklipp'><svg class='icon icon--link'  width='18' height='18' viewBox='0 0 18 18' fill='none' xmlns='http:\/\/www.w3.org\/2000\/svg'>\n            <path d='M10.4142 0.514721L6.87868 4.05025L8.29289 5.46447L11.1213 2.63604L15.364 6.87868L12.5355 9.70711L13.9497 11.1213L17.4853 7.58579C17.8763 7.19476 17.8763 6.5626 17.4853 6.17158L11.8284 0.514721C11.4374 0.123691 10.8052 0.123691 10.4142 0.514721Z' fill='black'\/>\n            <path d='M9.7071 12.5355L6.87868 15.364L2.63604 11.1213L5.46446 8.2929L4.05025 6.87868L0.514716 10.4142C0.123686 10.8052 0.123686 11.4374 0.514716 11.8284L6.17157 17.4853C6.5626 17.8763 7.19475 17.8763 7.58578 17.4853L11.1213 13.9497L9.7071 12.5355Z' fill='black'\/>\n            <path d='M6.17157 11.8284C6.5626 12.2195 7.19475 12.2195 7.58578 11.8284L11.8284 7.58579C12.2195 7.19476 12.2195 6.56261 11.8284 6.17158C11.4374 5.78055 10.8052 5.78055 10.4142 6.17158L6.17157 10.4142C5.78054 10.8052 5.78054 11.4374 6.17157 11.8284Z' fill='black'\/>\n            <\/svg> <\/a>\n<h2 class=\"wp-block-heading\">Kompetensrebellerna<\/h2>\n<\/div>\n\n<div class=\"wp-block wp-block-core-paragraph\">\n<p>I den h\u00e4r boken kan du l\u00e4sa om v\u00e5r historia, nedtecknad av Anders Johnson. Den handlar om l\u00f6sningsinriktade rebeller, ofta kvinnor, som inte ger upp \u2013 och som till slut f\u00e5r det f\u00f6rtroende de f\u00f6rtj\u00e4nar. N\u00e4r till exempel Ulla Murman, som grundade svenska Manpower, hade blivit f\u00e4lld i H\u00f6gsta domstolen skickade hon veckan d\u00e4rp\u00e5 upp medarbetare p\u00e5 justitiedepartementet. I dag \u00e4r hon allm\u00e4nt k\u00e4nd som en av Sveriges fr\u00e4msta kvinnliga 1900-talsentrepren\u00f6rer.<\/p>\n<\/div><\/div>\n<\/div>\n<\/div>\n<\/div>\n","protected":false},"excerpt":{"rendered":"<p>B\u00d6CKER Kompetensrebellerna I den h\u00e4r boken kan du l\u00e4sa om v\u00e5r historia, nedtecknad av Anders Johnson. Den handlar om l\u00f6sningsinriktade rebeller, ofta kvinnor, som inte ger upp \u2013 och som till slut f\u00e5r det f\u00f6rtroende &hellip;<\/p>\n","protected":false},"author":169,"featured_media":0,"parent":12453,"menu_order":7,"comment_status":"closed","ping_status":"closed","template":"","meta":{"_acf_changed":false,"footnotes":""},"article_type":[],"agreement":[],"for-members":[],"class_list":["post-1068","page","type-page","status-publish","hentry"],"acf":[],"yoast_head":"<!-- This site is optimized with the Yoast SEO Premium plugin v26.8 (Yoast SEO v26.8) - https:\/\/yoast.com\/product\/yoast-seo-premium-wordpress\/ -->\n<title>Rapporter och presentationer - Kompetensf\u00f6retagen<\/title>\n<meta name=\"description\" content=\"Kompetensf\u00f6retagen unders\u00f6ker regelbundet olika aspekter av branschen och arbetsmarknaden. Resultaten kring detta finner du h\u00e4r.\" \/>\n<meta name=\"robots\" content=\"index, follow, max-snippet:-1, max-image-preview:large, max-video-preview:-1\" \/>\n<link rel=\"canonical\" href=\"https:\/\/www.kompetensforetagen.se\/statistik\/kompetensforetagens-rapporter-och-statistik-2-2-2-2\/\" \/>\n<meta property=\"og:locale\" content=\"sv_SE\" \/>\n<meta property=\"og:type\" content=\"article\" \/>\n<meta property=\"og:title\" content=\"\u00d6vriga rapporter och presentationer\" \/>\n<meta property=\"og:description\" content=\"Kompetensf\u00f6retagen unders\u00f6ker regelbundet olika aspekter av branschen och arbetsmarknaden. Resultaten kring detta finner du h\u00e4r.\" \/>\n<meta property=\"og:url\" content=\"https:\/\/www.kompetensforetagen.se\/statistik\/kompetensforetagens-rapporter-och-statistik-2-2-2-2\/\" \/>\n<meta property=\"og:site_name\" content=\"Kompetensf\u00f6retagen\" \/>\n<meta property=\"article:modified_time\" content=\"2023-11-27T14:11:25+00:00\" \/>\n<meta property=\"og:image\" content=\"https:\/\/www.kompetensforetagen.se\/app\/uploads\/sites\/5\/2018\/05\/boken-e1546937079671.jpg\" \/>\n<meta name=\"twitter:card\" content=\"summary_large_image\" \/>\n<meta name=\"twitter:label1\" content=\"Ber\u00e4knad l\u00e4stid\" \/>\n\t<meta name=\"twitter:data1\" content=\"1 minut\" \/>\n<script type=\"application\/ld+json\" class=\"yoast-schema-graph\">{\"@context\":\"https:\/\/schema.org\",\"@graph\":[{\"@type\":\"WebPage\",\"@id\":\"https:\/\/www.kompetensforetagen.se\/statistik\/kompetensforetagens-rapporter-och-statistik-2-2-2-2\/\",\"url\":\"https:\/\/www.kompetensforetagen.se\/statistik\/kompetensforetagens-rapporter-och-statistik-2-2-2-2\/\",\"name\":\"Rapporter och presentationer - Kompetensf\u00f6retagen\",\"isPartOf\":{\"@id\":\"https:\/\/www.kompetensforetagen.se\/#website\"},\"primaryImageOfPage\":{\"@id\":\"https:\/\/www.kompetensforetagen.se\/statistik\/kompetensforetagens-rapporter-och-statistik-2-2-2-2\/#primaryimage\"},\"image\":{\"@id\":\"https:\/\/www.kompetensforetagen.se\/statistik\/kompetensforetagens-rapporter-och-statistik-2-2-2-2\/#primaryimage\"},\"thumbnailUrl\":\"https:\/\/www.kompetensforetagen.se\/app\/uploads\/sites\/5\/2018\/05\/boken-e1546937079671.jpg\",\"datePublished\":\"2018-04-17T14:42:29+00:00\",\"dateModified\":\"2023-11-27T14:11:25+00:00\",\"description\":\"Kompetensf\u00f6retagen unders\u00f6ker regelbundet olika aspekter av branschen och arbetsmarknaden. Resultaten kring detta finner du h\u00e4r.\",\"breadcrumb\":{\"@id\":\"https:\/\/www.kompetensforetagen.se\/statistik\/kompetensforetagens-rapporter-och-statistik-2-2-2-2\/#breadcrumb\"},\"inLanguage\":\"sv-SE\",\"potentialAction\":[{\"@type\":\"ReadAction\",\"target\":[\"https:\/\/www.kompetensforetagen.se\/statistik\/kompetensforetagens-rapporter-och-statistik-2-2-2-2\/\"]}]},{\"@type\":\"ImageObject\",\"inLanguage\":\"sv-SE\",\"@id\":\"https:\/\/www.kompetensforetagen.se\/statistik\/kompetensforetagens-rapporter-och-statistik-2-2-2-2\/#primaryimage\",\"url\":\"https:\/\/www.kompetensforetagen.se\/app\/uploads\/sites\/5\/2018\/05\/boken-e1546937079671.jpg\",\"contentUrl\":\"https:\/\/www.kompetensforetagen.se\/app\/uploads\/sites\/5\/2018\/05\/boken-e1546937079671.jpg\",\"width\":337,\"height\":500,\"caption\":\"Boken Kompetensrebellerna inneh\u00e5ller branschens historia och ett flertal intervjuer,\"},{\"@type\":\"BreadcrumbList\",\"@id\":\"https:\/\/www.kompetensforetagen.se\/statistik\/kompetensforetagens-rapporter-och-statistik-2-2-2-2\/#breadcrumb\",\"itemListElement\":[{\"@type\":\"ListItem\",\"position\":1,\"name\":\"Home\",\"item\":\"https:\/\/www.kompetensforetagen.se\/\"},{\"@type\":\"ListItem\",\"position\":2,\"name\":\"Rapporter och statistik\",\"item\":\"https:\/\/www.kompetensforetagen.se\/statistik\/\"},{\"@type\":\"ListItem\",\"position\":3,\"name\":\"\u00d6vriga rapporter och presentationer\"}]},{\"@type\":\"WebSite\",\"@id\":\"https:\/\/www.kompetensforetagen.se\/#website\",\"url\":\"https:\/\/www.kompetensforetagen.se\/\",\"name\":\"Kompetensf\u00f6retagen\",\"description\":\"R\u00e4tt person p\u00e5 r\u00e4tt plats kan f\u00f6r\u00e4ndra v\u00e4rlden\",\"publisher\":{\"@id\":\"https:\/\/www.kompetensforetagen.se\/#organization\"},\"potentialAction\":[{\"@type\":\"SearchAction\",\"target\":{\"@type\":\"EntryPoint\",\"urlTemplate\":\"https:\/\/www.kompetensforetagen.se\/?s={search_term_string}\"},\"query-input\":{\"@type\":\"PropertyValueSpecification\",\"valueRequired\":true,\"valueName\":\"search_term_string\"}}],\"inLanguage\":\"sv-SE\"},{\"@type\":\"Organization\",\"@id\":\"https:\/\/www.kompetensforetagen.se\/#organization\",\"name\":\"Kompetensf\u00f6retagen\",\"url\":\"https:\/\/www.kompetensforetagen.se\/\",\"logo\":{\"@type\":\"ImageObject\",\"inLanguage\":\"sv-SE\",\"@id\":\"https:\/\/www.kompetensforetagen.se\/#\/schema\/logo\/image\/\",\"url\":\"https:\/\/www.kompetensforetagen.se\/app\/uploads\/sites\/5\/2022\/10\/logga_svart.png\",\"contentUrl\":\"https:\/\/www.kompetensforetagen.se\/app\/uploads\/sites\/5\/2022\/10\/logga_svart.png\",\"width\":752,\"height\":64,\"caption\":\"Kompetensf\u00f6retagen\"},\"image\":{\"@id\":\"https:\/\/www.kompetensforetagen.se\/#\/schema\/logo\/image\/\"},\"sameAs\":[\"https:\/\/www.linkedin.com\/company\/10540032\/\"]}]}<\/script>\n<!-- \/ Yoast SEO Premium plugin. -->","yoast_head_json":{"title":"Rapporter och presentationer - Kompetensf\u00f6retagen","description":"Kompetensf\u00f6retagen unders\u00f6ker regelbundet olika aspekter av branschen och arbetsmarknaden. Resultaten kring detta finner du h\u00e4r.","robots":{"index":"index","follow":"follow","max-snippet":"max-snippet:-1","max-image-preview":"max-image-preview:large","max-video-preview":"max-video-preview:-1"},"canonical":"https:\/\/www.kompetensforetagen.se\/statistik\/kompetensforetagens-rapporter-och-statistik-2-2-2-2\/","og_locale":"sv_SE","og_type":"article","og_title":"\u00d6vriga rapporter och presentationer","og_description":"Kompetensf\u00f6retagen unders\u00f6ker regelbundet olika aspekter av branschen och arbetsmarknaden. Resultaten kring detta finner du h\u00e4r.","og_url":"https:\/\/www.kompetensforetagen.se\/statistik\/kompetensforetagens-rapporter-och-statistik-2-2-2-2\/","og_site_name":"Kompetensf\u00f6retagen","article_modified_time":"2023-11-27T14:11:25+00:00","og_image":[{"url":"https:\/\/www.kompetensforetagen.se\/app\/uploads\/sites\/5\/2018\/05\/boken-e1546937079671.jpg","type":"","width":"","height":""}],"twitter_card":"summary_large_image","twitter_misc":{"Ber\u00e4knad l\u00e4stid":"1 minut"},"schema":{"@context":"https:\/\/schema.org","@graph":[{"@type":"WebPage","@id":"https:\/\/www.kompetensforetagen.se\/statistik\/kompetensforetagens-rapporter-och-statistik-2-2-2-2\/","url":"https:\/\/www.kompetensforetagen.se\/statistik\/kompetensforetagens-rapporter-och-statistik-2-2-2-2\/","name":"Rapporter och presentationer - Kompetensf\u00f6retagen","isPartOf":{"@id":"https:\/\/www.kompetensforetagen.se\/#website"},"primaryImageOfPage":{"@id":"https:\/\/www.kompetensforetagen.se\/statistik\/kompetensforetagens-rapporter-och-statistik-2-2-2-2\/#primaryimage"},"image":{"@id":"https:\/\/www.kompetensforetagen.se\/statistik\/kompetensforetagens-rapporter-och-statistik-2-2-2-2\/#primaryimage"},"thumbnailUrl":"https:\/\/www.kompetensforetagen.se\/app\/uploads\/sites\/5\/2018\/05\/boken-e1546937079671.jpg","datePublished":"2018-04-17T14:42:29+00:00","dateModified":"2023-11-27T14:11:25+00:00","description":"Kompetensf\u00f6retagen unders\u00f6ker regelbundet olika aspekter av branschen och arbetsmarknaden. Resultaten kring detta finner du h\u00e4r.","breadcrumb":{"@id":"https:\/\/www.kompetensforetagen.se\/statistik\/kompetensforetagens-rapporter-och-statistik-2-2-2-2\/#breadcrumb"},"inLanguage":"sv-SE","potentialAction":[{"@type":"ReadAction","target":["https:\/\/www.kompetensforetagen.se\/statistik\/kompetensforetagens-rapporter-och-statistik-2-2-2-2\/"]}]},{"@type":"ImageObject","inLanguage":"sv-SE","@id":"https:\/\/www.kompetensforetagen.se\/statistik\/kompetensforetagens-rapporter-och-statistik-2-2-2-2\/#primaryimage","url":"https:\/\/www.kompetensforetagen.se\/app\/uploads\/sites\/5\/2018\/05\/boken-e1546937079671.jpg","contentUrl":"https:\/\/www.kompetensforetagen.se\/app\/uploads\/sites\/5\/2018\/05\/boken-e1546937079671.jpg","width":337,"height":500,"caption":"Boken Kompetensrebellerna inneh\u00e5ller branschens historia och ett flertal intervjuer,"},{"@type":"BreadcrumbList","@id":"https:\/\/www.kompetensforetagen.se\/statistik\/kompetensforetagens-rapporter-och-statistik-2-2-2-2\/#breadcrumb","itemListElement":[{"@type":"ListItem","position":1,"name":"Home","item":"https:\/\/www.kompetensforetagen.se\/"},{"@type":"ListItem","position":2,"name":"Rapporter och statistik","item":"https:\/\/www.kompetensforetagen.se\/statistik\/"},{"@type":"ListItem","position":3,"name":"\u00d6vriga rapporter och presentationer"}]},{"@type":"WebSite","@id":"https:\/\/www.kompetensforetagen.se\/#website","url":"https:\/\/www.kompetensforetagen.se\/","name":"Kompetensf\u00f6retagen","description":"R\u00e4tt person p\u00e5 r\u00e4tt plats kan f\u00f6r\u00e4ndra v\u00e4rlden","publisher":{"@id":"https:\/\/www.kompetensforetagen.se\/#organization"},"potentialAction":[{"@type":"SearchAction","target":{"@type":"EntryPoint","urlTemplate":"https:\/\/www.kompetensforetagen.se\/?s={search_term_string}"},"query-input":{"@type":"PropertyValueSpecification","valueRequired":true,"valueName":"search_term_string"}}],"inLanguage":"sv-SE"},{"@type":"Organization","@id":"https:\/\/www.kompetensforetagen.se\/#organization","name":"Kompetensf\u00f6retagen","url":"https:\/\/www.kompetensforetagen.se\/","logo":{"@type":"ImageObject","inLanguage":"sv-SE","@id":"https:\/\/www.kompetensforetagen.se\/#\/schema\/logo\/image\/","url":"https:\/\/www.kompetensforetagen.se\/app\/uploads\/sites\/5\/2022\/10\/logga_svart.png","contentUrl":"https:\/\/www.kompetensforetagen.se\/app\/uploads\/sites\/5\/2022\/10\/logga_svart.png","width":752,"height":64,"caption":"Kompetensf\u00f6retagen"},"image":{"@id":"https:\/\/www.kompetensforetagen.se\/#\/schema\/logo\/image\/"},"sameAs":["https:\/\/www.linkedin.com\/company\/10540032\/"]}]}},"_links":{"self":[{"href":"https:\/\/www.kompetensforetagen.se\/api\/wp\/v2\/pages\/1068","targetHints":{"allow":["GET"]}}],"collection":[{"href":"https:\/\/www.kompetensforetagen.se\/api\/wp\/v2\/pages"}],"about":[{"href":"https:\/\/www.kompetensforetagen.se\/api\/wp\/v2\/types\/page"}],"author":[{"embeddable":true,"href":"https:\/\/www.kompetensforetagen.se\/api\/wp\/v2\/users\/169"}],"replies":[{"embeddable":true,"href":"https:\/\/www.kompetensforetagen.se\/api\/wp\/v2\/comments?post=1068"}],"version-history":[{"count":21,"href":"https:\/\/www.kompetensforetagen.se\/api\/wp\/v2\/pages\/1068\/revisions"}],"predecessor-version":[{"id":15915,"href":"https:\/\/www.kompetensforetagen.se\/api\/wp\/v2\/pages\/1068\/revisions\/15915"}],"up":[{"embeddable":true,"href":"https:\/\/www.kompetensforetagen.se\/api\/wp\/v2\/pages\/12453"}],"wp:attachment":[{"href":"https:\/\/www.kompetensforetagen.se\/api\/wp\/v2\/media?parent=1068"}],"wp:term":[{"taxonomy":"type","embeddable":true,"href":"https:\/\/www.kompetensforetagen.se\/api\/wp\/v2\/article_type?post=1068"},{"taxonomy":"agreement","embeddable":true,"href":"https:\/\/www.kompetensforetagen.se\/api\/wp\/v2\/agreement?post=1068"},{"taxonomy":"for-members","embeddable":true,"href":"https:\/\/www.kompetensforetagen.se\/api\/wp\/v2\/for-members?post=1068"}],"curies":[{"name":"wp","href":"https:\/\/api.w.org\/{rel}","templated":true}]}}