{"id":10339,"date":"2022-11-08T11:13:19","date_gmt":"2022-11-08T10:13:19","guid":{"rendered":"https:\/\/www.kompetensforetagen.se\/?page_id=10339"},"modified":"2023-11-06T15:58:51","modified_gmt":"2023-11-06T14:58:51","slug":"delpension","status":"publish","type":"page","link":"https:\/\/www.kompetensforetagen.se\/medlemssidor\/delpension\/","title":{"rendered":"Del&shy;pension"},"content":{"rendered":"<div id=\"block-hero-block_29be878d2a026e8cab92bf2956ad9add\" class=\"Hero --has-media has-lightgray-background-color\">\n\n      <img loading=\"lazy\" decoding=\"async\" width=\"1125\" height=\"703\" src=\"https:\/\/www.kompetensforetagen.se\/app\/uploads\/sites\/5\/2023\/04\/faktablad_delpension_front-edited.png\" class=\"Hero__image\" alt=\"Ung flicka och \u00e4ldre kvinna tittar p\u00e5 varandra vid frukostbord\" srcset=\"https:\/\/www.kompetensforetagen.se\/app\/uploads\/sites\/5\/2023\/04\/faktablad_delpension_front-edited.png 1125w, https:\/\/www.kompetensforetagen.se\/app\/uploads\/sites\/5\/2023\/04\/faktablad_delpension_front-edited-580x362.png 580w, https:\/\/www.kompetensforetagen.se\/app\/uploads\/sites\/5\/2023\/04\/faktablad_delpension_front-edited-380x237.png 380w, https:\/\/www.kompetensforetagen.se\/app\/uploads\/sites\/5\/2023\/04\/faktablad_delpension_front-edited-768x480.png 768w, https:\/\/www.kompetensforetagen.se\/app\/uploads\/sites\/5\/2023\/04\/faktablad_delpension_front-edited-600x375.png 600w\" sizes=\"auto, (max-width: 1125px) 100vw, 1125px\" \/>\n    \n  <div class=\"Hero__inner container has-lightgray-background-color has-background-image has-arrow\">\n              <div class=\"Hero__title\">\n          <h1>Del&shy;pensionsystem<\/h1>\n        <\/div>\n                                <div class=\"Hero__arrow\">\n          <svg class='icon icon--squiggly-arrow'  width=\"282\" height=\"302\" viewBox=\"0 0 282 302\" fill=\"none\" xmlns=\"http:\/\/www.w3.org\/2000\/svg\">\n<path d=\"M108.429 281.19L129.837 295.44L143.97 274.186\" stroke=\"black\" stroke-width=\"4\" stroke-miterlimit=\"10\"\/>\n<path d=\"M43.8871 68.0497C53.3269 84.3998 70.0075 95.6755 88.6244 97.6784C107.24 99.6801 125.826 95.0068 144.209 91.4645C162.592 87.9216 182.067 85.5682 199.674 91.9481C220.515 99.5002 236.316 120.278 236.492 142.446C236.669 164.616 220.178 186.234 198.428 190.49C188.558 192.423 177.815 190.842 169.542 185.112C161.271 179.382 155.88 169.284 156.859 159.269C158.292 144.577 173.761 133.512 188.444 135C203.126 136.491 215.468 148.757 219.176 163.047C222.881 177.337 218.804 192.932 210.416 205.072C202.027 217.212 189.703 226.187 176.514 232.804C167.472 237.341 157.931 240.877 149.144 245.889C140.356 250.899 132.161 257.651 127.746 266.755C123.333 275.858 126.637 283.983 129.929 295.386\" stroke=\"black\" stroke-width=\"4\" stroke-miterlimit=\"10\"\/>\n<\/svg>\n\n          <\/div>\n        <\/div>\n<\/div>\n\n\n\n<div class=\"wp-block-group is-layout-constrained wp-block-group-is-layout-constrained\">\n<div class=\"wp-block-columns is-layout-flex wp-container-core-columns-is-layout-9d6595d7 wp-block-columns-is-layout-flex\">\n<div class=\"wp-block-column is-layout-flow wp-block-column-is-layout-flow\"><div class=\"wp-block wp-block-core-paragraph\">\n<p><strong>Kompetens\u00adf\u00f6retagen och LO-f\u00f6rbunden har kommit \u00f6verens om ett nytt konkurrensneutralt delpensionssystem. Det g\u00e4ller f\u00f6r anst\u00e4llda p\u00e5 kollektiv\u00adavtalet&nbsp;<em>bemannings\u00adavtalet f\u00f6r arbetare<\/em>. Det betyder att delpensionsavs\u00e4ttningen ska f\u00f6lja kundernas centrala kollektivavtal f\u00f6r m\u00f6jliga delpensionspremier. Deltidspensionspremien kommer fr\u00e5n och med den 1 januari 2023 \u00e4ven att vara en del av genomsnittligt f\u00f6rtj\u00e4nstl\u00e4ge,&nbsp;<a href=\"https:\/\/www.kompetensforetagen.se\/gfl\/\">GFL<\/a>.<\/strong><\/p>\n<\/div><\/div>\n\n\n\n<div class=\"wp-block-column is-layout-flow wp-block-column-is-layout-flow\"><div class=\"wp-block wp-block-core-paragraph\">\n<p>Anst\u00e4llda p\u00e5 kollektiv\u00adavtalet&nbsp;<em>bemannings\u00adavtalet f\u00f6r arbetare<\/em>&nbsp;kommer d\u00e4rmed att f\u00e5 samma delpensionspremie som kundens anst\u00e4llda.<\/p>\n<\/div>\n\n<div class=\"wp-block wp-block-core-paragraph\">\n<p>F\u00f6renklat best\u00e5r GFL fr\u00e5n och med 1 januari 2023 av tv\u00e5 delar: \u201cGFL-L\u00f6n\u201d = T+P (genomsnittligt f\u00f6rtj\u00e4nstl\u00e4ge utan pensionsdelar) samt DP = delpensionspremien utifr\u00e5n kundens centrala kollektivavtal.<\/p>\n<\/div>\n\n<div class=\"wp-block wp-block-core-paragraph\">\n<p>\u00d6verens\u00adkommelsen finns nu inskriven i&nbsp;<a href=\"https:\/\/www.kompetensforetagen.se\/medlemskap\/kollektivavtal\/\">kollektiv\u00adavtalet<\/a>&nbsp;under Bilaga 6 p\u00e5 sidan 42, och under avsnitt tre, \u00a74. L\u00e4s och ladda g\u00e4rna ner Kompetens\u00adf\u00f6retagens&nbsp;<a href=\"https:\/\/www.kompetensforetagen.se\/app\/uploads\/sites\/5\/2022\/11\/faktablad_delpension_221103.pdf\">faktablad<\/a>&nbsp;(inloggning kr\u00e4vs) f\u00f6r mer information kring det nya delpensionssystemet. Det nya delpensionssystemet kr\u00e4ver registrering av DP per individ, och in\u00adrapportering till Fora.<\/p>\n<\/div>\n\n<div id=\"block-iconlink-block_9ef0082711902f10ad21852a6a9a002f\" class=\"Icon-link Icon-link--squiggly-arrow-link\">\n      <a href=\"https:\/\/www.kompetensforetagen.se\/app\/uploads\/sites\/5\/2022\/11\/faktablad_delpension_221103.pdf\" target=\"_blank\" class=\"Button is-button is-style-fill has-green-background-color has-green-border-color has-white-color Button--squiggly-arrow-link white-space-nowrap\">\n      <div class=\"Button__text\">\n        Faktablad\n      <\/div>\n      <div class=\"Button__arrow \">\n                <div class=\"Button__line\"><\/div>\n                <svg class='icon icon--squiggly-arrow-link'  width=\"114\" height=\"36\" viewBox=\"0 0 114 36\" fill=\"none\" xmlns=\"http:\/\/www.w3.org\/2000\/svg\">\n<path d=\"M0.591797 18.5C7.0918 18.5 11.5209 19.9081 13.4345 14.5C14.3308 11.9657 14.3461 11.9541 15.0839 9.38315C15.7735 6.97969 17.3449 4.54993 19.8345 3.93399C22.9224 3.16984 26.0805 5.67017 27.0204 8.62798C27.9603 11.5851 27.243 14.7829 26.3407 17.751C25.4378 20.719 24.34 23.7256 24.5322 26.8156C24.7244 29.9049 26.6162 33.154 29.7193 33.8559C33.0114 34.5995 36.3563 32.146 37.6741 29.1234C38.9912 26.0995 38.7745 22.6791 38.4839 19.4082C38.1926 16.1373 37.8656 12.7464 38.9918 9.65134C40.1187 6.55559 43.1657 3.84801 46.5259 4.19961C49.9434 4.55763 52.3227 7.90617 52.8134 11.2104C53.3042 14.5147 52.3993 17.8408 51.8259 21.1322C51.2526 24.4237 51.0624 28.0141 52.8029 30.8923C54.221 33.2393 56.8902 34.826 59.6869 34.9864C62.4836 35.1468 65.3259 33.8758 67.0188 31.7072C69.5136 28.5126 69.3227 24.0689 68.5255 20.1345C67.7289 16.1996 66.4369 12.2139 67.1225 8.2597C67.8081 4.30548 71.3849 0.426331 75.4597 1.0705C78.5034 1.55171 80.6627 4.37413 81.4078 7.28189C82.1528 10.189 81.8133 13.2366 81.7711 16.2323C81.7288 19.2279 82.0551 22.4052 83.8874 24.8144C86.657 28.4555 91.9762 29.2197 96.6072 28.7147C101.239 28.2098 105.813 25.7501 110.457 26.1383\" stroke=\"black\" stroke-width=\"2\" stroke-miterlimit=\"10\"\/>\n<path d=\"M105.097 35L111.68 25.3613L102.457 18.2063\" stroke=\"black\" stroke-width=\"2\" stroke-miterlimit=\"10\"\/>\n<\/svg>\n\n        <\/div>\n    <\/a>\n  <\/div>\n\n\n<div id=\"block-iconlink-block_165cce79e22dd8eb45bf3c3c2cdc41ee\" class=\"Icon-link Icon-link--squiggly-arrow-link\">\n      <a href=\"https:\/\/www.kompetensforetagen.se\/2022\/11\/webbinarium-om-deltidspension\/\" target=\"_blank\" class=\"Button is-button is-style-fill has-green-background-color has-green-border-color has-white-color Button--squiggly-arrow-link white-space-nowrap\">\n      <div class=\"Button__text\">\n        Webinarium\n      <\/div>\n      <div class=\"Button__arrow \">\n                <div class=\"Button__line\"><\/div>\n                <svg class='icon icon--squiggly-arrow-link'  width=\"114\" height=\"36\" viewBox=\"0 0 114 36\" fill=\"none\" xmlns=\"http:\/\/www.w3.org\/2000\/svg\">\n<path d=\"M0.591797 18.5C7.0918 18.5 11.5209 19.9081 13.4345 14.5C14.3308 11.9657 14.3461 11.9541 15.0839 9.38315C15.7735 6.97969 17.3449 4.54993 19.8345 3.93399C22.9224 3.16984 26.0805 5.67017 27.0204 8.62798C27.9603 11.5851 27.243 14.7829 26.3407 17.751C25.4378 20.719 24.34 23.7256 24.5322 26.8156C24.7244 29.9049 26.6162 33.154 29.7193 33.8559C33.0114 34.5995 36.3563 32.146 37.6741 29.1234C38.9912 26.0995 38.7745 22.6791 38.4839 19.4082C38.1926 16.1373 37.8656 12.7464 38.9918 9.65134C40.1187 6.55559 43.1657 3.84801 46.5259 4.19961C49.9434 4.55763 52.3227 7.90617 52.8134 11.2104C53.3042 14.5147 52.3993 17.8408 51.8259 21.1322C51.2526 24.4237 51.0624 28.0141 52.8029 30.8923C54.221 33.2393 56.8902 34.826 59.6869 34.9864C62.4836 35.1468 65.3259 33.8758 67.0188 31.7072C69.5136 28.5126 69.3227 24.0689 68.5255 20.1345C67.7289 16.1996 66.4369 12.2139 67.1225 8.2597C67.8081 4.30548 71.3849 0.426331 75.4597 1.0705C78.5034 1.55171 80.6627 4.37413 81.4078 7.28189C82.1528 10.189 81.8133 13.2366 81.7711 16.2323C81.7288 19.2279 82.0551 22.4052 83.8874 24.8144C86.657 28.4555 91.9762 29.2197 96.6072 28.7147C101.239 28.2098 105.813 25.7501 110.457 26.1383\" stroke=\"black\" stroke-width=\"2\" stroke-miterlimit=\"10\"\/>\n<path d=\"M105.097 35L111.68 25.3613L102.457 18.2063\" stroke=\"black\" stroke-width=\"2\" stroke-miterlimit=\"10\"\/>\n<\/svg>\n\n        <\/div>\n    <\/a>\n  <\/div>\n<\/div>\n<\/div>\n<\/div>\n","protected":false},"excerpt":{"rendered":"<p>Kompetens\u00adf\u00f6retagen och LO-f\u00f6rbunden har kommit \u00f6verens om ett nytt konkurrensneutralt delpensionssystem. Det g\u00e4ller f\u00f6r anst\u00e4llda p\u00e5 kollektiv\u00adavtalet&nbsp;bemannings\u00adavtalet f\u00f6r arbetare. Det betyder att delpensionsavs\u00e4ttningen ska f\u00f6lja kundernas centrala kollektivavtal f\u00f6r m\u00f6jliga delpensionspremier. Deltidspensionspremien kommer fr\u00e5n och &hellip;<\/p>\n","protected":false},"author":13369,"featured_media":0,"parent":560,"menu_order":2,"comment_status":"closed","ping_status":"closed","template":"","meta":{"_acf_changed":false,"footnotes":""},"article_type":[],"agreement":[163,164,165,36,37,38,39,40,41,58],"for-members":[],"class_list":["post-10339","page","type-page","status-publish","hentry","agreement-d8372015-3f44-e211-be83-005056b20fd8","agreement-1ac6e1f5-3f44-e211-be83-005056b20fd8","agreement-70ee1081-3f44-e211-be83-005056b20fd8","agreement-cacd80f7-ff07-de11-b4e1-02bf9e69ca65","agreement-cbcd80f7-ff07-de11-b4e1-02bf9e69ca65","agreement-8dce80f7-ff07-de11-b4e1-02bf9e69ca65","agreement-a1c8f241-0761-e011-a194-02bf9e69ca65","agreement-a6e84646-06ab-e611-8108-003dd8b71e47","agreement-acce80f7-ff07-de11-b4e1-02bf9e69ca65","agreement-705d8229-a064-de11-bdb9-02bf9e69ca65"],"acf":[],"yoast_head":"<!-- This site is optimized with the Yoast SEO Premium plugin v26.8 (Yoast SEO v26.8) - https:\/\/yoast.com\/product\/yoast-seo-premium-wordpress\/ -->\n<title>Nytt delpensionssystem I Kompetensf\u00f6retagen<\/title>\n<meta name=\"description\" content=\"Kompetensf\u00f6retagen och LO-f\u00f6rbunden har kommit \u00f6verens om ett nytt delpensionssystem, som kommer att vara del av GFL fr\u00e5n 1\/1 2023.\" \/>\n<meta name=\"robots\" content=\"index, follow, max-snippet:-1, max-image-preview:large, max-video-preview:-1\" \/>\n<link rel=\"canonical\" href=\"https:\/\/www.kompetensforetagen.se\/medlemssidor\/delpension\/\" \/>\n<meta property=\"og:locale\" content=\"sv_SE\" \/>\n<meta property=\"og:type\" content=\"article\" \/>\n<meta property=\"og:title\" content=\"Delpension\" \/>\n<meta property=\"og:description\" content=\"Kompetensf\u00f6retagen och LO-f\u00f6rbunden har kommit \u00f6verens om ett nytt delpensionssystem, som kommer att vara del av GFL fr\u00e5n 1\/1 2023.\" \/>\n<meta property=\"og:url\" content=\"https:\/\/www.kompetensforetagen.se\/medlemssidor\/delpension\/\" \/>\n<meta property=\"og:site_name\" content=\"Kompetensf\u00f6retagen\" \/>\n<meta property=\"article:modified_time\" content=\"2023-11-06T14:58:51+00:00\" \/>\n<meta name=\"twitter:card\" content=\"summary_large_image\" \/>\n<meta name=\"twitter:label1\" content=\"Ber\u00e4knad l\u00e4stid\" \/>\n\t<meta name=\"twitter:data1\" content=\"1 minut\" \/>\n<script type=\"application\/ld+json\" class=\"yoast-schema-graph\">{\"@context\":\"https:\/\/schema.org\",\"@graph\":[{\"@type\":\"WebPage\",\"@id\":\"https:\/\/www.kompetensforetagen.se\/medlemssidor\/delpension\/\",\"url\":\"https:\/\/www.kompetensforetagen.se\/medlemssidor\/delpension\/\",\"name\":\"Nytt delpensionssystem I Kompetensf\u00f6retagen\",\"isPartOf\":{\"@id\":\"https:\/\/www.kompetensforetagen.se\/#website\"},\"datePublished\":\"2022-11-08T10:13:19+00:00\",\"dateModified\":\"2023-11-06T14:58:51+00:00\",\"description\":\"Kompetensf\u00f6retagen och LO-f\u00f6rbunden har kommit \u00f6verens om ett nytt delpensionssystem, som kommer att vara del av GFL fr\u00e5n 1\/1 2023.\",\"breadcrumb\":{\"@id\":\"https:\/\/www.kompetensforetagen.se\/medlemssidor\/delpension\/#breadcrumb\"},\"inLanguage\":\"sv-SE\",\"potentialAction\":[{\"@type\":\"ReadAction\",\"target\":[\"https:\/\/www.kompetensforetagen.se\/medlemssidor\/delpension\/\"]}]},{\"@type\":\"BreadcrumbList\",\"@id\":\"https:\/\/www.kompetensforetagen.se\/medlemssidor\/delpension\/#breadcrumb\",\"itemListElement\":[{\"@type\":\"ListItem\",\"position\":1,\"name\":\"Home\",\"item\":\"https:\/\/www.kompetensforetagen.se\/\"},{\"@type\":\"ListItem\",\"position\":2,\"name\":\"Medlemssidor\",\"item\":\"https:\/\/www.kompetensforetagen.se\/medlemssidor\/\"},{\"@type\":\"ListItem\",\"position\":3,\"name\":\"Del&shy;pension\"}]},{\"@type\":\"WebSite\",\"@id\":\"https:\/\/www.kompetensforetagen.se\/#website\",\"url\":\"https:\/\/www.kompetensforetagen.se\/\",\"name\":\"Kompetensf\u00f6retagen\",\"description\":\"R\u00e4tt person p\u00e5 r\u00e4tt plats kan f\u00f6r\u00e4ndra v\u00e4rlden\",\"publisher\":{\"@id\":\"https:\/\/www.kompetensforetagen.se\/#organization\"},\"potentialAction\":[{\"@type\":\"SearchAction\",\"target\":{\"@type\":\"EntryPoint\",\"urlTemplate\":\"https:\/\/www.kompetensforetagen.se\/?s={search_term_string}\"},\"query-input\":{\"@type\":\"PropertyValueSpecification\",\"valueRequired\":true,\"valueName\":\"search_term_string\"}}],\"inLanguage\":\"sv-SE\"},{\"@type\":\"Organization\",\"@id\":\"https:\/\/www.kompetensforetagen.se\/#organization\",\"name\":\"Kompetensf\u00f6retagen\",\"url\":\"https:\/\/www.kompetensforetagen.se\/\",\"logo\":{\"@type\":\"ImageObject\",\"inLanguage\":\"sv-SE\",\"@id\":\"https:\/\/www.kompetensforetagen.se\/#\/schema\/logo\/image\/\",\"url\":\"https:\/\/www.kompetensforetagen.se\/app\/uploads\/sites\/5\/2022\/10\/logga_svart.png\",\"contentUrl\":\"https:\/\/www.kompetensforetagen.se\/app\/uploads\/sites\/5\/2022\/10\/logga_svart.png\",\"width\":752,\"height\":64,\"caption\":\"Kompetensf\u00f6retagen\"},\"image\":{\"@id\":\"https:\/\/www.kompetensforetagen.se\/#\/schema\/logo\/image\/\"},\"sameAs\":[\"https:\/\/www.linkedin.com\/company\/10540032\/\"]}]}<\/script>\n<!-- \/ Yoast SEO Premium plugin. -->","yoast_head_json":{"title":"Nytt delpensionssystem I Kompetensf\u00f6retagen","description":"Kompetensf\u00f6retagen och LO-f\u00f6rbunden har kommit \u00f6verens om ett nytt delpensionssystem, som kommer att vara del av GFL fr\u00e5n 1\/1 2023.","robots":{"index":"index","follow":"follow","max-snippet":"max-snippet:-1","max-image-preview":"max-image-preview:large","max-video-preview":"max-video-preview:-1"},"canonical":"https:\/\/www.kompetensforetagen.se\/medlemssidor\/delpension\/","og_locale":"sv_SE","og_type":"article","og_title":"Delpension","og_description":"Kompetensf\u00f6retagen och LO-f\u00f6rbunden har kommit \u00f6verens om ett nytt delpensionssystem, som kommer att vara del av GFL fr\u00e5n 1\/1 2023.","og_url":"https:\/\/www.kompetensforetagen.se\/medlemssidor\/delpension\/","og_site_name":"Kompetensf\u00f6retagen","article_modified_time":"2023-11-06T14:58:51+00:00","twitter_card":"summary_large_image","twitter_misc":{"Ber\u00e4knad l\u00e4stid":"1 minut"},"schema":{"@context":"https:\/\/schema.org","@graph":[{"@type":"WebPage","@id":"https:\/\/www.kompetensforetagen.se\/medlemssidor\/delpension\/","url":"https:\/\/www.kompetensforetagen.se\/medlemssidor\/delpension\/","name":"Nytt delpensionssystem I Kompetensf\u00f6retagen","isPartOf":{"@id":"https:\/\/www.kompetensforetagen.se\/#website"},"datePublished":"2022-11-08T10:13:19+00:00","dateModified":"2023-11-06T14:58:51+00:00","description":"Kompetensf\u00f6retagen och LO-f\u00f6rbunden har kommit \u00f6verens om ett nytt delpensionssystem, som kommer att vara del av GFL fr\u00e5n 1\/1 2023.","breadcrumb":{"@id":"https:\/\/www.kompetensforetagen.se\/medlemssidor\/delpension\/#breadcrumb"},"inLanguage":"sv-SE","potentialAction":[{"@type":"ReadAction","target":["https:\/\/www.kompetensforetagen.se\/medlemssidor\/delpension\/"]}]},{"@type":"BreadcrumbList","@id":"https:\/\/www.kompetensforetagen.se\/medlemssidor\/delpension\/#breadcrumb","itemListElement":[{"@type":"ListItem","position":1,"name":"Home","item":"https:\/\/www.kompetensforetagen.se\/"},{"@type":"ListItem","position":2,"name":"Medlemssidor","item":"https:\/\/www.kompetensforetagen.se\/medlemssidor\/"},{"@type":"ListItem","position":3,"name":"Del&shy;pension"}]},{"@type":"WebSite","@id":"https:\/\/www.kompetensforetagen.se\/#website","url":"https:\/\/www.kompetensforetagen.se\/","name":"Kompetensf\u00f6retagen","description":"R\u00e4tt person p\u00e5 r\u00e4tt plats kan f\u00f6r\u00e4ndra v\u00e4rlden","publisher":{"@id":"https:\/\/www.kompetensforetagen.se\/#organization"},"potentialAction":[{"@type":"SearchAction","target":{"@type":"EntryPoint","urlTemplate":"https:\/\/www.kompetensforetagen.se\/?s={search_term_string}"},"query-input":{"@type":"PropertyValueSpecification","valueRequired":true,"valueName":"search_term_string"}}],"inLanguage":"sv-SE"},{"@type":"Organization","@id":"https:\/\/www.kompetensforetagen.se\/#organization","name":"Kompetensf\u00f6retagen","url":"https:\/\/www.kompetensforetagen.se\/","logo":{"@type":"ImageObject","inLanguage":"sv-SE","@id":"https:\/\/www.kompetensforetagen.se\/#\/schema\/logo\/image\/","url":"https:\/\/www.kompetensforetagen.se\/app\/uploads\/sites\/5\/2022\/10\/logga_svart.png","contentUrl":"https:\/\/www.kompetensforetagen.se\/app\/uploads\/sites\/5\/2022\/10\/logga_svart.png","width":752,"height":64,"caption":"Kompetensf\u00f6retagen"},"image":{"@id":"https:\/\/www.kompetensforetagen.se\/#\/schema\/logo\/image\/"},"sameAs":["https:\/\/www.linkedin.com\/company\/10540032\/"]}]}},"_links":{"self":[{"href":"https:\/\/www.kompetensforetagen.se\/api\/wp\/v2\/pages\/10339","targetHints":{"allow":["GET"]}}],"collection":[{"href":"https:\/\/www.kompetensforetagen.se\/api\/wp\/v2\/pages"}],"about":[{"href":"https:\/\/www.kompetensforetagen.se\/api\/wp\/v2\/types\/page"}],"author":[{"embeddable":true,"href":"https:\/\/www.kompetensforetagen.se\/api\/wp\/v2\/users\/13369"}],"replies":[{"embeddable":true,"href":"https:\/\/www.kompetensforetagen.se\/api\/wp\/v2\/comments?post=10339"}],"version-history":[{"count":12,"href":"https:\/\/www.kompetensforetagen.se\/api\/wp\/v2\/pages\/10339\/revisions"}],"predecessor-version":[{"id":15617,"href":"https:\/\/www.kompetensforetagen.se\/api\/wp\/v2\/pages\/10339\/revisions\/15617"}],"up":[{"embeddable":true,"href":"https:\/\/www.kompetensforetagen.se\/api\/wp\/v2\/pages\/560"}],"wp:attachment":[{"href":"https:\/\/www.kompetensforetagen.se\/api\/wp\/v2\/media?parent=10339"}],"wp:term":[{"taxonomy":"type","embeddable":true,"href":"https:\/\/www.kompetensforetagen.se\/api\/wp\/v2\/article_type?post=10339"},{"taxonomy":"agreement","embeddable":true,"href":"https:\/\/www.kompetensforetagen.se\/api\/wp\/v2\/agreement?post=10339"},{"taxonomy":"for-members","embeddable":true,"href":"https:\/\/www.kompetensforetagen.se\/api\/wp\/v2\/for-members?post=10339"}],"curies":[{"name":"wp","href":"https:\/\/api.w.org\/{rel}","templated":true}]}}