{"id":10333,"date":"2022-11-07T11:42:17","date_gmt":"2022-11-07T10:42:17","guid":{"rendered":"https:\/\/www.kompetensforetagen.se\/?page_id=10333"},"modified":"2023-04-17T15:00:56","modified_gmt":"2023-04-17T13:00:56","slug":"ny-som-vd","status":"publish","type":"page","link":"https:\/\/www.kompetensforetagen.se\/ny-som-vd\/","title":{"rendered":"Ny som VD"},"content":{"rendered":"<div class=\"wp-block wp-block-core-paragraph\">\n<p><a href=\"https:\/\/www.kompetensforetagen.se\/medlemskap\/\"><img loading=\"lazy\" decoding=\"async\" class=\"alignnone size-medium wp-image-10336\" src=\"https:\/\/www.almega.se\/app\/uploads\/sites\/5\/2022\/11\/pexels-karolina-grabowska-4491490-580x387.jpg\" alt=\"Ny som VD\" width=\"580\" height=\"387\" srcset=\"https:\/\/www.kompetensforetagen.se\/app\/uploads\/sites\/5\/2022\/11\/pexels-karolina-grabowska-4491490-580x387.jpg 580w, https:\/\/www.kompetensforetagen.se\/app\/uploads\/sites\/5\/2022\/11\/pexels-karolina-grabowska-4491490-1180x787.jpg 1180w, https:\/\/www.kompetensforetagen.se\/app\/uploads\/sites\/5\/2022\/11\/pexels-karolina-grabowska-4491490-380x253.jpg 380w, https:\/\/www.kompetensforetagen.se\/app\/uploads\/sites\/5\/2022\/11\/pexels-karolina-grabowska-4491490-768x512.jpg 768w, https:\/\/www.kompetensforetagen.se\/app\/uploads\/sites\/5\/2022\/11\/pexels-karolina-grabowska-4491490-1536x1024.jpg 1536w, https:\/\/www.kompetensforetagen.se\/app\/uploads\/sites\/5\/2022\/11\/pexels-karolina-grabowska-4491490-2048x1365.jpg 2048w\" sizes=\"auto, (max-width: 580px) 100vw, 580px\" \/><\/a><br>Som VD \u00e4r du v\u00e5r viktigaste kontaktperson och vi vill p\u00e5minna om allt vi kan st\u00f6tta dig och ditt f\u00f6retag med.<\/p>\n<\/div>\n\n<div class=\"wp-block wp-block-core-list\">\n<ul class=\"wp-block-list\">\n<li><strong>Arbetsgivarservice<\/strong>. R\u00e5dgivning i alla fr\u00e5gor som r\u00f6r arbetslivet: arbetsmilj\u00f6, arbetsr\u00e4tt och tvister.<\/li>\n\n\n\n<li><strong>Arbetsgivarguiden<\/strong>. St\u00f6d dygnet runt via v\u00e5r digitala kunskapsbank.<\/li>\n\n\n\n<li><strong>Jour.&nbsp;<\/strong>Tillg\u00e5ng till v\u00e5r<a href=\"https:\/\/eur02.safelinks.protection.outlook.com\/?url=https%3A%2F%2Fevt.ungpd.com%2FIssues%2Fe6690ca1-6ae8-4245-ab73-1b5f09ede35a%2FClick%3FContactId%3D00000000-0000-0000-0000-000000000000%26url%3Dhttps%253a%252f%252feur02.safelinks.protection.outlook.com%252f%253furl%253dhttps%25253A%25252F%25252Fevt.ungpd.com%25252FIssues%25252Fd60dccfb-a3ad-4218-b79c-3ae334d1f75b%25252FClick%25253FContactId%25253D00000000-0000-0000-0000-000000000000%252526url%25253Dhttps%2525253a%2525252f%2525252fwww.almega.se%2525252fkontakt%2525252fjouren%2525252f%2526data%253d05%25257C01%25257Clotta.tumlare%252540almega.se%25257C3feb88b7b92c4045aa6108daa2d2be57%25257C1d019c94da7b49c2bf935ee1bb4b6882%25257C0%25257C0%25257C638001323263234355%25257CUnknown%25257CTWFpbGZsb3d8eyJWIjoiMC4wLjAwMDAiLCJQIjoiV2luMzIiLCJBTiI6Ik1haWwiLCJXVCI6Mn0%25253D%25257C3000%25257C%25257C%25257C%2526sdata%253d%25252FQHFc60DfmdzkFEV9UflMXYKOUyLpcIkvKmn0XtHEm4%25253D%2526reserved%253d0&amp;data=05%7C01%7Ccamilla.gunnar%40almega.se%7Cc30c2e67b784458574b208dabb183ef8%7C1d019c94da7b49c2bf935ee1bb4b6882%7C0%7C0%7C638028010076230505%7CUnknown%7CTWFpbGZsb3d8eyJWIjoiMC4wLjAwMDAiLCJQIjoiV2luMzIiLCJBTiI6Ik1haWwiLCJXVCI6Mn0%3D%7C3000%7C%7C%7C&amp;sdata=HOf5tP%2FjeT7ltkqGBXvWqN%2F0585tQ2vNGShuH%2BlDe38%3D&amp;reserved=0\">&nbsp;jour<\/a>&nbsp;d\u00e4r arbetsr\u00e4ttsexperter finns till f\u00f6r dig alla arbetsdagar.<\/li>\n\n\n\n<li><strong>Utbildningar.&nbsp;<\/strong>V\u00e5ra&nbsp;<a href=\"https:\/\/eur02.safelinks.protection.outlook.com\/?url=https%3A%2F%2Fevt.ungpd.com%2FIssues%2Fe6690ca1-6ae8-4245-ab73-1b5f09ede35a%2FClick%3FContactId%3D00000000-0000-0000-0000-000000000000%26url%3Dhttps%253a%252f%252feur02.safelinks.protection.outlook.com%252f%253furl%253dhttps%25253A%25252F%25252Fevt.ungpd.com%25252FIssues%25252Fd60dccfb-a3ad-4218-b79c-3ae334d1f75b%25252FClick%25253FContactId%25253D00000000-0000-0000-0000-000000000000%252526url%25253Dhttps%2525253a%2525252f%2525252fwww.almega.se%2525252futbildning%2525252f%2526data%253d05%25257C01%25257Clotta.tumlare%252540almega.se%25257C3feb88b7b92c4045aa6108daa2d2be57%25257C1d019c94da7b49c2bf935ee1bb4b6882%25257C0%25257C0%25257C638001323263234355%25257CUnknown%25257CTWFpbGZsb3d8eyJWIjoiMC4wLjAwMDAiLCJQIjoiV2luMzIiLCJBTiI6Ik1haWwiLCJXVCI6Mn0%25253D%25257C3000%25257C%25257C%25257C%2526sdata%253dvgTuVvOKYxjlEwv7xCr4hQdr5oq6FlxCqQy64zLazAs%25253D%2526reserved%253d0&amp;data=05%7C01%7Ccamilla.gunnar%40almega.se%7Cc30c2e67b784458574b208dabb183ef8%7C1d019c94da7b49c2bf935ee1bb4b6882%7C0%7C0%7C638028010076230505%7CUnknown%7CTWFpbGZsb3d8eyJWIjoiMC4wLjAwMDAiLCJQIjoiV2luMzIiLCJBTiI6Ik1haWwiLCJXVCI6Mn0%3D%7C3000%7C%7C%7C&amp;sdata=9jXgkzVYNAOZPFku78Y2nu2E9V9Q1prQYKFmBc%2BntB0%3D&amp;reserved=0\">utbildningar<\/a>&nbsp;till f\u00f6rm\u00e5nliga medlemspriser.<\/li>\n\n\n\n<li><strong>Arbetsgivarnytt. <\/strong>L\u00f6pande uppdateringar och nyheter om arbetsr\u00e4tt.<\/li>\n\n\n\n<li><strong style=\"background-color: transparent; font-size: 1rem;\">Almeganytt.<\/strong><span style=\"background-color: transparent; font-size: 1rem;\"> L\u00f6pande uppdateringar exklusivt till VD och HR.<\/span><\/li>\n<\/ul>\n<\/div>\n\n<div class=\"wp-block wp-block-core-paragraph\">\n<p><a href=\"https:\/\/www.kompetensforetagen.se\/medlemskap\/\">L\u00e4s med om medlemskap h\u00e4r<\/a><\/p>\n<\/div>","protected":false},"excerpt":{"rendered":"<p>Som VD \u00e4r du v\u00e5r viktigaste kontaktperson och vi vill p\u00e5minna om allt vi kan st\u00f6tta dig och ditt f\u00f6retag med. L\u00e4s med om medlemskap h\u00e4r<\/p>\n","protected":false},"author":13369,"featured_media":0,"parent":0,"menu_order":55,"comment_status":"closed","ping_status":"closed","template":"","meta":{"_acf_changed":false,"footnotes":""},"article_type":[],"agreement":[],"for-members":[],"class_list":["post-10333","page","type-page","status-publish","hentry"],"acf":[],"yoast_head":"<!-- This site is optimized with the Yoast SEO Premium plugin v26.8 (Yoast SEO v26.8) - https:\/\/yoast.com\/product\/yoast-seo-premium-wordpress\/ -->\n<title>Ny som VD - Kompetensf\u00f6retagen<\/title>\n<meta name=\"robots\" content=\"index, follow, max-snippet:-1, max-image-preview:large, max-video-preview:-1\" \/>\n<link rel=\"canonical\" href=\"https:\/\/www.kompetensforetagen.se\/ny-som-vd\/\" \/>\n<meta property=\"og:locale\" content=\"sv_SE\" \/>\n<meta property=\"og:type\" content=\"article\" \/>\n<meta property=\"og:title\" content=\"Ny som VD\" \/>\n<meta property=\"og:description\" content=\"Som VD \u00e4r du v\u00e5r viktigaste kontaktperson och vi vill p\u00e5minna om allt vi kan st\u00f6tta dig och ditt f\u00f6retag med. L\u00e4s med om medlemskap h\u00e4r\" \/>\n<meta property=\"og:url\" content=\"https:\/\/www.kompetensforetagen.se\/ny-som-vd\/\" \/>\n<meta property=\"og:site_name\" content=\"Kompetensf\u00f6retagen\" \/>\n<meta property=\"article:modified_time\" content=\"2023-04-17T13:00:56+00:00\" \/>\n<meta property=\"og:image\" content=\"https:\/\/www.almega.se\/app\/uploads\/sites\/5\/2022\/11\/pexels-karolina-grabowska-4491490-580x387.jpg\" \/>\n<meta name=\"twitter:card\" content=\"summary_large_image\" \/>\n<meta name=\"twitter:label1\" content=\"Ber\u00e4knad l\u00e4stid\" \/>\n\t<meta name=\"twitter:data1\" content=\"1 minut\" \/>\n<script type=\"application\/ld+json\" class=\"yoast-schema-graph\">{\"@context\":\"https:\/\/schema.org\",\"@graph\":[{\"@type\":\"WebPage\",\"@id\":\"https:\/\/www.kompetensforetagen.se\/ny-som-vd\/\",\"url\":\"https:\/\/www.kompetensforetagen.se\/ny-som-vd\/\",\"name\":\"Ny som VD - Kompetensf\u00f6retagen\",\"isPartOf\":{\"@id\":\"https:\/\/www.kompetensforetagen.se\/#website\"},\"primaryImageOfPage\":{\"@id\":\"https:\/\/www.kompetensforetagen.se\/ny-som-vd\/#primaryimage\"},\"image\":{\"@id\":\"https:\/\/www.kompetensforetagen.se\/ny-som-vd\/#primaryimage\"},\"thumbnailUrl\":\"https:\/\/www.almega.se\/app\/uploads\/sites\/5\/2022\/11\/pexels-karolina-grabowska-4491490-580x387.jpg\",\"datePublished\":\"2022-11-07T10:42:17+00:00\",\"dateModified\":\"2023-04-17T13:00:56+00:00\",\"breadcrumb\":{\"@id\":\"https:\/\/www.kompetensforetagen.se\/ny-som-vd\/#breadcrumb\"},\"inLanguage\":\"sv-SE\",\"potentialAction\":[{\"@type\":\"ReadAction\",\"target\":[\"https:\/\/www.kompetensforetagen.se\/ny-som-vd\/\"]}]},{\"@type\":\"ImageObject\",\"inLanguage\":\"sv-SE\",\"@id\":\"https:\/\/www.kompetensforetagen.se\/ny-som-vd\/#primaryimage\",\"url\":\"https:\/\/www.almega.se\/app\/uploads\/sites\/5\/2022\/11\/pexels-karolina-grabowska-4491490-580x387.jpg\",\"contentUrl\":\"https:\/\/www.almega.se\/app\/uploads\/sites\/5\/2022\/11\/pexels-karolina-grabowska-4491490-580x387.jpg\"},{\"@type\":\"BreadcrumbList\",\"@id\":\"https:\/\/www.kompetensforetagen.se\/ny-som-vd\/#breadcrumb\",\"itemListElement\":[{\"@type\":\"ListItem\",\"position\":1,\"name\":\"Home\",\"item\":\"https:\/\/www.kompetensforetagen.se\/\"},{\"@type\":\"ListItem\",\"position\":2,\"name\":\"Ny som VD\"}]},{\"@type\":\"WebSite\",\"@id\":\"https:\/\/www.kompetensforetagen.se\/#website\",\"url\":\"https:\/\/www.kompetensforetagen.se\/\",\"name\":\"Kompetensf\u00f6retagen\",\"description\":\"R\u00e4tt person p\u00e5 r\u00e4tt plats kan f\u00f6r\u00e4ndra v\u00e4rlden\",\"publisher\":{\"@id\":\"https:\/\/www.kompetensforetagen.se\/#organization\"},\"potentialAction\":[{\"@type\":\"SearchAction\",\"target\":{\"@type\":\"EntryPoint\",\"urlTemplate\":\"https:\/\/www.kompetensforetagen.se\/?s={search_term_string}\"},\"query-input\":{\"@type\":\"PropertyValueSpecification\",\"valueRequired\":true,\"valueName\":\"search_term_string\"}}],\"inLanguage\":\"sv-SE\"},{\"@type\":\"Organization\",\"@id\":\"https:\/\/www.kompetensforetagen.se\/#organization\",\"name\":\"Kompetensf\u00f6retagen\",\"url\":\"https:\/\/www.kompetensforetagen.se\/\",\"logo\":{\"@type\":\"ImageObject\",\"inLanguage\":\"sv-SE\",\"@id\":\"https:\/\/www.kompetensforetagen.se\/#\/schema\/logo\/image\/\",\"url\":\"https:\/\/www.kompetensforetagen.se\/app\/uploads\/sites\/5\/2022\/10\/logga_svart.png\",\"contentUrl\":\"https:\/\/www.kompetensforetagen.se\/app\/uploads\/sites\/5\/2022\/10\/logga_svart.png\",\"width\":752,\"height\":64,\"caption\":\"Kompetensf\u00f6retagen\"},\"image\":{\"@id\":\"https:\/\/www.kompetensforetagen.se\/#\/schema\/logo\/image\/\"},\"sameAs\":[\"https:\/\/www.linkedin.com\/company\/10540032\/\"]}]}<\/script>\n<!-- \/ Yoast SEO Premium plugin. -->","yoast_head_json":{"title":"Ny som VD - Kompetensf\u00f6retagen","robots":{"index":"index","follow":"follow","max-snippet":"max-snippet:-1","max-image-preview":"max-image-preview:large","max-video-preview":"max-video-preview:-1"},"canonical":"https:\/\/www.kompetensforetagen.se\/ny-som-vd\/","og_locale":"sv_SE","og_type":"article","og_title":"Ny som VD","og_description":"Som VD \u00e4r du v\u00e5r viktigaste kontaktperson och vi vill p\u00e5minna om allt vi kan st\u00f6tta dig och ditt f\u00f6retag med. L\u00e4s med om medlemskap h\u00e4r","og_url":"https:\/\/www.kompetensforetagen.se\/ny-som-vd\/","og_site_name":"Kompetensf\u00f6retagen","article_modified_time":"2023-04-17T13:00:56+00:00","og_image":[{"url":"https:\/\/www.almega.se\/app\/uploads\/sites\/5\/2022\/11\/pexels-karolina-grabowska-4491490-580x387.jpg","type":"","width":"","height":""}],"twitter_card":"summary_large_image","twitter_misc":{"Ber\u00e4knad l\u00e4stid":"1 minut"},"schema":{"@context":"https:\/\/schema.org","@graph":[{"@type":"WebPage","@id":"https:\/\/www.kompetensforetagen.se\/ny-som-vd\/","url":"https:\/\/www.kompetensforetagen.se\/ny-som-vd\/","name":"Ny som VD - Kompetensf\u00f6retagen","isPartOf":{"@id":"https:\/\/www.kompetensforetagen.se\/#website"},"primaryImageOfPage":{"@id":"https:\/\/www.kompetensforetagen.se\/ny-som-vd\/#primaryimage"},"image":{"@id":"https:\/\/www.kompetensforetagen.se\/ny-som-vd\/#primaryimage"},"thumbnailUrl":"https:\/\/www.almega.se\/app\/uploads\/sites\/5\/2022\/11\/pexels-karolina-grabowska-4491490-580x387.jpg","datePublished":"2022-11-07T10:42:17+00:00","dateModified":"2023-04-17T13:00:56+00:00","breadcrumb":{"@id":"https:\/\/www.kompetensforetagen.se\/ny-som-vd\/#breadcrumb"},"inLanguage":"sv-SE","potentialAction":[{"@type":"ReadAction","target":["https:\/\/www.kompetensforetagen.se\/ny-som-vd\/"]}]},{"@type":"ImageObject","inLanguage":"sv-SE","@id":"https:\/\/www.kompetensforetagen.se\/ny-som-vd\/#primaryimage","url":"https:\/\/www.almega.se\/app\/uploads\/sites\/5\/2022\/11\/pexels-karolina-grabowska-4491490-580x387.jpg","contentUrl":"https:\/\/www.almega.se\/app\/uploads\/sites\/5\/2022\/11\/pexels-karolina-grabowska-4491490-580x387.jpg"},{"@type":"BreadcrumbList","@id":"https:\/\/www.kompetensforetagen.se\/ny-som-vd\/#breadcrumb","itemListElement":[{"@type":"ListItem","position":1,"name":"Home","item":"https:\/\/www.kompetensforetagen.se\/"},{"@type":"ListItem","position":2,"name":"Ny som VD"}]},{"@type":"WebSite","@id":"https:\/\/www.kompetensforetagen.se\/#website","url":"https:\/\/www.kompetensforetagen.se\/","name":"Kompetensf\u00f6retagen","description":"R\u00e4tt person p\u00e5 r\u00e4tt plats kan f\u00f6r\u00e4ndra v\u00e4rlden","publisher":{"@id":"https:\/\/www.kompetensforetagen.se\/#organization"},"potentialAction":[{"@type":"SearchAction","target":{"@type":"EntryPoint","urlTemplate":"https:\/\/www.kompetensforetagen.se\/?s={search_term_string}"},"query-input":{"@type":"PropertyValueSpecification","valueRequired":true,"valueName":"search_term_string"}}],"inLanguage":"sv-SE"},{"@type":"Organization","@id":"https:\/\/www.kompetensforetagen.se\/#organization","name":"Kompetensf\u00f6retagen","url":"https:\/\/www.kompetensforetagen.se\/","logo":{"@type":"ImageObject","inLanguage":"sv-SE","@id":"https:\/\/www.kompetensforetagen.se\/#\/schema\/logo\/image\/","url":"https:\/\/www.kompetensforetagen.se\/app\/uploads\/sites\/5\/2022\/10\/logga_svart.png","contentUrl":"https:\/\/www.kompetensforetagen.se\/app\/uploads\/sites\/5\/2022\/10\/logga_svart.png","width":752,"height":64,"caption":"Kompetensf\u00f6retagen"},"image":{"@id":"https:\/\/www.kompetensforetagen.se\/#\/schema\/logo\/image\/"},"sameAs":["https:\/\/www.linkedin.com\/company\/10540032\/"]}]}},"_links":{"self":[{"href":"https:\/\/www.kompetensforetagen.se\/api\/wp\/v2\/pages\/10333","targetHints":{"allow":["GET"]}}],"collection":[{"href":"https:\/\/www.kompetensforetagen.se\/api\/wp\/v2\/pages"}],"about":[{"href":"https:\/\/www.kompetensforetagen.se\/api\/wp\/v2\/types\/page"}],"author":[{"embeddable":true,"href":"https:\/\/www.kompetensforetagen.se\/api\/wp\/v2\/users\/13369"}],"replies":[{"embeddable":true,"href":"https:\/\/www.kompetensforetagen.se\/api\/wp\/v2\/comments?post=10333"}],"version-history":[{"count":2,"href":"https:\/\/www.kompetensforetagen.se\/api\/wp\/v2\/pages\/10333\/revisions"}],"predecessor-version":[{"id":13040,"href":"https:\/\/www.kompetensforetagen.se\/api\/wp\/v2\/pages\/10333\/revisions\/13040"}],"wp:attachment":[{"href":"https:\/\/www.kompetensforetagen.se\/api\/wp\/v2\/media?parent=10333"}],"wp:term":[{"taxonomy":"type","embeddable":true,"href":"https:\/\/www.kompetensforetagen.se\/api\/wp\/v2\/article_type?post=10333"},{"taxonomy":"agreement","embeddable":true,"href":"https:\/\/www.kompetensforetagen.se\/api\/wp\/v2\/agreement?post=10333"},{"taxonomy":"for-members","embeddable":true,"href":"https:\/\/www.kompetensforetagen.se\/api\/wp\/v2\/for-members?post=10333"}],"curies":[{"name":"wp","href":"https:\/\/api.w.org\/{rel}","templated":true}]}}