{"id":102,"date":"2016-03-16T00:00:00","date_gmt":"2016-03-15T23:00:00","guid":{"rendered":"http:\/\/staging.bemanningsforetagen.se\/steg-5-besked\/"},"modified":"2025-12-12T10:57:01","modified_gmt":"2025-12-12T09:57:01","slug":"steg-5-besked","status":"publish","type":"page","link":"https:\/\/www.kompetensforetagen.se\/auktorisation\/steg-5-besked\/","title":{"rendered":"Steg 5: Besked"},"content":{"rendered":"<div id=\"block-hero-block_23150880ea88f86a3086d5ddfff3267e\" class=\"Hero has-primary-background-color\">\n\n    \n  <div class=\"Hero__inner container has-primary-background-color has-arrow\">\n              <div class=\"Hero__title\">\n          <h1>Steg 5 &#8211; <i> Besked<\/i><\/h1>\n        <\/div>\n                                <div class=\"Hero__arrow\">\n          <svg class='icon icon--squiggly-arrow'  width=\"282\" height=\"302\" viewBox=\"0 0 282 302\" fill=\"none\" xmlns=\"http:\/\/www.w3.org\/2000\/svg\">\n<path d=\"M108.429 281.19L129.837 295.44L143.97 274.186\" stroke=\"black\" stroke-width=\"4\" stroke-miterlimit=\"10\"\/>\n<path d=\"M43.8871 68.0497C53.3269 84.3998 70.0075 95.6755 88.6244 97.6784C107.24 99.6801 125.826 95.0068 144.209 91.4645C162.592 87.9216 182.067 85.5682 199.674 91.9481C220.515 99.5002 236.316 120.278 236.492 142.446C236.669 164.616 220.178 186.234 198.428 190.49C188.558 192.423 177.815 190.842 169.542 185.112C161.271 179.382 155.88 169.284 156.859 159.269C158.292 144.577 173.761 133.512 188.444 135C203.126 136.491 215.468 148.757 219.176 163.047C222.881 177.337 218.804 192.932 210.416 205.072C202.027 217.212 189.703 226.187 176.514 232.804C167.472 237.341 157.931 240.877 149.144 245.889C140.356 250.899 132.161 257.651 127.746 266.755C123.333 275.858 126.637 283.983 129.929 295.386\" stroke=\"black\" stroke-width=\"4\" stroke-miterlimit=\"10\"\/>\n<\/svg>\n\n          <\/div>\n        <\/div>\n<\/div>\n\n\n\n<div class=\"wp-block-group has-white-background-color has-background is-layout-constrained wp-block-group-is-layout-constrained\">\n<div class=\"wp-block-columns is-layout-flex wp-container-core-columns-is-layout-9d6595d7 wp-block-columns-is-layout-flex\">\n<div class=\"wp-block-column is-vertically-aligned-center is-layout-flow wp-block-column-is-layout-flow\" style=\"flex-basis:66.66%\"><div class=\"wp-block wp-block-core-heading heading-in-sidebar\" id=\"nar-styrelsen-fattat-beslut-kommer-besked-via-mejl-om-auktorisationen-har-blivit-beviljad-eller-inte\"><a class='Share__link Share__link--url copy-text' href='#' rel='nofollow' data-text='nar-styrelsen-fattat-beslut-kommer-besked-via-mejl-om-auktorisationen-har-blivit-beviljad-eller-inte' title='Dela url' data-confirmation='L\u00e4nken kopierades till urklipp'><svg class='icon icon--link'  width='18' height='18' viewBox='0 0 18 18' fill='none' xmlns='http:\/\/www.w3.org\/2000\/svg'>\n            <path d='M10.4142 0.514721L6.87868 4.05025L8.29289 5.46447L11.1213 2.63604L15.364 6.87868L12.5355 9.70711L13.9497 11.1213L17.4853 7.58579C17.8763 7.19476 17.8763 6.5626 17.4853 6.17158L11.8284 0.514721C11.4374 0.123691 10.8052 0.123691 10.4142 0.514721Z' fill='black'\/>\n            <path d='M9.7071 12.5355L6.87868 15.364L2.63604 11.1213L5.46446 8.2929L4.05025 6.87868L0.514716 10.4142C0.123686 10.8052 0.123686 11.4374 0.514716 11.8284L6.17157 17.4853C6.5626 17.8763 7.19475 17.8763 7.58578 17.4853L11.1213 13.9497L9.7071 12.5355Z' fill='black'\/>\n            <path d='M6.17157 11.8284C6.5626 12.2195 7.19475 12.2195 7.58578 11.8284L11.8284 7.58579C12.2195 7.19476 12.2195 6.56261 11.8284 6.17158C11.4374 5.78055 10.8052 5.78055 10.4142 6.17158L6.17157 10.4142C5.78054 10.8052 5.78054 11.4374 6.17157 11.8284Z' fill='black'\/>\n            <\/svg> <\/a>\n<h2 class=\"wp-block-heading\" id=\"h-nar-styrelsen-fattat-beslut-kommer-besked-via-mejl-om-auktorisationen-har-blivit-beviljad-eller-inte\">N\u00e4r styrelsen fattat beslut kommer besked via mejl om auktorisationen har blivit beviljad eller inte<\/h2>\n<\/div>\n\n<div class=\"wp-block wp-block-core-paragraph\">\n<p>Om ans\u00f6kan avslagits kvarst\u00e5r medlemskapet, under f\u00f6ruts\u00e4ttning att medlemsvillkoren \u00e4r uppfyllda.<\/p>\n<\/div>\n\n<div class=\"wp-block wp-block-core-heading\" id=\"auktorisationen-galler-i-ett-ar\">\n<h3 class=\"wp-block-heading\" id=\"h-auktorisationen-galler-i-ett-ar\">Auktorisationen g\u00e4ller i ett \u00e5r<\/h3>\n<\/div>\n\n<div class=\"wp-block wp-block-core-paragraph\">\n<p>Efter ett \u00e5r ans\u00f6ker ni om&nbsp;<a href=\"https:\/\/www.kompetensforetagen.se\/auktorisation\/bemanningsforetagens-auktorisationsnamnd\/ansokan-om-arlig-granskning\/\">en \u00e5rlig granskning f\u00f6r att f\u00e5 auktorisationen f\u00f6rnyad<\/a>. T\u00e4nk p\u00e5 att det \u00e4r medlems\u00adf\u00f6retaget som har skyldighet att inkomma med ans\u00f6kan. Det \u00e4r d\u00e4rf\u00f6r mycket viktig att era kontaktuppgifter \u00e4r korrekta och aktuella, s\u00e5 det p\u00e5minnelsemejl som g\u00e5r ut n\u00e5r r\u00e4tt person.<\/p>\n<\/div><\/div>\n\n\n\n<div class=\"wp-block-column is-layout-flow wp-block-column-is-layout-flow\" style=\"flex-basis:33.33%\">\n<figure class=\"wp-block-image size-full\"><img loading=\"lazy\" decoding=\"async\" width=\"1080\" height=\"1080\" src=\"https:\/\/www.kompetensforetagen.se\/app\/uploads\/sites\/5\/2023\/03\/Namnlos-design-17.gif\" alt=\"\" class=\"wp-image-11977\" \/><\/figure>\n<\/div>\n<\/div>\n<\/div>\n\n\n\n<div class=\"wp-block-group has-green-background-color has-background is-layout-constrained wp-block-group-is-layout-constrained\"><div id=\"block-pager-block_42011e6a98546201b83a7a3763298213\" class=\"block-pager container-fluid\">\n  <div class=\"Reports__related row\">\n                  <a class=\"Reports__related__blurb --prev col-md-6\" href=\"https:\/\/www.kompetensforetagen.se\/auktorisation\/steg-4-beslut\/\">\n          <div class=\"Arrow-link Arrow-link__prev\">\n            <svg class='icon icon--arrow-long-left'  width=\"64\" height=\"16\" viewBox=\"0 0 64 16\" fill=\"none\" xmlns=\"http:\/\/www.w3.org\/2000\/svg\">\n<path d=\"M64 8L1.91467 7.99999\" stroke=\"black\" stroke-width=\"2\" stroke-miterlimit=\"10\"\/>\n<path d=\"M10.1416 1L1.7696 8.00336L10.0323 15\" stroke=\"black\" stroke-width=\"2\" stroke-miterlimit=\"10\"\/>\n<\/svg>\n\n              <div class=\"Arrow-link__text\">\n              F\u00f6reg\u00e5ende sida\n            <\/div>\n          <\/div>\n          <div class=\"Reports__related__blurb__title\">\n            Steg 4: Beslut\n          <\/div>\n        <\/a>\n                    <a class=\"Reports__related__blurb --next col-md-6\" href=\"https:\/\/www.kompetensforetagen.se\/auktorisation\/\">\n          <div class=\"Arrow-link Arrow-link__next\">\n            <div class=\"Arrow-link__text\">\n              N\u00e4sta sida\n            <\/div>\n            <svg class='icon icon--arrow-long-right'  width=\"64\" height=\"16\" viewBox=\"0 0 64 16\" fill=\"none\" xmlns=\"http:\/\/www.w3.org\/2000\/svg\">\n<path d=\"M0 8L62.0853 8\" stroke=\"black\" stroke-width=\"2\" stroke-miterlimit=\"10\"\/>\n<path d=\"M53.8584 15L62.2304 7.99664L53.9677 1.00001\" stroke=\"black\" stroke-width=\"2\" stroke-miterlimit=\"10\"\/>\n<\/svg>\n\n            <\/div>\n          <div class=\"Reports__related__blurb__title\">\n            Om auktorisation\n          <\/div>\n        <\/a>\n            <\/div>\n<\/div>\n<\/div>\n\n\n\n<div class=\"wp-block-group has-secondary-background-color has-background is-layout-constrained wp-block-group-is-layout-constrained\">\n<div class=\"wp-block-columns is-layout-flex wp-container-core-columns-is-layout-9d6595d7 wp-block-columns-is-layout-flex\">\n<div class=\"wp-block-column is-layout-flow wp-block-column-is-layout-flow\"><div id=\"block-contact-block_45c4df735b9db0be489f17e67777c8ca\" class=\"Contact\">\n      <div class=\"Contact__title\">\n      <p>Kvarst\u00e5r det fr\u00e5gor? V\u00e4nligen kontakta oss.<\/p>\n\n    <\/div>\n    <div class=\" row \">\n              <div class=\"col-lg-12 pb-md-4 pb-3\">\n          <div class=\"Contact-card   --has-image \">\n             <a href=\"https:\/\/www.kompetensforetagen.se\/person\/marjaholmer\/\">\n          <figure class=\"Contact-card__image\">\n            <img decoding=\"async\" src=\"https:\/\/www.kompetensforetagen.se\/app\/uploads\/2019\/10\/marja_holmer-380x380.jpg\" alt=\"Marja Holmer\">\n          <\/figure>\n        <\/a>\n          <div class=\"Contact-card__body\">\n      <h2 class=\"Contact-card__title\">Marja Holmer<\/h2>\n      <p class=\"mb-0\">Auktorisationsansvarig<\/p>\n      \n              <p class=\"mb-2\">Stockholm<\/p>\n                    <p>\n                      <a href=\"tel:+46 8 762 68 51\">+46 8 762 68 51<\/a>\n                                <a href=\"tel:+46 70 540 68 51\">+46 70 540 68 51<\/a>\n                                <a href=\"mailto:marja.holmer@kompetensforetagen.se\">E-post<\/a>\n                  <\/p>\n            <a href=\"https:\/\/www.kompetensforetagen.se\/person\/marjaholmer\/\" class=\"Contact-card__link\">\n        <div class=\"Contact-card__arrow\">\n          <p class=\"Contact-card__arrow__text\">L\u00e4s mer<\/p>\n          <div class=\"Contact-card__arrow__line\"><\/div>\n          <svg class='icon icon--arrow-tip'  width=\"11\" height=\"16\" viewBox=\"0 0 11 16\" fill=\"none\" xmlns=\"http:\/\/www.w3.org\/2000\/svg\">\n<path d=\"M0.858398 15L9.2304 7.99664L0.967732 1.00001\" stroke=\"black\" stroke-width=\"2\" stroke-miterlimit=\"10\"\/>\n<\/svg>\n\n          <\/div>\n      <\/a>\n\n      \n    <\/div>\n  <\/div>\n        <\/div>\n          <\/div>\n    <\/div>\n<\/div>\n<\/div>\n<\/div>\n","protected":false},"excerpt":{"rendered":"<p>N\u00e4r styrelsen fattat beslut kommer besked via mejl om auktorisationen har blivit beviljad eller inte Om ans\u00f6kan avslagits kvarst\u00e5r medlemskapet, under f\u00f6ruts\u00e4ttning att medlemsvillkoren \u00e4r uppfyllda. Auktorisationen g\u00e4ller i ett \u00e5r Efter ett \u00e5r ans\u00f6ker &hellip;<\/p>\n","protected":false},"author":1,"featured_media":0,"parent":104,"menu_order":4,"comment_status":"closed","ping_status":"closed","template":"","meta":{"_acf_changed":false,"footnotes":""},"article_type":[],"agreement":[],"for-members":[],"class_list":["post-102","page","type-page","status-publish","hentry"],"acf":[],"yoast_head":"<!-- This site is optimized with the Yoast SEO Premium plugin v26.8 (Yoast SEO v26.8) - https:\/\/yoast.com\/product\/yoast-seo-premium-wordpress\/ -->\n<title>Steg 5: Besked - Kompetensf\u00f6retagen<\/title>\n<meta name=\"description\" content=\"Auktorisation: Steg 5 \u2013 Besked. Information om beslutsprocessen och vad som h\u00e4nder n\u00e4r din ans\u00f6kan har granskats.\" \/>\n<meta name=\"robots\" content=\"index, follow, max-snippet:-1, max-image-preview:large, max-video-preview:-1\" \/>\n<link rel=\"canonical\" href=\"https:\/\/www.kompetensforetagen.se\/auktorisation\/steg-5-besked\/\" \/>\n<meta property=\"og:locale\" content=\"sv_SE\" \/>\n<meta property=\"og:type\" content=\"article\" \/>\n<meta property=\"og:title\" content=\"Steg 5: Besked\" \/>\n<meta property=\"og:description\" content=\"Auktorisation: Steg 5 \u2013 Besked. Information om beslutsprocessen och vad som h\u00e4nder n\u00e4r din ans\u00f6kan har granskats.\" \/>\n<meta property=\"og:url\" content=\"https:\/\/www.kompetensforetagen.se\/auktorisation\/steg-5-besked\/\" \/>\n<meta property=\"og:site_name\" content=\"Kompetensf\u00f6retagen\" \/>\n<meta property=\"article:modified_time\" content=\"2025-12-12T09:57:01+00:00\" \/>\n<meta property=\"og:image\" content=\"https:\/\/www.kompetensforetagen.se\/app\/uploads\/sites\/5\/2023\/03\/Namnlos-design-17.gif\" \/>\n\t<meta property=\"og:image:width\" content=\"1080\" \/>\n\t<meta property=\"og:image:height\" content=\"1080\" \/>\n\t<meta property=\"og:image:type\" content=\"image\/gif\" \/>\n<meta name=\"twitter:card\" content=\"summary_large_image\" \/>\n<meta name=\"twitter:label1\" content=\"Ber\u00e4knad l\u00e4stid\" \/>\n\t<meta name=\"twitter:data1\" content=\"1 minut\" \/>\n<script type=\"application\/ld+json\" class=\"yoast-schema-graph\">{\"@context\":\"https:\/\/schema.org\",\"@graph\":[{\"@type\":\"WebPage\",\"@id\":\"https:\/\/www.kompetensforetagen.se\/auktorisation\/steg-5-besked\/\",\"url\":\"https:\/\/www.kompetensforetagen.se\/auktorisation\/steg-5-besked\/\",\"name\":\"Steg 5: Besked - Kompetensf\u00f6retagen\",\"isPartOf\":{\"@id\":\"https:\/\/www.kompetensforetagen.se\/#website\"},\"primaryImageOfPage\":{\"@id\":\"https:\/\/www.kompetensforetagen.se\/auktorisation\/steg-5-besked\/#primaryimage\"},\"image\":{\"@id\":\"https:\/\/www.kompetensforetagen.se\/auktorisation\/steg-5-besked\/#primaryimage\"},\"thumbnailUrl\":\"https:\/\/www.kompetensforetagen.se\/app\/uploads\/sites\/5\/2023\/03\/Namnlos-design-17.gif\",\"datePublished\":\"2016-03-15T23:00:00+00:00\",\"dateModified\":\"2025-12-12T09:57:01+00:00\",\"description\":\"Auktorisation: Steg 5 \u2013 Besked. Information om beslutsprocessen och vad som h\u00e4nder n\u00e4r din ans\u00f6kan har granskats.\",\"breadcrumb\":{\"@id\":\"https:\/\/www.kompetensforetagen.se\/auktorisation\/steg-5-besked\/#breadcrumb\"},\"inLanguage\":\"sv-SE\",\"potentialAction\":[{\"@type\":\"ReadAction\",\"target\":[\"https:\/\/www.kompetensforetagen.se\/auktorisation\/steg-5-besked\/\"]}]},{\"@type\":\"ImageObject\",\"inLanguage\":\"sv-SE\",\"@id\":\"https:\/\/www.kompetensforetagen.se\/auktorisation\/steg-5-besked\/#primaryimage\",\"url\":\"https:\/\/www.kompetensforetagen.se\/app\/uploads\/sites\/5\/2023\/03\/Namnlos-design-17.gif\",\"contentUrl\":\"https:\/\/www.kompetensforetagen.se\/app\/uploads\/sites\/5\/2023\/03\/Namnlos-design-17.gif\",\"width\":1080,\"height\":1080,\"caption\":\"stiliserat kuvert kommer fram \u00f6ver datorsk\u00e4rm\"},{\"@type\":\"BreadcrumbList\",\"@id\":\"https:\/\/www.kompetensforetagen.se\/auktorisation\/steg-5-besked\/#breadcrumb\",\"itemListElement\":[{\"@type\":\"ListItem\",\"position\":1,\"name\":\"Home\",\"item\":\"https:\/\/www.kompetensforetagen.se\/\"},{\"@type\":\"ListItem\",\"position\":2,\"name\":\"Om auktorisation\",\"item\":\"https:\/\/www.kompetensforetagen.se\/auktorisation\/\"},{\"@type\":\"ListItem\",\"position\":3,\"name\":\"Steg 5: Besked\"}]},{\"@type\":\"WebSite\",\"@id\":\"https:\/\/www.kompetensforetagen.se\/#website\",\"url\":\"https:\/\/www.kompetensforetagen.se\/\",\"name\":\"Kompetensf\u00f6retagen\",\"description\":\"R\u00e4tt person p\u00e5 r\u00e4tt plats kan f\u00f6r\u00e4ndra v\u00e4rlden\",\"publisher\":{\"@id\":\"https:\/\/www.kompetensforetagen.se\/#organization\"},\"potentialAction\":[{\"@type\":\"SearchAction\",\"target\":{\"@type\":\"EntryPoint\",\"urlTemplate\":\"https:\/\/www.kompetensforetagen.se\/?s={search_term_string}\"},\"query-input\":{\"@type\":\"PropertyValueSpecification\",\"valueRequired\":true,\"valueName\":\"search_term_string\"}}],\"inLanguage\":\"sv-SE\"},{\"@type\":\"Organization\",\"@id\":\"https:\/\/www.kompetensforetagen.se\/#organization\",\"name\":\"Kompetensf\u00f6retagen\",\"url\":\"https:\/\/www.kompetensforetagen.se\/\",\"logo\":{\"@type\":\"ImageObject\",\"inLanguage\":\"sv-SE\",\"@id\":\"https:\/\/www.kompetensforetagen.se\/#\/schema\/logo\/image\/\",\"url\":\"https:\/\/www.kompetensforetagen.se\/app\/uploads\/sites\/5\/2022\/10\/logga_svart.png\",\"contentUrl\":\"https:\/\/www.kompetensforetagen.se\/app\/uploads\/sites\/5\/2022\/10\/logga_svart.png\",\"width\":752,\"height\":64,\"caption\":\"Kompetensf\u00f6retagen\"},\"image\":{\"@id\":\"https:\/\/www.kompetensforetagen.se\/#\/schema\/logo\/image\/\"},\"sameAs\":[\"https:\/\/www.linkedin.com\/company\/10540032\/\"]}]}<\/script>\n<!-- \/ Yoast SEO Premium plugin. -->","yoast_head_json":{"title":"Steg 5: Besked - Kompetensf\u00f6retagen","description":"Auktorisation: Steg 5 \u2013 Besked. Information om beslutsprocessen och vad som h\u00e4nder n\u00e4r din ans\u00f6kan har granskats.","robots":{"index":"index","follow":"follow","max-snippet":"max-snippet:-1","max-image-preview":"max-image-preview:large","max-video-preview":"max-video-preview:-1"},"canonical":"https:\/\/www.kompetensforetagen.se\/auktorisation\/steg-5-besked\/","og_locale":"sv_SE","og_type":"article","og_title":"Steg 5: Besked","og_description":"Auktorisation: Steg 5 \u2013 Besked. Information om beslutsprocessen och vad som h\u00e4nder n\u00e4r din ans\u00f6kan har granskats.","og_url":"https:\/\/www.kompetensforetagen.se\/auktorisation\/steg-5-besked\/","og_site_name":"Kompetensf\u00f6retagen","article_modified_time":"2025-12-12T09:57:01+00:00","og_image":[{"url":"https:\/\/www.kompetensforetagen.se\/app\/uploads\/sites\/5\/2023\/03\/Namnlos-design-17.gif","width":1080,"height":1080,"type":"image\/gif"}],"twitter_card":"summary_large_image","twitter_misc":{"Ber\u00e4knad l\u00e4stid":"1 minut"},"schema":{"@context":"https:\/\/schema.org","@graph":[{"@type":"WebPage","@id":"https:\/\/www.kompetensforetagen.se\/auktorisation\/steg-5-besked\/","url":"https:\/\/www.kompetensforetagen.se\/auktorisation\/steg-5-besked\/","name":"Steg 5: Besked - Kompetensf\u00f6retagen","isPartOf":{"@id":"https:\/\/www.kompetensforetagen.se\/#website"},"primaryImageOfPage":{"@id":"https:\/\/www.kompetensforetagen.se\/auktorisation\/steg-5-besked\/#primaryimage"},"image":{"@id":"https:\/\/www.kompetensforetagen.se\/auktorisation\/steg-5-besked\/#primaryimage"},"thumbnailUrl":"https:\/\/www.kompetensforetagen.se\/app\/uploads\/sites\/5\/2023\/03\/Namnlos-design-17.gif","datePublished":"2016-03-15T23:00:00+00:00","dateModified":"2025-12-12T09:57:01+00:00","description":"Auktorisation: Steg 5 \u2013 Besked. Information om beslutsprocessen och vad som h\u00e4nder n\u00e4r din ans\u00f6kan har granskats.","breadcrumb":{"@id":"https:\/\/www.kompetensforetagen.se\/auktorisation\/steg-5-besked\/#breadcrumb"},"inLanguage":"sv-SE","potentialAction":[{"@type":"ReadAction","target":["https:\/\/www.kompetensforetagen.se\/auktorisation\/steg-5-besked\/"]}]},{"@type":"ImageObject","inLanguage":"sv-SE","@id":"https:\/\/www.kompetensforetagen.se\/auktorisation\/steg-5-besked\/#primaryimage","url":"https:\/\/www.kompetensforetagen.se\/app\/uploads\/sites\/5\/2023\/03\/Namnlos-design-17.gif","contentUrl":"https:\/\/www.kompetensforetagen.se\/app\/uploads\/sites\/5\/2023\/03\/Namnlos-design-17.gif","width":1080,"height":1080,"caption":"stiliserat kuvert kommer fram \u00f6ver datorsk\u00e4rm"},{"@type":"BreadcrumbList","@id":"https:\/\/www.kompetensforetagen.se\/auktorisation\/steg-5-besked\/#breadcrumb","itemListElement":[{"@type":"ListItem","position":1,"name":"Home","item":"https:\/\/www.kompetensforetagen.se\/"},{"@type":"ListItem","position":2,"name":"Om auktorisation","item":"https:\/\/www.kompetensforetagen.se\/auktorisation\/"},{"@type":"ListItem","position":3,"name":"Steg 5: Besked"}]},{"@type":"WebSite","@id":"https:\/\/www.kompetensforetagen.se\/#website","url":"https:\/\/www.kompetensforetagen.se\/","name":"Kompetensf\u00f6retagen","description":"R\u00e4tt person p\u00e5 r\u00e4tt plats kan f\u00f6r\u00e4ndra v\u00e4rlden","publisher":{"@id":"https:\/\/www.kompetensforetagen.se\/#organization"},"potentialAction":[{"@type":"SearchAction","target":{"@type":"EntryPoint","urlTemplate":"https:\/\/www.kompetensforetagen.se\/?s={search_term_string}"},"query-input":{"@type":"PropertyValueSpecification","valueRequired":true,"valueName":"search_term_string"}}],"inLanguage":"sv-SE"},{"@type":"Organization","@id":"https:\/\/www.kompetensforetagen.se\/#organization","name":"Kompetensf\u00f6retagen","url":"https:\/\/www.kompetensforetagen.se\/","logo":{"@type":"ImageObject","inLanguage":"sv-SE","@id":"https:\/\/www.kompetensforetagen.se\/#\/schema\/logo\/image\/","url":"https:\/\/www.kompetensforetagen.se\/app\/uploads\/sites\/5\/2022\/10\/logga_svart.png","contentUrl":"https:\/\/www.kompetensforetagen.se\/app\/uploads\/sites\/5\/2022\/10\/logga_svart.png","width":752,"height":64,"caption":"Kompetensf\u00f6retagen"},"image":{"@id":"https:\/\/www.kompetensforetagen.se\/#\/schema\/logo\/image\/"},"sameAs":["https:\/\/www.linkedin.com\/company\/10540032\/"]}]}},"_links":{"self":[{"href":"https:\/\/www.kompetensforetagen.se\/api\/wp\/v2\/pages\/102","targetHints":{"allow":["GET"]}}],"collection":[{"href":"https:\/\/www.kompetensforetagen.se\/api\/wp\/v2\/pages"}],"about":[{"href":"https:\/\/www.kompetensforetagen.se\/api\/wp\/v2\/types\/page"}],"author":[{"embeddable":true,"href":"https:\/\/www.kompetensforetagen.se\/api\/wp\/v2\/users\/1"}],"replies":[{"embeddable":true,"href":"https:\/\/www.kompetensforetagen.se\/api\/wp\/v2\/comments?post=102"}],"version-history":[{"count":13,"href":"https:\/\/www.kompetensforetagen.se\/api\/wp\/v2\/pages\/102\/revisions"}],"predecessor-version":[{"id":21164,"href":"https:\/\/www.kompetensforetagen.se\/api\/wp\/v2\/pages\/102\/revisions\/21164"}],"up":[{"embeddable":true,"href":"https:\/\/www.kompetensforetagen.se\/api\/wp\/v2\/pages\/104"}],"wp:attachment":[{"href":"https:\/\/www.kompetensforetagen.se\/api\/wp\/v2\/media?parent=102"}],"wp:term":[{"taxonomy":"type","embeddable":true,"href":"https:\/\/www.kompetensforetagen.se\/api\/wp\/v2\/article_type?post=102"},{"taxonomy":"agreement","embeddable":true,"href":"https:\/\/www.kompetensforetagen.se\/api\/wp\/v2\/agreement?post=102"},{"taxonomy":"for-members","embeddable":true,"href":"https:\/\/www.kompetensforetagen.se\/api\/wp\/v2\/for-members?post=102"}],"curies":[{"name":"wp","href":"https:\/\/api.w.org\/{rel}","templated":true}]}}