{"id":10033,"date":"2022-08-26T11:12:58","date_gmt":"2022-08-26T09:12:58","guid":{"rendered":"https:\/\/www.kompetensforetagen.se\/?page_id=10033"},"modified":"2023-07-10T11:25:40","modified_gmt":"2023-07-10T09:25:40","slug":"rekrytering-2","status":"publish","type":"page","link":"https:\/\/www.kompetensforetagen.se\/rekrytering-2\/","title":{"rendered":"Rekrytering"},"content":{"rendered":"<div id=\"block-hero-block_e5820d8f9dac5db13c5a1aefeb14a558\" class=\"Hero --has-media has-green-background-color\">\n\n      <img loading=\"lazy\" decoding=\"async\" width=\"1180\" height=\"788\" src=\"https:\/\/www.kompetensforetagen.se\/app\/uploads\/sites\/5\/2023\/04\/pexels-christina-morillo-1181605-1180x788.jpg\" class=\"Hero__image\" alt=\"Tv\u00e5 kvinnor sitter vid bord med uppslagna anteckningsb\u00f6cker och ler mot varandra\" srcset=\"https:\/\/www.kompetensforetagen.se\/app\/uploads\/sites\/5\/2023\/04\/pexels-christina-morillo-1181605-1180x788.jpg 1180w, https:\/\/www.kompetensforetagen.se\/app\/uploads\/sites\/5\/2023\/04\/pexels-christina-morillo-1181605-580x387.jpg 580w, https:\/\/www.kompetensforetagen.se\/app\/uploads\/sites\/5\/2023\/04\/pexels-christina-morillo-1181605-380x254.jpg 380w, https:\/\/www.kompetensforetagen.se\/app\/uploads\/sites\/5\/2023\/04\/pexels-christina-morillo-1181605-768x513.jpg 768w, https:\/\/www.kompetensforetagen.se\/app\/uploads\/sites\/5\/2023\/04\/pexels-christina-morillo-1181605-1536x1025.jpg 1536w, https:\/\/www.kompetensforetagen.se\/app\/uploads\/sites\/5\/2023\/04\/pexels-christina-morillo-1181605-2048x1367.jpg 2048w, https:\/\/www.kompetensforetagen.se\/app\/uploads\/sites\/5\/2023\/04\/pexels-christina-morillo-1181605-600x401.jpg 600w\" sizes=\"auto, (max-width: 1180px) 100vw, 1180px\" \/>\n    \n  <div class=\"Hero__inner container has-green-background-color has-background-image has-arrow\">\n              <div class=\"Hero__title\">\n          <h1><i> Rekrytering<\/i><\/h1>\n        <\/div>\n                                <div class=\"Hero__arrow\">\n          <svg class='icon icon--squiggly-arrow'  width=\"282\" height=\"302\" viewBox=\"0 0 282 302\" fill=\"none\" xmlns=\"http:\/\/www.w3.org\/2000\/svg\">\n<path d=\"M108.429 281.19L129.837 295.44L143.97 274.186\" stroke=\"black\" stroke-width=\"4\" stroke-miterlimit=\"10\"\/>\n<path d=\"M43.8871 68.0497C53.3269 84.3998 70.0075 95.6755 88.6244 97.6784C107.24 99.6801 125.826 95.0068 144.209 91.4645C162.592 87.9216 182.067 85.5682 199.674 91.9481C220.515 99.5002 236.316 120.278 236.492 142.446C236.669 164.616 220.178 186.234 198.428 190.49C188.558 192.423 177.815 190.842 169.542 185.112C161.271 179.382 155.88 169.284 156.859 159.269C158.292 144.577 173.761 133.512 188.444 135C203.126 136.491 215.468 148.757 219.176 163.047C222.881 177.337 218.804 192.932 210.416 205.072C202.027 217.212 189.703 226.187 176.514 232.804C167.472 237.341 157.931 240.877 149.144 245.889C140.356 250.899 132.161 257.651 127.746 266.755C123.333 275.858 126.637 283.983 129.929 295.386\" stroke=\"black\" stroke-width=\"4\" stroke-miterlimit=\"10\"\/>\n<\/svg>\n\n          <\/div>\n        <\/div>\n<\/div>\n\n\n\n<div class=\"wp-block-group is-layout-constrained wp-block-group-is-layout-constrained\">\n<div class=\"wp-block-columns is-layout-flex wp-container-core-columns-is-layout-9d6595d7 wp-block-columns-is-layout-flex\">\n<div class=\"wp-block-column is-layout-flow wp-block-column-is-layout-flow\" style=\"flex-basis:66.66%\"><div class=\"wp-block wp-block-core-paragraph\">\n<p><strong>Rekryterings- och search\u00adf\u00f6retag sk\u00f6ter idag rekryteringen p\u00e5 en allt st\u00f6rre del av arbetsmarknaden. Att kunna attrahera, hitta, bed\u00f6ma och bem\u00f6ta kandidater har aldrig varit viktigare f\u00f6r f\u00f6retagens konkurrenskraft och f\u00f6r att vi ska f\u00e5 en v\u00e4lfungerande &nbsp;offentlig och privat sektor. N\u00e4r konkurrensen om kompetensen h\u00e5rdnar finns det ett v\u00e4ldigt litet utrymme f\u00f6r felrekryteringar.<\/strong><\/p>\n<\/div>\n\n<div class=\"wp-block wp-block-core-quote\">\n<blockquote class=\"wp-block-quote is-layout-flow wp-block-quote-is-layout-flow\"><div class=\"wp-block wp-block-core-paragraph\">\n<p>R\u00e4tt person p\u00e5 r\u00e4tt jobb kan f\u00f6r\u00e4ndra v\u00e4rlden<\/p>\n<\/div><\/blockquote>\n<\/div><\/div>\n<\/div>\n<\/div>\n\n\n\n<div class=\"wp-block-group has-green-background-color has-background is-layout-constrained wp-block-group-is-layout-constrained\">\n<div class=\"wp-block-columns is-layout-flex wp-container-core-columns-is-layout-9d6595d7 wp-block-columns-is-layout-flex\">\n<div class=\"wp-block-column is-layout-flow wp-block-column-is-layout-flow\"><div class=\"wp-block wp-block-core-heading\" id=\"dyrt-nar-rekrytering-gar-fel\">\n<h3 class=\"wp-block-heading\">Dyrt n\u00e4r rekrytering g\u00e5r fel<\/h3>\n<\/div>\n\n<div class=\"wp-block wp-block-core-paragraph\">\n<p>M\u00e5nga verksamheter har egna, v\u00e4lfungerande HR-avdelningar, men som inte n\u00f6dv\u00e4ndigtvis har rekrytering som spetskompetens. I en unders\u00f6kning fann forskare vid G\u00f6teborgs Universitet att<a href=\"https:\/\/www.gu.se\/nyheter\/rekryteringar-storsta-utmaningen-for-sma-foretag\" target=\"_blank\" rel=\"noreferrer noopener\">&nbsp;rekrytering \u00e4r sm\u00e5f\u00f6retagens st\u00f6rsta utmaning.<\/a>&nbsp;Genom att \u00f6verl\u00e5ta rekryteringen till ett auktoriserat f\u00f6retag kan kunden fokusera p\u00e5 k\u00e4rnverksamheten och g\u00f6ra det de \u00e4r b\u00e4st p\u00e5.<\/p>\n<\/div>\n\n<div class=\"wp-block wp-block-core-paragraph\">\n<p>Enligt en utr\u00e4kning fr\u00e5n 2003 av fil.dr i psykolog&nbsp; Malin Lindel\u00f6w, kan en felrekrytering kosta upp till en miljon kronor. Den siffran f\u00e5r sannolikt r\u00e4knas upp betydligt med tanke p\u00e5 att den \u00e4r snart 20 \u00e5r gammal.<\/p>\n<\/div>\n\n<div class=\"wp-block wp-block-core-paragraph\">\n<p>F\u00f6rutom att rekryterings\u00adf\u00f6retagen \u00e4r skickliga i sitt hantverk har de ocks\u00e5 god kunskap om arbetsmarknaden och stora, v\u00e4l upparbetade n\u00e4tverk n\u00e4r de ska hitta r\u00e4tt kompetens till kunden.<\/p>\n<\/div><\/div>\n\n\n\n<div class=\"wp-block-column is-layout-flow wp-block-column-is-layout-flow\"><div class=\"wp-block wp-block-core-heading\" id=\"auktoriserade-rekryterings\u00adforetag\">\n<h3 class=\"wp-block-heading\">Auktoriserade rekryterings\u00adf\u00f6retag<\/h3>\n<\/div>\n\n<div class=\"wp-block wp-block-core-paragraph\">\n<p>Sedan 2016 har Kompetens\u00adf\u00f6retagen erbjudit en\u00a0<a href=\"https:\/\/www.kompetensforetagen.se\/auktorisation-for-rekryteringsforetag\/\">auktorisation f\u00f6r rekryterings\u00adf\u00f6retag.<\/a>\u00a0Auktorisationen s\u00e4kerst\u00e4ller att f\u00f6retaget arbetar seri\u00f6st och uppfyller v\u00e5ra h\u00f6ga krav. Den inneb\u00e4r ocks\u00e5 en trygghet f\u00f6r kunder och kandidater. \u00a0F\u00f6r att kunna bli auktoriserad kr\u00e4vs att f\u00f6retaget uppfyller ett antal krav, och genomg\u00e5r sedan en \u00e5rlig granskning. Mer om auktorisationen och vad som kr\u00e4vs finns under v\u00e5r\u00a0<a href=\"https:\/\/www.kompetensforetagen.se\/auktorisation\/\">auktorisationssida<\/a><\/p>\n<\/div>\n\n\n<figure class=\"wp-block-image size-full\"><img loading=\"lazy\" decoding=\"async\" width=\"1018\" height=\"212\" src=\"https:\/\/www.kompetensforetagen.se\/app\/uploads\/sites\/5\/2023\/03\/Vit-pil-at-bada-hall.png\" alt=\"\" class=\"wp-image-11679\" srcset=\"https:\/\/www.kompetensforetagen.se\/app\/uploads\/sites\/5\/2023\/03\/Vit-pil-at-bada-hall.png 1018w, https:\/\/www.kompetensforetagen.se\/app\/uploads\/sites\/5\/2023\/03\/Vit-pil-at-bada-hall-580x121.png 580w, https:\/\/www.kompetensforetagen.se\/app\/uploads\/sites\/5\/2023\/03\/Vit-pil-at-bada-hall-380x79.png 380w, https:\/\/www.kompetensforetagen.se\/app\/uploads\/sites\/5\/2023\/03\/Vit-pil-at-bada-hall-768x160.png 768w\" sizes=\"auto, (max-width: 1018px) 100vw, 1018px\" \/><\/figure>\n<\/div>\n<\/div>\n<\/div>\n\n\n\n<div class=\"wp-block-group is-layout-constrained wp-block-group-is-layout-constrained\">\n<div class=\"wp-block-columns is-layout-flex wp-container-core-columns-is-layout-9d6595d7 wp-block-columns-is-layout-flex\">\n<div class=\"wp-block-column is-layout-flow wp-block-column-is-layout-flow\"><div class=\"Listing no-bg\" id=\"block-76ac4785-8583-49c4-b26d-15c567e28ba3\">\n  <div class=\"container\">\n    <div class=\"Listing__heading\">\n          <\/div>\n    <div class=\"row\">\n      \n                      <div class=\"col-12\">\n                      <article class=\"Blurb Blurb--lg Blurb--post Blurb--horizontal has-thumbnail\">\n  <a href=\"https:\/\/www.kompetensforetagen.se\/2025\/12\/rekrytering-och-ai-allt-du-behover-veta\/\">\n          <div class=\"Blurb__thumbnail__wrap\">\n        <figure class=\"Blurb__thumbnail\">\n          <img loading=\"lazy\" decoding=\"async\" width=\"2560\" height=\"1707\" src=\"https:\/\/www.kompetensforetagen.se\/app\/uploads\/sites\/5\/2025\/12\/Mia-Fransson-1-scaled.jpg\" class=\"attachment-small size-small wp-post-image\" alt=\"Mia Fransson, f\u00f6rbundsjurist, expert p\u00e5 AI och rekrytering\" srcset=\"https:\/\/www.kompetensforetagen.se\/app\/uploads\/sites\/5\/2025\/12\/Mia-Fransson-1-scaled.jpg 2560w, https:\/\/www.kompetensforetagen.se\/app\/uploads\/sites\/5\/2025\/12\/Mia-Fransson-1-580x387.jpg 580w, https:\/\/www.kompetensforetagen.se\/app\/uploads\/sites\/5\/2025\/12\/Mia-Fransson-1-1180x787.jpg 1180w, https:\/\/www.kompetensforetagen.se\/app\/uploads\/sites\/5\/2025\/12\/Mia-Fransson-1-380x253.jpg 380w, https:\/\/www.kompetensforetagen.se\/app\/uploads\/sites\/5\/2025\/12\/Mia-Fransson-1-768x512.jpg 768w, https:\/\/www.kompetensforetagen.se\/app\/uploads\/sites\/5\/2025\/12\/Mia-Fransson-1-1536x1024.jpg 1536w, https:\/\/www.kompetensforetagen.se\/app\/uploads\/sites\/5\/2025\/12\/Mia-Fransson-1-2048x1366.jpg 2048w, https:\/\/www.kompetensforetagen.se\/app\/uploads\/sites\/5\/2025\/12\/Mia-Fransson-1-600x400.jpg 600w\" sizes=\"auto, (max-width: 2560px) 100vw, 2560px\" \/>\n        <\/figure>\n      <\/div>\n        <div class=\"Blurb__content\">\n      <div class=\"Blurb__body\">\n        <div>\n                                <div class=\"Meta d-flex align-items-center Blurb__meta\">\n      <div class=\"Meta__tag item\">\n      Rekrytering\n      <svg class='icon icon--triangle'  width=\"26\" height=\"32\" viewBox=\"0 0 26 32\" fill=\"none\" xmlns=\"http:\/\/www.w3.org\/2000\/svg\">\n<path fill-rule=\"evenodd\" clip-rule=\"evenodd\" d=\"M13.1315 0H0V32H13.1315L26 16L13.1315 0ZM9 18.581C10.6569 18.581 12 17.1946 12 15.4843C12 13.774 10.6569 12.3875 9 12.3875C7.34315 12.3875 6 13.774 6 15.4843C6 17.1946 7.34315 18.581 9 18.581Z\" fill=\"#FDDCC0\"\/>\n<\/svg>\n\n      <\/div>\n    <div class=\"Meta__group\">\n          <div class=\"Meta__date  d-flex align-items-center\">\n        <svg class='icon icon--timestamp'  width=\"16\" height=\"16\" viewBox=\"0 0 16 16\" fill=\"none\" xmlns=\"http:\/\/www.w3.org\/2000\/svg\">\n<path fill-rule=\"evenodd\" clip-rule=\"evenodd\" d=\"M10.4833 10.5818C10.7278 10.8452 10.7278 11.2723 10.4833 11.5357C10.361 11.6674 10.2008 11.7333 10.0405 11.7333C9.88023 11.7333 9.72008 11.6674 9.59781 11.5357L7.65015 9.43814C7.53273 9.31167 7.46667 9.14001 7.46667 8.96109V4.94118C7.46667 4.56868 7.74705 4.26667 8.09288 4.26667C8.4387 4.26667 8.71908 4.56868 8.71908 4.94118V8.68168L10.4833 10.5818ZM8 14.9333C4.177 14.9333 1.06667 11.823 1.06667 8C1.06667 4.177 4.177 1.06667 8 1.06667C11.8232 1.06667 14.9333 4.177 14.9333 8C14.9333 11.823 11.8232 14.9333 8 14.9333ZM8 0C3.58887 0 0 3.58887 0 8C0 12.4111 3.58887 16 8 16C12.4113 16 16 12.4111 16 8C16 3.58887 12.4113 0 8 0Z\" fill=\"black\"\/>\n<\/svg>\n\n          <time datetime=\"2025-12-04T12:08:19+00:00\">4 december 2025<\/time>\n      <\/div>\n              <div class=\"Meta__category\">\n        Aktuellt\n      <\/div>\n      <\/div>\n<\/div>\n                  <\/div>\n        <h2 class=\"Blurb__title\">\n          AI i rekrytering \u2013 allt du beh\u00f6ver veta\n        <\/h2>\n                  <div class=\"Blurb__text\">\n            AI blir allt vanligare inom rekrytering. Men det finns m\u00e5nga regelverk att h\u00e5lla reda p\u00e5. Kompetensf\u00f6retagens f\u00f6rbundsjurist Mia Fransson g\u00e5r igenom regelverken som alla rekryterare b\u00f6r ha koll p\u00e5.\n\n          <\/div>\n                <div class=\"Blurb__arrow\">\n                                <div class=\"Blurb__arrow__line\">\n              <svg class='icon icon--arrow-tip'  width=\"11\" height=\"16\" viewBox=\"0 0 11 16\" fill=\"none\" xmlns=\"http:\/\/www.w3.org\/2000\/svg\">\n<path d=\"M0.858398 15L9.2304 7.99664L0.967732 1.00001\" stroke=\"black\" stroke-width=\"2\" stroke-miterlimit=\"10\"\/>\n<\/svg>\n\n              <\/div>\n                  <\/div>\n      <\/div>\n    <\/div>\n  <\/a>\n<\/article>\n                  <\/div>\n                              <div class=\"col-md-6\">\n                      <article class=\"Blurb Blurb--md Blurb--post Blurb--vertical has-thumbnail\">\n  <a href=\"https:\/\/www.kompetensforetagen.se\/2024\/03\/vi-lyfter-rekryteringsforetagens-viktiga-arbete\/\">\n          <div class=\"Blurb__thumbnail__wrap\">\n        <figure class=\"Blurb__thumbnail\">\n          <img loading=\"lazy\" decoding=\"async\" width=\"1900\" height=\"1000\" src=\"https:\/\/www.kompetensforetagen.se\/app\/uploads\/sites\/5\/2024\/03\/statistics.png\" class=\"attachment-small size-small wp-post-image\" alt=\"Kompetensf\u00f6retagen: Vi lyfter rekryteringsf\u00f6retagens viktiga arbete\" srcset=\"https:\/\/www.kompetensforetagen.se\/app\/uploads\/sites\/5\/2024\/03\/statistics.png 1900w, https:\/\/www.kompetensforetagen.se\/app\/uploads\/sites\/5\/2024\/03\/statistics-580x305.png 580w, https:\/\/www.kompetensforetagen.se\/app\/uploads\/sites\/5\/2024\/03\/statistics-1180x621.png 1180w, https:\/\/www.kompetensforetagen.se\/app\/uploads\/sites\/5\/2024\/03\/statistics-380x200.png 380w, https:\/\/www.kompetensforetagen.se\/app\/uploads\/sites\/5\/2024\/03\/statistics-768x404.png 768w, https:\/\/www.kompetensforetagen.se\/app\/uploads\/sites\/5\/2024\/03\/statistics-1536x808.png 1536w, https:\/\/www.kompetensforetagen.se\/app\/uploads\/sites\/5\/2024\/03\/statistics-600x316.png 600w\" sizes=\"auto, (max-width: 1900px) 100vw, 1900px\" \/>\n        <\/figure>\n      <\/div>\n        <div class=\"Blurb__content\">\n      <div class=\"Blurb__body\">\n        <div>\n                                <div class=\"Meta d-flex align-items-center Blurb__meta\">\n      <div class=\"Meta__tag item\">\n      Rekrytering\n      <svg class='icon icon--triangle'  width=\"26\" height=\"32\" viewBox=\"0 0 26 32\" fill=\"none\" xmlns=\"http:\/\/www.w3.org\/2000\/svg\">\n<path fill-rule=\"evenodd\" clip-rule=\"evenodd\" d=\"M13.1315 0H0V32H13.1315L26 16L13.1315 0ZM9 18.581C10.6569 18.581 12 17.1946 12 15.4843C12 13.774 10.6569 12.3875 9 12.3875C7.34315 12.3875 6 13.774 6 15.4843C6 17.1946 7.34315 18.581 9 18.581Z\" fill=\"#FDDCC0\"\/>\n<\/svg>\n\n      <\/div>\n    <div class=\"Meta__group\">\n          <div class=\"Meta__date  d-flex align-items-center\">\n        <svg class='icon icon--timestamp'  width=\"16\" height=\"16\" viewBox=\"0 0 16 16\" fill=\"none\" xmlns=\"http:\/\/www.w3.org\/2000\/svg\">\n<path fill-rule=\"evenodd\" clip-rule=\"evenodd\" d=\"M10.4833 10.5818C10.7278 10.8452 10.7278 11.2723 10.4833 11.5357C10.361 11.6674 10.2008 11.7333 10.0405 11.7333C9.88023 11.7333 9.72008 11.6674 9.59781 11.5357L7.65015 9.43814C7.53273 9.31167 7.46667 9.14001 7.46667 8.96109V4.94118C7.46667 4.56868 7.74705 4.26667 8.09288 4.26667C8.4387 4.26667 8.71908 4.56868 8.71908 4.94118V8.68168L10.4833 10.5818ZM8 14.9333C4.177 14.9333 1.06667 11.823 1.06667 8C1.06667 4.177 4.177 1.06667 8 1.06667C11.8232 1.06667 14.9333 4.177 14.9333 8C14.9333 11.823 11.8232 14.9333 8 14.9333ZM8 0C3.58887 0 0 3.58887 0 8C0 12.4111 3.58887 16 8 16C12.4113 16 16 12.4111 16 8C16 3.58887 12.4113 0 8 0Z\" fill=\"black\"\/>\n<\/svg>\n\n          <time datetime=\"2024-03-06T10:22:13+00:00\">6 mars 2024<\/time>\n      <\/div>\n              <div class=\"Meta__category\">\n        Blogg\n      <\/div>\n      <\/div>\n<\/div>\n                  <\/div>\n        <h2 class=\"Blurb__title\">\n          Vi lyfter rekryterings&shy;f\u00f6retagens viktiga arbete\n        <\/h2>\n                  <div class=\"Blurb__text\">\n            Kompetensf\u00f6rs\u00f6rjningen \u00e4r svenska f\u00f6retags absolut st\u00f6rsta utmaning. De vill rekrytera nya medarbetare f\u00f6r att kunna v\u00e4xa, men hittar inte personer med den kompetens eller utbildning som beh\u00f6vs. H\u00e4r \u00e4r rekryterings- och bemanningsbranschens l\u00f6sning. Varje dag &hellip;\n          <\/div>\n                <div class=\"Blurb__arrow\">\n                                <div class=\"Blurb__arrow__line\">\n              <svg class='icon icon--arrow-tip'  width=\"11\" height=\"16\" viewBox=\"0 0 11 16\" fill=\"none\" xmlns=\"http:\/\/www.w3.org\/2000\/svg\">\n<path d=\"M0.858398 15L9.2304 7.99664L0.967732 1.00001\" stroke=\"black\" stroke-width=\"2\" stroke-miterlimit=\"10\"\/>\n<\/svg>\n\n              <\/div>\n                  <\/div>\n      <\/div>\n    <\/div>\n  <\/a>\n<\/article>\n                  <\/div>\n                              <div class=\"col-md-6\">\n                      <article class=\"Blurb Blurb--md Blurb--post Blurb--vertical has-thumbnail\">\n  <a href=\"https:\/\/www.kompetensforetagen.se\/2022\/11\/nytt-for-2022-topplista-for-rekryteringsforetag\/\">\n          <div class=\"Blurb__thumbnail__wrap\">\n        <figure class=\"Blurb__thumbnail\">\n          <img loading=\"lazy\" decoding=\"async\" width=\"1920\" height=\"1080\" src=\"https:\/\/www.kompetensforetagen.se\/app\/uploads\/sites\/5\/2021\/05\/namnlos-design-12.png\" class=\"attachment-small size-small wp-post-image\" alt=\"Gr\u00f6nf\u00e4rgat fyrverkeri mot svart himmel\" srcset=\"https:\/\/www.kompetensforetagen.se\/app\/uploads\/sites\/5\/2021\/05\/namnlos-design-12.png 1920w, https:\/\/www.kompetensforetagen.se\/app\/uploads\/sites\/5\/2021\/05\/namnlos-design-12-580x326.png 580w, https:\/\/www.kompetensforetagen.se\/app\/uploads\/sites\/5\/2021\/05\/namnlos-design-12-1180x664.png 1180w, https:\/\/www.kompetensforetagen.se\/app\/uploads\/sites\/5\/2021\/05\/namnlos-design-12-380x214.png 380w, https:\/\/www.kompetensforetagen.se\/app\/uploads\/sites\/5\/2021\/05\/namnlos-design-12-768x432.png 768w, https:\/\/www.kompetensforetagen.se\/app\/uploads\/sites\/5\/2021\/05\/namnlos-design-12-1536x864.png 1536w\" sizes=\"auto, (max-width: 1920px) 100vw, 1920px\" \/>\n        <\/figure>\n      <\/div>\n        <div class=\"Blurb__content\">\n      <div class=\"Blurb__body\">\n        <div>\n                                <div class=\"Meta d-flex align-items-center Blurb__meta\">\n      <div class=\"Meta__tag item\">\n      Rekrytering\n      <svg class='icon icon--triangle'  width=\"26\" height=\"32\" viewBox=\"0 0 26 32\" fill=\"none\" xmlns=\"http:\/\/www.w3.org\/2000\/svg\">\n<path fill-rule=\"evenodd\" clip-rule=\"evenodd\" d=\"M13.1315 0H0V32H13.1315L26 16L13.1315 0ZM9 18.581C10.6569 18.581 12 17.1946 12 15.4843C12 13.774 10.6569 12.3875 9 12.3875C7.34315 12.3875 6 13.774 6 15.4843C6 17.1946 7.34315 18.581 9 18.581Z\" fill=\"#FDDCC0\"\/>\n<\/svg>\n\n      <\/div>\n    <div class=\"Meta__group\">\n          <div class=\"Meta__date  d-flex align-items-center\">\n        <svg class='icon icon--timestamp'  width=\"16\" height=\"16\" viewBox=\"0 0 16 16\" fill=\"none\" xmlns=\"http:\/\/www.w3.org\/2000\/svg\">\n<path fill-rule=\"evenodd\" clip-rule=\"evenodd\" d=\"M10.4833 10.5818C10.7278 10.8452 10.7278 11.2723 10.4833 11.5357C10.361 11.6674 10.2008 11.7333 10.0405 11.7333C9.88023 11.7333 9.72008 11.6674 9.59781 11.5357L7.65015 9.43814C7.53273 9.31167 7.46667 9.14001 7.46667 8.96109V4.94118C7.46667 4.56868 7.74705 4.26667 8.09288 4.26667C8.4387 4.26667 8.71908 4.56868 8.71908 4.94118V8.68168L10.4833 10.5818ZM8 14.9333C4.177 14.9333 1.06667 11.823 1.06667 8C1.06667 4.177 4.177 1.06667 8 1.06667C11.8232 1.06667 14.9333 4.177 14.9333 8C14.9333 11.823 11.8232 14.9333 8 14.9333ZM8 0C3.58887 0 0 3.58887 0 8C0 12.4111 3.58887 16 8 16C12.4113 16 16 12.4111 16 8C16 3.58887 12.4113 0 8 0Z\" fill=\"black\"\/>\n<\/svg>\n\n          <time datetime=\"2022-11-23T12:30:14+00:00\">23 november 2022<\/time>\n      <\/div>\n              <div class=\"Meta__category\">\n        Aktuellt\n      <\/div>\n      <\/div>\n<\/div>\n                  <\/div>\n        <h2 class=\"Blurb__title\">\n          Nytt f\u00f6r 2022: Topplista f\u00f6r rekryterings&shy;f\u00f6retag\n        <\/h2>\n                  <div class=\"Blurb__text\">\n            I \u00e5r har Kompetensf\u00f6retagen kunnat presentera en Topp 50-lista \u00f6ver de medlemsf\u00f6retag som har st\u00f6rst oms\u00e4ttning. Nu presenterar Kompetensf\u00f6retagen ytterligare en nyhet baserad p\u00e5 den kvartalsvisa statistikinsamlingen; en topplista f\u00f6r rekryteringsf\u00f6retag. Sedan 2022 \u00e4r det &hellip;\n          <\/div>\n                <div class=\"Blurb__arrow\">\n                                <div class=\"Blurb__arrow__line\">\n              <svg class='icon icon--arrow-tip'  width=\"11\" height=\"16\" viewBox=\"0 0 11 16\" fill=\"none\" xmlns=\"http:\/\/www.w3.org\/2000\/svg\">\n<path d=\"M0.858398 15L9.2304 7.99664L0.967732 1.00001\" stroke=\"black\" stroke-width=\"2\" stroke-miterlimit=\"10\"\/>\n<\/svg>\n\n              <\/div>\n                  <\/div>\n      <\/div>\n    <\/div>\n  <\/a>\n<\/article>\n                  <\/div>\n                  <\/div>\n    \n      <\/div>\n<\/div><\/div>\n<\/div>\n<\/div>\n","protected":false},"excerpt":{"rendered":"<p>Rekryterings- och search\u00adf\u00f6retag sk\u00f6ter idag rekryteringen p\u00e5 en allt st\u00f6rre del av arbetsmarknaden. Att kunna attrahera, hitta, bed\u00f6ma och bem\u00f6ta kandidater har aldrig varit viktigare f\u00f6r f\u00f6retagens konkurrenskraft och f\u00f6r att vi ska f\u00e5 en &hellip;<\/p>\n","protected":false},"author":6358,"featured_media":0,"parent":0,"menu_order":54,"comment_status":"closed","ping_status":"closed","template":"","meta":{"_acf_changed":false,"footnotes":""},"article_type":[],"agreement":[],"for-members":[],"class_list":["post-10033","page","type-page","status-publish","hentry"],"acf":[],"yoast_head":"<!-- This site is optimized with the Yoast SEO Premium plugin v26.8 (Yoast SEO v26.8) - https:\/\/yoast.com\/product\/yoast-seo-premium-wordpress\/ -->\n<title>Rekrytering - r\u00e4tt person p\u00e5 r\u00e4tt jobb kan f\u00f6r\u00e4ndra v\u00e4rlden<\/title>\n<meta name=\"description\" content=\"R\u00e4tt rekrytering \u00e4r viktig! F\u00f6rutom att rekryteringsf\u00f6retagen \u00e4r skickliga i sitt hantverk har de ocks\u00e5 god kunskap om arbetsmarknaden.\" \/>\n<meta name=\"robots\" content=\"index, follow, max-snippet:-1, max-image-preview:large, max-video-preview:-1\" \/>\n<link rel=\"canonical\" href=\"https:\/\/www.kompetensforetagen.se\/rekrytering-2\/\" \/>\n<meta property=\"og:locale\" content=\"sv_SE\" \/>\n<meta property=\"og:type\" content=\"article\" \/>\n<meta property=\"og:title\" content=\"Rekrytering\" \/>\n<meta property=\"og:description\" content=\"R\u00e4tt rekrytering \u00e4r viktig! F\u00f6rutom att rekryteringsf\u00f6retagen \u00e4r skickliga i sitt hantverk har de ocks\u00e5 god kunskap om arbetsmarknaden.\" \/>\n<meta property=\"og:url\" content=\"https:\/\/www.kompetensforetagen.se\/rekrytering-2\/\" \/>\n<meta property=\"og:site_name\" content=\"Kompetensf\u00f6retagen\" \/>\n<meta property=\"article:modified_time\" content=\"2023-07-10T09:25:40+00:00\" \/>\n<meta property=\"og:image\" content=\"https:\/\/www.kompetensforetagen.se\/app\/uploads\/sites\/5\/2023\/03\/Vit-pil-at-bada-hall.png\" \/>\n<meta name=\"twitter:card\" content=\"summary_large_image\" \/>\n<meta name=\"twitter:label1\" content=\"Ber\u00e4knad l\u00e4stid\" \/>\n\t<meta name=\"twitter:data1\" content=\"2 minuter\" \/>\n<script type=\"application\/ld+json\" class=\"yoast-schema-graph\">{\"@context\":\"https:\/\/schema.org\",\"@graph\":[{\"@type\":\"WebPage\",\"@id\":\"https:\/\/www.kompetensforetagen.se\/rekrytering-2\/\",\"url\":\"https:\/\/www.kompetensforetagen.se\/rekrytering-2\/\",\"name\":\"Rekrytering - r\u00e4tt person p\u00e5 r\u00e4tt jobb kan f\u00f6r\u00e4ndra v\u00e4rlden\",\"isPartOf\":{\"@id\":\"https:\/\/www.kompetensforetagen.se\/#website\"},\"primaryImageOfPage\":{\"@id\":\"https:\/\/www.kompetensforetagen.se\/rekrytering-2\/#primaryimage\"},\"image\":{\"@id\":\"https:\/\/www.kompetensforetagen.se\/rekrytering-2\/#primaryimage\"},\"thumbnailUrl\":\"https:\/\/www.kompetensforetagen.se\/app\/uploads\/sites\/5\/2023\/03\/Vit-pil-at-bada-hall.png\",\"datePublished\":\"2022-08-26T09:12:58+00:00\",\"dateModified\":\"2023-07-10T09:25:40+00:00\",\"description\":\"R\u00e4tt rekrytering \u00e4r viktig! F\u00f6rutom att rekryteringsf\u00f6retagen \u00e4r skickliga i sitt hantverk har de ocks\u00e5 god kunskap om arbetsmarknaden.\",\"breadcrumb\":{\"@id\":\"https:\/\/www.kompetensforetagen.se\/rekrytering-2\/#breadcrumb\"},\"inLanguage\":\"sv-SE\",\"potentialAction\":[{\"@type\":\"ReadAction\",\"target\":[\"https:\/\/www.kompetensforetagen.se\/rekrytering-2\/\"]}]},{\"@type\":\"ImageObject\",\"inLanguage\":\"sv-SE\",\"@id\":\"https:\/\/www.kompetensforetagen.se\/rekrytering-2\/#primaryimage\",\"url\":\"https:\/\/www.kompetensforetagen.se\/app\/uploads\/sites\/5\/2023\/03\/Vit-pil-at-bada-hall.png\",\"contentUrl\":\"https:\/\/www.kompetensforetagen.se\/app\/uploads\/sites\/5\/2023\/03\/Vit-pil-at-bada-hall.png\",\"width\":1018,\"height\":212,\"caption\":\"Navigationspil f\u00f6r att bl\u00e4ddra bland tj\u00e4nster eller nyheter.\"},{\"@type\":\"BreadcrumbList\",\"@id\":\"https:\/\/www.kompetensforetagen.se\/rekrytering-2\/#breadcrumb\",\"itemListElement\":[{\"@type\":\"ListItem\",\"position\":1,\"name\":\"Home\",\"item\":\"https:\/\/www.kompetensforetagen.se\/\"},{\"@type\":\"ListItem\",\"position\":2,\"name\":\"Rekrytering\"}]},{\"@type\":\"WebSite\",\"@id\":\"https:\/\/www.kompetensforetagen.se\/#website\",\"url\":\"https:\/\/www.kompetensforetagen.se\/\",\"name\":\"Kompetensf\u00f6retagen\",\"description\":\"R\u00e4tt person p\u00e5 r\u00e4tt plats kan f\u00f6r\u00e4ndra v\u00e4rlden\",\"publisher\":{\"@id\":\"https:\/\/www.kompetensforetagen.se\/#organization\"},\"potentialAction\":[{\"@type\":\"SearchAction\",\"target\":{\"@type\":\"EntryPoint\",\"urlTemplate\":\"https:\/\/www.kompetensforetagen.se\/?s={search_term_string}\"},\"query-input\":{\"@type\":\"PropertyValueSpecification\",\"valueRequired\":true,\"valueName\":\"search_term_string\"}}],\"inLanguage\":\"sv-SE\"},{\"@type\":\"Organization\",\"@id\":\"https:\/\/www.kompetensforetagen.se\/#organization\",\"name\":\"Kompetensf\u00f6retagen\",\"url\":\"https:\/\/www.kompetensforetagen.se\/\",\"logo\":{\"@type\":\"ImageObject\",\"inLanguage\":\"sv-SE\",\"@id\":\"https:\/\/www.kompetensforetagen.se\/#\/schema\/logo\/image\/\",\"url\":\"https:\/\/www.kompetensforetagen.se\/app\/uploads\/sites\/5\/2022\/10\/logga_svart.png\",\"contentUrl\":\"https:\/\/www.kompetensforetagen.se\/app\/uploads\/sites\/5\/2022\/10\/logga_svart.png\",\"width\":752,\"height\":64,\"caption\":\"Kompetensf\u00f6retagen\"},\"image\":{\"@id\":\"https:\/\/www.kompetensforetagen.se\/#\/schema\/logo\/image\/\"},\"sameAs\":[\"https:\/\/www.linkedin.com\/company\/10540032\/\"]}]}<\/script>\n<!-- \/ Yoast SEO Premium plugin. -->","yoast_head_json":{"title":"Rekrytering - r\u00e4tt person p\u00e5 r\u00e4tt jobb kan f\u00f6r\u00e4ndra v\u00e4rlden","description":"R\u00e4tt rekrytering \u00e4r viktig! F\u00f6rutom att rekryteringsf\u00f6retagen \u00e4r skickliga i sitt hantverk har de ocks\u00e5 god kunskap om arbetsmarknaden.","robots":{"index":"index","follow":"follow","max-snippet":"max-snippet:-1","max-image-preview":"max-image-preview:large","max-video-preview":"max-video-preview:-1"},"canonical":"https:\/\/www.kompetensforetagen.se\/rekrytering-2\/","og_locale":"sv_SE","og_type":"article","og_title":"Rekrytering","og_description":"R\u00e4tt rekrytering \u00e4r viktig! F\u00f6rutom att rekryteringsf\u00f6retagen \u00e4r skickliga i sitt hantverk har de ocks\u00e5 god kunskap om arbetsmarknaden.","og_url":"https:\/\/www.kompetensforetagen.se\/rekrytering-2\/","og_site_name":"Kompetensf\u00f6retagen","article_modified_time":"2023-07-10T09:25:40+00:00","og_image":[{"url":"https:\/\/www.kompetensforetagen.se\/app\/uploads\/sites\/5\/2023\/03\/Vit-pil-at-bada-hall.png","type":"","width":"","height":""}],"twitter_card":"summary_large_image","twitter_misc":{"Ber\u00e4knad l\u00e4stid":"2 minuter"},"schema":{"@context":"https:\/\/schema.org","@graph":[{"@type":"WebPage","@id":"https:\/\/www.kompetensforetagen.se\/rekrytering-2\/","url":"https:\/\/www.kompetensforetagen.se\/rekrytering-2\/","name":"Rekrytering - r\u00e4tt person p\u00e5 r\u00e4tt jobb kan f\u00f6r\u00e4ndra v\u00e4rlden","isPartOf":{"@id":"https:\/\/www.kompetensforetagen.se\/#website"},"primaryImageOfPage":{"@id":"https:\/\/www.kompetensforetagen.se\/rekrytering-2\/#primaryimage"},"image":{"@id":"https:\/\/www.kompetensforetagen.se\/rekrytering-2\/#primaryimage"},"thumbnailUrl":"https:\/\/www.kompetensforetagen.se\/app\/uploads\/sites\/5\/2023\/03\/Vit-pil-at-bada-hall.png","datePublished":"2022-08-26T09:12:58+00:00","dateModified":"2023-07-10T09:25:40+00:00","description":"R\u00e4tt rekrytering \u00e4r viktig! F\u00f6rutom att rekryteringsf\u00f6retagen \u00e4r skickliga i sitt hantverk har de ocks\u00e5 god kunskap om arbetsmarknaden.","breadcrumb":{"@id":"https:\/\/www.kompetensforetagen.se\/rekrytering-2\/#breadcrumb"},"inLanguage":"sv-SE","potentialAction":[{"@type":"ReadAction","target":["https:\/\/www.kompetensforetagen.se\/rekrytering-2\/"]}]},{"@type":"ImageObject","inLanguage":"sv-SE","@id":"https:\/\/www.kompetensforetagen.se\/rekrytering-2\/#primaryimage","url":"https:\/\/www.kompetensforetagen.se\/app\/uploads\/sites\/5\/2023\/03\/Vit-pil-at-bada-hall.png","contentUrl":"https:\/\/www.kompetensforetagen.se\/app\/uploads\/sites\/5\/2023\/03\/Vit-pil-at-bada-hall.png","width":1018,"height":212,"caption":"Navigationspil f\u00f6r att bl\u00e4ddra bland tj\u00e4nster eller nyheter."},{"@type":"BreadcrumbList","@id":"https:\/\/www.kompetensforetagen.se\/rekrytering-2\/#breadcrumb","itemListElement":[{"@type":"ListItem","position":1,"name":"Home","item":"https:\/\/www.kompetensforetagen.se\/"},{"@type":"ListItem","position":2,"name":"Rekrytering"}]},{"@type":"WebSite","@id":"https:\/\/www.kompetensforetagen.se\/#website","url":"https:\/\/www.kompetensforetagen.se\/","name":"Kompetensf\u00f6retagen","description":"R\u00e4tt person p\u00e5 r\u00e4tt plats kan f\u00f6r\u00e4ndra v\u00e4rlden","publisher":{"@id":"https:\/\/www.kompetensforetagen.se\/#organization"},"potentialAction":[{"@type":"SearchAction","target":{"@type":"EntryPoint","urlTemplate":"https:\/\/www.kompetensforetagen.se\/?s={search_term_string}"},"query-input":{"@type":"PropertyValueSpecification","valueRequired":true,"valueName":"search_term_string"}}],"inLanguage":"sv-SE"},{"@type":"Organization","@id":"https:\/\/www.kompetensforetagen.se\/#organization","name":"Kompetensf\u00f6retagen","url":"https:\/\/www.kompetensforetagen.se\/","logo":{"@type":"ImageObject","inLanguage":"sv-SE","@id":"https:\/\/www.kompetensforetagen.se\/#\/schema\/logo\/image\/","url":"https:\/\/www.kompetensforetagen.se\/app\/uploads\/sites\/5\/2022\/10\/logga_svart.png","contentUrl":"https:\/\/www.kompetensforetagen.se\/app\/uploads\/sites\/5\/2022\/10\/logga_svart.png","width":752,"height":64,"caption":"Kompetensf\u00f6retagen"},"image":{"@id":"https:\/\/www.kompetensforetagen.se\/#\/schema\/logo\/image\/"},"sameAs":["https:\/\/www.linkedin.com\/company\/10540032\/"]}]}},"_links":{"self":[{"href":"https:\/\/www.kompetensforetagen.se\/api\/wp\/v2\/pages\/10033","targetHints":{"allow":["GET"]}}],"collection":[{"href":"https:\/\/www.kompetensforetagen.se\/api\/wp\/v2\/pages"}],"about":[{"href":"https:\/\/www.kompetensforetagen.se\/api\/wp\/v2\/types\/page"}],"author":[{"embeddable":true,"href":"https:\/\/www.kompetensforetagen.se\/api\/wp\/v2\/users\/6358"}],"replies":[{"embeddable":true,"href":"https:\/\/www.kompetensforetagen.se\/api\/wp\/v2\/comments?post=10033"}],"version-history":[{"count":8,"href":"https:\/\/www.kompetensforetagen.se\/api\/wp\/v2\/pages\/10033\/revisions"}],"predecessor-version":[{"id":14421,"href":"https:\/\/www.kompetensforetagen.se\/api\/wp\/v2\/pages\/10033\/revisions\/14421"}],"wp:attachment":[{"href":"https:\/\/www.kompetensforetagen.se\/api\/wp\/v2\/media?parent=10033"}],"wp:term":[{"taxonomy":"type","embeddable":true,"href":"https:\/\/www.kompetensforetagen.se\/api\/wp\/v2\/article_type?post=10033"},{"taxonomy":"agreement","embeddable":true,"href":"https:\/\/www.kompetensforetagen.se\/api\/wp\/v2\/agreement?post=10033"},{"taxonomy":"for-members","embeddable":true,"href":"https:\/\/www.kompetensforetagen.se\/api\/wp\/v2\/for-members?post=10033"}],"curies":[{"name":"wp","href":"https:\/\/api.w.org\/{rel}","templated":true}]}}