{"id":17636,"date":"2024-06-20T09:13:17","date_gmt":"2024-06-20T07:13:17","guid":{"rendered":"https:\/\/www.kompetensforetagen.se\/app\/uploads\/sites\/5\/2024\/06\/Norra-Sverige-behover-kompetens-3.png"},"modified":"2024-06-20T09:13:32","modified_gmt":"2024-06-20T07:13:32","slug":"norra-sverige-behover-kompetens-3","status":"inherit","type":"attachment","link":"https:\/\/www.kompetensforetagen.se\/rapport\/norra-sverige-behover-kompetens\/kapitelsida\/akut-kompetensbrist\/clara-emmoth-talga-group\/norra-sverige-behover-kompetens-3\/","title":{"rendered":"Clara Emmoth &#8211; Talga Group"},"author":14830,"featured_media":0,"comment_status":"closed","ping_status":"closed","template":"","meta":{"_acf_changed":false},"class_list":["post-17636","attachment","type-attachment","status-inherit","hentry"],"acf":[],"yoast_head":"<!-- This site is optimized with the Yoast SEO Premium plugin v26.8 (Yoast SEO v26.8) - https:\/\/yoast.com\/product\/yoast-seo-premium-wordpress\/ -->\n<title>Clara Emmoth - Talga Group - Kompetensf\u00f6retagen<\/title>\n<meta name=\"robots\" content=\"index, follow, max-snippet:-1, max-image-preview:large, max-video-preview:-1\" \/>\n<link rel=\"canonical\" href=\"https:\/\/www.kompetensforetagen.se\/app\/uploads\/sites\/5\/2024\/06\/Norra-Sverige-behover-kompetens-3.png\" \/>\n<meta property=\"og:locale\" content=\"sv_SE\" \/>\n<meta property=\"og:type\" content=\"article\" \/>\n<meta property=\"og:title\" content=\"Clara Emmoth - Talga Group - Kompetensf\u00f6retagen\" \/>\n<meta property=\"og:url\" content=\"https:\/\/www.kompetensforetagen.se\/app\/uploads\/sites\/5\/2024\/06\/Norra-Sverige-behover-kompetens-3.png\" \/>\n<meta property=\"og:site_name\" content=\"Kompetensf\u00f6retagen\" \/>\n<meta property=\"article:modified_time\" content=\"2024-06-20T07:13:32+00:00\" \/>\n<meta property=\"og:image\" content=\"https:\/\/www.kompetensforetagen.se\/app\/uploads\/sites\/5\/2024\/06\/Norra-Sverige-behover-kompetens-3.png\" \/>\n\t<meta property=\"og:image:width\" content=\"1080\" \/>\n\t<meta property=\"og:image:height\" content=\"1080\" \/>\n\t<meta property=\"og:image:type\" content=\"image\/png\" \/>\n<meta name=\"twitter:card\" content=\"summary_large_image\" \/>\n<script type=\"application\/ld+json\" class=\"yoast-schema-graph\">{\"@context\":\"https:\/\/schema.org\",\"@graph\":[{\"@type\":\"WebPage\",\"@id\":\"https:\/\/www.kompetensforetagen.se\/app\/uploads\/sites\/5\/2024\/06\/Norra-Sverige-behover-kompetens-3.png\",\"url\":\"https:\/\/www.kompetensforetagen.se\/app\/uploads\/sites\/5\/2024\/06\/Norra-Sverige-behover-kompetens-3.png\",\"name\":\"Clara Emmoth - Talga Group - Kompetensf\u00f6retagen\",\"isPartOf\":{\"@id\":\"https:\/\/www.kompetensforetagen.se\/#website\"},\"datePublished\":\"2024-06-20T07:13:17+00:00\",\"dateModified\":\"2024-06-20T07:13:32+00:00\",\"breadcrumb\":{\"@id\":\"https:\/\/www.kompetensforetagen.se\/app\/uploads\/sites\/5\/2024\/06\/Norra-Sverige-behover-kompetens-3.png#breadcrumb\"},\"inLanguage\":\"sv-SE\",\"potentialAction\":[{\"@type\":\"ReadAction\",\"target\":[\"https:\/\/www.kompetensforetagen.se\/app\/uploads\/sites\/5\/2024\/06\/Norra-Sverige-behover-kompetens-3.png\"]}]},{\"@type\":\"BreadcrumbList\",\"@id\":\"https:\/\/www.kompetensforetagen.se\/app\/uploads\/sites\/5\/2024\/06\/Norra-Sverige-behover-kompetens-3.png#breadcrumb\",\"itemListElement\":[{\"@type\":\"ListItem\",\"position\":1,\"name\":\"Home\",\"item\":\"https:\/\/www.kompetensforetagen.se\/\"},{\"@type\":\"ListItem\",\"position\":2,\"name\":\"Norra Sverige beh\u00f6ver kompetens\",\"item\":\"https:\/\/www.kompetensforetagen.se\/rapport\/norra-sverige-behover-kompetens\/\"},{\"@type\":\"ListItem\",\"position\":3,\"name\":\"Kapitelsida\",\"item\":\"https:\/\/www.kompetensforetagen.se\/rapport\/norra-sverige-behover-kompetens\/kapitelsida\/\"},{\"@type\":\"ListItem\",\"position\":4,\"name\":\"Akut kompetens&shy;brist &#8211; akt\u00f6rerna ber\u00e4ttar\",\"item\":\"https:\/\/www.kompetensforetagen.se\/rapport\/norra-sverige-behover-kompetens\/kapitelsida\/akut-kompetensbrist\/\"},{\"@type\":\"ListItem\",\"position\":5,\"name\":\"Clara Emmoth &#8211; Talga Group\",\"item\":\"https:\/\/www.kompetensforetagen.se\/rapport\/norra-sverige-behover-kompetens\/kapitelsida\/akut-kompetensbrist\/clara-emmoth-talga-group\/\"},{\"@type\":\"ListItem\",\"position\":6,\"name\":\"Clara Emmoth &#8211; Talga Group\"}]},{\"@type\":\"WebSite\",\"@id\":\"https:\/\/www.kompetensforetagen.se\/#website\",\"url\":\"https:\/\/www.kompetensforetagen.se\/\",\"name\":\"Kompetensf\u00f6retagen\",\"description\":\"R\u00e4tt person p\u00e5 r\u00e4tt plats kan f\u00f6r\u00e4ndra v\u00e4rlden\",\"publisher\":{\"@id\":\"https:\/\/www.kompetensforetagen.se\/#organization\"},\"potentialAction\":[{\"@type\":\"SearchAction\",\"target\":{\"@type\":\"EntryPoint\",\"urlTemplate\":\"https:\/\/www.kompetensforetagen.se\/?s={search_term_string}\"},\"query-input\":{\"@type\":\"PropertyValueSpecification\",\"valueRequired\":true,\"valueName\":\"search_term_string\"}}],\"inLanguage\":\"sv-SE\"},{\"@type\":\"Organization\",\"@id\":\"https:\/\/www.kompetensforetagen.se\/#organization\",\"name\":\"Kompetensf\u00f6retagen\",\"url\":\"https:\/\/www.kompetensforetagen.se\/\",\"logo\":{\"@type\":\"ImageObject\",\"inLanguage\":\"sv-SE\",\"@id\":\"https:\/\/www.kompetensforetagen.se\/#\/schema\/logo\/image\/\",\"url\":\"https:\/\/www.kompetensforetagen.se\/app\/uploads\/sites\/5\/2022\/10\/logga_svart.png\",\"contentUrl\":\"https:\/\/www.kompetensforetagen.se\/app\/uploads\/sites\/5\/2022\/10\/logga_svart.png\",\"width\":752,\"height\":64,\"caption\":\"Kompetensf\u00f6retagen\"},\"image\":{\"@id\":\"https:\/\/www.kompetensforetagen.se\/#\/schema\/logo\/image\/\"},\"sameAs\":[\"https:\/\/www.linkedin.com\/company\/10540032\/\"]}]}<\/script>\n<!-- \/ Yoast SEO Premium plugin. -->","yoast_head_json":{"title":"Clara Emmoth - Talga Group - Kompetensf\u00f6retagen","robots":{"index":"index","follow":"follow","max-snippet":"max-snippet:-1","max-image-preview":"max-image-preview:large","max-video-preview":"max-video-preview:-1"},"canonical":"https:\/\/www.kompetensforetagen.se\/app\/uploads\/sites\/5\/2024\/06\/Norra-Sverige-behover-kompetens-3.png","og_locale":"sv_SE","og_type":"article","og_title":"Clara Emmoth - Talga Group - Kompetensf\u00f6retagen","og_url":"https:\/\/www.kompetensforetagen.se\/app\/uploads\/sites\/5\/2024\/06\/Norra-Sverige-behover-kompetens-3.png","og_site_name":"Kompetensf\u00f6retagen","article_modified_time":"2024-06-20T07:13:32+00:00","og_image":[{"width":1080,"height":1080,"url":"https:\/\/www.kompetensforetagen.se\/app\/uploads\/sites\/5\/2024\/06\/Norra-Sverige-behover-kompetens-3.png","type":"image\/png"}],"twitter_card":"summary_large_image","schema":{"@context":"https:\/\/schema.org","@graph":[{"@type":"WebPage","@id":"https:\/\/www.kompetensforetagen.se\/app\/uploads\/sites\/5\/2024\/06\/Norra-Sverige-behover-kompetens-3.png","url":"https:\/\/www.kompetensforetagen.se\/app\/uploads\/sites\/5\/2024\/06\/Norra-Sverige-behover-kompetens-3.png","name":"Clara Emmoth - Talga Group - Kompetensf\u00f6retagen","isPartOf":{"@id":"https:\/\/www.kompetensforetagen.se\/#website"},"datePublished":"2024-06-20T07:13:17+00:00","dateModified":"2024-06-20T07:13:32+00:00","breadcrumb":{"@id":"https:\/\/www.kompetensforetagen.se\/app\/uploads\/sites\/5\/2024\/06\/Norra-Sverige-behover-kompetens-3.png#breadcrumb"},"inLanguage":"sv-SE","potentialAction":[{"@type":"ReadAction","target":["https:\/\/www.kompetensforetagen.se\/app\/uploads\/sites\/5\/2024\/06\/Norra-Sverige-behover-kompetens-3.png"]}]},{"@type":"BreadcrumbList","@id":"https:\/\/www.kompetensforetagen.se\/app\/uploads\/sites\/5\/2024\/06\/Norra-Sverige-behover-kompetens-3.png#breadcrumb","itemListElement":[{"@type":"ListItem","position":1,"name":"Home","item":"https:\/\/www.kompetensforetagen.se\/"},{"@type":"ListItem","position":2,"name":"Norra Sverige beh\u00f6ver kompetens","item":"https:\/\/www.kompetensforetagen.se\/rapport\/norra-sverige-behover-kompetens\/"},{"@type":"ListItem","position":3,"name":"Kapitelsida","item":"https:\/\/www.kompetensforetagen.se\/rapport\/norra-sverige-behover-kompetens\/kapitelsida\/"},{"@type":"ListItem","position":4,"name":"Akut kompetens&shy;brist &#8211; akt\u00f6rerna ber\u00e4ttar","item":"https:\/\/www.kompetensforetagen.se\/rapport\/norra-sverige-behover-kompetens\/kapitelsida\/akut-kompetensbrist\/"},{"@type":"ListItem","position":5,"name":"Clara Emmoth &#8211; Talga Group","item":"https:\/\/www.kompetensforetagen.se\/rapport\/norra-sverige-behover-kompetens\/kapitelsida\/akut-kompetensbrist\/clara-emmoth-talga-group\/"},{"@type":"ListItem","position":6,"name":"Clara Emmoth &#8211; Talga Group"}]},{"@type":"WebSite","@id":"https:\/\/www.kompetensforetagen.se\/#website","url":"https:\/\/www.kompetensforetagen.se\/","name":"Kompetensf\u00f6retagen","description":"R\u00e4tt person p\u00e5 r\u00e4tt plats kan f\u00f6r\u00e4ndra v\u00e4rlden","publisher":{"@id":"https:\/\/www.kompetensforetagen.se\/#organization"},"potentialAction":[{"@type":"SearchAction","target":{"@type":"EntryPoint","urlTemplate":"https:\/\/www.kompetensforetagen.se\/?s={search_term_string}"},"query-input":{"@type":"PropertyValueSpecification","valueRequired":true,"valueName":"search_term_string"}}],"inLanguage":"sv-SE"},{"@type":"Organization","@id":"https:\/\/www.kompetensforetagen.se\/#organization","name":"Kompetensf\u00f6retagen","url":"https:\/\/www.kompetensforetagen.se\/","logo":{"@type":"ImageObject","inLanguage":"sv-SE","@id":"https:\/\/www.kompetensforetagen.se\/#\/schema\/logo\/image\/","url":"https:\/\/www.kompetensforetagen.se\/app\/uploads\/sites\/5\/2022\/10\/logga_svart.png","contentUrl":"https:\/\/www.kompetensforetagen.se\/app\/uploads\/sites\/5\/2022\/10\/logga_svart.png","width":752,"height":64,"caption":"Kompetensf\u00f6retagen"},"image":{"@id":"https:\/\/www.kompetensforetagen.se\/#\/schema\/logo\/image\/"},"sameAs":["https:\/\/www.linkedin.com\/company\/10540032\/"]}]}},"description":{"rendered":"<p class=\"attachment\"><a href='https:\/\/www.kompetensforetagen.se\/app\/uploads\/sites\/5\/2024\/06\/Norra-Sverige-behover-kompetens-3.png'><img loading=\"lazy\" decoding=\"async\" width=\"580\" height=\"580\" src=\"https:\/\/www.kompetensforetagen.se\/app\/uploads\/sites\/5\/2024\/06\/Norra-Sverige-behover-kompetens-3-580x580.png\" class=\"attachment-medium size-medium\" alt=\"\" srcset=\"https:\/\/www.kompetensforetagen.se\/app\/uploads\/sites\/5\/2024\/06\/Norra-Sverige-behover-kompetens-3-580x580.png 580w, https:\/\/www.kompetensforetagen.se\/app\/uploads\/sites\/5\/2024\/06\/Norra-Sverige-behover-kompetens-3-380x380.png 380w, https:\/\/www.kompetensforetagen.se\/app\/uploads\/sites\/5\/2024\/06\/Norra-Sverige-behover-kompetens-3-768x768.png 768w, https:\/\/www.kompetensforetagen.se\/app\/uploads\/sites\/5\/2024\/06\/Norra-Sverige-behover-kompetens-3-600x600.png 600w, https:\/\/www.kompetensforetagen.se\/app\/uploads\/sites\/5\/2024\/06\/Norra-Sverige-behover-kompetens-3-100x100.png 100w, https:\/\/www.kompetensforetagen.se\/app\/uploads\/sites\/5\/2024\/06\/Norra-Sverige-behover-kompetens-3.png 1080w\" sizes=\"auto, (max-width: 580px) 100vw, 580px\" \/><\/a><\/p>\n"},"caption":{"rendered":""},"alt_text":"","media_type":"image","mime_type":"image\/png","media_details":{"width":1080,"height":1080,"file":"2024\/06\/Norra-Sverige-behover-kompetens-3.png","filesize":1064566,"sizes":{"medium":{"file":"Norra-Sverige-behover-kompetens-3-580x580.png","width":580,"height":580,"filesize":269539,"mime_type":"image\/png","source_url":"https:\/\/www.kompetensforetagen.se\/app\/uploads\/sites\/5\/2024\/06\/Norra-Sverige-behover-kompetens-3-580x580.png"},"thumbnail":{"file":"Norra-Sverige-behover-kompetens-3-380x380.png","width":380,"height":380,"filesize":129741,"mime_type":"image\/png","source_url":"https:\/\/www.kompetensforetagen.se\/app\/uploads\/sites\/5\/2024\/06\/Norra-Sverige-behover-kompetens-3-380x380.png"},"medium_large":{"file":"Norra-Sverige-behover-kompetens-3-768x768.png","width":768,"height":768,"filesize":436595,"mime_type":"image\/png","source_url":"https:\/\/www.kompetensforetagen.se\/app\/uploads\/sites\/5\/2024\/06\/Norra-Sverige-behover-kompetens-3-768x768.png"},"woocommerce_thumbnail":{"file":"Norra-Sverige-behover-kompetens-3-300x225.png","width":300,"height":225,"filesize":76312,"uncropped":false,"mime_type":"image\/png","source_url":"https:\/\/www.kompetensforetagen.se\/app\/uploads\/sites\/5\/2024\/06\/Norra-Sverige-behover-kompetens-3-300x225.png"},"woocommerce_single":{"file":"Norra-Sverige-behover-kompetens-3-600x600.png","width":600,"height":600,"filesize":284735,"mime_type":"image\/png","source_url":"https:\/\/www.kompetensforetagen.se\/app\/uploads\/sites\/5\/2024\/06\/Norra-Sverige-behover-kompetens-3-600x600.png"},"woocommerce_gallery_thumbnail":{"file":"Norra-Sverige-behover-kompetens-3-100x100.png","width":100,"height":100,"filesize":13740,"mime_type":"image\/png","source_url":"https:\/\/www.kompetensforetagen.se\/app\/uploads\/sites\/5\/2024\/06\/Norra-Sverige-behover-kompetens-3-100x100.png"},"full":{"file":"Norra-Sverige-behover-kompetens-3.png","width":1080,"height":1080,"mime_type":"image\/png","source_url":"https:\/\/www.kompetensforetagen.se\/app\/uploads\/sites\/5\/2024\/06\/Norra-Sverige-behover-kompetens-3.png"}},"image_meta":{"aperture":"0","credit":"","camera":"","caption":"","created_timestamp":"0","copyright":"","focal_length":"0","iso":"0","shutter_speed":"0","title":"","orientation":"0","keywords":[]}},"post":17519,"source_url":"https:\/\/www.kompetensforetagen.se\/app\/uploads\/sites\/5\/2024\/06\/Norra-Sverige-behover-kompetens-3.png","_links":{"self":[{"href":"https:\/\/www.kompetensforetagen.se\/api\/wp\/v2\/media\/17636","targetHints":{"allow":["GET"]}}],"collection":[{"href":"https:\/\/www.kompetensforetagen.se\/api\/wp\/v2\/media"}],"about":[{"href":"https:\/\/www.kompetensforetagen.se\/api\/wp\/v2\/types\/attachment"}],"author":[{"embeddable":true,"href":"https:\/\/www.kompetensforetagen.se\/api\/wp\/v2\/users\/14830"}],"replies":[{"embeddable":true,"href":"https:\/\/www.kompetensforetagen.se\/api\/wp\/v2\/comments?post=17636"}],"wp:attached-to":[{"embeddable":true,"post_type":"forbund_report","id":17519,"href":"https:\/\/www.kompetensforetagen.se\/api\/wp\/v2\/forbund_report\/17519"}],"curies":[{"name":"wp","href":"https:\/\/api.w.org\/{rel}","templated":true}]}}