{"id":20170,"date":"2025-06-03T13:17:54","date_gmt":"2025-06-03T11:17:54","guid":{"rendered":"https:\/\/www.kompetensforetagen.se\/?post_type=forbund_report&#038;p=20170"},"modified":"2025-12-16T09:33:21","modified_gmt":"2025-12-16T08:33:21","slug":"kompetensbranschen-oppnar-arbetsmarknaden","status":"publish","type":"forbund_report","link":"https:\/\/www.kompetensforetagen.se\/rapport\/kompetensbranschen-oppnar-arbetsmarknaden\/","title":{"rendered":"N\u00e4r jobben finns, men matchningen saknas"},"content":{"rendered":"<div class=\"wp-block wp-block-core-paragraph\">\n<p>Hur kan Sverige b\u00e5de ha h\u00f6g arbetsl\u00f6shet och brist p\u00e5 kompetens i n\u00e4ringslivet? I den h\u00e4r rapporten vill vi ge insikter i vilka branscher som l\u00f6ser arbetsl\u00f6sheten och \u00f6verbygger kompetensglappet.<\/p>\n<\/div>","protected":false},"excerpt":{"rendered":"<p>Hur kan Sverige b\u00e5de ha h\u00f6g arbetsl\u00f6shet och brist p\u00e5 kompetens i n\u00e4ringslivet? I den h\u00e4r rapporten vill vi ge insikter i vilka branscher som l\u00f6ser arbetsl\u00f6sheten och \u00f6verbygger kompetensglappet.<\/p>\n","protected":false},"featured_media":20415,"parent":0,"menu_order":0,"template":"","report_category":[268],"class_list":["post-20170","forbund_report","type-forbund_report","status-publish","has-post-thumbnail","hentry","report_category-aktiv-arbetsmarknadspolitik"],"acf":[],"yoast_head":"<!-- This site is optimized with the Yoast SEO Premium plugin v26.8 (Yoast SEO v26.8) - https:\/\/yoast.com\/product\/yoast-seo-premium-wordpress\/ -->\n<title>N\u00e4r jobben finns, men matchningen saknas - Kompetensf\u00f6retagen<\/title>\n<meta name=\"description\" content=\"I den h\u00e4r rapporten unders\u00f6ker vi vilka branscher som l\u00f6ser arbetsl\u00f6sheten och \u00f6verbygger kompetensgapet p\u00e5 svensk arbetsmarknad.\" \/>\n<meta name=\"robots\" content=\"index, follow, max-snippet:-1, max-image-preview:large, max-video-preview:-1\" \/>\n<link rel=\"canonical\" href=\"https:\/\/www.kompetensforetagen.se\/rapport\/kompetensbranschen-oppnar-arbetsmarknaden\/\" \/>\n<meta property=\"og:locale\" content=\"sv_SE\" \/>\n<meta property=\"og:type\" content=\"article\" \/>\n<meta property=\"og:title\" content=\"N\u00e4r jobben finns, men matchningen saknas\" \/>\n<meta property=\"og:description\" content=\"I den h\u00e4r rapporten unders\u00f6ker vi vilka branscher som l\u00f6ser arbetsl\u00f6sheten och \u00f6verbygger kompetensgapet p\u00e5 svensk arbetsmarknad.\" \/>\n<meta property=\"og:url\" content=\"https:\/\/www.kompetensforetagen.se\/rapport\/kompetensbranschen-oppnar-arbetsmarknaden\/\" \/>\n<meta property=\"og:site_name\" content=\"Kompetensf\u00f6retagen\" \/>\n<meta property=\"article:modified_time\" content=\"2025-12-16T08:33:21+00:00\" \/>\n<meta property=\"og:image\" content=\"https:\/\/www.kompetensforetagen.se\/app\/uploads\/sites\/5\/2025\/06\/Bakgrund-rapport-Nar-jobben-finns-men-matchningen-saknas--1180x834.png\" \/>\n\t<meta property=\"og:image:width\" content=\"1180\" \/>\n\t<meta property=\"og:image:height\" content=\"834\" \/>\n\t<meta property=\"og:image:type\" content=\"image\/png\" \/>\n<meta name=\"twitter:card\" content=\"summary_large_image\" \/>\n<meta name=\"twitter:label1\" content=\"Ber\u00e4knad l\u00e4stid\" \/>\n\t<meta name=\"twitter:data1\" content=\"1 minut\" \/>\n<script type=\"application\/ld+json\" class=\"yoast-schema-graph\">{\"@context\":\"https:\/\/schema.org\",\"@graph\":[{\"@type\":\"WebPage\",\"@id\":\"https:\/\/www.kompetensforetagen.se\/rapport\/kompetensbranschen-oppnar-arbetsmarknaden\/\",\"url\":\"https:\/\/www.kompetensforetagen.se\/rapport\/kompetensbranschen-oppnar-arbetsmarknaden\/\",\"name\":\"N\u00e4r jobben finns, men matchningen saknas - Kompetensf\u00f6retagen\",\"isPartOf\":{\"@id\":\"https:\/\/www.kompetensforetagen.se\/#website\"},\"primaryImageOfPage\":{\"@id\":\"https:\/\/www.kompetensforetagen.se\/rapport\/kompetensbranschen-oppnar-arbetsmarknaden\/#primaryimage\"},\"image\":{\"@id\":\"https:\/\/www.kompetensforetagen.se\/rapport\/kompetensbranschen-oppnar-arbetsmarknaden\/#primaryimage\"},\"thumbnailUrl\":\"https:\/\/www.kompetensforetagen.se\/app\/uploads\/sites\/5\/2025\/06\/Bakgrund-rapport-Nar-jobben-finns-men-matchningen-saknas-.png\",\"datePublished\":\"2025-06-03T11:17:54+00:00\",\"dateModified\":\"2025-12-16T08:33:21+00:00\",\"description\":\"I den h\u00e4r rapporten unders\u00f6ker vi vilka branscher som l\u00f6ser arbetsl\u00f6sheten och \u00f6verbygger kompetensgapet p\u00e5 svensk arbetsmarknad.\",\"breadcrumb\":{\"@id\":\"https:\/\/www.kompetensforetagen.se\/rapport\/kompetensbranschen-oppnar-arbetsmarknaden\/#breadcrumb\"},\"inLanguage\":\"sv-SE\",\"potentialAction\":[{\"@type\":\"ReadAction\",\"target\":[\"https:\/\/www.kompetensforetagen.se\/rapport\/kompetensbranschen-oppnar-arbetsmarknaden\/\"]}]},{\"@type\":\"ImageObject\",\"inLanguage\":\"sv-SE\",\"@id\":\"https:\/\/www.kompetensforetagen.se\/rapport\/kompetensbranschen-oppnar-arbetsmarknaden\/#primaryimage\",\"url\":\"https:\/\/www.kompetensforetagen.se\/app\/uploads\/sites\/5\/2025\/06\/Bakgrund-rapport-Nar-jobben-finns-men-matchningen-saknas-.png\",\"contentUrl\":\"https:\/\/www.kompetensforetagen.se\/app\/uploads\/sites\/5\/2025\/06\/Bakgrund-rapport-Nar-jobben-finns-men-matchningen-saknas-.png\",\"width\":2000,\"height\":1414,\"caption\":\"Bakgrundsbild till rapporten \\\"N\u00e4r jobben finns men matchningen saknas\\\".\"},{\"@type\":\"BreadcrumbList\",\"@id\":\"https:\/\/www.kompetensforetagen.se\/rapport\/kompetensbranschen-oppnar-arbetsmarknaden\/#breadcrumb\",\"itemListElement\":[{\"@type\":\"ListItem\",\"position\":1,\"name\":\"Home\",\"item\":\"https:\/\/www.kompetensforetagen.se\/\"},{\"@type\":\"ListItem\",\"position\":2,\"name\":\"F\u00f6rbundsrapport\",\"item\":\"https:\/\/www.kompetensforetagen.se\/rapport\/\"},{\"@type\":\"ListItem\",\"position\":3,\"name\":\"N\u00e4r jobben finns, men matchningen saknas\"}]},{\"@type\":\"WebSite\",\"@id\":\"https:\/\/www.kompetensforetagen.se\/#website\",\"url\":\"https:\/\/www.kompetensforetagen.se\/\",\"name\":\"Kompetensf\u00f6retagen\",\"description\":\"R\u00e4tt person p\u00e5 r\u00e4tt plats kan f\u00f6r\u00e4ndra v\u00e4rlden\",\"publisher\":{\"@id\":\"https:\/\/www.kompetensforetagen.se\/#organization\"},\"potentialAction\":[{\"@type\":\"SearchAction\",\"target\":{\"@type\":\"EntryPoint\",\"urlTemplate\":\"https:\/\/www.kompetensforetagen.se\/?s={search_term_string}\"},\"query-input\":{\"@type\":\"PropertyValueSpecification\",\"valueRequired\":true,\"valueName\":\"search_term_string\"}}],\"inLanguage\":\"sv-SE\"},{\"@type\":\"Organization\",\"@id\":\"https:\/\/www.kompetensforetagen.se\/#organization\",\"name\":\"Kompetensf\u00f6retagen\",\"url\":\"https:\/\/www.kompetensforetagen.se\/\",\"logo\":{\"@type\":\"ImageObject\",\"inLanguage\":\"sv-SE\",\"@id\":\"https:\/\/www.kompetensforetagen.se\/#\/schema\/logo\/image\/\",\"url\":\"https:\/\/www.kompetensforetagen.se\/app\/uploads\/sites\/5\/2022\/10\/logga_svart.png\",\"contentUrl\":\"https:\/\/www.kompetensforetagen.se\/app\/uploads\/sites\/5\/2022\/10\/logga_svart.png\",\"width\":752,\"height\":64,\"caption\":\"Kompetensf\u00f6retagen\"},\"image\":{\"@id\":\"https:\/\/www.kompetensforetagen.se\/#\/schema\/logo\/image\/\"},\"sameAs\":[\"https:\/\/www.linkedin.com\/company\/10540032\/\"]}]}<\/script>\n<!-- \/ Yoast SEO Premium plugin. -->","yoast_head_json":{"title":"N\u00e4r jobben finns, men matchningen saknas - Kompetensf\u00f6retagen","description":"I den h\u00e4r rapporten unders\u00f6ker vi vilka branscher som l\u00f6ser arbetsl\u00f6sheten och \u00f6verbygger kompetensgapet p\u00e5 svensk arbetsmarknad.","robots":{"index":"index","follow":"follow","max-snippet":"max-snippet:-1","max-image-preview":"max-image-preview:large","max-video-preview":"max-video-preview:-1"},"canonical":"https:\/\/www.kompetensforetagen.se\/rapport\/kompetensbranschen-oppnar-arbetsmarknaden\/","og_locale":"sv_SE","og_type":"article","og_title":"N\u00e4r jobben finns, men matchningen saknas","og_description":"I den h\u00e4r rapporten unders\u00f6ker vi vilka branscher som l\u00f6ser arbetsl\u00f6sheten och \u00f6verbygger kompetensgapet p\u00e5 svensk arbetsmarknad.","og_url":"https:\/\/www.kompetensforetagen.se\/rapport\/kompetensbranschen-oppnar-arbetsmarknaden\/","og_site_name":"Kompetensf\u00f6retagen","article_modified_time":"2025-12-16T08:33:21+00:00","og_image":[{"width":1180,"height":834,"url":"https:\/\/www.kompetensforetagen.se\/app\/uploads\/sites\/5\/2025\/06\/Bakgrund-rapport-Nar-jobben-finns-men-matchningen-saknas--1180x834.png","type":"image\/png"}],"twitter_card":"summary_large_image","twitter_misc":{"Ber\u00e4knad l\u00e4stid":"1 minut"},"schema":{"@context":"https:\/\/schema.org","@graph":[{"@type":"WebPage","@id":"https:\/\/www.kompetensforetagen.se\/rapport\/kompetensbranschen-oppnar-arbetsmarknaden\/","url":"https:\/\/www.kompetensforetagen.se\/rapport\/kompetensbranschen-oppnar-arbetsmarknaden\/","name":"N\u00e4r jobben finns, men matchningen saknas - Kompetensf\u00f6retagen","isPartOf":{"@id":"https:\/\/www.kompetensforetagen.se\/#website"},"primaryImageOfPage":{"@id":"https:\/\/www.kompetensforetagen.se\/rapport\/kompetensbranschen-oppnar-arbetsmarknaden\/#primaryimage"},"image":{"@id":"https:\/\/www.kompetensforetagen.se\/rapport\/kompetensbranschen-oppnar-arbetsmarknaden\/#primaryimage"},"thumbnailUrl":"https:\/\/www.kompetensforetagen.se\/app\/uploads\/sites\/5\/2025\/06\/Bakgrund-rapport-Nar-jobben-finns-men-matchningen-saknas-.png","datePublished":"2025-06-03T11:17:54+00:00","dateModified":"2025-12-16T08:33:21+00:00","description":"I den h\u00e4r rapporten unders\u00f6ker vi vilka branscher som l\u00f6ser arbetsl\u00f6sheten och \u00f6verbygger kompetensgapet p\u00e5 svensk arbetsmarknad.","breadcrumb":{"@id":"https:\/\/www.kompetensforetagen.se\/rapport\/kompetensbranschen-oppnar-arbetsmarknaden\/#breadcrumb"},"inLanguage":"sv-SE","potentialAction":[{"@type":"ReadAction","target":["https:\/\/www.kompetensforetagen.se\/rapport\/kompetensbranschen-oppnar-arbetsmarknaden\/"]}]},{"@type":"ImageObject","inLanguage":"sv-SE","@id":"https:\/\/www.kompetensforetagen.se\/rapport\/kompetensbranschen-oppnar-arbetsmarknaden\/#primaryimage","url":"https:\/\/www.kompetensforetagen.se\/app\/uploads\/sites\/5\/2025\/06\/Bakgrund-rapport-Nar-jobben-finns-men-matchningen-saknas-.png","contentUrl":"https:\/\/www.kompetensforetagen.se\/app\/uploads\/sites\/5\/2025\/06\/Bakgrund-rapport-Nar-jobben-finns-men-matchningen-saknas-.png","width":2000,"height":1414,"caption":"Bakgrundsbild till rapporten \"N\u00e4r jobben finns men matchningen saknas\"."},{"@type":"BreadcrumbList","@id":"https:\/\/www.kompetensforetagen.se\/rapport\/kompetensbranschen-oppnar-arbetsmarknaden\/#breadcrumb","itemListElement":[{"@type":"ListItem","position":1,"name":"Home","item":"https:\/\/www.kompetensforetagen.se\/"},{"@type":"ListItem","position":2,"name":"F\u00f6rbundsrapport","item":"https:\/\/www.kompetensforetagen.se\/rapport\/"},{"@type":"ListItem","position":3,"name":"N\u00e4r jobben finns, men matchningen saknas"}]},{"@type":"WebSite","@id":"https:\/\/www.kompetensforetagen.se\/#website","url":"https:\/\/www.kompetensforetagen.se\/","name":"Kompetensf\u00f6retagen","description":"R\u00e4tt person p\u00e5 r\u00e4tt plats kan f\u00f6r\u00e4ndra v\u00e4rlden","publisher":{"@id":"https:\/\/www.kompetensforetagen.se\/#organization"},"potentialAction":[{"@type":"SearchAction","target":{"@type":"EntryPoint","urlTemplate":"https:\/\/www.kompetensforetagen.se\/?s={search_term_string}"},"query-input":{"@type":"PropertyValueSpecification","valueRequired":true,"valueName":"search_term_string"}}],"inLanguage":"sv-SE"},{"@type":"Organization","@id":"https:\/\/www.kompetensforetagen.se\/#organization","name":"Kompetensf\u00f6retagen","url":"https:\/\/www.kompetensforetagen.se\/","logo":{"@type":"ImageObject","inLanguage":"sv-SE","@id":"https:\/\/www.kompetensforetagen.se\/#\/schema\/logo\/image\/","url":"https:\/\/www.kompetensforetagen.se\/app\/uploads\/sites\/5\/2022\/10\/logga_svart.png","contentUrl":"https:\/\/www.kompetensforetagen.se\/app\/uploads\/sites\/5\/2022\/10\/logga_svart.png","width":752,"height":64,"caption":"Kompetensf\u00f6retagen"},"image":{"@id":"https:\/\/www.kompetensforetagen.se\/#\/schema\/logo\/image\/"},"sameAs":["https:\/\/www.linkedin.com\/company\/10540032\/"]}]}},"_links":{"self":[{"href":"https:\/\/www.kompetensforetagen.se\/api\/wp\/v2\/forbund_report\/20170","targetHints":{"allow":["GET"]}}],"collection":[{"href":"https:\/\/www.kompetensforetagen.se\/api\/wp\/v2\/forbund_report"}],"about":[{"href":"https:\/\/www.kompetensforetagen.se\/api\/wp\/v2\/types\/forbund_report"}],"wp:featuredmedia":[{"embeddable":true,"href":"https:\/\/www.kompetensforetagen.se\/api\/wp\/v2\/media\/20415"}],"wp:attachment":[{"href":"https:\/\/www.kompetensforetagen.se\/api\/wp\/v2\/media?parent=20170"}],"wp:term":[{"taxonomy":"report_category","embeddable":true,"href":"https:\/\/www.kompetensforetagen.se\/api\/wp\/v2\/report_category?post=20170"}],"curies":[{"name":"wp","href":"https:\/\/api.w.org\/{rel}","templated":true}]}}