{"id":19332,"date":"2025-01-30T16:13:49","date_gmt":"2025-01-30T15:13:49","guid":{"rendered":"https:\/\/www.kompetensforetagen.se\/rapport\/kompetensbranschen-2024-2\/kapitelsida\/#"},"modified":"2025-02-04T09:34:41","modified_gmt":"2025-02-04T08:34:41","slug":"9-behovs-verkligen-pub-avtal","status":"publish","type":"forbund_report","link":"https:\/\/www.kompetensforetagen.se\/rapport\/upphandlingsguide\/kapitelsida\/tolv_tips\/9-behovs-verkligen-pub-avtal\/","title":{"rendered":"8. Beh\u00f6vs verkligen PUB-avtal?"},"content":{"rendered":"\n<div class=\"wp-block-columns is-layout-flex wp-container-core-columns-is-layout-9d6595d7 wp-block-columns-is-layout-flex\">\n<div class=\"wp-block-column is-layout-flow wp-block-column-is-layout-flow\"><div class=\"wp-block wp-block-core-paragraph\">\n<p>Fundera b\u00e5de en och tv\u00e5 g\u00e5nger om ni beh\u00f6ver st\u00e4lla krav p\u00e5 PUB-avtal eller om det snarare finns risker med att \u00f6verreglera ett upphandlat avtal. \u00d6verreglering eller otydligheter kan leda till att leverant\u00f6rer v\u00e4ljer att avst\u00e5. Samma sak g\u00e4ller f\u00f6r l\u00e5ngtg\u00e5ende krav p\u00e5 \u00f6verf\u00f6ring av immateriella r\u00e4ttigheter. Beh\u00f6ver verkligen myndigheten r\u00e4ttigheterna exklusivt? Ofta \u00e4r icke-exklusiva r\u00e4ttigheter b\u00e4ttre d\u00e5 \u00e4ven andra myndigheter skulle kunna ta del av leverant\u00f6rernas utveckling.<\/p>\n<\/div><\/div>\n<\/div>\n","protected":false},"excerpt":{"rendered":"<p>Fundera b\u00e5de en och tv\u00e5 g\u00e5nger om ni beh\u00f6ver st\u00e4lla krav p\u00e5 PUB-avtal eller om det snarare finns risker med att \u00f6verreglera ett upphandlat avtal. \u00d6verreglering eller otydligheter kan leda till att leverant\u00f6rer v\u00e4ljer att &hellip;<\/p>\n","protected":false},"featured_media":0,"parent":19321,"menu_order":7,"template":"","report_category":[262],"class_list":["post-19332","forbund_report","type-forbund_report","status-publish","hentry","report_category-upphandling"],"acf":[],"yoast_head":"<!-- This site is optimized with the Yoast SEO Premium plugin v26.8 (Yoast SEO v26.8) - https:\/\/yoast.com\/product\/yoast-seo-premium-wordpress\/ -->\n<title>8. Beh\u00f6vs verkligen PUB-avtal? - Kompetensf\u00f6retagen<\/title>\n<meta name=\"robots\" content=\"index, follow, max-snippet:-1, max-image-preview:large, max-video-preview:-1\" \/>\n<link rel=\"canonical\" href=\"https:\/\/www.kompetensforetagen.se\/rapport\/upphandlingsguide\/kapitelsida\/\" \/>\n<meta property=\"og:locale\" content=\"sv_SE\" \/>\n<meta property=\"og:type\" content=\"article\" \/>\n<meta property=\"og:title\" content=\"8. Beh\u00f6vs verkligen PUB-avtal?\" \/>\n<meta property=\"og:description\" content=\"Fundera b\u00e5de en och tv\u00e5 g\u00e5nger om ni beh\u00f6ver st\u00e4lla krav p\u00e5 PUB-avtal eller om det snarare finns risker med att \u00f6verreglera ett upphandlat avtal. \u00d6verreglering eller otydligheter kan leda till att leverant\u00f6rer v\u00e4ljer att &hellip;\" \/>\n<meta property=\"og:url\" content=\"https:\/\/www.kompetensforetagen.se\/rapport\/upphandlingsguide\/kapitelsida\/\" \/>\n<meta property=\"og:site_name\" content=\"Kompetensf\u00f6retagen\" \/>\n<meta property=\"article:modified_time\" content=\"2025-02-04T08:34:41+00:00\" \/>\n<meta name=\"twitter:card\" content=\"summary_large_image\" \/>\n<meta name=\"twitter:label1\" content=\"Ber\u00e4knad l\u00e4stid\" \/>\n\t<meta name=\"twitter:data1\" content=\"1 minut\" \/>\n<script type=\"application\/ld+json\" class=\"yoast-schema-graph\">{\"@context\":\"https:\/\/schema.org\",\"@graph\":[{\"@type\":\"WebPage\",\"@id\":\"https:\/\/www.kompetensforetagen.se\/rapport\/upphandlingsguide\/kapitelsida\/\",\"url\":\"https:\/\/www.kompetensforetagen.se\/rapport\/upphandlingsguide\/kapitelsida\/\",\"name\":\"8. Beh\u00f6vs verkligen PUB-avtal? - Kompetensf\u00f6retagen\",\"isPartOf\":{\"@id\":\"https:\/\/www.kompetensforetagen.se\/#website\"},\"datePublished\":\"2025-01-30T15:13:49+00:00\",\"dateModified\":\"2025-02-04T08:34:41+00:00\",\"breadcrumb\":{\"@id\":\"https:\/\/www.kompetensforetagen.se\/rapport\/upphandlingsguide\/kapitelsida\/#breadcrumb\"},\"inLanguage\":\"sv-SE\",\"potentialAction\":[{\"@type\":\"ReadAction\",\"target\":[\"https:\/\/www.kompetensforetagen.se\/rapport\/upphandlingsguide\/kapitelsida\/\"]}]},{\"@type\":\"BreadcrumbList\",\"@id\":\"https:\/\/www.kompetensforetagen.se\/rapport\/upphandlingsguide\/kapitelsida\/#breadcrumb\",\"itemListElement\":[{\"@type\":\"ListItem\",\"position\":1,\"name\":\"Home\",\"item\":\"https:\/\/www.kompetensforetagen.se\/\"},{\"@type\":\"ListItem\",\"position\":2,\"name\":\"F\u00f6rbundsrapport\",\"item\":\"https:\/\/www.kompetensforetagen.se\/rapport\/\"},{\"@type\":\"ListItem\",\"position\":3,\"name\":\"Bli en b\u00e4ttre upphandlare av kompetenstj\u00e4nster\",\"item\":\"https:\/\/www.kompetensforetagen.se\/rapport\/upphandlingsguide\/\"},{\"@type\":\"ListItem\",\"position\":4,\"name\":\"Kapitelsida\",\"item\":\"https:\/\/www.kompetensforetagen.se\/rapport\/upphandlingsguide\/kapitelsida\/\"},{\"@type\":\"ListItem\",\"position\":5,\"name\":\"Elva tips f\u00f6r att bli en bra best\u00e4llare\",\"item\":\"https:\/\/www.kompetensforetagen.se\/rapport\/upphandlingsguide\/kapitelsida\/tolv_tips\/\"},{\"@type\":\"ListItem\",\"position\":6,\"name\":\"8. Beh\u00f6vs verkligen PUB-avtal?\"}]},{\"@type\":\"WebSite\",\"@id\":\"https:\/\/www.kompetensforetagen.se\/#website\",\"url\":\"https:\/\/www.kompetensforetagen.se\/\",\"name\":\"Kompetensf\u00f6retagen\",\"description\":\"R\u00e4tt person p\u00e5 r\u00e4tt plats kan f\u00f6r\u00e4ndra v\u00e4rlden\",\"publisher\":{\"@id\":\"https:\/\/www.kompetensforetagen.se\/#organization\"},\"potentialAction\":[{\"@type\":\"SearchAction\",\"target\":{\"@type\":\"EntryPoint\",\"urlTemplate\":\"https:\/\/www.kompetensforetagen.se\/?s={search_term_string}\"},\"query-input\":{\"@type\":\"PropertyValueSpecification\",\"valueRequired\":true,\"valueName\":\"search_term_string\"}}],\"inLanguage\":\"sv-SE\"},{\"@type\":\"Organization\",\"@id\":\"https:\/\/www.kompetensforetagen.se\/#organization\",\"name\":\"Kompetensf\u00f6retagen\",\"url\":\"https:\/\/www.kompetensforetagen.se\/\",\"logo\":{\"@type\":\"ImageObject\",\"inLanguage\":\"sv-SE\",\"@id\":\"https:\/\/www.kompetensforetagen.se\/#\/schema\/logo\/image\/\",\"url\":\"https:\/\/www.kompetensforetagen.se\/app\/uploads\/sites\/5\/2022\/10\/logga_svart.png\",\"contentUrl\":\"https:\/\/www.kompetensforetagen.se\/app\/uploads\/sites\/5\/2022\/10\/logga_svart.png\",\"width\":752,\"height\":64,\"caption\":\"Kompetensf\u00f6retagen\"},\"image\":{\"@id\":\"https:\/\/www.kompetensforetagen.se\/#\/schema\/logo\/image\/\"},\"sameAs\":[\"https:\/\/www.linkedin.com\/company\/10540032\/\"]}]}<\/script>\n<!-- \/ Yoast SEO Premium plugin. -->","yoast_head_json":{"title":"8. Beh\u00f6vs verkligen PUB-avtal? - Kompetensf\u00f6retagen","robots":{"index":"index","follow":"follow","max-snippet":"max-snippet:-1","max-image-preview":"max-image-preview:large","max-video-preview":"max-video-preview:-1"},"canonical":"https:\/\/www.kompetensforetagen.se\/rapport\/upphandlingsguide\/kapitelsida\/","og_locale":"sv_SE","og_type":"article","og_title":"8. Beh\u00f6vs verkligen PUB-avtal?","og_description":"Fundera b\u00e5de en och tv\u00e5 g\u00e5nger om ni beh\u00f6ver st\u00e4lla krav p\u00e5 PUB-avtal eller om det snarare finns risker med att \u00f6verreglera ett upphandlat avtal. \u00d6verreglering eller otydligheter kan leda till att leverant\u00f6rer v\u00e4ljer att &hellip;","og_url":"https:\/\/www.kompetensforetagen.se\/rapport\/upphandlingsguide\/kapitelsida\/","og_site_name":"Kompetensf\u00f6retagen","article_modified_time":"2025-02-04T08:34:41+00:00","twitter_card":"summary_large_image","twitter_misc":{"Ber\u00e4knad l\u00e4stid":"1 minut"},"schema":{"@context":"https:\/\/schema.org","@graph":[{"@type":"WebPage","@id":"https:\/\/www.kompetensforetagen.se\/rapport\/upphandlingsguide\/kapitelsida\/","url":"https:\/\/www.kompetensforetagen.se\/rapport\/upphandlingsguide\/kapitelsida\/","name":"8. Beh\u00f6vs verkligen PUB-avtal? - Kompetensf\u00f6retagen","isPartOf":{"@id":"https:\/\/www.kompetensforetagen.se\/#website"},"datePublished":"2025-01-30T15:13:49+00:00","dateModified":"2025-02-04T08:34:41+00:00","breadcrumb":{"@id":"https:\/\/www.kompetensforetagen.se\/rapport\/upphandlingsguide\/kapitelsida\/#breadcrumb"},"inLanguage":"sv-SE","potentialAction":[{"@type":"ReadAction","target":["https:\/\/www.kompetensforetagen.se\/rapport\/upphandlingsguide\/kapitelsida\/"]}]},{"@type":"BreadcrumbList","@id":"https:\/\/www.kompetensforetagen.se\/rapport\/upphandlingsguide\/kapitelsida\/#breadcrumb","itemListElement":[{"@type":"ListItem","position":1,"name":"Home","item":"https:\/\/www.kompetensforetagen.se\/"},{"@type":"ListItem","position":2,"name":"F\u00f6rbundsrapport","item":"https:\/\/www.kompetensforetagen.se\/rapport\/"},{"@type":"ListItem","position":3,"name":"Bli en b\u00e4ttre upphandlare av kompetenstj\u00e4nster","item":"https:\/\/www.kompetensforetagen.se\/rapport\/upphandlingsguide\/"},{"@type":"ListItem","position":4,"name":"Kapitelsida","item":"https:\/\/www.kompetensforetagen.se\/rapport\/upphandlingsguide\/kapitelsida\/"},{"@type":"ListItem","position":5,"name":"Elva tips f\u00f6r att bli en bra best\u00e4llare","item":"https:\/\/www.kompetensforetagen.se\/rapport\/upphandlingsguide\/kapitelsida\/tolv_tips\/"},{"@type":"ListItem","position":6,"name":"8. Beh\u00f6vs verkligen PUB-avtal?"}]},{"@type":"WebSite","@id":"https:\/\/www.kompetensforetagen.se\/#website","url":"https:\/\/www.kompetensforetagen.se\/","name":"Kompetensf\u00f6retagen","description":"R\u00e4tt person p\u00e5 r\u00e4tt plats kan f\u00f6r\u00e4ndra v\u00e4rlden","publisher":{"@id":"https:\/\/www.kompetensforetagen.se\/#organization"},"potentialAction":[{"@type":"SearchAction","target":{"@type":"EntryPoint","urlTemplate":"https:\/\/www.kompetensforetagen.se\/?s={search_term_string}"},"query-input":{"@type":"PropertyValueSpecification","valueRequired":true,"valueName":"search_term_string"}}],"inLanguage":"sv-SE"},{"@type":"Organization","@id":"https:\/\/www.kompetensforetagen.se\/#organization","name":"Kompetensf\u00f6retagen","url":"https:\/\/www.kompetensforetagen.se\/","logo":{"@type":"ImageObject","inLanguage":"sv-SE","@id":"https:\/\/www.kompetensforetagen.se\/#\/schema\/logo\/image\/","url":"https:\/\/www.kompetensforetagen.se\/app\/uploads\/sites\/5\/2022\/10\/logga_svart.png","contentUrl":"https:\/\/www.kompetensforetagen.se\/app\/uploads\/sites\/5\/2022\/10\/logga_svart.png","width":752,"height":64,"caption":"Kompetensf\u00f6retagen"},"image":{"@id":"https:\/\/www.kompetensforetagen.se\/#\/schema\/logo\/image\/"},"sameAs":["https:\/\/www.linkedin.com\/company\/10540032\/"]}]}},"_links":{"self":[{"href":"https:\/\/www.kompetensforetagen.se\/api\/wp\/v2\/forbund_report\/19332","targetHints":{"allow":["GET"]}}],"collection":[{"href":"https:\/\/www.kompetensforetagen.se\/api\/wp\/v2\/forbund_report"}],"about":[{"href":"https:\/\/www.kompetensforetagen.se\/api\/wp\/v2\/types\/forbund_report"}],"up":[{"embeddable":true,"href":"https:\/\/www.kompetensforetagen.se\/api\/wp\/v2\/forbund_report\/19321"}],"wp:attachment":[{"href":"https:\/\/www.kompetensforetagen.se\/api\/wp\/v2\/media?parent=19332"}],"wp:term":[{"taxonomy":"report_category","embeddable":true,"href":"https:\/\/www.kompetensforetagen.se\/api\/wp\/v2\/report_category?post=19332"}],"curies":[{"name":"wp","href":"https:\/\/api.w.org\/{rel}","templated":true}]}}