{"id":19331,"date":"2025-01-30T16:12:55","date_gmt":"2025-01-30T15:12:55","guid":{"rendered":"https:\/\/www.kompetensforetagen.se\/rapport\/kompetensbranschen-2024-2\/kapitelsida\/#"},"modified":"2025-03-03T13:57:37","modified_gmt":"2025-03-03T12:57:37","slug":"8-aterkoppla-alla-anbud","status":"publish","type":"forbund_report","link":"https:\/\/www.kompetensforetagen.se\/rapport\/upphandlingsguide\/kapitelsida\/tolv_tips\/8-aterkoppla-alla-anbud\/","title":{"rendered":"7. \u00c5terkoppla alla anbud"},"content":{"rendered":"\n<div class=\"wp-block-columns is-layout-flex wp-container-core-columns-is-layout-9d6595d7 wp-block-columns-is-layout-flex\">\n<div class=\"wp-block-column is-layout-flow wp-block-column-is-layout-flow\"><div class=\"wp-block wp-block-core-paragraph\">\n<p>Ta er tid att \u00e5terkoppla till alla leverant\u00f6rer som har l\u00e4mnat anbud. Erbjud m\u00f6jligheten att tr\u00e4ffas f\u00f6r att ge muntlig \u00e5terkoppling.<\/p>\n<\/div><\/div>\n<\/div>\n","protected":false},"excerpt":{"rendered":"<p>Ta er tid att \u00e5terkoppla till alla leverant\u00f6rer som har l\u00e4mnat anbud. Erbjud m\u00f6jligheten att tr\u00e4ffas f\u00f6r att ge muntlig \u00e5terkoppling.<\/p>\n","protected":false},"featured_media":0,"parent":19321,"menu_order":6,"template":"","report_category":[262],"class_list":["post-19331","forbund_report","type-forbund_report","status-publish","hentry","report_category-upphandling"],"acf":[],"yoast_head":"<!-- This site is optimized with the Yoast SEO Premium plugin v26.8 (Yoast SEO v26.8) - https:\/\/yoast.com\/product\/yoast-seo-premium-wordpress\/ -->\n<title>7. \u00c5terkoppla alla anbud - Kompetensf\u00f6retagen<\/title>\n<meta name=\"robots\" content=\"index, follow, max-snippet:-1, max-image-preview:large, max-video-preview:-1\" \/>\n<link rel=\"canonical\" href=\"https:\/\/www.kompetensforetagen.se\/rapport\/upphandlingsguide\/kapitelsida\/\" \/>\n<meta property=\"og:locale\" content=\"sv_SE\" \/>\n<meta property=\"og:type\" content=\"article\" \/>\n<meta property=\"og:title\" content=\"7. \u00c5terkoppla alla anbud\" \/>\n<meta property=\"og:description\" content=\"Ta er tid att \u00e5terkoppla till alla leverant\u00f6rer som har l\u00e4mnat anbud. Erbjud m\u00f6jligheten att tr\u00e4ffas f\u00f6r att ge muntlig \u00e5terkoppling.\" \/>\n<meta property=\"og:url\" content=\"https:\/\/www.kompetensforetagen.se\/rapport\/upphandlingsguide\/kapitelsida\/\" \/>\n<meta property=\"og:site_name\" content=\"Kompetensf\u00f6retagen\" \/>\n<meta property=\"article:modified_time\" content=\"2025-03-03T12:57:37+00:00\" \/>\n<meta name=\"twitter:card\" content=\"summary_large_image\" \/>\n<meta name=\"twitter:label1\" content=\"Ber\u00e4knad l\u00e4stid\" \/>\n\t<meta name=\"twitter:data1\" content=\"1 minut\" \/>\n<script type=\"application\/ld+json\" class=\"yoast-schema-graph\">{\"@context\":\"https:\/\/schema.org\",\"@graph\":[{\"@type\":\"WebPage\",\"@id\":\"https:\/\/www.kompetensforetagen.se\/rapport\/upphandlingsguide\/kapitelsida\/\",\"url\":\"https:\/\/www.kompetensforetagen.se\/rapport\/upphandlingsguide\/kapitelsida\/\",\"name\":\"7. \u00c5terkoppla alla anbud - Kompetensf\u00f6retagen\",\"isPartOf\":{\"@id\":\"https:\/\/www.kompetensforetagen.se\/#website\"},\"datePublished\":\"2025-01-30T15:12:55+00:00\",\"dateModified\":\"2025-03-03T12:57:37+00:00\",\"breadcrumb\":{\"@id\":\"https:\/\/www.kompetensforetagen.se\/rapport\/upphandlingsguide\/kapitelsida\/#breadcrumb\"},\"inLanguage\":\"sv-SE\",\"potentialAction\":[{\"@type\":\"ReadAction\",\"target\":[\"https:\/\/www.kompetensforetagen.se\/rapport\/upphandlingsguide\/kapitelsida\/\"]}]},{\"@type\":\"BreadcrumbList\",\"@id\":\"https:\/\/www.kompetensforetagen.se\/rapport\/upphandlingsguide\/kapitelsida\/#breadcrumb\",\"itemListElement\":[{\"@type\":\"ListItem\",\"position\":1,\"name\":\"Home\",\"item\":\"https:\/\/www.kompetensforetagen.se\/\"},{\"@type\":\"ListItem\",\"position\":2,\"name\":\"F\u00f6rbundsrapport\",\"item\":\"https:\/\/www.kompetensforetagen.se\/rapport\/\"},{\"@type\":\"ListItem\",\"position\":3,\"name\":\"Bli en b\u00e4ttre upphandlare av kompetenstj\u00e4nster\",\"item\":\"https:\/\/www.kompetensforetagen.se\/rapport\/upphandlingsguide\/\"},{\"@type\":\"ListItem\",\"position\":4,\"name\":\"Kapitelsida\",\"item\":\"https:\/\/www.kompetensforetagen.se\/rapport\/upphandlingsguide\/kapitelsida\/\"},{\"@type\":\"ListItem\",\"position\":5,\"name\":\"Elva tips f\u00f6r att bli en bra best\u00e4llare\",\"item\":\"https:\/\/www.kompetensforetagen.se\/rapport\/upphandlingsguide\/kapitelsida\/tolv_tips\/\"},{\"@type\":\"ListItem\",\"position\":6,\"name\":\"7. \u00c5terkoppla alla anbud\"}]},{\"@type\":\"WebSite\",\"@id\":\"https:\/\/www.kompetensforetagen.se\/#website\",\"url\":\"https:\/\/www.kompetensforetagen.se\/\",\"name\":\"Kompetensf\u00f6retagen\",\"description\":\"R\u00e4tt person p\u00e5 r\u00e4tt plats kan f\u00f6r\u00e4ndra v\u00e4rlden\",\"publisher\":{\"@id\":\"https:\/\/www.kompetensforetagen.se\/#organization\"},\"potentialAction\":[{\"@type\":\"SearchAction\",\"target\":{\"@type\":\"EntryPoint\",\"urlTemplate\":\"https:\/\/www.kompetensforetagen.se\/?s={search_term_string}\"},\"query-input\":{\"@type\":\"PropertyValueSpecification\",\"valueRequired\":true,\"valueName\":\"search_term_string\"}}],\"inLanguage\":\"sv-SE\"},{\"@type\":\"Organization\",\"@id\":\"https:\/\/www.kompetensforetagen.se\/#organization\",\"name\":\"Kompetensf\u00f6retagen\",\"url\":\"https:\/\/www.kompetensforetagen.se\/\",\"logo\":{\"@type\":\"ImageObject\",\"inLanguage\":\"sv-SE\",\"@id\":\"https:\/\/www.kompetensforetagen.se\/#\/schema\/logo\/image\/\",\"url\":\"https:\/\/www.kompetensforetagen.se\/app\/uploads\/sites\/5\/2022\/10\/logga_svart.png\",\"contentUrl\":\"https:\/\/www.kompetensforetagen.se\/app\/uploads\/sites\/5\/2022\/10\/logga_svart.png\",\"width\":752,\"height\":64,\"caption\":\"Kompetensf\u00f6retagen\"},\"image\":{\"@id\":\"https:\/\/www.kompetensforetagen.se\/#\/schema\/logo\/image\/\"},\"sameAs\":[\"https:\/\/www.linkedin.com\/company\/10540032\/\"]}]}<\/script>\n<!-- \/ Yoast SEO Premium plugin. -->","yoast_head_json":{"title":"7. \u00c5terkoppla alla anbud - Kompetensf\u00f6retagen","robots":{"index":"index","follow":"follow","max-snippet":"max-snippet:-1","max-image-preview":"max-image-preview:large","max-video-preview":"max-video-preview:-1"},"canonical":"https:\/\/www.kompetensforetagen.se\/rapport\/upphandlingsguide\/kapitelsida\/","og_locale":"sv_SE","og_type":"article","og_title":"7. \u00c5terkoppla alla anbud","og_description":"Ta er tid att \u00e5terkoppla till alla leverant\u00f6rer som har l\u00e4mnat anbud. Erbjud m\u00f6jligheten att tr\u00e4ffas f\u00f6r att ge muntlig \u00e5terkoppling.","og_url":"https:\/\/www.kompetensforetagen.se\/rapport\/upphandlingsguide\/kapitelsida\/","og_site_name":"Kompetensf\u00f6retagen","article_modified_time":"2025-03-03T12:57:37+00:00","twitter_card":"summary_large_image","twitter_misc":{"Ber\u00e4knad l\u00e4stid":"1 minut"},"schema":{"@context":"https:\/\/schema.org","@graph":[{"@type":"WebPage","@id":"https:\/\/www.kompetensforetagen.se\/rapport\/upphandlingsguide\/kapitelsida\/","url":"https:\/\/www.kompetensforetagen.se\/rapport\/upphandlingsguide\/kapitelsida\/","name":"7. \u00c5terkoppla alla anbud - Kompetensf\u00f6retagen","isPartOf":{"@id":"https:\/\/www.kompetensforetagen.se\/#website"},"datePublished":"2025-01-30T15:12:55+00:00","dateModified":"2025-03-03T12:57:37+00:00","breadcrumb":{"@id":"https:\/\/www.kompetensforetagen.se\/rapport\/upphandlingsguide\/kapitelsida\/#breadcrumb"},"inLanguage":"sv-SE","potentialAction":[{"@type":"ReadAction","target":["https:\/\/www.kompetensforetagen.se\/rapport\/upphandlingsguide\/kapitelsida\/"]}]},{"@type":"BreadcrumbList","@id":"https:\/\/www.kompetensforetagen.se\/rapport\/upphandlingsguide\/kapitelsida\/#breadcrumb","itemListElement":[{"@type":"ListItem","position":1,"name":"Home","item":"https:\/\/www.kompetensforetagen.se\/"},{"@type":"ListItem","position":2,"name":"F\u00f6rbundsrapport","item":"https:\/\/www.kompetensforetagen.se\/rapport\/"},{"@type":"ListItem","position":3,"name":"Bli en b\u00e4ttre upphandlare av kompetenstj\u00e4nster","item":"https:\/\/www.kompetensforetagen.se\/rapport\/upphandlingsguide\/"},{"@type":"ListItem","position":4,"name":"Kapitelsida","item":"https:\/\/www.kompetensforetagen.se\/rapport\/upphandlingsguide\/kapitelsida\/"},{"@type":"ListItem","position":5,"name":"Elva tips f\u00f6r att bli en bra best\u00e4llare","item":"https:\/\/www.kompetensforetagen.se\/rapport\/upphandlingsguide\/kapitelsida\/tolv_tips\/"},{"@type":"ListItem","position":6,"name":"7. \u00c5terkoppla alla anbud"}]},{"@type":"WebSite","@id":"https:\/\/www.kompetensforetagen.se\/#website","url":"https:\/\/www.kompetensforetagen.se\/","name":"Kompetensf\u00f6retagen","description":"R\u00e4tt person p\u00e5 r\u00e4tt plats kan f\u00f6r\u00e4ndra v\u00e4rlden","publisher":{"@id":"https:\/\/www.kompetensforetagen.se\/#organization"},"potentialAction":[{"@type":"SearchAction","target":{"@type":"EntryPoint","urlTemplate":"https:\/\/www.kompetensforetagen.se\/?s={search_term_string}"},"query-input":{"@type":"PropertyValueSpecification","valueRequired":true,"valueName":"search_term_string"}}],"inLanguage":"sv-SE"},{"@type":"Organization","@id":"https:\/\/www.kompetensforetagen.se\/#organization","name":"Kompetensf\u00f6retagen","url":"https:\/\/www.kompetensforetagen.se\/","logo":{"@type":"ImageObject","inLanguage":"sv-SE","@id":"https:\/\/www.kompetensforetagen.se\/#\/schema\/logo\/image\/","url":"https:\/\/www.kompetensforetagen.se\/app\/uploads\/sites\/5\/2022\/10\/logga_svart.png","contentUrl":"https:\/\/www.kompetensforetagen.se\/app\/uploads\/sites\/5\/2022\/10\/logga_svart.png","width":752,"height":64,"caption":"Kompetensf\u00f6retagen"},"image":{"@id":"https:\/\/www.kompetensforetagen.se\/#\/schema\/logo\/image\/"},"sameAs":["https:\/\/www.linkedin.com\/company\/10540032\/"]}]}},"_links":{"self":[{"href":"https:\/\/www.kompetensforetagen.se\/api\/wp\/v2\/forbund_report\/19331","targetHints":{"allow":["GET"]}}],"collection":[{"href":"https:\/\/www.kompetensforetagen.se\/api\/wp\/v2\/forbund_report"}],"about":[{"href":"https:\/\/www.kompetensforetagen.se\/api\/wp\/v2\/types\/forbund_report"}],"up":[{"embeddable":true,"href":"https:\/\/www.kompetensforetagen.se\/api\/wp\/v2\/forbund_report\/19321"}],"wp:attachment":[{"href":"https:\/\/www.kompetensforetagen.se\/api\/wp\/v2\/media?parent=19331"}],"wp:term":[{"taxonomy":"report_category","embeddable":true,"href":"https:\/\/www.kompetensforetagen.se\/api\/wp\/v2\/report_category?post=19331"}],"curies":[{"name":"wp","href":"https:\/\/api.w.org\/{rel}","templated":true}]}}