{"id":19322,"date":"2025-01-30T16:16:57","date_gmt":"2025-01-30T14:58:51","guid":{"rendered":"https:\/\/www.kompetensforetagen.se\/rapport\/kompetensbranschen-2024\/kapitelsida\/#"},"modified":"2025-03-03T13:26:02","modified_gmt":"2025-03-03T12:26:02","slug":"tips1","status":"publish","type":"forbund_report","link":"https:\/\/www.kompetensforetagen.se\/rapport\/upphandlingsguide\/kapitelsida\/tolv_tips\/tips1\/","title":{"rendered":"1. F\u00f6rbered den nya upphandlingen i god tid"},"content":{"rendered":"<div class=\"wp-block wp-block-core-paragraph\">\n<p>Se till att f\u00f6rbereda den nya upphandlingen i god tid. Det b\u00f6r finnas utrymme f\u00f6r en \u00f6vergripande dialog med branschen om utv\u00e4rdering, behov och innovationer. Planera tid och m\u00f6ten med leverant\u00f6rer, branschorganisationer och h\u00e4mta inspiration fr\u00e5n andra upphandlande myndigheter. Kommunicera och efterfr\u00e5ga svar p\u00e5 era framtida behov och \u00f6vergripande m\u00e5l. Till exempel samarbeten f\u00f6r kompetensf\u00f6rs\u00f6rjning eller om h\u00e5llbarhet.<\/p>\n<\/div>","protected":false},"excerpt":{"rendered":"<p>Se till att f\u00f6rbereda den nya upphandlingen i god tid. Det b\u00f6r finnas utrymme f\u00f6r en \u00f6vergripande dialog med branschen om utv\u00e4rdering, behov och innovationer. Planera tid och m\u00f6ten med leverant\u00f6rer, branschorganisationer och h\u00e4mta inspiration &hellip;<\/p>\n","protected":false},"featured_media":0,"parent":19321,"menu_order":0,"template":"","report_category":[262],"class_list":["post-19322","forbund_report","type-forbund_report","status-publish","hentry","report_category-upphandling"],"acf":[],"yoast_head":"<!-- This site is optimized with the Yoast SEO Premium plugin v26.8 (Yoast SEO v26.8) - https:\/\/yoast.com\/product\/yoast-seo-premium-wordpress\/ -->\n<title>1. F\u00f6rbered den nya upphandlingen i god tid - Kompetensf\u00f6retagen<\/title>\n<meta name=\"robots\" content=\"index, follow, max-snippet:-1, max-image-preview:large, max-video-preview:-1\" \/>\n<link rel=\"canonical\" href=\"https:\/\/www.kompetensforetagen.se\/rapport\/upphandlingsguide\/kapitelsida\/\" \/>\n<meta property=\"og:locale\" content=\"sv_SE\" \/>\n<meta property=\"og:type\" content=\"article\" \/>\n<meta property=\"og:title\" content=\"1. F\u00f6rbered den nya upphandlingen i god tid\" \/>\n<meta property=\"og:description\" content=\"Se till att f\u00f6rbereda den nya upphandlingen i god tid. Det b\u00f6r finnas utrymme f\u00f6r en \u00f6vergripande dialog med branschen om utv\u00e4rdering, behov och innovationer. Planera tid och m\u00f6ten med leverant\u00f6rer, branschorganisationer och h\u00e4mta inspiration &hellip;\" \/>\n<meta property=\"og:url\" content=\"https:\/\/www.kompetensforetagen.se\/rapport\/upphandlingsguide\/kapitelsida\/\" \/>\n<meta property=\"og:site_name\" content=\"Kompetensf\u00f6retagen\" \/>\n<meta property=\"article:modified_time\" content=\"2025-03-03T12:26:02+00:00\" \/>\n<meta name=\"twitter:card\" content=\"summary_large_image\" \/>\n<meta name=\"twitter:label1\" content=\"Ber\u00e4knad l\u00e4stid\" \/>\n\t<meta name=\"twitter:data1\" content=\"1 minut\" \/>\n<script type=\"application\/ld+json\" class=\"yoast-schema-graph\">{\"@context\":\"https:\/\/schema.org\",\"@graph\":[{\"@type\":\"WebPage\",\"@id\":\"https:\/\/www.kompetensforetagen.se\/rapport\/upphandlingsguide\/kapitelsida\/\",\"url\":\"https:\/\/www.kompetensforetagen.se\/rapport\/upphandlingsguide\/kapitelsida\/\",\"name\":\"1. F\u00f6rbered den nya upphandlingen i god tid - Kompetensf\u00f6retagen\",\"isPartOf\":{\"@id\":\"https:\/\/www.kompetensforetagen.se\/#website\"},\"datePublished\":\"2025-01-30T14:58:51+00:00\",\"dateModified\":\"2025-03-03T12:26:02+00:00\",\"breadcrumb\":{\"@id\":\"https:\/\/www.kompetensforetagen.se\/rapport\/upphandlingsguide\/kapitelsida\/#breadcrumb\"},\"inLanguage\":\"sv-SE\",\"potentialAction\":[{\"@type\":\"ReadAction\",\"target\":[\"https:\/\/www.kompetensforetagen.se\/rapport\/upphandlingsguide\/kapitelsida\/\"]}]},{\"@type\":\"BreadcrumbList\",\"@id\":\"https:\/\/www.kompetensforetagen.se\/rapport\/upphandlingsguide\/kapitelsida\/#breadcrumb\",\"itemListElement\":[{\"@type\":\"ListItem\",\"position\":1,\"name\":\"Home\",\"item\":\"https:\/\/www.kompetensforetagen.se\/\"},{\"@type\":\"ListItem\",\"position\":2,\"name\":\"F\u00f6rbundsrapport\",\"item\":\"https:\/\/www.kompetensforetagen.se\/rapport\/\"},{\"@type\":\"ListItem\",\"position\":3,\"name\":\"Bli en b\u00e4ttre upphandlare av kompetenstj\u00e4nster\",\"item\":\"https:\/\/www.kompetensforetagen.se\/rapport\/upphandlingsguide\/\"},{\"@type\":\"ListItem\",\"position\":4,\"name\":\"Kapitelsida\",\"item\":\"https:\/\/www.kompetensforetagen.se\/rapport\/upphandlingsguide\/kapitelsida\/\"},{\"@type\":\"ListItem\",\"position\":5,\"name\":\"Elva tips f\u00f6r att bli en bra best\u00e4llare\",\"item\":\"https:\/\/www.kompetensforetagen.se\/rapport\/upphandlingsguide\/kapitelsida\/tolv_tips\/\"},{\"@type\":\"ListItem\",\"position\":6,\"name\":\"1. F\u00f6rbered den nya upphandlingen i god tid\"}]},{\"@type\":\"WebSite\",\"@id\":\"https:\/\/www.kompetensforetagen.se\/#website\",\"url\":\"https:\/\/www.kompetensforetagen.se\/\",\"name\":\"Kompetensf\u00f6retagen\",\"description\":\"R\u00e4tt person p\u00e5 r\u00e4tt plats kan f\u00f6r\u00e4ndra v\u00e4rlden\",\"publisher\":{\"@id\":\"https:\/\/www.kompetensforetagen.se\/#organization\"},\"potentialAction\":[{\"@type\":\"SearchAction\",\"target\":{\"@type\":\"EntryPoint\",\"urlTemplate\":\"https:\/\/www.kompetensforetagen.se\/?s={search_term_string}\"},\"query-input\":{\"@type\":\"PropertyValueSpecification\",\"valueRequired\":true,\"valueName\":\"search_term_string\"}}],\"inLanguage\":\"sv-SE\"},{\"@type\":\"Organization\",\"@id\":\"https:\/\/www.kompetensforetagen.se\/#organization\",\"name\":\"Kompetensf\u00f6retagen\",\"url\":\"https:\/\/www.kompetensforetagen.se\/\",\"logo\":{\"@type\":\"ImageObject\",\"inLanguage\":\"sv-SE\",\"@id\":\"https:\/\/www.kompetensforetagen.se\/#\/schema\/logo\/image\/\",\"url\":\"https:\/\/www.kompetensforetagen.se\/app\/uploads\/sites\/5\/2022\/10\/logga_svart.png\",\"contentUrl\":\"https:\/\/www.kompetensforetagen.se\/app\/uploads\/sites\/5\/2022\/10\/logga_svart.png\",\"width\":752,\"height\":64,\"caption\":\"Kompetensf\u00f6retagen\"},\"image\":{\"@id\":\"https:\/\/www.kompetensforetagen.se\/#\/schema\/logo\/image\/\"},\"sameAs\":[\"https:\/\/www.linkedin.com\/company\/10540032\/\"]}]}<\/script>\n<!-- \/ Yoast SEO Premium plugin. -->","yoast_head_json":{"title":"1. F\u00f6rbered den nya upphandlingen i god tid - Kompetensf\u00f6retagen","robots":{"index":"index","follow":"follow","max-snippet":"max-snippet:-1","max-image-preview":"max-image-preview:large","max-video-preview":"max-video-preview:-1"},"canonical":"https:\/\/www.kompetensforetagen.se\/rapport\/upphandlingsguide\/kapitelsida\/","og_locale":"sv_SE","og_type":"article","og_title":"1. F\u00f6rbered den nya upphandlingen i god tid","og_description":"Se till att f\u00f6rbereda den nya upphandlingen i god tid. Det b\u00f6r finnas utrymme f\u00f6r en \u00f6vergripande dialog med branschen om utv\u00e4rdering, behov och innovationer. Planera tid och m\u00f6ten med leverant\u00f6rer, branschorganisationer och h\u00e4mta inspiration &hellip;","og_url":"https:\/\/www.kompetensforetagen.se\/rapport\/upphandlingsguide\/kapitelsida\/","og_site_name":"Kompetensf\u00f6retagen","article_modified_time":"2025-03-03T12:26:02+00:00","twitter_card":"summary_large_image","twitter_misc":{"Ber\u00e4knad l\u00e4stid":"1 minut"},"schema":{"@context":"https:\/\/schema.org","@graph":[{"@type":"WebPage","@id":"https:\/\/www.kompetensforetagen.se\/rapport\/upphandlingsguide\/kapitelsida\/","url":"https:\/\/www.kompetensforetagen.se\/rapport\/upphandlingsguide\/kapitelsida\/","name":"1. F\u00f6rbered den nya upphandlingen i god tid - Kompetensf\u00f6retagen","isPartOf":{"@id":"https:\/\/www.kompetensforetagen.se\/#website"},"datePublished":"2025-01-30T14:58:51+00:00","dateModified":"2025-03-03T12:26:02+00:00","breadcrumb":{"@id":"https:\/\/www.kompetensforetagen.se\/rapport\/upphandlingsguide\/kapitelsida\/#breadcrumb"},"inLanguage":"sv-SE","potentialAction":[{"@type":"ReadAction","target":["https:\/\/www.kompetensforetagen.se\/rapport\/upphandlingsguide\/kapitelsida\/"]}]},{"@type":"BreadcrumbList","@id":"https:\/\/www.kompetensforetagen.se\/rapport\/upphandlingsguide\/kapitelsida\/#breadcrumb","itemListElement":[{"@type":"ListItem","position":1,"name":"Home","item":"https:\/\/www.kompetensforetagen.se\/"},{"@type":"ListItem","position":2,"name":"F\u00f6rbundsrapport","item":"https:\/\/www.kompetensforetagen.se\/rapport\/"},{"@type":"ListItem","position":3,"name":"Bli en b\u00e4ttre upphandlare av kompetenstj\u00e4nster","item":"https:\/\/www.kompetensforetagen.se\/rapport\/upphandlingsguide\/"},{"@type":"ListItem","position":4,"name":"Kapitelsida","item":"https:\/\/www.kompetensforetagen.se\/rapport\/upphandlingsguide\/kapitelsida\/"},{"@type":"ListItem","position":5,"name":"Elva tips f\u00f6r att bli en bra best\u00e4llare","item":"https:\/\/www.kompetensforetagen.se\/rapport\/upphandlingsguide\/kapitelsida\/tolv_tips\/"},{"@type":"ListItem","position":6,"name":"1. F\u00f6rbered den nya upphandlingen i god tid"}]},{"@type":"WebSite","@id":"https:\/\/www.kompetensforetagen.se\/#website","url":"https:\/\/www.kompetensforetagen.se\/","name":"Kompetensf\u00f6retagen","description":"R\u00e4tt person p\u00e5 r\u00e4tt plats kan f\u00f6r\u00e4ndra v\u00e4rlden","publisher":{"@id":"https:\/\/www.kompetensforetagen.se\/#organization"},"potentialAction":[{"@type":"SearchAction","target":{"@type":"EntryPoint","urlTemplate":"https:\/\/www.kompetensforetagen.se\/?s={search_term_string}"},"query-input":{"@type":"PropertyValueSpecification","valueRequired":true,"valueName":"search_term_string"}}],"inLanguage":"sv-SE"},{"@type":"Organization","@id":"https:\/\/www.kompetensforetagen.se\/#organization","name":"Kompetensf\u00f6retagen","url":"https:\/\/www.kompetensforetagen.se\/","logo":{"@type":"ImageObject","inLanguage":"sv-SE","@id":"https:\/\/www.kompetensforetagen.se\/#\/schema\/logo\/image\/","url":"https:\/\/www.kompetensforetagen.se\/app\/uploads\/sites\/5\/2022\/10\/logga_svart.png","contentUrl":"https:\/\/www.kompetensforetagen.se\/app\/uploads\/sites\/5\/2022\/10\/logga_svart.png","width":752,"height":64,"caption":"Kompetensf\u00f6retagen"},"image":{"@id":"https:\/\/www.kompetensforetagen.se\/#\/schema\/logo\/image\/"},"sameAs":["https:\/\/www.linkedin.com\/company\/10540032\/"]}]}},"_links":{"self":[{"href":"https:\/\/www.kompetensforetagen.se\/api\/wp\/v2\/forbund_report\/19322","targetHints":{"allow":["GET"]}}],"collection":[{"href":"https:\/\/www.kompetensforetagen.se\/api\/wp\/v2\/forbund_report"}],"about":[{"href":"https:\/\/www.kompetensforetagen.se\/api\/wp\/v2\/types\/forbund_report"}],"up":[{"embeddable":true,"href":"https:\/\/www.kompetensforetagen.se\/api\/wp\/v2\/forbund_report\/19321"}],"wp:attachment":[{"href":"https:\/\/www.kompetensforetagen.se\/api\/wp\/v2\/media?parent=19322"}],"wp:term":[{"taxonomy":"report_category","embeddable":true,"href":"https:\/\/www.kompetensforetagen.se\/api\/wp\/v2\/report_category?post=19322"}],"curies":[{"name":"wp","href":"https:\/\/api.w.org\/{rel}","templated":true}]}}