{"id":19197,"date":"2024-12-20T09:18:24","date_gmt":"2024-12-20T08:18:24","guid":{"rendered":"https:\/\/www.kompetensforetagen.se\/rapport\/kompetensbranschen-2024\/kapitelsida\/#kompetensbranschen-ar-pa-frammarsch"},"modified":"2024-12-20T09:32:15","modified_gmt":"2024-12-20T08:32:15","slug":"kompetensbranschen-ar-pa-frammarsch","status":"publish","type":"forbund_report","link":"https:\/\/www.kompetensforetagen.se\/rapport\/kompetensbranschen-2024\/kapitelsida\/avslutande-ord\/kompetensbranschen-ar-pa-frammarsch\/","title":{"rendered":"Kompetens&shy;branschen \u00e4r unik"},"content":{"rendered":"<div class=\"wp-block wp-block-core-paragraph\">\n<p>Kompetensbranschen \u00e4r p\u00e5 m\u00e5nga s\u00e4tt unik, inte minst eftersom den existerar parallellt med \u00f6vriga arbetsmarknaden. Branschen ger m\u00f6jlighet f\u00f6r \u00f6vriga n\u00e4ringslivet att bemanna uppdrag som kan variera \u00f6ver olika perioder, s\u00e5som arbetstoppar, specialistbehov och kompetensbrist. Genom bred kunskap kan kompetensbranschen p\u00e5 s\u00e5 s\u00e4tt skapa f\u00f6ruts\u00e4ttning f\u00f6r \u00f6vriga n\u00e4ringslivet att fungera i tid och otid.<\/p>\n<\/div>\n\n<div class=\"wp-block wp-block-core-paragraph\">\n<p>F\u00f6r de anst\u00e4llda skapar kompetensbranschen en plattform att ta f\u00f6rsta steget in p\u00e5 arbetsmarknaden och att v\u00e4xa i sin professionella resa. M\u00e5nga som annars hade haft sv\u00e5rt att etablera sig f\u00e5r en andra chans tack vare kompetensbranschen, d\u00e4ribland unga, utrikesf\u00f6dda och \u00e4ldre som vill f\u00f6rl\u00e4nga karri\u00e4ren. \u00c4ven m\u00f6jligheten till omst\u00e4llning underl\u00e4ttas av kompetensf\u00f6retag som hj\u00e4lper arbetsl\u00f6sa att hitta tillbaka till arbetsmarknaden.<\/p>\n<\/div>\n\n<div class=\"wp-block wp-block-core-paragraph\">\n<p>I \u00e5rets branschrapport kan vi konstatera att branschen har<\/p>\n<\/div>\n\n<div class=\"wp-block wp-block-core-list\">\n<ul class=\"wp-block-list\">\n<li>90 miljarder i oms\u00e4ttning.<\/li>\n\n\n\n<li>62 miljarder i bidrag till BNP.<\/li>\n\n\n\n<li>111 000 anst\u00e4llda.<\/li>\n\n\n\n<li>32 procent anst\u00e4llda f\u00f6dda utanf\u00f6r Sverige.<\/li>\n<\/ul>\n<\/div>","protected":false},"excerpt":{"rendered":"<p>Kompetensbranschen \u00e4r p\u00e5 m\u00e5nga s\u00e4tt unik, inte minst eftersom den existerar parallellt med \u00f6vriga arbetsmarknaden. Branschen ger m\u00f6jlighet f\u00f6r \u00f6vriga n\u00e4ringslivet att bemanna uppdrag som kan variera \u00f6ver olika perioder, s\u00e5som arbetstoppar, specialistbehov och kompetensbrist. &hellip;<\/p>\n","protected":false},"featured_media":0,"parent":19160,"menu_order":0,"template":"","report_category":[],"class_list":["post-19197","forbund_report","type-forbund_report","status-publish","hentry"],"acf":[],"yoast_head":"<!-- This site is optimized with the Yoast SEO Premium plugin v26.8 (Yoast SEO v26.8) - https:\/\/yoast.com\/product\/yoast-seo-premium-wordpress\/ -->\n<title>Kompetensbranschen \u00e4r unik - Kompetensf\u00f6retagen<\/title>\n<meta name=\"robots\" content=\"index, follow, max-snippet:-1, max-image-preview:large, max-video-preview:-1\" \/>\n<link rel=\"canonical\" href=\"https:\/\/www.kompetensforetagen.se\/rapport\/kompetensbranschen-2024\/kapitelsida\/\" \/>\n<meta property=\"og:locale\" content=\"sv_SE\" \/>\n<meta property=\"og:type\" content=\"article\" \/>\n<meta property=\"og:title\" content=\"Kompetensbranschen \u00e4r unik\" \/>\n<meta property=\"og:description\" content=\"Kompetensbranschen \u00e4r p\u00e5 m\u00e5nga s\u00e4tt unik, inte minst eftersom den existerar parallellt med \u00f6vriga arbetsmarknaden. Branschen ger m\u00f6jlighet f\u00f6r \u00f6vriga n\u00e4ringslivet att bemanna uppdrag som kan variera \u00f6ver olika perioder, s\u00e5som arbetstoppar, specialistbehov och kompetensbrist. &hellip;\" \/>\n<meta property=\"og:url\" content=\"https:\/\/www.kompetensforetagen.se\/rapport\/kompetensbranschen-2024\/kapitelsida\/\" \/>\n<meta property=\"og:site_name\" content=\"Kompetensf\u00f6retagen\" \/>\n<meta property=\"article:modified_time\" content=\"2024-12-20T08:32:15+00:00\" \/>\n<meta name=\"twitter:card\" content=\"summary_large_image\" \/>\n<meta name=\"twitter:label1\" content=\"Ber\u00e4knad l\u00e4stid\" \/>\n\t<meta name=\"twitter:data1\" content=\"1 minut\" \/>\n<script type=\"application\/ld+json\" class=\"yoast-schema-graph\">{\"@context\":\"https:\/\/schema.org\",\"@graph\":[{\"@type\":\"WebPage\",\"@id\":\"https:\/\/www.kompetensforetagen.se\/rapport\/kompetensbranschen-2024\/kapitelsida\/\",\"url\":\"https:\/\/www.kompetensforetagen.se\/rapport\/kompetensbranschen-2024\/kapitelsida\/\",\"name\":\"Kompetensbranschen \u00e4r unik - Kompetensf\u00f6retagen\",\"isPartOf\":{\"@id\":\"https:\/\/www.kompetensforetagen.se\/#website\"},\"datePublished\":\"2024-12-20T08:18:24+00:00\",\"dateModified\":\"2024-12-20T08:32:15+00:00\",\"breadcrumb\":{\"@id\":\"https:\/\/www.kompetensforetagen.se\/rapport\/kompetensbranschen-2024\/kapitelsida\/#breadcrumb\"},\"inLanguage\":\"sv-SE\",\"potentialAction\":[{\"@type\":\"ReadAction\",\"target\":[\"https:\/\/www.kompetensforetagen.se\/rapport\/kompetensbranschen-2024\/kapitelsida\/\"]}]},{\"@type\":\"BreadcrumbList\",\"@id\":\"https:\/\/www.kompetensforetagen.se\/rapport\/kompetensbranschen-2024\/kapitelsida\/#breadcrumb\",\"itemListElement\":[{\"@type\":\"ListItem\",\"position\":1,\"name\":\"Home\",\"item\":\"https:\/\/www.kompetensforetagen.se\/\"},{\"@type\":\"ListItem\",\"position\":2,\"name\":\"F\u00f6rbundsrapport\",\"item\":\"https:\/\/www.kompetensforetagen.se\/rapport\/\"},{\"@type\":\"ListItem\",\"position\":3,\"name\":\"Vad \u00e4r kompetens&shy;branschen?\",\"item\":\"https:\/\/www.kompetensforetagen.se\/rapport\/kompetensbranschen-2024\/\"},{\"@type\":\"ListItem\",\"position\":4,\"name\":\"Kapitelsida\",\"item\":\"https:\/\/www.kompetensforetagen.se\/rapport\/kompetensbranschen-2024\/kapitelsida\/\"},{\"@type\":\"ListItem\",\"position\":5,\"name\":\"Avslutande ord\",\"item\":\"https:\/\/www.kompetensforetagen.se\/rapport\/kompetensbranschen-2024\/kapitelsida\/avslutande-ord\/\"},{\"@type\":\"ListItem\",\"position\":6,\"name\":\"Kompetens&shy;branschen \u00e4r unik\"}]},{\"@type\":\"WebSite\",\"@id\":\"https:\/\/www.kompetensforetagen.se\/#website\",\"url\":\"https:\/\/www.kompetensforetagen.se\/\",\"name\":\"Kompetensf\u00f6retagen\",\"description\":\"R\u00e4tt person p\u00e5 r\u00e4tt plats kan f\u00f6r\u00e4ndra v\u00e4rlden\",\"publisher\":{\"@id\":\"https:\/\/www.kompetensforetagen.se\/#organization\"},\"potentialAction\":[{\"@type\":\"SearchAction\",\"target\":{\"@type\":\"EntryPoint\",\"urlTemplate\":\"https:\/\/www.kompetensforetagen.se\/?s={search_term_string}\"},\"query-input\":{\"@type\":\"PropertyValueSpecification\",\"valueRequired\":true,\"valueName\":\"search_term_string\"}}],\"inLanguage\":\"sv-SE\"},{\"@type\":\"Organization\",\"@id\":\"https:\/\/www.kompetensforetagen.se\/#organization\",\"name\":\"Kompetensf\u00f6retagen\",\"url\":\"https:\/\/www.kompetensforetagen.se\/\",\"logo\":{\"@type\":\"ImageObject\",\"inLanguage\":\"sv-SE\",\"@id\":\"https:\/\/www.kompetensforetagen.se\/#\/schema\/logo\/image\/\",\"url\":\"https:\/\/www.kompetensforetagen.se\/app\/uploads\/sites\/5\/2022\/10\/logga_svart.png\",\"contentUrl\":\"https:\/\/www.kompetensforetagen.se\/app\/uploads\/sites\/5\/2022\/10\/logga_svart.png\",\"width\":752,\"height\":64,\"caption\":\"Kompetensf\u00f6retagen\"},\"image\":{\"@id\":\"https:\/\/www.kompetensforetagen.se\/#\/schema\/logo\/image\/\"},\"sameAs\":[\"https:\/\/www.linkedin.com\/company\/10540032\/\"]}]}<\/script>\n<!-- \/ Yoast SEO Premium plugin. -->","yoast_head_json":{"title":"Kompetensbranschen \u00e4r unik - Kompetensf\u00f6retagen","robots":{"index":"index","follow":"follow","max-snippet":"max-snippet:-1","max-image-preview":"max-image-preview:large","max-video-preview":"max-video-preview:-1"},"canonical":"https:\/\/www.kompetensforetagen.se\/rapport\/kompetensbranschen-2024\/kapitelsida\/","og_locale":"sv_SE","og_type":"article","og_title":"Kompetensbranschen \u00e4r unik","og_description":"Kompetensbranschen \u00e4r p\u00e5 m\u00e5nga s\u00e4tt unik, inte minst eftersom den existerar parallellt med \u00f6vriga arbetsmarknaden. Branschen ger m\u00f6jlighet f\u00f6r \u00f6vriga n\u00e4ringslivet att bemanna uppdrag som kan variera \u00f6ver olika perioder, s\u00e5som arbetstoppar, specialistbehov och kompetensbrist. &hellip;","og_url":"https:\/\/www.kompetensforetagen.se\/rapport\/kompetensbranschen-2024\/kapitelsida\/","og_site_name":"Kompetensf\u00f6retagen","article_modified_time":"2024-12-20T08:32:15+00:00","twitter_card":"summary_large_image","twitter_misc":{"Ber\u00e4knad l\u00e4stid":"1 minut"},"schema":{"@context":"https:\/\/schema.org","@graph":[{"@type":"WebPage","@id":"https:\/\/www.kompetensforetagen.se\/rapport\/kompetensbranschen-2024\/kapitelsida\/","url":"https:\/\/www.kompetensforetagen.se\/rapport\/kompetensbranschen-2024\/kapitelsida\/","name":"Kompetensbranschen \u00e4r unik - Kompetensf\u00f6retagen","isPartOf":{"@id":"https:\/\/www.kompetensforetagen.se\/#website"},"datePublished":"2024-12-20T08:18:24+00:00","dateModified":"2024-12-20T08:32:15+00:00","breadcrumb":{"@id":"https:\/\/www.kompetensforetagen.se\/rapport\/kompetensbranschen-2024\/kapitelsida\/#breadcrumb"},"inLanguage":"sv-SE","potentialAction":[{"@type":"ReadAction","target":["https:\/\/www.kompetensforetagen.se\/rapport\/kompetensbranschen-2024\/kapitelsida\/"]}]},{"@type":"BreadcrumbList","@id":"https:\/\/www.kompetensforetagen.se\/rapport\/kompetensbranschen-2024\/kapitelsida\/#breadcrumb","itemListElement":[{"@type":"ListItem","position":1,"name":"Home","item":"https:\/\/www.kompetensforetagen.se\/"},{"@type":"ListItem","position":2,"name":"F\u00f6rbundsrapport","item":"https:\/\/www.kompetensforetagen.se\/rapport\/"},{"@type":"ListItem","position":3,"name":"Vad \u00e4r kompetens&shy;branschen?","item":"https:\/\/www.kompetensforetagen.se\/rapport\/kompetensbranschen-2024\/"},{"@type":"ListItem","position":4,"name":"Kapitelsida","item":"https:\/\/www.kompetensforetagen.se\/rapport\/kompetensbranschen-2024\/kapitelsida\/"},{"@type":"ListItem","position":5,"name":"Avslutande ord","item":"https:\/\/www.kompetensforetagen.se\/rapport\/kompetensbranschen-2024\/kapitelsida\/avslutande-ord\/"},{"@type":"ListItem","position":6,"name":"Kompetens&shy;branschen \u00e4r unik"}]},{"@type":"WebSite","@id":"https:\/\/www.kompetensforetagen.se\/#website","url":"https:\/\/www.kompetensforetagen.se\/","name":"Kompetensf\u00f6retagen","description":"R\u00e4tt person p\u00e5 r\u00e4tt plats kan f\u00f6r\u00e4ndra v\u00e4rlden","publisher":{"@id":"https:\/\/www.kompetensforetagen.se\/#organization"},"potentialAction":[{"@type":"SearchAction","target":{"@type":"EntryPoint","urlTemplate":"https:\/\/www.kompetensforetagen.se\/?s={search_term_string}"},"query-input":{"@type":"PropertyValueSpecification","valueRequired":true,"valueName":"search_term_string"}}],"inLanguage":"sv-SE"},{"@type":"Organization","@id":"https:\/\/www.kompetensforetagen.se\/#organization","name":"Kompetensf\u00f6retagen","url":"https:\/\/www.kompetensforetagen.se\/","logo":{"@type":"ImageObject","inLanguage":"sv-SE","@id":"https:\/\/www.kompetensforetagen.se\/#\/schema\/logo\/image\/","url":"https:\/\/www.kompetensforetagen.se\/app\/uploads\/sites\/5\/2022\/10\/logga_svart.png","contentUrl":"https:\/\/www.kompetensforetagen.se\/app\/uploads\/sites\/5\/2022\/10\/logga_svart.png","width":752,"height":64,"caption":"Kompetensf\u00f6retagen"},"image":{"@id":"https:\/\/www.kompetensforetagen.se\/#\/schema\/logo\/image\/"},"sameAs":["https:\/\/www.linkedin.com\/company\/10540032\/"]}]}},"_links":{"self":[{"href":"https:\/\/www.kompetensforetagen.se\/api\/wp\/v2\/forbund_report\/19197","targetHints":{"allow":["GET"]}}],"collection":[{"href":"https:\/\/www.kompetensforetagen.se\/api\/wp\/v2\/forbund_report"}],"about":[{"href":"https:\/\/www.kompetensforetagen.se\/api\/wp\/v2\/types\/forbund_report"}],"up":[{"embeddable":true,"href":"https:\/\/www.kompetensforetagen.se\/api\/wp\/v2\/forbund_report\/19160"}],"wp:attachment":[{"href":"https:\/\/www.kompetensforetagen.se\/api\/wp\/v2\/media?parent=19197"}],"wp:term":[{"taxonomy":"report_category","embeddable":true,"href":"https:\/\/www.kompetensforetagen.se\/api\/wp\/v2\/report_category?post=19197"}],"curies":[{"name":"wp","href":"https:\/\/api.w.org\/{rel}","templated":true}]}}