{"id":9254,"date":"2022-04-04T16:21:06","date_gmt":"2022-04-04T14:21:06","guid":{"rendered":"https:\/\/www.kompetensforetagen.se\/aktiviteter\/kompetensforetagen-introduktion-till-tjanstemannavtalet-nya-medlemmar\/"},"modified":"2026-04-13T03:21:37","modified_gmt":"2026-04-13T01:21:37","slug":"kompetensforetagen-introduktion-till-tjanstemannavtalet-nya-medlemmar","status":"publish","type":"event","link":"https:\/\/www.kompetensforetagen.se\/aktiviteter\/kompetensforetagen-introduktion-till-tjanstemannavtalet-nya-medlemmar\/","title":{"rendered":"Kompetens&shy;f\u00f6retagen &#8211; introduktion till tj\u00e4nstemanna&shy;avtalet"},"content":{"rendered":"<div class=\"wp-block wp-block-classic-editor\">\n<p class=\"intro\">V\u00e4lkommen till den h\u00e4r introduktionskursen f\u00f6r&nbsp;nya&nbsp;medlemmar i Kompetensf\u00f6retagen&nbsp;d\u00e4r vi&nbsp;\u00f6vergripande g\u00e5r igenom&nbsp;de best\u00e4mmelser som g\u00e4ller enligt kollektivavtalet.&nbsp;<\/p>\n<p>Vi g\u00e5r bland annat \u00f6versiktligt igenom anst\u00e4llningsformer, l\u00f6n, arbetstid och s\u00e4rskilda regler f\u00f6r ambulerande tj\u00e4nstem\u00e4n.&nbsp;<\/p>\n<p>Kursen \u00e4r obligatorisk&nbsp;f\u00f6r dig som ny&nbsp;medlem&nbsp;i Kompetensf\u00f6retagen och som arbetar med tj\u00e4nstemannaavtalet &#8211; Unionen, Akademikerf\u00f6rbunden.<\/p>\n<h2><strong>\u00d6vrig information<\/strong><\/h2>\n<p>Som ny medlem ska du delta i\/ genomf\u00f6ra detta obligatoriska tillf\u00e4lle 1 g\u00e5ng.&nbsp;<\/p>\n<h2><\/h2>\n<h2><strong>Tillg\u00e5ng till kursen<\/strong><\/h2>\n<p>Du har tillg\u00e5ng till kursen i 30 dagar fr\u00e5n och med det datum du anm\u00e4lt dig och du genomf\u00f6r kursen n\u00e4r och d\u00e4r det passar dig b\u00e4st.<\/p>\n<p>Kursen \u00e4r kostnadsfri f\u00f6r nya medlemmar.&nbsp;<\/p>\n<p><strong>Uppdatering<\/strong><\/p>\n<p>Kursen \u00e4r senast uppdaterad 2026-02-06<\/p>\n<h2>M\u00e5lgrupp<\/h2>\n<p>Vi v\u00e4nder oss till&nbsp;nya medlemmar i Kompetensf\u00f6retagen&nbsp;som arbetar med tj\u00e4nstemannaavtalet.&nbsp;<\/p>\n<p><\/div>\n","protected":false},"excerpt":{"rendered":"<p>V\u00e4lkommen till den h\u00e4r introduktionskursen f\u00f6r&nbsp;nya&nbsp;medlemmar i Kompetensf\u00f6retagen&nbsp;d\u00e4r vi&nbsp;\u00f6vergripande g\u00e5r igenom&nbsp;de best\u00e4mmelser som g\u00e4ller enligt kollektivavtalet.&nbsp;<\/p>\n","protected":false},"featured_media":21180,"template":"","eventcat":[170],"eventtype":[271],"eventformat":[277],"agreement":[],"class_list":["post-9254","event","type-event","status-publish","has-post-thumbnail","hentry","eventcat-kollektivavtal","eventtype-kurs","eventformat-starta-nar-du-vill"],"acf":[],"yoast_head":"<!-- This site is optimized with the Yoast SEO Premium plugin v26.8 (Yoast SEO v26.8) - https:\/\/yoast.com\/product\/yoast-seo-premium-wordpress\/ -->\n<title>Kompetensf\u00f6retagen - introduktion till tj\u00e4nstemannaavtalet - Kompetensf\u00f6retagen<\/title>\n<meta name=\"description\" content=\"Grundl\u00e4ggande genomg\u00e5ng av tj\u00e4nstemannaavtalet. F\u00f6r nya medlemmar som beh\u00f6ver koll p\u00e5 anst\u00e4llningsvillkor och regler f\u00f6r tj\u00e4nstem\u00e4n.\" \/>\n<meta name=\"robots\" content=\"index, follow, max-snippet:-1, max-image-preview:large, max-video-preview:-1\" \/>\n<link rel=\"canonical\" href=\"https:\/\/www.kompetensforetagen.se\/aktiviteter\/kompetensforetagen-introduktion-till-tjanstemannavtalet-nya-medlemmar\/\" \/>\n<meta property=\"og:locale\" content=\"sv_SE\" \/>\n<meta property=\"og:type\" content=\"article\" \/>\n<meta property=\"og:title\" content=\"Kompetensf\u00f6retagen - introduktion till tj\u00e4nstemannaavtalet\" \/>\n<meta property=\"og:description\" content=\"Grundl\u00e4ggande genomg\u00e5ng av tj\u00e4nstemannaavtalet. F\u00f6r nya medlemmar som beh\u00f6ver koll p\u00e5 anst\u00e4llningsvillkor och regler f\u00f6r tj\u00e4nstem\u00e4n.\" \/>\n<meta property=\"og:url\" content=\"https:\/\/www.kompetensforetagen.se\/aktiviteter\/kompetensforetagen-introduktion-till-tjanstemannavtalet-nya-medlemmar\/\" \/>\n<meta property=\"og:site_name\" content=\"Kompetensf\u00f6retagen\" \/>\n<meta property=\"article:modified_time\" content=\"2026-04-13T01:21:37+00:00\" \/>\n<meta property=\"og:image\" content=\"https:\/\/www.kompetensforetagen.se\/app\/uploads\/sites\/5\/2025\/12\/almega-e-kurs.jpg\" \/>\n\t<meta property=\"og:image:width\" content=\"2500\" \/>\n\t<meta property=\"og:image:height\" content=\"1668\" \/>\n\t<meta property=\"og:image:type\" content=\"image\/jpeg\" \/>\n<meta name=\"twitter:card\" content=\"summary_large_image\" \/>\n<meta name=\"twitter:label1\" content=\"Ber\u00e4knad l\u00e4stid\" \/>\n\t<meta name=\"twitter:data1\" content=\"1 minut\" \/>\n<script type=\"application\/ld+json\" class=\"yoast-schema-graph\">{\"@context\":\"https:\/\/schema.org\",\"@graph\":[{\"@type\":\"WebPage\",\"@id\":\"https:\/\/www.kompetensforetagen.se\/aktiviteter\/kompetensforetagen-introduktion-till-tjanstemannavtalet-nya-medlemmar\/\",\"url\":\"https:\/\/www.kompetensforetagen.se\/aktiviteter\/kompetensforetagen-introduktion-till-tjanstemannavtalet-nya-medlemmar\/\",\"name\":\"Kompetensf\u00f6retagen - introduktion till tj\u00e4nstemannaavtalet - Kompetensf\u00f6retagen\",\"isPartOf\":{\"@id\":\"https:\/\/www.kompetensforetagen.se\/#website\"},\"primaryImageOfPage\":{\"@id\":\"https:\/\/www.kompetensforetagen.se\/aktiviteter\/kompetensforetagen-introduktion-till-tjanstemannavtalet-nya-medlemmar\/#primaryimage\"},\"image\":{\"@id\":\"https:\/\/www.kompetensforetagen.se\/aktiviteter\/kompetensforetagen-introduktion-till-tjanstemannavtalet-nya-medlemmar\/#primaryimage\"},\"thumbnailUrl\":\"https:\/\/www.kompetensforetagen.se\/app\/uploads\/sites\/5\/2025\/12\/almega-e-kurs.jpg\",\"datePublished\":\"2022-04-04T14:21:06+00:00\",\"dateModified\":\"2026-04-13T01:21:37+00:00\",\"description\":\"Grundl\u00e4ggande genomg\u00e5ng av tj\u00e4nstemannaavtalet. F\u00f6r nya medlemmar som beh\u00f6ver koll p\u00e5 anst\u00e4llningsvillkor och regler f\u00f6r tj\u00e4nstem\u00e4n.\",\"breadcrumb\":{\"@id\":\"https:\/\/www.kompetensforetagen.se\/aktiviteter\/kompetensforetagen-introduktion-till-tjanstemannavtalet-nya-medlemmar\/#breadcrumb\"},\"inLanguage\":\"sv-SE\",\"potentialAction\":[{\"@type\":\"ReadAction\",\"target\":[\"https:\/\/www.kompetensforetagen.se\/aktiviteter\/kompetensforetagen-introduktion-till-tjanstemannavtalet-nya-medlemmar\/\"]}]},{\"@type\":\"ImageObject\",\"inLanguage\":\"sv-SE\",\"@id\":\"https:\/\/www.kompetensforetagen.se\/aktiviteter\/kompetensforetagen-introduktion-till-tjanstemannavtalet-nya-medlemmar\/#primaryimage\",\"url\":\"https:\/\/www.kompetensforetagen.se\/app\/uploads\/sites\/5\/2025\/12\/almega-e-kurs.jpg\",\"contentUrl\":\"https:\/\/www.kompetensforetagen.se\/app\/uploads\/sites\/5\/2025\/12\/almega-e-kurs.jpg\",\"width\":2500,\"height\":1668},{\"@type\":\"BreadcrumbList\",\"@id\":\"https:\/\/www.kompetensforetagen.se\/aktiviteter\/kompetensforetagen-introduktion-till-tjanstemannavtalet-nya-medlemmar\/#breadcrumb\",\"itemListElement\":[{\"@type\":\"ListItem\",\"position\":1,\"name\":\"Home\",\"item\":\"https:\/\/www.kompetensforetagen.se\/\"},{\"@type\":\"ListItem\",\"position\":2,\"name\":\"Aktiviteter\",\"item\":\"https:\/\/www.kompetensforetagen.se\/aktiviteter\/\"},{\"@type\":\"ListItem\",\"position\":3,\"name\":\"Kompetens&shy;f\u00f6retagen &#8211; introduktion till tj\u00e4nstemanna&shy;avtalet\"}]},{\"@type\":\"WebSite\",\"@id\":\"https:\/\/www.kompetensforetagen.se\/#website\",\"url\":\"https:\/\/www.kompetensforetagen.se\/\",\"name\":\"Kompetensf\u00f6retagen\",\"description\":\"R\u00e4tt person p\u00e5 r\u00e4tt plats kan f\u00f6r\u00e4ndra v\u00e4rlden\",\"publisher\":{\"@id\":\"https:\/\/www.kompetensforetagen.se\/#organization\"},\"potentialAction\":[{\"@type\":\"SearchAction\",\"target\":{\"@type\":\"EntryPoint\",\"urlTemplate\":\"https:\/\/www.kompetensforetagen.se\/?s={search_term_string}\"},\"query-input\":{\"@type\":\"PropertyValueSpecification\",\"valueRequired\":true,\"valueName\":\"search_term_string\"}}],\"inLanguage\":\"sv-SE\"},{\"@type\":\"Organization\",\"@id\":\"https:\/\/www.kompetensforetagen.se\/#organization\",\"name\":\"Kompetensf\u00f6retagen\",\"url\":\"https:\/\/www.kompetensforetagen.se\/\",\"logo\":{\"@type\":\"ImageObject\",\"inLanguage\":\"sv-SE\",\"@id\":\"https:\/\/www.kompetensforetagen.se\/#\/schema\/logo\/image\/\",\"url\":\"https:\/\/www.kompetensforetagen.se\/app\/uploads\/sites\/5\/2022\/10\/logga_svart.png\",\"contentUrl\":\"https:\/\/www.kompetensforetagen.se\/app\/uploads\/sites\/5\/2022\/10\/logga_svart.png\",\"width\":752,\"height\":64,\"caption\":\"Kompetensf\u00f6retagen\"},\"image\":{\"@id\":\"https:\/\/www.kompetensforetagen.se\/#\/schema\/logo\/image\/\"},\"sameAs\":[\"https:\/\/www.linkedin.com\/company\/10540032\/\"]}]}<\/script>\n<!-- \/ Yoast SEO Premium plugin. -->","yoast_head_json":{"title":"Kompetensf\u00f6retagen - introduktion till tj\u00e4nstemannaavtalet - Kompetensf\u00f6retagen","description":"Grundl\u00e4ggande genomg\u00e5ng av tj\u00e4nstemannaavtalet. F\u00f6r nya medlemmar som beh\u00f6ver koll p\u00e5 anst\u00e4llningsvillkor och regler f\u00f6r tj\u00e4nstem\u00e4n.","robots":{"index":"index","follow":"follow","max-snippet":"max-snippet:-1","max-image-preview":"max-image-preview:large","max-video-preview":"max-video-preview:-1"},"canonical":"https:\/\/www.kompetensforetagen.se\/aktiviteter\/kompetensforetagen-introduktion-till-tjanstemannavtalet-nya-medlemmar\/","og_locale":"sv_SE","og_type":"article","og_title":"Kompetensf\u00f6retagen - introduktion till tj\u00e4nstemannaavtalet","og_description":"Grundl\u00e4ggande genomg\u00e5ng av tj\u00e4nstemannaavtalet. F\u00f6r nya medlemmar som beh\u00f6ver koll p\u00e5 anst\u00e4llningsvillkor och regler f\u00f6r tj\u00e4nstem\u00e4n.","og_url":"https:\/\/www.kompetensforetagen.se\/aktiviteter\/kompetensforetagen-introduktion-till-tjanstemannavtalet-nya-medlemmar\/","og_site_name":"Kompetensf\u00f6retagen","article_modified_time":"2026-04-13T01:21:37+00:00","og_image":[{"width":2500,"height":1668,"url":"https:\/\/www.kompetensforetagen.se\/app\/uploads\/sites\/5\/2025\/12\/almega-e-kurs.jpg","type":"image\/jpeg"}],"twitter_card":"summary_large_image","twitter_misc":{"Ber\u00e4knad l\u00e4stid":"1 minut"},"schema":{"@context":"https:\/\/schema.org","@graph":[{"@type":"WebPage","@id":"https:\/\/www.kompetensforetagen.se\/aktiviteter\/kompetensforetagen-introduktion-till-tjanstemannavtalet-nya-medlemmar\/","url":"https:\/\/www.kompetensforetagen.se\/aktiviteter\/kompetensforetagen-introduktion-till-tjanstemannavtalet-nya-medlemmar\/","name":"Kompetensf\u00f6retagen - introduktion till tj\u00e4nstemannaavtalet - Kompetensf\u00f6retagen","isPartOf":{"@id":"https:\/\/www.kompetensforetagen.se\/#website"},"primaryImageOfPage":{"@id":"https:\/\/www.kompetensforetagen.se\/aktiviteter\/kompetensforetagen-introduktion-till-tjanstemannavtalet-nya-medlemmar\/#primaryimage"},"image":{"@id":"https:\/\/www.kompetensforetagen.se\/aktiviteter\/kompetensforetagen-introduktion-till-tjanstemannavtalet-nya-medlemmar\/#primaryimage"},"thumbnailUrl":"https:\/\/www.kompetensforetagen.se\/app\/uploads\/sites\/5\/2025\/12\/almega-e-kurs.jpg","datePublished":"2022-04-04T14:21:06+00:00","dateModified":"2026-04-13T01:21:37+00:00","description":"Grundl\u00e4ggande genomg\u00e5ng av tj\u00e4nstemannaavtalet. F\u00f6r nya medlemmar som beh\u00f6ver koll p\u00e5 anst\u00e4llningsvillkor och regler f\u00f6r tj\u00e4nstem\u00e4n.","breadcrumb":{"@id":"https:\/\/www.kompetensforetagen.se\/aktiviteter\/kompetensforetagen-introduktion-till-tjanstemannavtalet-nya-medlemmar\/#breadcrumb"},"inLanguage":"sv-SE","potentialAction":[{"@type":"ReadAction","target":["https:\/\/www.kompetensforetagen.se\/aktiviteter\/kompetensforetagen-introduktion-till-tjanstemannavtalet-nya-medlemmar\/"]}]},{"@type":"ImageObject","inLanguage":"sv-SE","@id":"https:\/\/www.kompetensforetagen.se\/aktiviteter\/kompetensforetagen-introduktion-till-tjanstemannavtalet-nya-medlemmar\/#primaryimage","url":"https:\/\/www.kompetensforetagen.se\/app\/uploads\/sites\/5\/2025\/12\/almega-e-kurs.jpg","contentUrl":"https:\/\/www.kompetensforetagen.se\/app\/uploads\/sites\/5\/2025\/12\/almega-e-kurs.jpg","width":2500,"height":1668},{"@type":"BreadcrumbList","@id":"https:\/\/www.kompetensforetagen.se\/aktiviteter\/kompetensforetagen-introduktion-till-tjanstemannavtalet-nya-medlemmar\/#breadcrumb","itemListElement":[{"@type":"ListItem","position":1,"name":"Home","item":"https:\/\/www.kompetensforetagen.se\/"},{"@type":"ListItem","position":2,"name":"Aktiviteter","item":"https:\/\/www.kompetensforetagen.se\/aktiviteter\/"},{"@type":"ListItem","position":3,"name":"Kompetens&shy;f\u00f6retagen &#8211; introduktion till tj\u00e4nstemanna&shy;avtalet"}]},{"@type":"WebSite","@id":"https:\/\/www.kompetensforetagen.se\/#website","url":"https:\/\/www.kompetensforetagen.se\/","name":"Kompetensf\u00f6retagen","description":"R\u00e4tt person p\u00e5 r\u00e4tt plats kan f\u00f6r\u00e4ndra v\u00e4rlden","publisher":{"@id":"https:\/\/www.kompetensforetagen.se\/#organization"},"potentialAction":[{"@type":"SearchAction","target":{"@type":"EntryPoint","urlTemplate":"https:\/\/www.kompetensforetagen.se\/?s={search_term_string}"},"query-input":{"@type":"PropertyValueSpecification","valueRequired":true,"valueName":"search_term_string"}}],"inLanguage":"sv-SE"},{"@type":"Organization","@id":"https:\/\/www.kompetensforetagen.se\/#organization","name":"Kompetensf\u00f6retagen","url":"https:\/\/www.kompetensforetagen.se\/","logo":{"@type":"ImageObject","inLanguage":"sv-SE","@id":"https:\/\/www.kompetensforetagen.se\/#\/schema\/logo\/image\/","url":"https:\/\/www.kompetensforetagen.se\/app\/uploads\/sites\/5\/2022\/10\/logga_svart.png","contentUrl":"https:\/\/www.kompetensforetagen.se\/app\/uploads\/sites\/5\/2022\/10\/logga_svart.png","width":752,"height":64,"caption":"Kompetensf\u00f6retagen"},"image":{"@id":"https:\/\/www.kompetensforetagen.se\/#\/schema\/logo\/image\/"},"sameAs":["https:\/\/www.linkedin.com\/company\/10540032\/"]}]}},"_links":{"self":[{"href":"https:\/\/www.kompetensforetagen.se\/api\/wp\/v2\/event\/9254","targetHints":{"allow":["GET"]}}],"collection":[{"href":"https:\/\/www.kompetensforetagen.se\/api\/wp\/v2\/event"}],"about":[{"href":"https:\/\/www.kompetensforetagen.se\/api\/wp\/v2\/types\/event"}],"wp:featuredmedia":[{"embeddable":true,"href":"https:\/\/www.kompetensforetagen.se\/api\/wp\/v2\/media\/21180"}],"wp:attachment":[{"href":"https:\/\/www.kompetensforetagen.se\/api\/wp\/v2\/media?parent=9254"}],"wp:term":[{"taxonomy":"eventcat","embeddable":true,"href":"https:\/\/www.kompetensforetagen.se\/api\/wp\/v2\/eventcat?post=9254"},{"taxonomy":"eventtype","embeddable":true,"href":"https:\/\/www.kompetensforetagen.se\/api\/wp\/v2\/eventtype?post=9254"},{"taxonomy":"eventformat","embeddable":true,"href":"https:\/\/www.kompetensforetagen.se\/api\/wp\/v2\/eventformat?post=9254"},{"taxonomy":"agreement","embeddable":true,"href":"https:\/\/www.kompetensforetagen.se\/api\/wp\/v2\/agreement?post=9254"}],"curies":[{"name":"wp","href":"https:\/\/api.w.org\/{rel}","templated":true}]}}