{"id":7437,"date":"2021-07-07T21:21:10","date_gmt":"2021-07-07T19:21:10","guid":{"rendered":"https:\/\/www.kompetensforetagen.se\/aktiviteter\/auktorisationsutbildning\/"},"modified":"2026-01-26T09:07:30","modified_gmt":"2026-01-26T08:07:30","slug":"auktorisationsutbildning","status":"publish","type":"event","link":"https:\/\/www.kompetensforetagen.se\/aktiviteter\/auktorisationsutbildning\/","title":{"rendered":"Kompetens&shy;f\u00f6retagens auktorisations&shy;utbildning"},"content":{"rendered":"<div class=\"wp-block wp-block-classic-editor\">\n<p class=\"intro\">\n<h2>Kursbeskrivning<\/h2>\n<p>I villkoren f\u00f6r auktorisation ing\u00e5r att minst en person i ledande st\u00e4llning* ska genomg\u00e5 Kompetens\u00adf\u00f6retagens auktorisations\u00adutbildning.<\/p>\n<p>Vid utbildningen f\u00e5r du information om branschen och arbetsmarknaden, villkor f\u00f6r medlemskap och auktorisation, kollektivavtal och arbetsr\u00e4tt. Dessutom informeras du om Kompetens\u00adf\u00f6retagens allm\u00e4nna best\u00e4mmelser, v\u00e5ra ansvarsf\u00f6rs\u00e4kringar samt arbetsmilj\u00f6.<\/p>\n<p>* vd, v vd och personalchef \u00e4r personer i ledande positioner, men i \u00f6vrigt \u00e4r det f\u00f6retagets uppgift att definiera vilka personer i f\u00f6retaget som \u00e4r i ledande st\u00e4llning. Dessa ska dock ha en s\u00e5dan position i f\u00f6retaget att de dagligen ut\u00f6ver best\u00e4mmander\u00e4tt i bolaget.<\/p>\n<p>Utbildningen \u00e4r \u00f6ppen f\u00f6r f\u00f6retag enligt nedan:<\/p>\n<ul>\n<li><strong>Medlemsf\u00f6retag&nbsp;<\/strong><br \/>\nDigital utbildning, kostnad 1 500 kr, medf\u00f6ljande betalar 300 kr exkl. moms<\/li>\n<li><strong>F\u00f6retag som p\u00e5b\u00f6rjat medlemskapsprocessen med Kompetensf\u00f6retagen, d.v.s. ins\u00e4nt komplett medlemsans\u00f6kan <\/strong>(samt ev. underlag avseende auktorisation).<br \/>\nDigital utbildning, kostnad per person, 1 500 kr exkl. moms<\/li>\n<\/ul>\n<h3>Bekr\u00e4ftelse<\/h3>\n<p>Du f\u00e5r en bekr\u00e4ftelse p\u00e5 din anm\u00e4lan till den mejladress du angivit. Slutlig bekr\u00e4ftelse kommer cirka tv\u00e5 veckor innan kursstart.<\/p>\n<p>Utbildningen leds av representanter fr\u00e5n Kompetens\u00adf\u00f6retagen, S\u00f6derberg &amp; Partners och Almega.&nbsp;Efter utbildningen har du f\u00e5tt den kunskap som kr\u00e4vs av ett auktoriserat f\u00f6retag.<\/p>\n<p>Utbildningarna h\u00e5lls fem g\u00e5nger per \u00e5r och genomf\u00f6rs digitalt<br \/>\n<strong>Utbildningstillf\u00e4llen<\/strong>: Januari, mars, maj, september och november.<\/div>\n","protected":false},"excerpt":{"rendered":"<p>Kursbeskrivning I villkoren f\u00f6r auktorisation ing\u00e5r att minst en person i ledande st\u00e4llning* ska genomg\u00e5 Kompetens\u00adf\u00f6retagens auktorisations\u00adutbildning. Vid utbildningen f\u00e5r du information om branschen och arbetsmarknaden, villkor f\u00f6r medlemskap och auktorisation, kollektivavtal och arbetsr\u00e4tt. Dessutom &hellip;<\/p>\n","protected":false},"featured_media":0,"template":"","eventcat":[196,195],"eventtype":[],"eventformat":[],"agreement":[],"class_list":["post-7437","event","type-event","status-publish","hentry","eventcat-auktorisation","eventcat-utbildningar"],"acf":[],"yoast_head":"<!-- This site is optimized with the Yoast SEO Premium plugin v26.8 (Yoast SEO v26.8) - https:\/\/yoast.com\/product\/yoast-seo-premium-wordpress\/ -->\n<title>Kompetens\u00adf\u00f6retagens auktorisations\u00adutbildning<\/title>\n<meta name=\"description\" content=\"I villkoren f\u00f6r auktorisation ing\u00e5r att minst en person i ledande st\u00e4llning* ska genomg\u00e5 Kompetens\u00adf\u00f6retagens auktorisations\u00adutbildning.\" \/>\n<meta name=\"robots\" content=\"index, follow, max-snippet:-1, max-image-preview:large, max-video-preview:-1\" \/>\n<link rel=\"canonical\" href=\"https:\/\/www.kompetensforetagen.se\/aktiviteter\/auktorisationsutbildning\/\" \/>\n<meta property=\"og:locale\" content=\"sv_SE\" \/>\n<meta property=\"og:type\" content=\"article\" \/>\n<meta property=\"og:title\" content=\"Kompetensf\u00f6retagens auktorisationsutbildning\" \/>\n<meta property=\"og:description\" content=\"I villkoren f\u00f6r auktorisation ing\u00e5r att minst en person i ledande st\u00e4llning* ska genomg\u00e5 Kompetens\u00adf\u00f6retagens auktorisations\u00adutbildning.\" \/>\n<meta property=\"og:url\" content=\"https:\/\/www.kompetensforetagen.se\/aktiviteter\/auktorisationsutbildning\/\" \/>\n<meta property=\"og:site_name\" content=\"Kompetensf\u00f6retagen\" \/>\n<meta property=\"article:modified_time\" content=\"2026-01-26T08:07:30+00:00\" \/>\n<meta name=\"twitter:card\" content=\"summary_large_image\" \/>\n<meta name=\"twitter:label1\" content=\"Ber\u00e4knad l\u00e4stid\" \/>\n\t<meta name=\"twitter:data1\" content=\"1 minut\" \/>\n<script type=\"application\/ld+json\" class=\"yoast-schema-graph\">{\"@context\":\"https:\/\/schema.org\",\"@graph\":[{\"@type\":\"WebPage\",\"@id\":\"https:\/\/www.kompetensforetagen.se\/aktiviteter\/auktorisationsutbildning\/\",\"url\":\"https:\/\/www.kompetensforetagen.se\/aktiviteter\/auktorisationsutbildning\/\",\"name\":\"Kompetens\u00adf\u00f6retagens auktorisations\u00adutbildning\",\"isPartOf\":{\"@id\":\"https:\/\/www.kompetensforetagen.se\/#website\"},\"datePublished\":\"2021-07-07T19:21:10+00:00\",\"dateModified\":\"2026-01-26T08:07:30+00:00\",\"description\":\"I villkoren f\u00f6r auktorisation ing\u00e5r att minst en person i ledande st\u00e4llning* ska genomg\u00e5 Kompetens\u00adf\u00f6retagens auktorisations\u00adutbildning.\",\"breadcrumb\":{\"@id\":\"https:\/\/www.kompetensforetagen.se\/aktiviteter\/auktorisationsutbildning\/#breadcrumb\"},\"inLanguage\":\"sv-SE\",\"potentialAction\":[{\"@type\":\"ReadAction\",\"target\":[\"https:\/\/www.kompetensforetagen.se\/aktiviteter\/auktorisationsutbildning\/\"]}]},{\"@type\":\"BreadcrumbList\",\"@id\":\"https:\/\/www.kompetensforetagen.se\/aktiviteter\/auktorisationsutbildning\/#breadcrumb\",\"itemListElement\":[{\"@type\":\"ListItem\",\"position\":1,\"name\":\"Home\",\"item\":\"https:\/\/www.kompetensforetagen.se\/\"},{\"@type\":\"ListItem\",\"position\":2,\"name\":\"Aktiviteter\",\"item\":\"https:\/\/www.kompetensforetagen.se\/aktiviteter\/\"},{\"@type\":\"ListItem\",\"position\":3,\"name\":\"Kompetens&shy;f\u00f6retagens auktorisations&shy;utbildning\"}]},{\"@type\":\"WebSite\",\"@id\":\"https:\/\/www.kompetensforetagen.se\/#website\",\"url\":\"https:\/\/www.kompetensforetagen.se\/\",\"name\":\"Kompetensf\u00f6retagen\",\"description\":\"R\u00e4tt person p\u00e5 r\u00e4tt plats kan f\u00f6r\u00e4ndra v\u00e4rlden\",\"publisher\":{\"@id\":\"https:\/\/www.kompetensforetagen.se\/#organization\"},\"potentialAction\":[{\"@type\":\"SearchAction\",\"target\":{\"@type\":\"EntryPoint\",\"urlTemplate\":\"https:\/\/www.kompetensforetagen.se\/?s={search_term_string}\"},\"query-input\":{\"@type\":\"PropertyValueSpecification\",\"valueRequired\":true,\"valueName\":\"search_term_string\"}}],\"inLanguage\":\"sv-SE\"},{\"@type\":\"Organization\",\"@id\":\"https:\/\/www.kompetensforetagen.se\/#organization\",\"name\":\"Kompetensf\u00f6retagen\",\"url\":\"https:\/\/www.kompetensforetagen.se\/\",\"logo\":{\"@type\":\"ImageObject\",\"inLanguage\":\"sv-SE\",\"@id\":\"https:\/\/www.kompetensforetagen.se\/#\/schema\/logo\/image\/\",\"url\":\"https:\/\/www.kompetensforetagen.se\/app\/uploads\/sites\/5\/2022\/10\/logga_svart.png\",\"contentUrl\":\"https:\/\/www.kompetensforetagen.se\/app\/uploads\/sites\/5\/2022\/10\/logga_svart.png\",\"width\":752,\"height\":64,\"caption\":\"Kompetensf\u00f6retagen\"},\"image\":{\"@id\":\"https:\/\/www.kompetensforetagen.se\/#\/schema\/logo\/image\/\"},\"sameAs\":[\"https:\/\/www.linkedin.com\/company\/10540032\/\"]}]}<\/script>\n<!-- \/ Yoast SEO Premium plugin. -->","yoast_head_json":{"title":"Kompetens\u00adf\u00f6retagens auktorisations\u00adutbildning","description":"I villkoren f\u00f6r auktorisation ing\u00e5r att minst en person i ledande st\u00e4llning* ska genomg\u00e5 Kompetens\u00adf\u00f6retagens auktorisations\u00adutbildning.","robots":{"index":"index","follow":"follow","max-snippet":"max-snippet:-1","max-image-preview":"max-image-preview:large","max-video-preview":"max-video-preview:-1"},"canonical":"https:\/\/www.kompetensforetagen.se\/aktiviteter\/auktorisationsutbildning\/","og_locale":"sv_SE","og_type":"article","og_title":"Kompetensf\u00f6retagens auktorisationsutbildning","og_description":"I villkoren f\u00f6r auktorisation ing\u00e5r att minst en person i ledande st\u00e4llning* ska genomg\u00e5 Kompetens\u00adf\u00f6retagens auktorisations\u00adutbildning.","og_url":"https:\/\/www.kompetensforetagen.se\/aktiviteter\/auktorisationsutbildning\/","og_site_name":"Kompetensf\u00f6retagen","article_modified_time":"2026-01-26T08:07:30+00:00","twitter_card":"summary_large_image","twitter_misc":{"Ber\u00e4knad l\u00e4stid":"1 minut"},"schema":{"@context":"https:\/\/schema.org","@graph":[{"@type":"WebPage","@id":"https:\/\/www.kompetensforetagen.se\/aktiviteter\/auktorisationsutbildning\/","url":"https:\/\/www.kompetensforetagen.se\/aktiviteter\/auktorisationsutbildning\/","name":"Kompetens\u00adf\u00f6retagens auktorisations\u00adutbildning","isPartOf":{"@id":"https:\/\/www.kompetensforetagen.se\/#website"},"datePublished":"2021-07-07T19:21:10+00:00","dateModified":"2026-01-26T08:07:30+00:00","description":"I villkoren f\u00f6r auktorisation ing\u00e5r att minst en person i ledande st\u00e4llning* ska genomg\u00e5 Kompetens\u00adf\u00f6retagens auktorisations\u00adutbildning.","breadcrumb":{"@id":"https:\/\/www.kompetensforetagen.se\/aktiviteter\/auktorisationsutbildning\/#breadcrumb"},"inLanguage":"sv-SE","potentialAction":[{"@type":"ReadAction","target":["https:\/\/www.kompetensforetagen.se\/aktiviteter\/auktorisationsutbildning\/"]}]},{"@type":"BreadcrumbList","@id":"https:\/\/www.kompetensforetagen.se\/aktiviteter\/auktorisationsutbildning\/#breadcrumb","itemListElement":[{"@type":"ListItem","position":1,"name":"Home","item":"https:\/\/www.kompetensforetagen.se\/"},{"@type":"ListItem","position":2,"name":"Aktiviteter","item":"https:\/\/www.kompetensforetagen.se\/aktiviteter\/"},{"@type":"ListItem","position":3,"name":"Kompetens&shy;f\u00f6retagens auktorisations&shy;utbildning"}]},{"@type":"WebSite","@id":"https:\/\/www.kompetensforetagen.se\/#website","url":"https:\/\/www.kompetensforetagen.se\/","name":"Kompetensf\u00f6retagen","description":"R\u00e4tt person p\u00e5 r\u00e4tt plats kan f\u00f6r\u00e4ndra v\u00e4rlden","publisher":{"@id":"https:\/\/www.kompetensforetagen.se\/#organization"},"potentialAction":[{"@type":"SearchAction","target":{"@type":"EntryPoint","urlTemplate":"https:\/\/www.kompetensforetagen.se\/?s={search_term_string}"},"query-input":{"@type":"PropertyValueSpecification","valueRequired":true,"valueName":"search_term_string"}}],"inLanguage":"sv-SE"},{"@type":"Organization","@id":"https:\/\/www.kompetensforetagen.se\/#organization","name":"Kompetensf\u00f6retagen","url":"https:\/\/www.kompetensforetagen.se\/","logo":{"@type":"ImageObject","inLanguage":"sv-SE","@id":"https:\/\/www.kompetensforetagen.se\/#\/schema\/logo\/image\/","url":"https:\/\/www.kompetensforetagen.se\/app\/uploads\/sites\/5\/2022\/10\/logga_svart.png","contentUrl":"https:\/\/www.kompetensforetagen.se\/app\/uploads\/sites\/5\/2022\/10\/logga_svart.png","width":752,"height":64,"caption":"Kompetensf\u00f6retagen"},"image":{"@id":"https:\/\/www.kompetensforetagen.se\/#\/schema\/logo\/image\/"},"sameAs":["https:\/\/www.linkedin.com\/company\/10540032\/"]}]}},"_links":{"self":[{"href":"https:\/\/www.kompetensforetagen.se\/api\/wp\/v2\/event\/7437","targetHints":{"allow":["GET"]}}],"collection":[{"href":"https:\/\/www.kompetensforetagen.se\/api\/wp\/v2\/event"}],"about":[{"href":"https:\/\/www.kompetensforetagen.se\/api\/wp\/v2\/types\/event"}],"wp:attachment":[{"href":"https:\/\/www.kompetensforetagen.se\/api\/wp\/v2\/media?parent=7437"}],"wp:term":[{"taxonomy":"eventcat","embeddable":true,"href":"https:\/\/www.kompetensforetagen.se\/api\/wp\/v2\/eventcat?post=7437"},{"taxonomy":"eventtype","embeddable":true,"href":"https:\/\/www.kompetensforetagen.se\/api\/wp\/v2\/eventtype?post=7437"},{"taxonomy":"eventformat","embeddable":true,"href":"https:\/\/www.kompetensforetagen.se\/api\/wp\/v2\/eventformat?post=7437"},{"taxonomy":"agreement","embeddable":true,"href":"https:\/\/www.kompetensforetagen.se\/api\/wp\/v2\/agreement?post=7437"}],"curies":[{"name":"wp","href":"https:\/\/api.w.org\/{rel}","templated":true}]}}