{"id":16923,"date":"2024-03-20T09:21:20","date_gmt":"2024-03-20T08:21:20","guid":{"rendered":"https:\/\/www.kompetensforetagen.se\/aktiviteter\/grundkurs-i-arbetsratt-2-delar\/"},"modified":"2025-12-31T02:21:11","modified_gmt":"2025-12-31T01:21:11","slug":"grundkurs-i-arbetsratt-2-delar","status":"publish","type":"event","link":"https:\/\/www.kompetensforetagen.se\/aktiviteter\/grundkurs-i-arbetsratt-2-delar\/","title":{"rendered":"Grundkurs i Arbetsr\u00e4tt"},"content":{"rendered":"<div class=\"wp-block wp-block-classic-editor\">\n<p class=\"intro\">\u00c4r du ny inom arbetsr\u00e4tten? D\u00e5 \u00e4r den h\u00e4r kursen riktad till dig.&nbsp;Kursen ger dig en bra och tydlig \u00f6versikt \u00f6ver lagstiftning och kollektivavtal och en \u00f6vergripande f\u00f6rst\u00e5else f\u00f6r hur lagar och regler p\u00e5verkar arbetsgivare och anst\u00e4llda i praktiken.&nbsp;<\/p>\n<p>Tillsammans g\u00e5r vi igenom vanliga fr\u00e5gest\u00e4llningar och situationer som kan uppst\u00e5 p\u00e5 arbetsplatsen som:<\/p>\n<ul>\n<li>F\u00f6rhandling och Medbest\u00e4mmandelagen (MBL) \u2013 hur facklig samverkan fungerar<\/li>\n<li>Kollektivavtal \u2013 vad de inneb\u00e4r och varf\u00f6r de \u00e4r viktiga<\/li>\n<li>Arbetsbrist och LAS-fr\u00e5gor \u2013 regler kring upps\u00e4gning och anst\u00e4llningstrygghet<\/li>\n<li>Rekrytering och diskriminering \u2013 juridiska riktlinjer och r\u00e4ttigheter<\/li>\n<li>Ledighetslagarna \u2013 vad som g\u00e4ller vid olika typer av ledighet<\/li>\n<li>Arbetsmilj\u00f6 \u2013 och ansvaret p\u00e5 arbetsplatsen<\/li>\n<\/ul>\n<p><\/p>\n<h2>Kursledare<\/h2>\n<p>Almegas arbetsr\u00e4ttsjurister och arbetsr\u00e4ttsexperter<\/p>\n<h2><strong>Praktiska detaljer<\/strong><\/h2>\n<p>Som deltagare har du m\u00f6jlighet att st\u00e4lla fr\u00e5gor via chatt under kursen.<br \/>Information om hur du ansluter dig till kursen skickas i en separat kallelse.&nbsp;<\/p>\n<p>Kursen \u00e4r uppdelad i <strong>tv\u00e5 delar som h\u00e5lls vid tv\u00e5 olika datum<\/strong> och du f\u00e5r <strong>en bekr\u00e4ftelse<\/strong> f\u00f6r b\u00e5da delarna.<\/p>\n<p><strong>Hittar du inget datum som passar dig?<\/strong><\/p>\n<p>Om inget av tillf\u00e4llena passar dig kan du ist\u00e4llet genomf\u00f6ra webbutbildningen som e-kurs. F\u00f6rdelen med en e-kurs \u00e4r att du kan ta del av den d\u00e4r och n\u00e4r det passar dig b\u00e4st.<\/p>\n<p>Du anm\u00e4ler dig till e-kursen h\u00e4r: <a href=\"https:\/\/www.almega.se\/aktiviteter\/grundkurs-i-arbetsratt-e-kurs\/\" target=\"_blank\" rel=\"noopener noreferrer\"><\/a><a href=\"https:\/\/www.almega.se\/aktiviteter\/grundkurs-i-arbetsratt-e-kurs\/\" rel=\"noopener noreferrer\" target=\"_blank\">Grundkurs i arbetsr\u00e4tt&nbsp;<\/a><a href=\"https:\/\/www.almega.se\/aktiviteter\/grundkurs-i-arbetsratt-e-kurs\/\"><\/a><\/p>\n<h2>Pris<\/h2>\n<p>2495 kr ex moms f\u00f6r medlemmar<br \/>6900 kr ex moms f\u00f6r icke-medlemmar<strong><br \/><\/strong><\/p>\n<h2>Kursm\u00e5l<\/h2>\n<ul>\n<li>F\u00e5 en grundl\u00e4ggande f\u00f6rst\u00e5else f\u00f6r arbetsr\u00e4ttslig lagstiftning och kollektivavtal, inklusive centrala lagar som Medbest\u00e4mmandelagen (MBL) och Lagen om anst\u00e4llningsskydd (LAS).<\/li>\n<li>Kunna identifiera och f\u00f6rst\u00e5 vanliga arbetsr\u00e4ttsliga fr\u00e5gor och situationer som kan uppst\u00e5 p\u00e5 arbetsplatsen, s\u00e5som arbetsbrist, diskriminering och rekrytering.<\/li>\n<li>F\u00e5 insikt i arbetsgivarens skyldigheter och handlingsutrymme inom omr\u00e5den som ledighetslagar och arbetsmilj\u00f6, f\u00f6r att skapa en h\u00e5llbar och v\u00e4lfungerande arbetsplats.<\/li>\n<\/ul>\n<h2>M\u00e5lgrupp<\/h2>\n<p>Vi v\u00e4nder oss i f\u00f6rsta hand till dig som \u00e4r nyb\u00f6rjare inom arbetsr\u00e4tten och \u00e4r chef, arbetsledare med personalansvar eller p\u00e5 n\u00e5got s\u00e4tt kommer i kontakt med arbetsr\u00e4tten i ditt dagliga arbete.\n<\/p>\n<h2>Citat<\/h2>\n<p>Vad har tidigare deltagare sagt om kursen:<\/p>\n<p>\u201dSuperengagerade och pedagogiska utbildningsledare. Rekommenderas varmt!\u201d&nbsp;<\/p>\n<p>\u201dJ\u00e4ttebra uppl\u00e4gg med teori varvat med lite fr\u00e5gest\u00e4llningar.\u201d<\/p>\n<p>\u201dDet var bra niv\u00e5 p\u00e5 denna kurs och bra att man kunde g\u00e5 den digitalt\u201d<\/p>\n<\/div>\n","protected":false},"excerpt":{"rendered":"<p>\u00c4r du ny inom arbetsr\u00e4tten? D\u00e5 \u00e4r den h\u00e4r kursen riktad till dig.&nbsp;Kursen ger dig en bra och tydlig \u00f6versikt \u00f6ver lagstiftning och kollektivavtal och en \u00f6vergripande f\u00f6rst\u00e5else f\u00f6r hur lagar och regler p\u00e5verkar arbetsgivare och anst\u00e4llda i praktiken.&nbsp;<\/p>\n","protected":false},"featured_media":21179,"template":"","eventcat":[169],"eventtype":[271],"eventformat":[270],"agreement":[],"class_list":["post-16923","event","type-event","status-publish","has-post-thumbnail","hentry","eventcat-arbetsratt","eventtype-kurs","eventformat-distans"],"acf":[],"yoast_head":"<!-- This site is optimized with the Yoast SEO Premium plugin v26.8 (Yoast SEO v26.8) - https:\/\/yoast.com\/product\/yoast-seo-premium-wordpress\/ -->\n<title>Grundkurs i Arbetsr\u00e4tt - Kompetensf\u00f6retagen<\/title>\n<meta name=\"robots\" content=\"index, follow, max-snippet:-1, max-image-preview:large, max-video-preview:-1\" \/>\n<link rel=\"canonical\" href=\"https:\/\/www.kompetensforetagen.se\/aktiviteter\/grundkurs-i-arbetsratt-2-delar\/\" \/>\n<meta property=\"og:locale\" content=\"sv_SE\" \/>\n<meta property=\"og:type\" content=\"article\" \/>\n<meta property=\"og:title\" content=\"Grundkurs i Arbetsr\u00e4tt\" \/>\n<meta property=\"og:description\" content=\"\u00c4r du ny inom arbetsr\u00e4tten? D\u00e5 \u00e4r den h\u00e4r kursen riktad till dig.&nbsp;Kursen ger dig en bra och tydlig \u00f6versikt \u00f6ver lagstiftning och kollektivavtal och en \u00f6vergripande f\u00f6rst\u00e5else f\u00f6r hur lagar och regler p\u00e5verkar arbetsgivare och anst\u00e4llda i praktiken.&nbsp;\" \/>\n<meta property=\"og:url\" content=\"https:\/\/www.kompetensforetagen.se\/aktiviteter\/grundkurs-i-arbetsratt-2-delar\/\" \/>\n<meta property=\"og:site_name\" content=\"Kompetensf\u00f6retagen\" \/>\n<meta property=\"article:modified_time\" content=\"2025-12-31T01:21:11+00:00\" \/>\n<meta property=\"og:image\" content=\"https:\/\/www.kompetensforetagen.se\/app\/uploads\/sites\/5\/2025\/12\/grundkurs-i-arbetsratt.jpg\" \/>\n\t<meta property=\"og:image:width\" content=\"2500\" \/>\n\t<meta property=\"og:image:height\" content=\"1667\" \/>\n\t<meta property=\"og:image:type\" content=\"image\/jpeg\" \/>\n<meta name=\"twitter:card\" content=\"summary_large_image\" \/>\n<meta name=\"twitter:label1\" content=\"Ber\u00e4knad l\u00e4stid\" \/>\n\t<meta name=\"twitter:data1\" content=\"2 minuter\" \/>\n<script type=\"application\/ld+json\" class=\"yoast-schema-graph\">{\"@context\":\"https:\/\/schema.org\",\"@graph\":[{\"@type\":\"WebPage\",\"@id\":\"https:\/\/www.kompetensforetagen.se\/aktiviteter\/grundkurs-i-arbetsratt-2-delar\/\",\"url\":\"https:\/\/www.kompetensforetagen.se\/aktiviteter\/grundkurs-i-arbetsratt-2-delar\/\",\"name\":\"Grundkurs i Arbetsr\u00e4tt - Kompetensf\u00f6retagen\",\"isPartOf\":{\"@id\":\"https:\/\/www.kompetensforetagen.se\/#website\"},\"primaryImageOfPage\":{\"@id\":\"https:\/\/www.kompetensforetagen.se\/aktiviteter\/grundkurs-i-arbetsratt-2-delar\/#primaryimage\"},\"image\":{\"@id\":\"https:\/\/www.kompetensforetagen.se\/aktiviteter\/grundkurs-i-arbetsratt-2-delar\/#primaryimage\"},\"thumbnailUrl\":\"https:\/\/www.kompetensforetagen.se\/app\/uploads\/sites\/5\/2025\/12\/grundkurs-i-arbetsratt.jpg\",\"datePublished\":\"2024-03-20T08:21:20+00:00\",\"dateModified\":\"2025-12-31T01:21:11+00:00\",\"breadcrumb\":{\"@id\":\"https:\/\/www.kompetensforetagen.se\/aktiviteter\/grundkurs-i-arbetsratt-2-delar\/#breadcrumb\"},\"inLanguage\":\"sv-SE\",\"potentialAction\":[{\"@type\":\"ReadAction\",\"target\":[\"https:\/\/www.kompetensforetagen.se\/aktiviteter\/grundkurs-i-arbetsratt-2-delar\/\"]}]},{\"@type\":\"ImageObject\",\"inLanguage\":\"sv-SE\",\"@id\":\"https:\/\/www.kompetensforetagen.se\/aktiviteter\/grundkurs-i-arbetsratt-2-delar\/#primaryimage\",\"url\":\"https:\/\/www.kompetensforetagen.se\/app\/uploads\/sites\/5\/2025\/12\/grundkurs-i-arbetsratt.jpg\",\"contentUrl\":\"https:\/\/www.kompetensforetagen.se\/app\/uploads\/sites\/5\/2025\/12\/grundkurs-i-arbetsratt.jpg\",\"width\":2500,\"height\":1667},{\"@type\":\"BreadcrumbList\",\"@id\":\"https:\/\/www.kompetensforetagen.se\/aktiviteter\/grundkurs-i-arbetsratt-2-delar\/#breadcrumb\",\"itemListElement\":[{\"@type\":\"ListItem\",\"position\":1,\"name\":\"Home\",\"item\":\"https:\/\/www.kompetensforetagen.se\/\"},{\"@type\":\"ListItem\",\"position\":2,\"name\":\"Aktiviteter\",\"item\":\"https:\/\/www.kompetensforetagen.se\/aktiviteter\/\"},{\"@type\":\"ListItem\",\"position\":3,\"name\":\"Grundkurs i Arbetsr\u00e4tt\"}]},{\"@type\":\"WebSite\",\"@id\":\"https:\/\/www.kompetensforetagen.se\/#website\",\"url\":\"https:\/\/www.kompetensforetagen.se\/\",\"name\":\"Kompetensf\u00f6retagen\",\"description\":\"R\u00e4tt person p\u00e5 r\u00e4tt plats kan f\u00f6r\u00e4ndra v\u00e4rlden\",\"publisher\":{\"@id\":\"https:\/\/www.kompetensforetagen.se\/#organization\"},\"potentialAction\":[{\"@type\":\"SearchAction\",\"target\":{\"@type\":\"EntryPoint\",\"urlTemplate\":\"https:\/\/www.kompetensforetagen.se\/?s={search_term_string}\"},\"query-input\":{\"@type\":\"PropertyValueSpecification\",\"valueRequired\":true,\"valueName\":\"search_term_string\"}}],\"inLanguage\":\"sv-SE\"},{\"@type\":\"Organization\",\"@id\":\"https:\/\/www.kompetensforetagen.se\/#organization\",\"name\":\"Kompetensf\u00f6retagen\",\"url\":\"https:\/\/www.kompetensforetagen.se\/\",\"logo\":{\"@type\":\"ImageObject\",\"inLanguage\":\"sv-SE\",\"@id\":\"https:\/\/www.kompetensforetagen.se\/#\/schema\/logo\/image\/\",\"url\":\"https:\/\/www.kompetensforetagen.se\/app\/uploads\/sites\/5\/2022\/10\/logga_svart.png\",\"contentUrl\":\"https:\/\/www.kompetensforetagen.se\/app\/uploads\/sites\/5\/2022\/10\/logga_svart.png\",\"width\":752,\"height\":64,\"caption\":\"Kompetensf\u00f6retagen\"},\"image\":{\"@id\":\"https:\/\/www.kompetensforetagen.se\/#\/schema\/logo\/image\/\"},\"sameAs\":[\"https:\/\/www.linkedin.com\/company\/10540032\/\"]}]}<\/script>\n<!-- \/ Yoast SEO Premium plugin. -->","yoast_head_json":{"title":"Grundkurs i Arbetsr\u00e4tt - Kompetensf\u00f6retagen","robots":{"index":"index","follow":"follow","max-snippet":"max-snippet:-1","max-image-preview":"max-image-preview:large","max-video-preview":"max-video-preview:-1"},"canonical":"https:\/\/www.kompetensforetagen.se\/aktiviteter\/grundkurs-i-arbetsratt-2-delar\/","og_locale":"sv_SE","og_type":"article","og_title":"Grundkurs i Arbetsr\u00e4tt","og_description":"\u00c4r du ny inom arbetsr\u00e4tten? D\u00e5 \u00e4r den h\u00e4r kursen riktad till dig.&nbsp;Kursen ger dig en bra och tydlig \u00f6versikt \u00f6ver lagstiftning och kollektivavtal och en \u00f6vergripande f\u00f6rst\u00e5else f\u00f6r hur lagar och regler p\u00e5verkar arbetsgivare och anst\u00e4llda i praktiken.&nbsp;","og_url":"https:\/\/www.kompetensforetagen.se\/aktiviteter\/grundkurs-i-arbetsratt-2-delar\/","og_site_name":"Kompetensf\u00f6retagen","article_modified_time":"2025-12-31T01:21:11+00:00","og_image":[{"width":2500,"height":1667,"url":"https:\/\/www.kompetensforetagen.se\/app\/uploads\/sites\/5\/2025\/12\/grundkurs-i-arbetsratt.jpg","type":"image\/jpeg"}],"twitter_card":"summary_large_image","twitter_misc":{"Ber\u00e4knad l\u00e4stid":"2 minuter"},"schema":{"@context":"https:\/\/schema.org","@graph":[{"@type":"WebPage","@id":"https:\/\/www.kompetensforetagen.se\/aktiviteter\/grundkurs-i-arbetsratt-2-delar\/","url":"https:\/\/www.kompetensforetagen.se\/aktiviteter\/grundkurs-i-arbetsratt-2-delar\/","name":"Grundkurs i Arbetsr\u00e4tt - Kompetensf\u00f6retagen","isPartOf":{"@id":"https:\/\/www.kompetensforetagen.se\/#website"},"primaryImageOfPage":{"@id":"https:\/\/www.kompetensforetagen.se\/aktiviteter\/grundkurs-i-arbetsratt-2-delar\/#primaryimage"},"image":{"@id":"https:\/\/www.kompetensforetagen.se\/aktiviteter\/grundkurs-i-arbetsratt-2-delar\/#primaryimage"},"thumbnailUrl":"https:\/\/www.kompetensforetagen.se\/app\/uploads\/sites\/5\/2025\/12\/grundkurs-i-arbetsratt.jpg","datePublished":"2024-03-20T08:21:20+00:00","dateModified":"2025-12-31T01:21:11+00:00","breadcrumb":{"@id":"https:\/\/www.kompetensforetagen.se\/aktiviteter\/grundkurs-i-arbetsratt-2-delar\/#breadcrumb"},"inLanguage":"sv-SE","potentialAction":[{"@type":"ReadAction","target":["https:\/\/www.kompetensforetagen.se\/aktiviteter\/grundkurs-i-arbetsratt-2-delar\/"]}]},{"@type":"ImageObject","inLanguage":"sv-SE","@id":"https:\/\/www.kompetensforetagen.se\/aktiviteter\/grundkurs-i-arbetsratt-2-delar\/#primaryimage","url":"https:\/\/www.kompetensforetagen.se\/app\/uploads\/sites\/5\/2025\/12\/grundkurs-i-arbetsratt.jpg","contentUrl":"https:\/\/www.kompetensforetagen.se\/app\/uploads\/sites\/5\/2025\/12\/grundkurs-i-arbetsratt.jpg","width":2500,"height":1667},{"@type":"BreadcrumbList","@id":"https:\/\/www.kompetensforetagen.se\/aktiviteter\/grundkurs-i-arbetsratt-2-delar\/#breadcrumb","itemListElement":[{"@type":"ListItem","position":1,"name":"Home","item":"https:\/\/www.kompetensforetagen.se\/"},{"@type":"ListItem","position":2,"name":"Aktiviteter","item":"https:\/\/www.kompetensforetagen.se\/aktiviteter\/"},{"@type":"ListItem","position":3,"name":"Grundkurs i Arbetsr\u00e4tt"}]},{"@type":"WebSite","@id":"https:\/\/www.kompetensforetagen.se\/#website","url":"https:\/\/www.kompetensforetagen.se\/","name":"Kompetensf\u00f6retagen","description":"R\u00e4tt person p\u00e5 r\u00e4tt plats kan f\u00f6r\u00e4ndra v\u00e4rlden","publisher":{"@id":"https:\/\/www.kompetensforetagen.se\/#organization"},"potentialAction":[{"@type":"SearchAction","target":{"@type":"EntryPoint","urlTemplate":"https:\/\/www.kompetensforetagen.se\/?s={search_term_string}"},"query-input":{"@type":"PropertyValueSpecification","valueRequired":true,"valueName":"search_term_string"}}],"inLanguage":"sv-SE"},{"@type":"Organization","@id":"https:\/\/www.kompetensforetagen.se\/#organization","name":"Kompetensf\u00f6retagen","url":"https:\/\/www.kompetensforetagen.se\/","logo":{"@type":"ImageObject","inLanguage":"sv-SE","@id":"https:\/\/www.kompetensforetagen.se\/#\/schema\/logo\/image\/","url":"https:\/\/www.kompetensforetagen.se\/app\/uploads\/sites\/5\/2022\/10\/logga_svart.png","contentUrl":"https:\/\/www.kompetensforetagen.se\/app\/uploads\/sites\/5\/2022\/10\/logga_svart.png","width":752,"height":64,"caption":"Kompetensf\u00f6retagen"},"image":{"@id":"https:\/\/www.kompetensforetagen.se\/#\/schema\/logo\/image\/"},"sameAs":["https:\/\/www.linkedin.com\/company\/10540032\/"]}]}},"_links":{"self":[{"href":"https:\/\/www.kompetensforetagen.se\/api\/wp\/v2\/event\/16923","targetHints":{"allow":["GET"]}}],"collection":[{"href":"https:\/\/www.kompetensforetagen.se\/api\/wp\/v2\/event"}],"about":[{"href":"https:\/\/www.kompetensforetagen.se\/api\/wp\/v2\/types\/event"}],"wp:featuredmedia":[{"embeddable":true,"href":"https:\/\/www.kompetensforetagen.se\/api\/wp\/v2\/media\/21179"}],"wp:attachment":[{"href":"https:\/\/www.kompetensforetagen.se\/api\/wp\/v2\/media?parent=16923"}],"wp:term":[{"taxonomy":"eventcat","embeddable":true,"href":"https:\/\/www.kompetensforetagen.se\/api\/wp\/v2\/eventcat?post=16923"},{"taxonomy":"eventtype","embeddable":true,"href":"https:\/\/www.kompetensforetagen.se\/api\/wp\/v2\/eventtype?post=16923"},{"taxonomy":"eventformat","embeddable":true,"href":"https:\/\/www.kompetensforetagen.se\/api\/wp\/v2\/eventformat?post=16923"},{"taxonomy":"agreement","embeddable":true,"href":"https:\/\/www.kompetensforetagen.se\/api\/wp\/v2\/agreement?post=16923"}],"curies":[{"name":"wp","href":"https:\/\/api.w.org\/{rel}","templated":true}]}}