{"id":10957,"date":"2023-02-16T11:21:18","date_gmt":"2023-02-16T10:21:18","guid":{"rendered":"https:\/\/www.kompetensforetagen.se\/aktiviteter\/rattigheter-och-skyldigheter-i-samband-med-sjukskrivning-lakarintyg-och-arbetsanpassning-stockholm\/"},"modified":"2025-12-27T23:21:52","modified_gmt":"2025-12-27T22:21:52","slug":"rattigheter-och-skyldigheter-i-samband-med-sjukskrivning-lakarintyg-och-arbetsanpassning-stockholm","status":"publish","type":"event","link":"https:\/\/www.kompetensforetagen.se\/aktiviteter\/rattigheter-och-skyldigheter-i-samband-med-sjukskrivning-lakarintyg-och-arbetsanpassning-stockholm\/","title":{"rendered":"Sjukskrivning, l\u00e4karintyg och arbets\u00adanpassning \u2013 Vi reder ut missf\u00f6rst\u00e5nden, Stockholm"},"content":{"rendered":"<div class=\"wp-block wp-block-classic-editor\">\n<p class=\"intro\">I den h\u00e4r utbildningen g\u00e5r vi igenom arbetsgivarens och arbetstagarens ansvar vid sjukskrivning och arbetsanpassning, samt vilken roll l\u00e4karintyget spelar i processen.<\/p>\n<p><a href=\"https:\/\/www.almega.se\/person\/anderskarlsson\/\"><\/a><a href=\"https:\/\/www.almega.se\/person\/anderskarlsson\/\"><\/a><\/p>\n<p>Som arbetsgivare har du inget formellt rehabiliteringsansvar, men du har en viktig roll i medarbetarens \u00e5terg\u00e5ng i arbete \u2013 och vi f\u00f6rklarar vad det inneb\u00e4r. Sjukskrivningar, l\u00e4karintyg och arbetsanpassning \u00e4r omr\u00e5den d\u00e4r det ofta r\u00e5der missf\u00f6rst\u00e5nd. Visste du att du som arbetsgivare har r\u00e4ttigheter \u2013 inte bara skyldigheter? Vi reder ut vad som faktiskt g\u00e4ller.<\/p>\n<p><a href=\"https:\/\/www.almega.se\/person\/anderskarlsson\/\">Anders Karlsson<\/a>, expert i arbetsmilj\u00f6 och h\u00e4lsofr\u00e5gor, kommer guida dig igenom vad du som chef kan kr\u00e4va av s\u00e5v\u00e4l l\u00e4kare s\u00e5v\u00e4l som medarbetare. Vi kommer ocks\u00e5 sl\u00e5 h\u00e5l p\u00e5 en och annan myt om vad \u201dvi har r\u00e4tt till\u201d.<\/p>\n<p>Under dagen kommer vi att g\u00e5 igenom fr\u00e5gor som sjukskrivning, hur l\u00e5ngt ditt personalansvar str\u00e4cker sig kopplat till att anpassa arbetet och vilken skyldighet medarbetaren har att aktivt bidra till sin egen \u00e5terg\u00e5ng i arbete. Vi tar ocks\u00e5 upp vikten av en tydlig policy och likabehandling, vad du g\u00f6r n\u00e4r ett l\u00e4karintyg inte s\u00e4ger n\u00e5got om medarbetarens arbetsf\u00f6rm\u00e5ga och vilket ansvar du som chef har f\u00f6r vad som h\u00e4nder utanf\u00f6r arbetsplatsen\/arbetstid.<\/p>\n<p>I slutet av dagen \u00e4r tid avsatt f\u00f6r dig som vill diskutera individ\u00e4renden och delta i diskussion tillsammans med Almegas expert och \u00f6vriga deltagare. Under denna punkt r\u00e5der tystnadsplikt och eventuella exempel som tas upp ska vara avidentifierade.<\/p>\n<h2><\/h2>\n<h2><strong>Praktiska detaljer <\/strong><\/h2>\n<p><strong>Observera att detta \u00e4r ett fysiskt kurstillf\u00e4lle<\/strong><\/p>\n<p><strong>10.00<\/strong>-10.15 &nbsp;Registrering och fika<br \/>10.15-12.15 &nbsp;Pass 1<br \/>12.15-13.15 &nbsp;Lunch<br \/>13.15-14.45 &nbsp;Pass 2<br \/>14.45-15.00 &nbsp;Fika och avslut f\u00f6r de som inte \u00f6nskar delta i sista passet (workshop\/ enskilda konsultationer)<br \/>15.00-<strong>16.00 &nbsp;<\/strong>Workshop\/ enskilda konsultationer (Under denna punkt r\u00e5der tystnadsplikt)<\/p>\n<h2><strong>\u00d6vrig information<\/strong><\/h2>\n<p>Kursen h\u00e5lls i N\u00e4ringslivets Hus p\u00e5 Storgatan 19 i Stockholm om inget annat anges, se bokningsbekr\u00e4ftelsen.&nbsp;<\/p>\n<p>Under \u00f6vriga uppgifter i bokningen vill vi att ni fyller i eventuella allergier.&nbsp;<\/p>\n<h2><\/h2>\n<h2><strong>Pris<\/strong><\/h2>\n<p>3800 kr ex moms f\u00f6r medlemmar<br \/>6900kr ex moms f\u00f6r icke-medlemmar<\/p>\n<h2>M\u00e5lgrupp<\/h2>\n<p>Vi v\u00e4nder oss i f\u00f6rsta hand till chefer med personalansvar och i HR befattningar. \u00c4ven befattningshavare inom prim\u00e4rv\u00e5rd, f\u00f6retagsh\u00e4lsa eller rehabiliteringsverksamhet s\u00e5som viktiga akt\u00f6rer i sjukskrivnings- och rehabiliteringsprocessen kan ha beh\u00e5llning av utbildningen.&nbsp;<\/p>\n<h2>Citat<\/h2>\n<p>Vad har tidigare deltagare sagt om kursen:<\/p>\n<p>\u201dMycket informativ och givande utbildning\u201d<\/p>\n<p>\u201d Det h\u00e4r var 10\/10 &#8211; s\u00e5 enormt bra\u201d<\/p>\n<p>\u201d&nbsp;Bra l\u00e4rorik kurs, l\u00e4rorikt att tr\u00e4ffa andra inom HR och utbyta erfarenhet\u201d<\/p>\n<\/div>\n","protected":false},"excerpt":{"rendered":"<p>I den h\u00e4r utbildningen g\u00e5r vi igenom arbetsgivarens och arbetstagarens ansvar vid sjukskrivning och arbetsanpassning, samt vilken roll l\u00e4karintyget spelar i processen.<\/p>\n","protected":false},"featured_media":20331,"template":"","eventcat":[168],"eventtype":[271],"eventformat":[273],"agreement":[],"class_list":["post-10957","event","type-event","status-publish","has-post-thumbnail","hentry","eventcat-arbetsmiljo","eventtype-kurs","eventformat-pa-plats"],"acf":[],"yoast_head":"<!-- This site is optimized with the Yoast SEO Premium plugin v26.8 (Yoast SEO v26.8) - https:\/\/yoast.com\/product\/yoast-seo-premium-wordpress\/ -->\n<title>Sjukskrivning, l\u00e4karintyg och arbets\u00adanpassning \u2013 Vi reder ut missf\u00f6rst\u00e5nden, Stockholm - Kompetensf\u00f6retagen<\/title>\n<meta name=\"description\" content=\"Kurs i Stockholm: L\u00e4r dig om r\u00e4ttigheter och skyldigheter vid sjukskrivning, hantering av l\u00e4karintyg och kravet p\u00e5 arbetsanpassning.\" \/>\n<meta name=\"robots\" content=\"index, follow, max-snippet:-1, max-image-preview:large, max-video-preview:-1\" \/>\n<link rel=\"canonical\" href=\"https:\/\/www.kompetensforetagen.se\/aktiviteter\/rattigheter-och-skyldigheter-i-samband-med-sjukskrivning-lakarintyg-och-arbetsanpassning-stockholm\/\" \/>\n<meta property=\"og:locale\" content=\"sv_SE\" \/>\n<meta property=\"og:type\" content=\"article\" \/>\n<meta property=\"og:title\" content=\"Sjukskrivning, l\u00e4karintyg och arbets\u00adanpassning \u2013 Vi reder ut missf\u00f6rst\u00e5nden, Stockholm\" \/>\n<meta property=\"og:description\" content=\"Kurs i Stockholm: L\u00e4r dig om r\u00e4ttigheter och skyldigheter vid sjukskrivning, hantering av l\u00e4karintyg och kravet p\u00e5 arbetsanpassning.\" \/>\n<meta property=\"og:url\" content=\"https:\/\/www.kompetensforetagen.se\/aktiviteter\/rattigheter-och-skyldigheter-i-samband-med-sjukskrivning-lakarintyg-och-arbetsanpassning-stockholm\/\" \/>\n<meta property=\"og:site_name\" content=\"Kompetensf\u00f6retagen\" \/>\n<meta property=\"article:modified_time\" content=\"2025-12-27T22:21:52+00:00\" \/>\n<meta property=\"og:image\" content=\"https:\/\/www.kompetensforetagen.se\/app\/uploads\/sites\/5\/2025\/06\/ima252052.jpg\" \/>\n\t<meta property=\"og:image:width\" content=\"2500\" \/>\n\t<meta property=\"og:image:height\" content=\"1667\" \/>\n\t<meta property=\"og:image:type\" content=\"image\/jpeg\" \/>\n<meta name=\"twitter:card\" content=\"summary_large_image\" \/>\n<meta name=\"twitter:label1\" content=\"Ber\u00e4knad l\u00e4stid\" \/>\n\t<meta name=\"twitter:data1\" content=\"3 minuter\" \/>\n<script type=\"application\/ld+json\" class=\"yoast-schema-graph\">{\"@context\":\"https:\/\/schema.org\",\"@graph\":[{\"@type\":\"WebPage\",\"@id\":\"https:\/\/www.kompetensforetagen.se\/aktiviteter\/rattigheter-och-skyldigheter-i-samband-med-sjukskrivning-lakarintyg-och-arbetsanpassning-stockholm\/\",\"url\":\"https:\/\/www.kompetensforetagen.se\/aktiviteter\/rattigheter-och-skyldigheter-i-samband-med-sjukskrivning-lakarintyg-och-arbetsanpassning-stockholm\/\",\"name\":\"Sjukskrivning, l\u00e4karintyg och arbets\u00adanpassning \u2013 Vi reder ut missf\u00f6rst\u00e5nden, Stockholm - Kompetensf\u00f6retagen\",\"isPartOf\":{\"@id\":\"https:\/\/www.kompetensforetagen.se\/#website\"},\"primaryImageOfPage\":{\"@id\":\"https:\/\/www.kompetensforetagen.se\/aktiviteter\/rattigheter-och-skyldigheter-i-samband-med-sjukskrivning-lakarintyg-och-arbetsanpassning-stockholm\/#primaryimage\"},\"image\":{\"@id\":\"https:\/\/www.kompetensforetagen.se\/aktiviteter\/rattigheter-och-skyldigheter-i-samband-med-sjukskrivning-lakarintyg-och-arbetsanpassning-stockholm\/#primaryimage\"},\"thumbnailUrl\":\"https:\/\/www.kompetensforetagen.se\/app\/uploads\/sites\/5\/2025\/06\/ima252052.jpg\",\"datePublished\":\"2023-02-16T10:21:18+00:00\",\"dateModified\":\"2025-12-27T22:21:52+00:00\",\"description\":\"Kurs i Stockholm: L\u00e4r dig om r\u00e4ttigheter och skyldigheter vid sjukskrivning, hantering av l\u00e4karintyg och kravet p\u00e5 arbetsanpassning.\",\"breadcrumb\":{\"@id\":\"https:\/\/www.kompetensforetagen.se\/aktiviteter\/rattigheter-och-skyldigheter-i-samband-med-sjukskrivning-lakarintyg-och-arbetsanpassning-stockholm\/#breadcrumb\"},\"inLanguage\":\"sv-SE\",\"potentialAction\":[{\"@type\":\"ReadAction\",\"target\":[\"https:\/\/www.kompetensforetagen.se\/aktiviteter\/rattigheter-och-skyldigheter-i-samband-med-sjukskrivning-lakarintyg-och-arbetsanpassning-stockholm\/\"]}]},{\"@type\":\"ImageObject\",\"inLanguage\":\"sv-SE\",\"@id\":\"https:\/\/www.kompetensforetagen.se\/aktiviteter\/rattigheter-och-skyldigheter-i-samband-med-sjukskrivning-lakarintyg-och-arbetsanpassning-stockholm\/#primaryimage\",\"url\":\"https:\/\/www.kompetensforetagen.se\/app\/uploads\/sites\/5\/2025\/06\/ima252052.jpg\",\"contentUrl\":\"https:\/\/www.kompetensforetagen.se\/app\/uploads\/sites\/5\/2025\/06\/ima252052.jpg\",\"width\":2500,\"height\":1667},{\"@type\":\"BreadcrumbList\",\"@id\":\"https:\/\/www.kompetensforetagen.se\/aktiviteter\/rattigheter-och-skyldigheter-i-samband-med-sjukskrivning-lakarintyg-och-arbetsanpassning-stockholm\/#breadcrumb\",\"itemListElement\":[{\"@type\":\"ListItem\",\"position\":1,\"name\":\"Home\",\"item\":\"https:\/\/www.kompetensforetagen.se\/\"},{\"@type\":\"ListItem\",\"position\":2,\"name\":\"Aktiviteter\",\"item\":\"https:\/\/www.kompetensforetagen.se\/aktiviteter\/\"},{\"@type\":\"ListItem\",\"position\":3,\"name\":\"Sjukskrivning, l\u00e4karintyg och arbets\u00adanpassning \u2013 Vi reder ut missf\u00f6rst\u00e5nden, Stockholm\"}]},{\"@type\":\"WebSite\",\"@id\":\"https:\/\/www.kompetensforetagen.se\/#website\",\"url\":\"https:\/\/www.kompetensforetagen.se\/\",\"name\":\"Kompetensf\u00f6retagen\",\"description\":\"R\u00e4tt person p\u00e5 r\u00e4tt plats kan f\u00f6r\u00e4ndra v\u00e4rlden\",\"publisher\":{\"@id\":\"https:\/\/www.kompetensforetagen.se\/#organization\"},\"potentialAction\":[{\"@type\":\"SearchAction\",\"target\":{\"@type\":\"EntryPoint\",\"urlTemplate\":\"https:\/\/www.kompetensforetagen.se\/?s={search_term_string}\"},\"query-input\":{\"@type\":\"PropertyValueSpecification\",\"valueRequired\":true,\"valueName\":\"search_term_string\"}}],\"inLanguage\":\"sv-SE\"},{\"@type\":\"Organization\",\"@id\":\"https:\/\/www.kompetensforetagen.se\/#organization\",\"name\":\"Kompetensf\u00f6retagen\",\"url\":\"https:\/\/www.kompetensforetagen.se\/\",\"logo\":{\"@type\":\"ImageObject\",\"inLanguage\":\"sv-SE\",\"@id\":\"https:\/\/www.kompetensforetagen.se\/#\/schema\/logo\/image\/\",\"url\":\"https:\/\/www.kompetensforetagen.se\/app\/uploads\/sites\/5\/2022\/10\/logga_svart.png\",\"contentUrl\":\"https:\/\/www.kompetensforetagen.se\/app\/uploads\/sites\/5\/2022\/10\/logga_svart.png\",\"width\":752,\"height\":64,\"caption\":\"Kompetensf\u00f6retagen\"},\"image\":{\"@id\":\"https:\/\/www.kompetensforetagen.se\/#\/schema\/logo\/image\/\"},\"sameAs\":[\"https:\/\/www.linkedin.com\/company\/10540032\/\"]}]}<\/script>\n<!-- \/ Yoast SEO Premium plugin. -->","yoast_head_json":{"title":"Sjukskrivning, l\u00e4karintyg och arbets\u00adanpassning \u2013 Vi reder ut missf\u00f6rst\u00e5nden, Stockholm - Kompetensf\u00f6retagen","description":"Kurs i Stockholm: L\u00e4r dig om r\u00e4ttigheter och skyldigheter vid sjukskrivning, hantering av l\u00e4karintyg och kravet p\u00e5 arbetsanpassning.","robots":{"index":"index","follow":"follow","max-snippet":"max-snippet:-1","max-image-preview":"max-image-preview:large","max-video-preview":"max-video-preview:-1"},"canonical":"https:\/\/www.kompetensforetagen.se\/aktiviteter\/rattigheter-och-skyldigheter-i-samband-med-sjukskrivning-lakarintyg-och-arbetsanpassning-stockholm\/","og_locale":"sv_SE","og_type":"article","og_title":"Sjukskrivning, l\u00e4karintyg och arbets\u00adanpassning \u2013 Vi reder ut missf\u00f6rst\u00e5nden, Stockholm","og_description":"Kurs i Stockholm: L\u00e4r dig om r\u00e4ttigheter och skyldigheter vid sjukskrivning, hantering av l\u00e4karintyg och kravet p\u00e5 arbetsanpassning.","og_url":"https:\/\/www.kompetensforetagen.se\/aktiviteter\/rattigheter-och-skyldigheter-i-samband-med-sjukskrivning-lakarintyg-och-arbetsanpassning-stockholm\/","og_site_name":"Kompetensf\u00f6retagen","article_modified_time":"2025-12-27T22:21:52+00:00","og_image":[{"width":2500,"height":1667,"url":"https:\/\/www.kompetensforetagen.se\/app\/uploads\/sites\/5\/2025\/06\/ima252052.jpg","type":"image\/jpeg"}],"twitter_card":"summary_large_image","twitter_misc":{"Ber\u00e4knad l\u00e4stid":"3 minuter"},"schema":{"@context":"https:\/\/schema.org","@graph":[{"@type":"WebPage","@id":"https:\/\/www.kompetensforetagen.se\/aktiviteter\/rattigheter-och-skyldigheter-i-samband-med-sjukskrivning-lakarintyg-och-arbetsanpassning-stockholm\/","url":"https:\/\/www.kompetensforetagen.se\/aktiviteter\/rattigheter-och-skyldigheter-i-samband-med-sjukskrivning-lakarintyg-och-arbetsanpassning-stockholm\/","name":"Sjukskrivning, l\u00e4karintyg och arbets\u00adanpassning \u2013 Vi reder ut missf\u00f6rst\u00e5nden, Stockholm - Kompetensf\u00f6retagen","isPartOf":{"@id":"https:\/\/www.kompetensforetagen.se\/#website"},"primaryImageOfPage":{"@id":"https:\/\/www.kompetensforetagen.se\/aktiviteter\/rattigheter-och-skyldigheter-i-samband-med-sjukskrivning-lakarintyg-och-arbetsanpassning-stockholm\/#primaryimage"},"image":{"@id":"https:\/\/www.kompetensforetagen.se\/aktiviteter\/rattigheter-och-skyldigheter-i-samband-med-sjukskrivning-lakarintyg-och-arbetsanpassning-stockholm\/#primaryimage"},"thumbnailUrl":"https:\/\/www.kompetensforetagen.se\/app\/uploads\/sites\/5\/2025\/06\/ima252052.jpg","datePublished":"2023-02-16T10:21:18+00:00","dateModified":"2025-12-27T22:21:52+00:00","description":"Kurs i Stockholm: L\u00e4r dig om r\u00e4ttigheter och skyldigheter vid sjukskrivning, hantering av l\u00e4karintyg och kravet p\u00e5 arbetsanpassning.","breadcrumb":{"@id":"https:\/\/www.kompetensforetagen.se\/aktiviteter\/rattigheter-och-skyldigheter-i-samband-med-sjukskrivning-lakarintyg-och-arbetsanpassning-stockholm\/#breadcrumb"},"inLanguage":"sv-SE","potentialAction":[{"@type":"ReadAction","target":["https:\/\/www.kompetensforetagen.se\/aktiviteter\/rattigheter-och-skyldigheter-i-samband-med-sjukskrivning-lakarintyg-och-arbetsanpassning-stockholm\/"]}]},{"@type":"ImageObject","inLanguage":"sv-SE","@id":"https:\/\/www.kompetensforetagen.se\/aktiviteter\/rattigheter-och-skyldigheter-i-samband-med-sjukskrivning-lakarintyg-och-arbetsanpassning-stockholm\/#primaryimage","url":"https:\/\/www.kompetensforetagen.se\/app\/uploads\/sites\/5\/2025\/06\/ima252052.jpg","contentUrl":"https:\/\/www.kompetensforetagen.se\/app\/uploads\/sites\/5\/2025\/06\/ima252052.jpg","width":2500,"height":1667},{"@type":"BreadcrumbList","@id":"https:\/\/www.kompetensforetagen.se\/aktiviteter\/rattigheter-och-skyldigheter-i-samband-med-sjukskrivning-lakarintyg-och-arbetsanpassning-stockholm\/#breadcrumb","itemListElement":[{"@type":"ListItem","position":1,"name":"Home","item":"https:\/\/www.kompetensforetagen.se\/"},{"@type":"ListItem","position":2,"name":"Aktiviteter","item":"https:\/\/www.kompetensforetagen.se\/aktiviteter\/"},{"@type":"ListItem","position":3,"name":"Sjukskrivning, l\u00e4karintyg och arbets\u00adanpassning \u2013 Vi reder ut missf\u00f6rst\u00e5nden, Stockholm"}]},{"@type":"WebSite","@id":"https:\/\/www.kompetensforetagen.se\/#website","url":"https:\/\/www.kompetensforetagen.se\/","name":"Kompetensf\u00f6retagen","description":"R\u00e4tt person p\u00e5 r\u00e4tt plats kan f\u00f6r\u00e4ndra v\u00e4rlden","publisher":{"@id":"https:\/\/www.kompetensforetagen.se\/#organization"},"potentialAction":[{"@type":"SearchAction","target":{"@type":"EntryPoint","urlTemplate":"https:\/\/www.kompetensforetagen.se\/?s={search_term_string}"},"query-input":{"@type":"PropertyValueSpecification","valueRequired":true,"valueName":"search_term_string"}}],"inLanguage":"sv-SE"},{"@type":"Organization","@id":"https:\/\/www.kompetensforetagen.se\/#organization","name":"Kompetensf\u00f6retagen","url":"https:\/\/www.kompetensforetagen.se\/","logo":{"@type":"ImageObject","inLanguage":"sv-SE","@id":"https:\/\/www.kompetensforetagen.se\/#\/schema\/logo\/image\/","url":"https:\/\/www.kompetensforetagen.se\/app\/uploads\/sites\/5\/2022\/10\/logga_svart.png","contentUrl":"https:\/\/www.kompetensforetagen.se\/app\/uploads\/sites\/5\/2022\/10\/logga_svart.png","width":752,"height":64,"caption":"Kompetensf\u00f6retagen"},"image":{"@id":"https:\/\/www.kompetensforetagen.se\/#\/schema\/logo\/image\/"},"sameAs":["https:\/\/www.linkedin.com\/company\/10540032\/"]}]}},"_links":{"self":[{"href":"https:\/\/www.kompetensforetagen.se\/api\/wp\/v2\/event\/10957","targetHints":{"allow":["GET"]}}],"collection":[{"href":"https:\/\/www.kompetensforetagen.se\/api\/wp\/v2\/event"}],"about":[{"href":"https:\/\/www.kompetensforetagen.se\/api\/wp\/v2\/types\/event"}],"wp:featuredmedia":[{"embeddable":true,"href":"https:\/\/www.kompetensforetagen.se\/api\/wp\/v2\/media\/20331"}],"wp:attachment":[{"href":"https:\/\/www.kompetensforetagen.se\/api\/wp\/v2\/media?parent=10957"}],"wp:term":[{"taxonomy":"eventcat","embeddable":true,"href":"https:\/\/www.kompetensforetagen.se\/api\/wp\/v2\/eventcat?post=10957"},{"taxonomy":"eventtype","embeddable":true,"href":"https:\/\/www.kompetensforetagen.se\/api\/wp\/v2\/eventtype?post=10957"},{"taxonomy":"eventformat","embeddable":true,"href":"https:\/\/www.kompetensforetagen.se\/api\/wp\/v2\/eventformat?post=10957"},{"taxonomy":"agreement","embeddable":true,"href":"https:\/\/www.kompetensforetagen.se\/api\/wp\/v2\/agreement?post=10957"}],"curies":[{"name":"wp","href":"https:\/\/api.w.org\/{rel}","templated":true}]}}